{"id":1102,"date":"2026-09-04T05:00:47","date_gmt":"2026-09-04T05:00:47","guid":{"rendered":"https:\/\/ecsprd.wpenginepowered.com\/opleiding\/vca-base\/"},"modified":"2026-09-04T05:00:47","modified_gmt":"2026-09-04T05:00:47","slug":"vca-base","status":"publish","type":"opleiding","link":"https:\/\/e-c-s.be\/fr\/formation\/vca-base\/","title":{"rendered":"VCA BASE"},"content":{"rendered":"<table>\n<thead>\n<tr>\n<th>Xml_node<\/th>\n<th>Content<\/th>\n<\/tr>\n<\/thead>\n<tbody>\n<tr>\n<td>programxid:<\/td>\n<td>31<\/td>\n<\/tr>\n<tr>\n<td>categoryxid:<\/td>\n<td>8<\/td>\n<\/tr>\n<tr>\n<td>categorydesc:<\/td>\n<td>VCA FR<\/td>\n<\/tr>\n<tr>\n<td>programdesc:<\/td>\n<td>VCA BASE<\/td>\n<\/tr>\n<tr>\n<td>programduration:<\/td>\n<td>1 d<\/td>\n<\/tr>\n<tr>\n<td>programprice1:<\/td>\n<td>250 \u20ac<\/td>\n<\/tr>\n<tr>\n<td>programpricea:<\/td>\n<td>1630 \u20ac<\/td>\n<\/tr>\n<tr>\n<td>programoffer:<\/td>\n<td>Catalogue<\/td>\n<\/tr>\n<tr>\n<td>description_target_group:<\/td>\n<td>\n<p>Entreprises titulaires d&#39;un certificat VCA dont les employ&eacute;s doivent obtenir le dipl&ocirc;me &laquo; VCA Base &raquo;.<\/p>\n<\/td>\n<\/tr>\n<tr>\n<td>description_objectives:<\/td>\n<td>\n<p>SSensibiliser les travailleurs en mati\u00e8re de s\u00e9curit\u00e9, de sant\u00e9, de bien-\u00eatre au travail. Les sujets sont choisis en fonction des circonstances et des risques auxquels ils sont confront\u00e9s et donc de diff\u00e9rentes situations de travail. La formation les am\u00e8ne \u00e0 envisager les diff\u00e9rentes situations de travail sous l&rsquo;angle de la s\u00e9curit\u00e9.<\/p>\n<\/td>\n<\/tr>\n<tr>\n<td>description_content:<\/td>\n<td>\n<p>1.L\u00e9gislation et r\u00e8gles de s\u00e9curit\u00e9<\/p>\n<p>2.La s\u00e9curit\u00e9 au travail, comportement et concertation<\/p>\n<p>3.Pr\u00e9vention<\/p>\n<p>4.Le lieu de travail<\/p>\n<p>5.Protections indicviduelles<\/p>\n<p>6.Equipements de travail<\/p>\n<p>7.Activit\u00e9s et circonstances sp\u00e9cifiques<\/p>\n<p>8.Produits dangereux<\/p>\n<p>9.Electricit\u00e9<\/p>\n<p>10.Incendie et explosion<\/p>\n<p>11.Accidents<\/p>\n<p>12.Situations d&rsquo;urgence<\/p>\n<\/td>\n<\/tr>\n<tr>\n<td>description_requirements:<\/td>\n<td><\/td>\n<\/tr>\n<tr>\n<td>description_prerequisite:<\/td>\n<td><\/td>\n<\/tr>\n<tr>\n<td>description_pedagogical_approach:<\/td>\n<td><\/td>\n<\/tr>\n<tr>\n<td>description_responsable_program:<\/td>\n<td>\n<p>Villers-le-Bouillet,&nbsp;Suarl&eacute;e, Bruxelles<\/p>\n<\/td>\n<\/tr>\n<tr>\n<td>description_duration:<\/td>\n<td>\n<p>1 jour<\/p>\n<\/td>\n<\/tr>\n<tr>\n<td>description_certification_period:<\/td>\n<td>\n<div>La formation se termine par un examen th&eacute;orique officiel BeSaCC-VCA. Les participants re&ccedil;oivent un dipl&ocirc;me apr&egrave;s r&eacute;ussite.<\/div>\n<div>Validit&eacute; de 10 ans.<\/div>\n<\/td>\n<\/tr>\n<tr>\n<td>description_additional_information:<\/td>\n<td>\n<ul>\n<li>Nombre maximum de participants par session : 20<\/li>\n<li>Un d\u00e9jeuner compos\u00e9 de sandwichs et de boissons non alcoolis\u00e9es est pr\u00e9vu pour les participants dans l&rsquo;apr\u00e8s-midi (si la formation se d\u00e9roule dans l&rsquo;un des sites d&rsquo;ECS)<\/li>\n<li>Un manuel est mis \u00e0 la disposition de chaque participant<\/li>\n<\/ul>\n<\/td>\n<\/tr>\n<tr>\n<td>description_summary:<\/td>\n<td><\/td>\n<\/tr>\n<tr>\n<td>description_short_summary:<\/td>\n<td>\n<p>L&#39;objectif de la formation de base VCA en mati&egrave;re de s&eacute;curit&eacute; est de sensibiliser les employ&eacute;s &agrave; la s&eacute;curit&eacute;, &agrave; la sant&eacute; et au bien-&ecirc;tre au travail. Les th&egrave;mes abord&eacute;s ont &eacute;t&eacute; s&eacute;lectionn&eacute;s en fonction des diff&eacute;rentes conditions de travail et des risques auxquels les employ&eacute;s sont confront&eacute;s. Cette formation leur permettra d&#39;&eacute;valuer syst&eacute;matiquement les situations de travail en tenant compte de la s&eacute;curit&eacute;. Elle constitue &eacute;galement une pr&eacute;paration compl&egrave;te &agrave; l&#39;examen VCA.<\/p>\n<\/td>\n<\/tr>\n<tr>\n<td>programimage:<\/td>\n<td>https:\/\/ecs.eduaxis.net\/files\/images\/program%20images\/VCA_shutterstock_1901625133.jpg<\/td>\n<\/tr>\n<tr>\n<td>programimage:<\/td>\n<td>https:\/\/ecs.eduaxis.net\/files\/images\/program%20images\/VCA_shutterstock_1901625133.jpg<\/td>\n<\/tr>\n<\/tbody>\n<\/table>\n","protected":false},"excerpt":{"rendered":"<p>Description: <\/p>\n<p>L&rsquo;objectif de la formation de base VCA en mati\u00e8re de s\u00e9curit\u00e9 est de sensibiliser les employ\u00e9s \u00e0 la s\u00e9curit\u00e9, \u00e0 la sant\u00e9 et au bien-\u00eatre au travail. Les th\u00e8mes abord\u00e9s ont \u00e9t\u00e9 s\u00e9lectionn\u00e9s en fonction des diff\u00e9rentes conditions de travail et des risques auxquels les employ\u00e9s sont confront\u00e9s. Cette formation leur permettra d&rsquo;\u00e9valuer syst\u00e9matiquement les situations de travail en tenant compte de la s\u00e9curit\u00e9. Elle constitue \u00e9galement une pr\u00e9paration compl\u00e8te \u00e0 l&rsquo;examen VCA.<\/p>\n","protected":false},"featured_media":1241,"menu_order":0,"template":"","format":"standard","meta":[],"categories":[],"date_start":[462,579,634,405,447,573,429,569,675,444,427,568,432,570,470,331,332,473,433],"center":[78,581,467,275],"class_list":["post-1102","opleiding","type-opleiding","status-publish","format-standard","has-post-thumbnail","hentry","date_start-01-december-2026","date_start-01-december-2026-fr","date_start-04-september-2026","date_start-11-september-2026","date_start-14-december-2026","date_start-14-december-2026-fr","date_start-14-oktober-2026","date_start-14-oktober-2026-fr","date_start-19-januari-2027","date_start-20-november-2026","date_start-21-september-2026","date_start-21-september-2026-fr","date_start-23-november-2026","date_start-23-november-2026-fr","date_start-23-oktober-2026","date_start-24-augustus-2026","date_start-25-augustus-2026","date_start-28-oktober-2026","date_start-30-november-2026","center-brussels","center-brussels-fr","center-suarlee","center-villers-le-bouillet"],"yoast_head":"<!-- This site is optimized with the Yoast SEO plugin v28.4 - https:\/\/yoast.com\/product\/yoast-seo-wordpress\/ -->\n<title>VCA BASE<\/title>\n<meta name=\"description\" content=\"L&#039;objectif de la formation de base VCA en mati&egrave;re de s&eacute;curit&eacute; est de sensibiliser les employ&eacute;s &agrave; la s&eacute;curit&eacute;, &agrave; la sant&eacute; et au bien-&ecirc;tre au travail. Les th&egrave;mes abord&eacute;s ont &eacute;t&eacute; s&eacute;lectionn&eacute;s en fonction des diff&eacute;rentes conditions de travail et des risques auxquels les employ&eacute;s sont confront&eacute;s. Cette formation leur permettra d&#039;&eacute;valuer syst&eacute;matiquement les situations de travail en tenant compte de la s&eacute;curit&eacute;. Elle constitue &eacute;galement une pr&eacute;paration compl&egrave;te &agrave; l&#039;examen VCA.\" \/>\n<meta name=\"robots\" content=\"index, follow, max-snippet:-1, max-image-preview:large, max-video-preview:-1\" \/>\n<link rel=\"canonical\" href=\"https:\/\/e-c-s.be\/fr\/formation\/vca-base\/\" \/>\n<meta property=\"og:locale\" content=\"fr_FR\" \/>\n<meta property=\"og:type\" content=\"article\" \/>\n<meta property=\"og:title\" content=\"VCA BASE\" \/>\n<meta property=\"og:description\" content=\"L&#039;objectif de la formation de base VCA en mati&egrave;re de s&eacute;curit&eacute; est de sensibiliser les employ&eacute;s &agrave; la s&eacute;curit&eacute;, &agrave; la sant&eacute; et au bien-&ecirc;tre au travail. Les th&egrave;mes abord&eacute;s ont &eacute;t&eacute; s&eacute;lectionn&eacute;s en fonction des diff&eacute;rentes conditions de travail et des risques auxquels les employ&eacute;s sont confront&eacute;s. Cette formation leur permettra d&#039;&eacute;valuer syst&eacute;matiquement les situations de travail en tenant compte de la s&eacute;curit&eacute;. Elle constitue &eacute;galement une pr&eacute;paration compl&egrave;te &agrave; l&#039;examen VCA.\" \/>\n<meta property=\"og:url\" content=\"https:\/\/e-c-s.be\/fr\/formation\/vca-base\/\" \/>\n<meta property=\"og:site_name\" content=\"ECS\" \/>\n<meta property=\"og:image\" content=\"https:\/\/e-c-s.be\/wp-content\/uploads\/2025\/11\/VCA_shutterstock_1901625133.jpg\" \/>\n\t<meta property=\"og:image:width\" content=\"1500\" \/>\n\t<meta property=\"og:image:height\" content=\"750\" \/>\n\t<meta property=\"og:image:type\" content=\"image\/jpeg\" \/>\n<meta name=\"twitter:card\" content=\"summary_large_image\" \/>\n<meta name=\"twitter:title\" content=\"VCA BASE\" \/>\n<meta name=\"twitter:label1\" content=\"Dur\u00e9e de lecture estim\u00e9e\" \/>\n\t<meta name=\"twitter:data1\" content=\"2 minutes\" \/>\n<script type=\"application\/ld+json\" class=\"yoast-schema-graph\">{\"@context\":\"https:\\\/\\\/schema.org\",\"@graph\":[{\"@type\":\"WebPage\",\"@id\":\"https:\\\/\\\/e-c-s.be\\\/fr\\\/formation\\\/vca-base\\\/\",\"url\":\"https:\\\/\\\/e-c-s.be\\\/fr\\\/formation\\\/vca-base\\\/\",\"name\":\"VCA BASE\",\"isPartOf\":{\"@id\":\"https:\\\/\\\/e-c-s.be\\\/fr\\\/#website\"},\"primaryImageOfPage\":{\"@id\":\"https:\\\/\\\/e-c-s.be\\\/fr\\\/formation\\\/vca-base\\\/#primaryimage\"},\"image\":{\"@id\":\"https:\\\/\\\/e-c-s.be\\\/fr\\\/formation\\\/vca-base\\\/#primaryimage\"},\"thumbnailUrl\":\"https:\\\/\\\/e-c-s.be\\\/wp-content\\\/uploads\\\/2025\\\/11\\\/VCA_shutterstock_1901625133.jpg\",\"datePublished\":\"2026-09-04T05:00:47+00:00\",\"description\":\"L&#39;objectif de la formation de base VCA en mati&egrave;re de s&eacute;curit&eacute; est de sensibiliser les employ&eacute;s &agrave; la s&eacute;curit&eacute;, &agrave; la sant&eacute; et au bien-&ecirc;tre au travail. Les th&egrave;mes abord&eacute;s ont &eacute;t&eacute; s&eacute;lectionn&eacute;s en fonction des diff&eacute;rentes conditions de travail et des risques auxquels les employ&eacute;s sont confront&eacute;s. Cette formation leur permettra d&#39;&eacute;valuer syst&eacute;matiquement les situations de travail en tenant compte de la s&eacute;curit&eacute;. Elle constitue &eacute;galement une pr&eacute;paration compl&egrave;te &agrave; l&#39;examen VCA.\",\"breadcrumb\":{\"@id\":\"https:\\\/\\\/e-c-s.be\\\/fr\\\/formation\\\/vca-base\\\/#breadcrumb\"},\"inLanguage\":\"fr-FR\",\"potentialAction\":[{\"@type\":\"ReadAction\",\"target\":[\"https:\\\/\\\/e-c-s.be\\\/fr\\\/formation\\\/vca-base\\\/\"]}]},{\"@type\":\"ImageObject\",\"inLanguage\":\"fr-FR\",\"@id\":\"https:\\\/\\\/e-c-s.be\\\/fr\\\/formation\\\/vca-base\\\/#primaryimage\",\"url\":\"https:\\\/\\\/e-c-s.be\\\/wp-content\\\/uploads\\\/2025\\\/11\\\/VCA_shutterstock_1901625133.jpg\",\"contentUrl\":\"https:\\\/\\\/e-c-s.be\\\/wp-content\\\/uploads\\\/2025\\\/11\\\/VCA_shutterstock_1901625133.jpg\",\"width\":1500,\"height\":750},{\"@type\":\"BreadcrumbList\",\"@id\":\"https:\\\/\\\/e-c-s.be\\\/fr\\\/formation\\\/vca-base\\\/#breadcrumb\",\"itemListElement\":[{\"@type\":\"ListItem\",\"position\":1,\"name\":\"Home\",\"item\":\"https:\\\/\\\/e-c-s.be\\\/fr\\\/\"},{\"@type\":\"ListItem\",\"position\":2,\"name\":\"Opleidingen\",\"item\":\"https:\\\/\\\/e-c-s.be\\\/fr\\\/formation\\\/\"},{\"@type\":\"ListItem\",\"position\":3,\"name\":\"VCA BASE\"}]},{\"@type\":\"WebSite\",\"@id\":\"https:\\\/\\\/e-c-s.be\\\/fr\\\/#website\",\"url\":\"https:\\\/\\\/e-c-s.be\\\/fr\\\/\",\"name\":\"ECS\",\"description\":\"Uw partner in veiligheid\",\"publisher\":{\"@id\":\"https:\\\/\\\/e-c-s.be\\\/fr\\\/#organization\"},\"potentialAction\":[{\"@type\":\"SearchAction\",\"target\":{\"@type\":\"EntryPoint\",\"urlTemplate\":\"https:\\\/\\\/e-c-s.be\\\/fr\\\/?s={search_term_string}\"},\"query-input\":{\"@type\":\"PropertyValueSpecification\",\"valueRequired\":true,\"valueName\":\"search_term_string\"}}],\"inLanguage\":\"fr-FR\"},{\"@type\":\"Organization\",\"@id\":\"https:\\\/\\\/e-c-s.be\\\/fr\\\/#organization\",\"name\":\"ECS\",\"url\":\"https:\\\/\\\/e-c-s.be\\\/fr\\\/\",\"logo\":{\"@type\":\"ImageObject\",\"inLanguage\":\"fr-FR\",\"@id\":\"https:\\\/\\\/e-c-s.be\\\/fr\\\/#\\\/schema\\\/logo\\\/image\\\/\",\"url\":\"https:\\\/\\\/e-c-s.be\\\/wp-content\\\/uploads\\\/2025\\\/10\\\/ecs-logo.svg\",\"contentUrl\":\"https:\\\/\\\/e-c-s.be\\\/wp-content\\\/uploads\\\/2025\\\/10\\\/ecs-logo.svg\",\"width\":1,\"height\":1,\"caption\":\"ECS\"},\"image\":{\"@id\":\"https:\\\/\\\/e-c-s.be\\\/fr\\\/#\\\/schema\\\/logo\\\/image\\\/\"},\"sameAs\":[\"https:\\\/\\\/www.linkedin.com\\\/company\\\/ecs-equans\"]}]}<\/script>\n<!-- \/ Yoast SEO plugin. -->","yoast_head_json":{"title":"VCA BASE","description":"L&#39;objectif de la formation de base VCA en mati&egrave;re de s&eacute;curit&eacute; est de sensibiliser les employ&eacute;s &agrave; la s&eacute;curit&eacute;, &agrave; la sant&eacute; et au bien-&ecirc;tre au travail. Les th&egrave;mes abord&eacute;s ont &eacute;t&eacute; s&eacute;lectionn&eacute;s en fonction des diff&eacute;rentes conditions de travail et des risques auxquels les employ&eacute;s sont confront&eacute;s. Cette formation leur permettra d&#39;&eacute;valuer syst&eacute;matiquement les situations de travail en tenant compte de la s&eacute;curit&eacute;. Elle constitue &eacute;galement une pr&eacute;paration compl&egrave;te &agrave; l&#39;examen VCA.","robots":{"index":"index","follow":"follow","max-snippet":"max-snippet:-1","max-image-preview":"max-image-preview:large","max-video-preview":"max-video-preview:-1"},"canonical":"https:\/\/e-c-s.be\/fr\/formation\/vca-base\/","og_locale":"fr_FR","og_type":"article","og_title":"VCA BASE","og_description":"L&#39;objectif de la formation de base VCA en mati&egrave;re de s&eacute;curit&eacute; est de sensibiliser les employ&eacute;s &agrave; la s&eacute;curit&eacute;, &agrave; la sant&eacute; et au bien-&ecirc;tre au travail. Les th&egrave;mes abord&eacute;s ont &eacute;t&eacute; s&eacute;lectionn&eacute;s en fonction des diff&eacute;rentes conditions de travail et des risques auxquels les employ&eacute;s sont confront&eacute;s. Cette formation leur permettra d&#39;&eacute;valuer syst&eacute;matiquement les situations de travail en tenant compte de la s&eacute;curit&eacute;. Elle constitue &eacute;galement une pr&eacute;paration compl&egrave;te &agrave; l&#39;examen VCA.","og_url":"https:\/\/e-c-s.be\/fr\/formation\/vca-base\/","og_site_name":"ECS","og_image":[{"width":1500,"height":750,"url":"https:\/\/e-c-s.be\/wp-content\/uploads\/2025\/11\/VCA_shutterstock_1901625133.jpg","type":"image\/jpeg"}],"twitter_card":"summary_large_image","twitter_title":"VCA BASE","twitter_misc":{"Dur\u00e9e de lecture estim\u00e9e":"2 minutes"},"schema":{"@context":"https:\/\/schema.org","@graph":[{"@type":"WebPage","@id":"https:\/\/e-c-s.be\/fr\/formation\/vca-base\/","url":"https:\/\/e-c-s.be\/fr\/formation\/vca-base\/","name":"VCA BASE","isPartOf":{"@id":"https:\/\/e-c-s.be\/fr\/#website"},"primaryImageOfPage":{"@id":"https:\/\/e-c-s.be\/fr\/formation\/vca-base\/#primaryimage"},"image":{"@id":"https:\/\/e-c-s.be\/fr\/formation\/vca-base\/#primaryimage"},"thumbnailUrl":"https:\/\/e-c-s.be\/wp-content\/uploads\/2025\/11\/VCA_shutterstock_1901625133.jpg","datePublished":"2026-09-04T05:00:47+00:00","description":"L&#39;objectif de la formation de base VCA en mati&egrave;re de s&eacute;curit&eacute; est de sensibiliser les employ&eacute;s &agrave; la s&eacute;curit&eacute;, &agrave; la sant&eacute; et au bien-&ecirc;tre au travail. Les th&egrave;mes abord&eacute;s ont &eacute;t&eacute; s&eacute;lectionn&eacute;s en fonction des diff&eacute;rentes conditions de travail et des risques auxquels les employ&eacute;s sont confront&eacute;s. Cette formation leur permettra d&#39;&eacute;valuer syst&eacute;matiquement les situations de travail en tenant compte de la s&eacute;curit&eacute;. Elle constitue &eacute;galement une pr&eacute;paration compl&egrave;te &agrave; l&#39;examen VCA.","breadcrumb":{"@id":"https:\/\/e-c-s.be\/fr\/formation\/vca-base\/#breadcrumb"},"inLanguage":"fr-FR","potentialAction":[{"@type":"ReadAction","target":["https:\/\/e-c-s.be\/fr\/formation\/vca-base\/"]}]},{"@type":"ImageObject","inLanguage":"fr-FR","@id":"https:\/\/e-c-s.be\/fr\/formation\/vca-base\/#primaryimage","url":"https:\/\/e-c-s.be\/wp-content\/uploads\/2025\/11\/VCA_shutterstock_1901625133.jpg","contentUrl":"https:\/\/e-c-s.be\/wp-content\/uploads\/2025\/11\/VCA_shutterstock_1901625133.jpg","width":1500,"height":750},{"@type":"BreadcrumbList","@id":"https:\/\/e-c-s.be\/fr\/formation\/vca-base\/#breadcrumb","itemListElement":[{"@type":"ListItem","position":1,"name":"Home","item":"https:\/\/e-c-s.be\/fr\/"},{"@type":"ListItem","position":2,"name":"Opleidingen","item":"https:\/\/e-c-s.be\/fr\/formation\/"},{"@type":"ListItem","position":3,"name":"VCA BASE"}]},{"@type":"WebSite","@id":"https:\/\/e-c-s.be\/fr\/#website","url":"https:\/\/e-c-s.be\/fr\/","name":"ECS","description":"Uw partner in veiligheid","publisher":{"@id":"https:\/\/e-c-s.be\/fr\/#organization"},"potentialAction":[{"@type":"SearchAction","target":{"@type":"EntryPoint","urlTemplate":"https:\/\/e-c-s.be\/fr\/?s={search_term_string}"},"query-input":{"@type":"PropertyValueSpecification","valueRequired":true,"valueName":"search_term_string"}}],"inLanguage":"fr-FR"},{"@type":"Organization","@id":"https:\/\/e-c-s.be\/fr\/#organization","name":"ECS","url":"https:\/\/e-c-s.be\/fr\/","logo":{"@type":"ImageObject","inLanguage":"fr-FR","@id":"https:\/\/e-c-s.be\/fr\/#\/schema\/logo\/image\/","url":"https:\/\/e-c-s.be\/wp-content\/uploads\/2025\/10\/ecs-logo.svg","contentUrl":"https:\/\/e-c-s.be\/wp-content\/uploads\/2025\/10\/ecs-logo.svg","width":1,"height":1,"caption":"ECS"},"image":{"@id":"https:\/\/e-c-s.be\/fr\/#\/schema\/logo\/image\/"},"sameAs":["https:\/\/www.linkedin.com\/company\/ecs-equans"]}]}},"_links":{"self":[{"href":"https:\/\/e-c-s.be\/fr\/wp-json\/wp\/v2\/opleiding\/1102","targetHints":{"allow":["GET"]}}],"collection":[{"href":"https:\/\/e-c-s.be\/fr\/wp-json\/wp\/v2\/opleiding"}],"about":[{"href":"https:\/\/e-c-s.be\/fr\/wp-json\/wp\/v2\/types\/opleiding"}],"wp:featuredmedia":[{"embeddable":true,"href":"https:\/\/e-c-s.be\/fr\/wp-json\/wp\/v2\/media\/1241"}],"wp:attachment":[{"href":"https:\/\/e-c-s.be\/fr\/wp-json\/wp\/v2\/media?parent=1102"}],"wp:term":[{"taxonomy":"category","embeddable":true,"href":"https:\/\/e-c-s.be\/fr\/wp-json\/wp\/v2\/categories?post=1102"},{"taxonomy":"date_start","embeddable":true,"href":"https:\/\/e-c-s.be\/fr\/wp-json\/wp\/v2\/date_start?post=1102"},{"taxonomy":"center","embeddable":true,"href":"https:\/\/e-c-s.be\/fr\/wp-json\/wp\/v2\/center?post=1102"}],"curies":[{"name":"wp","href":"https:\/\/api.w.org\/{rel}","templated":true}]}}