[{"id":1040,"date":"2026-04-25T05:00:58","date_gmt":"2026-04-25T05:00:58","guid":{"rendered":"https:\/\/ecsprd.wpenginepowered.com\/opleiding\/deplacer-et-elinguer-des-charges-critiques-is-006-formation-de-base-participants-inexperimentes\/"},"modified":"2026-04-25T05:00:58","modified_gmt":"2026-04-25T05:00:58","slug":"deplacer-et-elinguer-des-charges-critiques-is-006-formation-de-base-participants-inexperimentes","status":"publish","type":"opleiding","link":"https:\/\/e-c-s.be\/fr\/formation\/deplacer-et-elinguer-des-charges-critiques-is-006-formation-de-base-participants-inexperimentes\/","title":{"rendered":"D\u00e9placer et Elinguer des Charges Critiques IS-006 &#8211; Formation de base (participants inexp\u00e9riment\u00e9s)"},"content":{"rendered":"<table>\n<thead>\n<tr>\n<th>Xml_node<\/th>\n<th>Content<\/th>\n<\/tr>\n<\/thead>\n<tbody>\n<tr>\n<td>programxid:<\/td>\n<td>8498<\/td>\n<\/tr>\n<tr>\n<td>categoryxid:<\/td>\n<td>69<\/td>\n<\/tr>\n<tr>\n<td>categorydesc:<\/td>\n<td>\u00c9lingage<\/td>\n<\/tr>\n<tr>\n<td>programdesc:<\/td>\n<td>D\u00e9placer et Elinguer des Charges Critiques IS-006 &#8211; Formation de base (participants inexp\u00e9riment\u00e9s)<\/td>\n<\/tr>\n<tr>\n<td>programduration:<\/td>\n<td>3 d<\/td>\n<\/tr>\n<tr>\n<td>programprice1:<\/td>\n<td>900 \u20ac<\/td>\n<\/tr>\n<tr>\n<td>programpricea:<\/td>\n<td>4380 \u20ac<\/td>\n<\/tr>\n<tr>\n<td>programoffer:<\/td>\n<td>Catalogue<\/td>\n<\/tr>\n<tr>\n<td>description_target_group:<\/td>\n<td>\n<p align=\"left\" class=\"MsoNormal\" style=\"MARGIN: 0pt 23.9pt 0pt -18pt; LINE-HEIGHT: 14pt; TEXT-ALIGN: justify; mso-pagination: none; tab-stops: 31.2pt 468.0pt\">Employ&eacute;s op&eacute;rationnels charg&eacute; d&#39;assumer et d&eacute;placer des charges critiques &agrave; l&#39;aide d&#39;un pont roulant.<\/p>\n<\/td>\n<\/tr>\n<tr>\n<td>description_objectives:<\/td>\n<td>\n<p>La formation \u00ab IS-006 \u2013 Elinger des Charges Critiques \u00bb \u00e0 pour objectif d&rsquo;apprendre \u00e0 assumer et \u00e0 d\u00e9placer des charges critiques de mani\u00e8re s\u00fbre et efficace. Au terme de la formation, le candidat pourra travailler de mani\u00e8re correcte, prudente et s\u00fbre avec un pont roulant \u00e0 commande c\u00e2bl\u00e9e et\/ou \u00e0 commande \u00e0 distance.\u00a0<\/p>\n<\/td>\n<\/tr>\n<tr>\n<td>description_content:<\/td>\n<td>\n<p><u>G\u00e9n\u00e9ral<\/u><\/p>\n<p>\u00a0Apprendre, de mani\u00e8re concr\u00e8te, \u00e0:<\/p>\n<p>\u00b7 Elinger et d\u00e9placer des charges<\/p>\n<p>\u00b7 Lever les charges (communiquer avec le conducteur d&rsquo;un engin de levage)<\/p>\n<p>\u00a0<\/p>\n<p><u>THEORIE<\/u><\/p>\n<p><u><\/u><\/p>\n<p>\u00b7 conna\u00eetre ses responsabilit\u00e9s<\/p>\n<p>\u00b7 pouvoir d\u00e9terminer le poids, le centre de gravit\u00e9, l&rsquo;angle et le type d&rsquo;\u00e9lingage<\/p>\n<p>\u00b7 savoir quelles forces peuvent s&rsquo;exercer sur le mat\u00e9riel<\/p>\n<p>\u00b7 comprendre les facteurs de charge et de stabilit\u00e9<\/p>\n<p>\u00b7 conna\u00eetre et pouvoir expliquer les termes suivants: charge pratique, charge de rupture, facteur de charge pratique, facteur d&rsquo;utilisation, facteur d&rsquo;\u00e9lingage, facteur de charge (+ facteur de s\u00e9curit\u00e9 = coefficient de s\u00e9curit\u00e9), angle int\u00e9rieur, angle ext\u00e9rieur, angle sup\u00e9rieur, angle d&rsquo;\u00e9cartement, centre de gravit\u00e9. <\/p>\n<p>\u00b7 conna\u00eetre les diff\u00e9rentes sangles de levage\u00a0: sangle tiss\u00e9e ou sangle plate, \u00e9lingue simple, \u00e9lingue sans fin, \u00e9lingue ronde, \u00e9lingue polyester. <\/p>\n<p>\u00b7 conna\u00eetre la composition du c\u00e2ble acier: \u00e9lingue en c\u00e2ble d&rsquo;acier, ouvertures de fils de c\u00e2ble d&rsquo;acier. <\/p>\n<p>\u00b7 conna\u00eetre les types de cha\u00eenes suivants, ainsi que leur composition: mailles et anneaux, pitons et \u00e9crous \u00e0 \u0153il; fermeture droite ou en D, manille, \u00e9lingues cha\u00eenes, ouvertures de fils de cha\u00eene. <\/p>\n<p>\u00b7 Conna\u00eetre les \u00e9quipements de levage suivants: serre-t\u00f4le, pince de levage<\/p>\n<p>\u00b7 Conna\u00eetre les palans suivants: poulie; palan \u00e0 bras; palan \u00e9lectrique. <\/p>\n<p>\u00b7 Savoir comment \u00e9linguer charges en toute s\u00e9curit\u00e9 avec les engins de levage sp\u00e9ciaux, les \u00e9lingues, les c\u00e2bles d&rsquo;acier, les cha\u00eenes, le palan; <\/p>\n<p>\u00b7 Savoir comment travailler en toute s\u00e9curit\u00e9 avec un porte-palan, une \u00e9coperche<\/p>\n<p>\u00b7 Savoir quelles sont les conditions d&rsquo;utilisation des accessoires<\/p>\n<p>\u00b7 Pouvoir s\u00e9lectionner le bon mat\u00e9riel d&rsquo;\u00e9lingage<\/p>\n<p>\u00b7 Ma\u00eetriser les r\u00e8gles g\u00e9n\u00e9rales de s\u00e9curit\u00e9: utilisation des moyens de protection individuels requis, l\u00e9gislation, analyse des risques<\/p>\n<p>\u00b7 comprendre les aspects \u00e9conomiques (\u00e9l\u00e9ments d&rsquo;usure, entretien) <\/p>\n<p>\u00b7 Conna\u00eetre l&rsquo;influence de la temp\u00e9rature et des facteurs environnementaux<\/p>\n<p>\u00b7 Conna\u00eetre les conditions d&rsquo;agr\u00e9ation du mat\u00e9riel d&rsquo;\u00e9lingage (inspection et certification) <\/p>\n<p>\u00b7 Respecter la s\u00e9curit\u00e9 personnelle (v\u00eatements, moyens de protection personnelle)<\/p>\n<p>\u00b7 Signaux gestuels\u00a0<u><\/u><\/p>\n<p><u><\/u><\/p>\n<p>\u00a0<\/p>\n<p><u>PRATIQUE<\/u><\/p>\n<p><u><\/u><\/p>\n<p>\u00b7 Mettre en \u0153uvre correctement les r\u00e8gles de s\u00e9curit\u00e9<\/p>\n<p>\u00b7 R\u00e9aliser les contr\u00f4les n\u00e9cessaires pour l&rsquo;usage des engins de levage: contr\u00f4ler la date d&rsquo;agr\u00e9ation des outils de levage, contr\u00f4ler la s\u00e9curit\u00e9 de la voie de transport, effectuer des inspections d&rsquo;utilisateur (inspection p\u00e9riodique, inspection visuelle, crit\u00e8res de mise au rebut) <\/p>\n<p>\u00b7 Apprendre \u00e0 choisir le bon mat\u00e9riel en fonction de l&rsquo;application<\/p>\n<p>\u00b7 Savoir \u00e9linguer une charge en toute s\u00e9curit\u00e9 avec des \u00e9lingues; <\/p>\n<p>\u00b7 Savoir \u00e9linguer une charge en toute s\u00e9curit\u00e9 avec des c\u00e2bles en acier; <\/p>\n<p>\u00b7 Savoir \u00e9linguer une charge en toute s\u00e9curit\u00e9 avec des cha\u00eenes; <\/p>\n<p>\u00b7 Savoir \u00e9linguer une charge en toute s\u00e9curit\u00e9 avec des palans et des engins de levage sp\u00e9ciaux; <\/p>\n<p>\u00b7 Savoir \u00e9linguer une charge en toute s\u00e9curit\u00e9 et la hisser au-dessus d&rsquo;un \u00ab\u00a0lieu dangereux\u00a0\u00bb (par ex. installations et canalisations a\u00e9riennes, etc.);<\/p>\n<p>\u00b7 Savoir \u00e9linguer diverses marchandises\/charges avec divers types de mat\u00e9riaux d&rsquo;\u00e9lingage; <\/p>\n<p>\u00b7 Savoir d\u00e9placer diverses marchandises\/charges \u00e0 distance de simulation<\/p>\n<p>\u00b7 Savoir signaliser: conna\u00eetre et savoir appliquer les signaux et gestes courants (signalisation gestuelle) de fa\u00e7on \u00e0 permettre le d\u00e9placement d&rsquo;une charge en toute s\u00e9curit\u00e9<\/p>\n<p>\u00b7 Savoir travailler avec la communication radio<\/p>\n<p>\u00b7 Savoir r\u00e9aliser une analyse de risque<\/p>\n<\/td>\n<\/tr>\n<tr>\n<td>description_requirements:<\/td>\n<td><P class=MsoNormal style=\"MARGIN: 0pt 23.9pt 0pt 53.4pt; TEXT-INDENT: -18pt; TEXT-ALIGN: justify; mso-list: l0 level1 lfo1; tab-stops: list 53.4pt\"><SPAN lang=FR style=\"FONT-SIZE: 10pt; FONT-FAMILY: Symbol; mso-bidi-font-size: 12.0pt; mso-fareast-font-family: Symbol; mso-bidi-font-family: Symbol; mso-ansi-language: FR\"><SPAN style=\"mso-list: Ignore\">\u00b7<SPAN style=\"FONT: 7pt 'Times New Roman'\">&nbsp;&nbsp;&nbsp;&nbsp;&nbsp;&nbsp;&nbsp;&nbsp; <\/SPAN><\/SPAN><\/SPAN><SPAN style=\"FONT-SIZE: 10pt; FONT-FAMILY: Verdana; mso-bidi-font-size: 12.0pt\">Minimum 18 ans<\/SPAN><SPAN lang=FR style=\"FONT-SIZE: 10pt; FONT-FAMILY: Verdana; mso-bidi-font-size: 12.0pt; mso-ansi-language: FR\"><?xml:namespace prefix = o ns = \"urn:schemas-microsoft-com:office:office\" \/><o:p><\/o:p><\/SPAN><\/P><br \/>\n<P class=MsoNormal style=\"MARGIN: 0pt 23.9pt 0pt 53.4pt; TEXT-INDENT: -18pt; TEXT-ALIGN: justify; mso-list: l0 level1 lfo1; tab-stops: list 53.4pt\"><SPAN lang=FR style=\"FONT-SIZE: 10pt; FONT-FAMILY: Symbol; mso-bidi-font-size: 12.0pt; mso-fareast-font-family: Symbol; mso-bidi-font-family: Symbol; mso-ansi-language: FR\"><SPAN style=\"mso-list: Ignore\">\u00b7<SPAN style=\"FONT: 7pt 'Times New Roman'\">&nbsp;&nbsp;&nbsp;&nbsp;&nbsp;&nbsp;&nbsp;&nbsp; <\/SPAN><\/SPAN><\/SPAN><SPAN lang=FR style=\"FONT-SIZE: 10pt; FONT-FAMILY: Verdana; mso-bidi-font-size: 12.0pt; mso-ansi-language: FR\">M\u00e9dicalement apte pour une fonction de s\u00e9curit\u00e9<o:p><\/o:p><\/SPAN><\/P><br \/>\n<P class=MsoNormal style=\"MARGIN: 0pt 23.9pt 0pt 53.4pt; TEXT-INDENT: -18pt; TEXT-ALIGN: justify; mso-list: l0 level1 lfo1; tab-stops: list 53.4pt\"><SPAN lang=FR style=\"FONT-SIZE: 10pt; FONT-FAMILY: Symbol; mso-bidi-font-size: 12.0pt; mso-fareast-font-family: Symbol; mso-bidi-font-family: Symbol; mso-ansi-language: FR\"><SPAN style=\"mso-list: Ignore\">\u00b7<SPAN style=\"FONT: 7pt 'Times New Roman'\">&nbsp;&nbsp;&nbsp;&nbsp;&nbsp;&nbsp;&nbsp;&nbsp; <\/SPAN><\/SPAN><\/SPAN><SPAN lang=FR style=\"FONT-SIZE: 10pt; FONT-FAMILY: Verdana; mso-bidi-font-size: 12.0pt; mso-ansi-language: FR\">Etre en possession des MPI n\u00e9cessaires lors de la formation pratique<B style=\"mso-bidi-font-weight: normal\"><o:p><\/o:p><\/B><\/SPAN><\/P><\/td>\n<\/tr>\n<tr>\n<td>description_prerequisite:<\/td>\n<td><\/td>\n<\/tr>\n<tr>\n<td>description_pedagogical_approach:<\/td>\n<td><\/td>\n<\/tr>\n<tr>\n<td>description_responsable_program:<\/td>\n<td>\n<p>Villers-le-Bouillet, Bruxelles<\/p>\n<\/td>\n<\/tr>\n<tr>\n<td>description_duration:<\/td>\n<td><P class=MsoNormal style=\"MARGIN: 0pt 23.9pt 0pt 17.4pt; TEXT-ALIGN: justify\"><SPAN lang=FR style=\"FONT-SIZE: 10pt; FONT-FAMILY: Verdana; mso-bidi-font-size: 12.0pt; mso-ansi-language: FR\">La dur\u00e9e de la formation est de 2 jours, r\u00e9partis en \u00bd jour de th\u00e9orie et 1,5 jour de pratique<B style=\"mso-bidi-font-weight: normal\"><?xml:namespace prefix = o ns = \"urn:schemas-microsoft-com:office:office\" \/><o:p><\/o:p><\/B><\/SPAN><\/P><\/td>\n<\/tr>\n<tr>\n<td>description_certification_period:<\/td>\n<td><P class=MsoNormal style=\"MARGIN: 0pt 23.9pt 0pt 17.4pt; TEXT-ALIGN: justify\"><SPAN lang=FR style=\"FONT-SIZE: 10pt; FONT-FAMILY: Verdana; mso-bidi-font-size: 12.0pt; mso-ansi-language: FR\">Les<SPAN style=\"mso-spacerun: yes\">&nbsp; <\/SPAN>candidats qui r\u00e9ussissent l\u2019examen th\u00e9orique et pratique se voient d\u00e9livrer un certificat ayant une dur\u00e9e de validit\u00e9 de 10 ans, avec une \u00e9valuation interm\u00e9diaire apr\u00e8s 5 ans.<?xml:namespace prefix = o ns = \"urn:schemas-microsoft-com:office:office\" \/><o:p><\/o:p><\/SPAN><\/P><\/td>\n<\/tr>\n<tr>\n<td>description_additional_information:<\/td>\n<td>\n<ul>\n<li>N&rsquo;oubliez pas: la carte d&rsquo;identit\u00e9.<\/li>\n<li>EPI obligatoires : veste de travail, pantalon de travail, chaussures de s\u00e9curit\u00e9, gants, casque et lunettes de protection.<\/li>\n<li>A midi nous fournissons un d\u00e9jeuner sandwich.<\/li>\n<li>Il se peut que vous ayez besoin de votre t\u00e9l\u00e9phone professionnel pendant cette formation. Veuillez donc l&rsquo;apporter avec vous.<\/li>\n<\/ul>\n<\/td>\n<\/tr>\n<tr>\n<td>description_summary:<\/td>\n<td><\/td>\n<\/tr>\n<tr>\n<td>description_short_summary:<\/td>\n<td>\n<p>Cette formation a pour objectif d&rsquo;acqu&eacute;rir les connaissances th&eacute;oriques et les aptitudes pratiques, mais &eacute;galement de comprendre les notions de base de s&eacute;curit&eacute; et d&rsquo;acqu&eacute;rir le sens des responsabilit&eacute;s et de l&rsquo;efficacit&eacute;.<\/p>\n<\/td>\n<\/tr>\n<tr>\n<td>programimage:<\/td>\n<td>https:\/\/ecs.eduaxis.net\/files\/images\/program%20images\/Aanslaan_shutterstock_1958016088.jpg<\/td>\n<\/tr>\n<tr>\n<td>programimage:<\/td>\n<td>https:\/\/ecs.eduaxis.net\/files\/images\/program%20images\/Aanslaan_shutterstock_1958016088.jpg<\/td>\n<\/tr>\n<\/tbody>\n<\/table>\n","protected":false},"excerpt":{"rendered":"<p>Description: <\/p>\n<p>Cette formation a pour objectif d&rsquo;acqu\u00e9rir les connaissances th\u00e9oriques et les aptitudes pratiques, mais \u00e9galement de comprendre les notions de base de s\u00e9curit\u00e9 et d&rsquo;acqu\u00e9rir le sens des responsabilit\u00e9s et de l&rsquo;efficacit\u00e9.<\/p>\n","protected":false},"featured_media":1235,"menu_order":0,"template":"","format":"standard","meta":[],"categories":[],"date_start":[338,608,448,442,324],"center":[275],"class_list":["post-1040","opleiding","type-opleiding","status-publish","format-standard","has-post-thumbnail","hentry","date_start-01-juli-2026","date_start-03-augustus-2026","date_start-15-december-2026","date_start-26-oktober-2026","date_start-27-april-2026","center-villers-le-bouillet"],"yoast_head":"<!-- This site is optimized with the Yoast SEO plugin v27.4 - https:\/\/yoast.com\/product\/yoast-seo-wordpress\/ -->\n<title>D\u00e9placer et Elinguer des Charges Critiques IS-006 - Formation de base (participants inexp\u00e9riment\u00e9s)<\/title>\n<meta name=\"description\" content=\"Cette formation a pour objectif d&rsquo;acqu&eacute;rir les connaissances th&eacute;oriques et les aptitudes pratiques, mais &eacute;galement de comprendre les notions de base de s&eacute;curit&eacute; et d&rsquo;acqu&eacute;rir le sens des responsabilit&eacute;s et de l&rsquo;efficacit&eacute;.\" \/>\n<meta name=\"robots\" content=\"index, follow, max-snippet:-1, max-image-preview:large, max-video-preview:-1\" \/>\n<link rel=\"canonical\" href=\"https:\/\/e-c-s.be\/fr\/formation\/deplacer-et-elinguer-des-charges-critiques-is-006-formation-de-base-participants-inexperimentes\/\" \/>\n<meta property=\"og:locale\" content=\"fr_FR\" \/>\n<meta property=\"og:type\" content=\"article\" \/>\n<meta property=\"og:title\" content=\"D\u00e9placer et Elinguer des Charges Critiques IS-006 - Formation de base (participants inexp\u00e9riment\u00e9s)\" \/>\n<meta property=\"og:description\" content=\"Cette formation a pour objectif d&rsquo;acqu&eacute;rir les connaissances th&eacute;oriques et les aptitudes pratiques, mais &eacute;galement de comprendre les notions de base de s&eacute;curit&eacute; et d&rsquo;acqu&eacute;rir le sens des responsabilit&eacute;s et de l&rsquo;efficacit&eacute;.\" \/>\n<meta property=\"og:url\" content=\"https:\/\/e-c-s.be\/fr\/formation\/deplacer-et-elinguer-des-charges-critiques-is-006-formation-de-base-participants-inexperimentes\/\" \/>\n<meta property=\"og:site_name\" content=\"ECS\" \/>\n<meta property=\"og:image\" content=\"https:\/\/e-c-s.be\/wp-content\/uploads\/2025\/11\/Aanslaan_shutterstock_1958016088.jpg\" \/>\n\t<meta property=\"og:image:width\" content=\"1000\" \/>\n\t<meta property=\"og:image:height\" content=\"667\" \/>\n\t<meta property=\"og:image:type\" content=\"image\/jpeg\" \/>\n<meta name=\"twitter:card\" content=\"summary_large_image\" \/>\n<meta name=\"twitter:title\" content=\"D\u00e9placer et Elinguer des Charges Critiques IS-006 - Formation de base (participants inexp\u00e9riment\u00e9s)\" \/>\n<meta name=\"twitter:label1\" content=\"Dur\u00e9e de lecture estim\u00e9e\" \/>\n\t<meta name=\"twitter:data1\" content=\"5 minutes\" \/>\n<script type=\"application\/ld+json\" class=\"yoast-schema-graph\">{\"@context\":\"https:\\\/\\\/schema.org\",\"@graph\":[{\"@type\":\"WebPage\",\"@id\":\"https:\\\/\\\/e-c-s.be\\\/fr\\\/formation\\\/deplacer-et-elinguer-des-charges-critiques-is-006-formation-de-base-participants-inexperimentes\\\/\",\"url\":\"https:\\\/\\\/e-c-s.be\\\/fr\\\/formation\\\/deplacer-et-elinguer-des-charges-critiques-is-006-formation-de-base-participants-inexperimentes\\\/\",\"name\":\"D\u00e9placer et Elinguer des Charges Critiques IS-006 - Formation de base (participants inexp\u00e9riment\u00e9s)\",\"isPartOf\":{\"@id\":\"https:\\\/\\\/e-c-s.be\\\/fr\\\/#website\"},\"primaryImageOfPage\":{\"@id\":\"https:\\\/\\\/e-c-s.be\\\/fr\\\/formation\\\/deplacer-et-elinguer-des-charges-critiques-is-006-formation-de-base-participants-inexperimentes\\\/#primaryimage\"},\"image\":{\"@id\":\"https:\\\/\\\/e-c-s.be\\\/fr\\\/formation\\\/deplacer-et-elinguer-des-charges-critiques-is-006-formation-de-base-participants-inexperimentes\\\/#primaryimage\"},\"thumbnailUrl\":\"https:\\\/\\\/e-c-s.be\\\/wp-content\\\/uploads\\\/2025\\\/11\\\/Aanslaan_shutterstock_1958016088.jpg\",\"datePublished\":\"2026-04-25T05:00:58+00:00\",\"description\":\"Cette formation a pour objectif d&rsquo;acqu&eacute;rir les connaissances th&eacute;oriques et les aptitudes pratiques, mais &eacute;galement de comprendre les notions de base de s&eacute;curit&eacute; et d&rsquo;acqu&eacute;rir le sens des responsabilit&eacute;s et de l&rsquo;efficacit&eacute;.\",\"breadcrumb\":{\"@id\":\"https:\\\/\\\/e-c-s.be\\\/fr\\\/formation\\\/deplacer-et-elinguer-des-charges-critiques-is-006-formation-de-base-participants-inexperimentes\\\/#breadcrumb\"},\"inLanguage\":\"fr-FR\",\"potentialAction\":[{\"@type\":\"ReadAction\",\"target\":[\"https:\\\/\\\/e-c-s.be\\\/fr\\\/formation\\\/deplacer-et-elinguer-des-charges-critiques-is-006-formation-de-base-participants-inexperimentes\\\/\"]}]},{\"@type\":\"ImageObject\",\"inLanguage\":\"fr-FR\",\"@id\":\"https:\\\/\\\/e-c-s.be\\\/fr\\\/formation\\\/deplacer-et-elinguer-des-charges-critiques-is-006-formation-de-base-participants-inexperimentes\\\/#primaryimage\",\"url\":\"https:\\\/\\\/e-c-s.be\\\/wp-content\\\/uploads\\\/2025\\\/11\\\/Aanslaan_shutterstock_1958016088.jpg\",\"contentUrl\":\"https:\\\/\\\/e-c-s.be\\\/wp-content\\\/uploads\\\/2025\\\/11\\\/Aanslaan_shutterstock_1958016088.jpg\",\"width\":1000,\"height\":667},{\"@type\":\"BreadcrumbList\",\"@id\":\"https:\\\/\\\/e-c-s.be\\\/fr\\\/formation\\\/deplacer-et-elinguer-des-charges-critiques-is-006-formation-de-base-participants-inexperimentes\\\/#breadcrumb\",\"itemListElement\":[{\"@type\":\"ListItem\",\"position\":1,\"name\":\"Home\",\"item\":\"https:\\\/\\\/e-c-s.be\\\/fr\\\/\"},{\"@type\":\"ListItem\",\"position\":2,\"name\":\"Opleidingen\",\"item\":\"https:\\\/\\\/e-c-s.be\\\/fr\\\/formation\\\/\"},{\"@type\":\"ListItem\",\"position\":3,\"name\":\"D\u00e9placer et Elinguer des Charges Critiques IS-006 &#8211; Formation de base (participants inexp\u00e9riment\u00e9s)\"}]},{\"@type\":\"WebSite\",\"@id\":\"https:\\\/\\\/e-c-s.be\\\/fr\\\/#website\",\"url\":\"https:\\\/\\\/e-c-s.be\\\/fr\\\/\",\"name\":\"ECS\",\"description\":\"Uw partner in veiligheid\",\"publisher\":{\"@id\":\"https:\\\/\\\/e-c-s.be\\\/fr\\\/#organization\"},\"potentialAction\":[{\"@type\":\"SearchAction\",\"target\":{\"@type\":\"EntryPoint\",\"urlTemplate\":\"https:\\\/\\\/e-c-s.be\\\/fr\\\/?s={search_term_string}\"},\"query-input\":{\"@type\":\"PropertyValueSpecification\",\"valueRequired\":true,\"valueName\":\"search_term_string\"}}],\"inLanguage\":\"fr-FR\"},{\"@type\":\"Organization\",\"@id\":\"https:\\\/\\\/e-c-s.be\\\/fr\\\/#organization\",\"name\":\"ECS\",\"url\":\"https:\\\/\\\/e-c-s.be\\\/fr\\\/\",\"logo\":{\"@type\":\"ImageObject\",\"inLanguage\":\"fr-FR\",\"@id\":\"https:\\\/\\\/e-c-s.be\\\/fr\\\/#\\\/schema\\\/logo\\\/image\\\/\",\"url\":\"https:\\\/\\\/e-c-s.be\\\/wp-content\\\/uploads\\\/2025\\\/10\\\/ecs-logo.svg\",\"contentUrl\":\"https:\\\/\\\/e-c-s.be\\\/wp-content\\\/uploads\\\/2025\\\/10\\\/ecs-logo.svg\",\"width\":1,\"height\":1,\"caption\":\"ECS\"},\"image\":{\"@id\":\"https:\\\/\\\/e-c-s.be\\\/fr\\\/#\\\/schema\\\/logo\\\/image\\\/\"},\"sameAs\":[\"https:\\\/\\\/www.linkedin.com\\\/company\\\/ecs-equans\"]}]}<\/script>\n<!-- \/ Yoast SEO plugin. -->","yoast_head_json":{"title":"D\u00e9placer et Elinguer des Charges Critiques IS-006 - Formation de base (participants inexp\u00e9riment\u00e9s)","description":"Cette formation a pour objectif d&rsquo;acqu&eacute;rir les connaissances th&eacute;oriques et les aptitudes pratiques, mais &eacute;galement de comprendre les notions de base de s&eacute;curit&eacute; et d&rsquo;acqu&eacute;rir le sens des responsabilit&eacute;s et de l&rsquo;efficacit&eacute;.","robots":{"index":"index","follow":"follow","max-snippet":"max-snippet:-1","max-image-preview":"max-image-preview:large","max-video-preview":"max-video-preview:-1"},"canonical":"https:\/\/e-c-s.be\/fr\/formation\/deplacer-et-elinguer-des-charges-critiques-is-006-formation-de-base-participants-inexperimentes\/","og_locale":"fr_FR","og_type":"article","og_title":"D\u00e9placer et Elinguer des Charges Critiques IS-006 - Formation de base (participants inexp\u00e9riment\u00e9s)","og_description":"Cette formation a pour objectif d&rsquo;acqu&eacute;rir les connaissances th&eacute;oriques et les aptitudes pratiques, mais &eacute;galement de comprendre les notions de base de s&eacute;curit&eacute; et d&rsquo;acqu&eacute;rir le sens des responsabilit&eacute;s et de l&rsquo;efficacit&eacute;.","og_url":"https:\/\/e-c-s.be\/fr\/formation\/deplacer-et-elinguer-des-charges-critiques-is-006-formation-de-base-participants-inexperimentes\/","og_site_name":"ECS","og_image":[{"width":1000,"height":667,"url":"https:\/\/e-c-s.be\/wp-content\/uploads\/2025\/11\/Aanslaan_shutterstock_1958016088.jpg","type":"image\/jpeg"}],"twitter_card":"summary_large_image","twitter_title":"D\u00e9placer et Elinguer des Charges Critiques IS-006 - Formation de base (participants inexp\u00e9riment\u00e9s)","twitter_misc":{"Dur\u00e9e de lecture estim\u00e9e":"5 minutes"},"schema":{"@context":"https:\/\/schema.org","@graph":[{"@type":"WebPage","@id":"https:\/\/e-c-s.be\/fr\/formation\/deplacer-et-elinguer-des-charges-critiques-is-006-formation-de-base-participants-inexperimentes\/","url":"https:\/\/e-c-s.be\/fr\/formation\/deplacer-et-elinguer-des-charges-critiques-is-006-formation-de-base-participants-inexperimentes\/","name":"D\u00e9placer et Elinguer des Charges Critiques IS-006 - Formation de base (participants inexp\u00e9riment\u00e9s)","isPartOf":{"@id":"https:\/\/e-c-s.be\/fr\/#website"},"primaryImageOfPage":{"@id":"https:\/\/e-c-s.be\/fr\/formation\/deplacer-et-elinguer-des-charges-critiques-is-006-formation-de-base-participants-inexperimentes\/#primaryimage"},"image":{"@id":"https:\/\/e-c-s.be\/fr\/formation\/deplacer-et-elinguer-des-charges-critiques-is-006-formation-de-base-participants-inexperimentes\/#primaryimage"},"thumbnailUrl":"https:\/\/e-c-s.be\/wp-content\/uploads\/2025\/11\/Aanslaan_shutterstock_1958016088.jpg","datePublished":"2026-04-25T05:00:58+00:00","description":"Cette formation a pour objectif d&rsquo;acqu&eacute;rir les connaissances th&eacute;oriques et les aptitudes pratiques, mais &eacute;galement de comprendre les notions de base de s&eacute;curit&eacute; et d&rsquo;acqu&eacute;rir le sens des responsabilit&eacute;s et de l&rsquo;efficacit&eacute;.","breadcrumb":{"@id":"https:\/\/e-c-s.be\/fr\/formation\/deplacer-et-elinguer-des-charges-critiques-is-006-formation-de-base-participants-inexperimentes\/#breadcrumb"},"inLanguage":"fr-FR","potentialAction":[{"@type":"ReadAction","target":["https:\/\/e-c-s.be\/fr\/formation\/deplacer-et-elinguer-des-charges-critiques-is-006-formation-de-base-participants-inexperimentes\/"]}]},{"@type":"ImageObject","inLanguage":"fr-FR","@id":"https:\/\/e-c-s.be\/fr\/formation\/deplacer-et-elinguer-des-charges-critiques-is-006-formation-de-base-participants-inexperimentes\/#primaryimage","url":"https:\/\/e-c-s.be\/wp-content\/uploads\/2025\/11\/Aanslaan_shutterstock_1958016088.jpg","contentUrl":"https:\/\/e-c-s.be\/wp-content\/uploads\/2025\/11\/Aanslaan_shutterstock_1958016088.jpg","width":1000,"height":667},{"@type":"BreadcrumbList","@id":"https:\/\/e-c-s.be\/fr\/formation\/deplacer-et-elinguer-des-charges-critiques-is-006-formation-de-base-participants-inexperimentes\/#breadcrumb","itemListElement":[{"@type":"ListItem","position":1,"name":"Home","item":"https:\/\/e-c-s.be\/fr\/"},{"@type":"ListItem","position":2,"name":"Opleidingen","item":"https:\/\/e-c-s.be\/fr\/formation\/"},{"@type":"ListItem","position":3,"name":"D\u00e9placer et Elinguer des Charges Critiques IS-006 &#8211; Formation de base (participants inexp\u00e9riment\u00e9s)"}]},{"@type":"WebSite","@id":"https:\/\/e-c-s.be\/fr\/#website","url":"https:\/\/e-c-s.be\/fr\/","name":"ECS","description":"Uw partner in veiligheid","publisher":{"@id":"https:\/\/e-c-s.be\/fr\/#organization"},"potentialAction":[{"@type":"SearchAction","target":{"@type":"EntryPoint","urlTemplate":"https:\/\/e-c-s.be\/fr\/?s={search_term_string}"},"query-input":{"@type":"PropertyValueSpecification","valueRequired":true,"valueName":"search_term_string"}}],"inLanguage":"fr-FR"},{"@type":"Organization","@id":"https:\/\/e-c-s.be\/fr\/#organization","name":"ECS","url":"https:\/\/e-c-s.be\/fr\/","logo":{"@type":"ImageObject","inLanguage":"fr-FR","@id":"https:\/\/e-c-s.be\/fr\/#\/schema\/logo\/image\/","url":"https:\/\/e-c-s.be\/wp-content\/uploads\/2025\/10\/ecs-logo.svg","contentUrl":"https:\/\/e-c-s.be\/wp-content\/uploads\/2025\/10\/ecs-logo.svg","width":1,"height":1,"caption":"ECS"},"image":{"@id":"https:\/\/e-c-s.be\/fr\/#\/schema\/logo\/image\/"},"sameAs":["https:\/\/www.linkedin.com\/company\/ecs-equans"]}]}},"_links":{"self":[{"href":"https:\/\/e-c-s.be\/fr\/wp-json\/wp\/v2\/opleiding\/1040","targetHints":{"allow":["GET"]}}],"collection":[{"href":"https:\/\/e-c-s.be\/fr\/wp-json\/wp\/v2\/opleiding"}],"about":[{"href":"https:\/\/e-c-s.be\/fr\/wp-json\/wp\/v2\/types\/opleiding"}],"wp:featuredmedia":[{"embeddable":true,"href":"https:\/\/e-c-s.be\/fr\/wp-json\/wp\/v2\/media\/1235"}],"wp:attachment":[{"href":"https:\/\/e-c-s.be\/fr\/wp-json\/wp\/v2\/media?parent=1040"}],"wp:term":[{"taxonomy":"category","embeddable":true,"href":"https:\/\/e-c-s.be\/fr\/wp-json\/wp\/v2\/categories?post=1040"},{"taxonomy":"date_start","embeddable":true,"href":"https:\/\/e-c-s.be\/fr\/wp-json\/wp\/v2\/date_start?post=1040"},{"taxonomy":"center","embeddable":true,"href":"https:\/\/e-c-s.be\/fr\/wp-json\/wp\/v2\/center?post=1040"}],"curies":[{"name":"wp","href":"https:\/\/api.w.org\/{rel}","templated":true}]}},{"id":1102,"date":"2026-04-24T05:01:36","date_gmt":"2026-04-24T05:01:36","guid":{"rendered":"https:\/\/ecsprd.wpenginepowered.com\/opleiding\/vca-base\/"},"modified":"2026-04-24T05:01:36","modified_gmt":"2026-04-24T05:01:36","slug":"vca-base","status":"publish","type":"opleiding","link":"https:\/\/e-c-s.be\/fr\/formation\/vca-base\/","title":{"rendered":"VCA BASE"},"content":{"rendered":"<table>\n<thead>\n<tr>\n<th>Xml_node<\/th>\n<th>Content<\/th>\n<\/tr>\n<\/thead>\n<tbody>\n<tr>\n<td>programxid:<\/td>\n<td>31<\/td>\n<\/tr>\n<tr>\n<td>categoryxid:<\/td>\n<td>8<\/td>\n<\/tr>\n<tr>\n<td>categorydesc:<\/td>\n<td>VCA FR<\/td>\n<\/tr>\n<tr>\n<td>programdesc:<\/td>\n<td>VCA BASE<\/td>\n<\/tr>\n<tr>\n<td>programduration:<\/td>\n<td>1 d<\/td>\n<\/tr>\n<tr>\n<td>programprice1:<\/td>\n<td>250 \u20ac<\/td>\n<\/tr>\n<tr>\n<td>programpricea:<\/td>\n<td>1630 \u20ac<\/td>\n<\/tr>\n<tr>\n<td>programoffer:<\/td>\n<td>Catalogue<\/td>\n<\/tr>\n<tr>\n<td>description_target_group:<\/td>\n<td>\n<p>Entreprises titulaires d&#39;un certificat VCA dont les employ&eacute;s doivent obtenir le dipl&ocirc;me &laquo; VCA Base &raquo;.<\/p>\n<\/td>\n<\/tr>\n<tr>\n<td>description_objectives:<\/td>\n<td>\n<p>FoSensibiliser les travailleurs en mati\u00e8re de s\u00e9curit\u00e9, de sant\u00e9, de bien-\u00eatre au travail. Les sujets sont choisis en fonction des circonstances et des risques auxquels ils sont confront\u00e9s et donc de diff\u00e9rentes situations de travail. La formation les am\u00e8ne \u00e0 envisager les diff\u00e9rentes situations de travail sous l&rsquo;angle de la s\u00e9curit\u00e9.\u00a0<\/p>\n<\/td>\n<\/tr>\n<tr>\n<td>description_content:<\/td>\n<td>\n<ul>\n<li>L\u00e9gislation\u00a0<\/li>\n<li>Dangers, risques et pr\u00e9vention\u00a0<\/li>\n<li>Accidents: causes et pr\u00e9vention\u00a0<\/li>\n<li>Comportement de s\u00e9curit\u00e9\u00a0<\/li>\n<li>T\u00e2ches, droits, obligations\u00a0<\/li>\n<li>Proc\u00e9dures, instructions et signalisation\u00a0<\/li>\n<li>Situations d&rsquo;urgence\u00a0<\/li>\n<li>Substances dangereuses\u00a0<\/li>\n<li>Incendie et explosion\u00a0<\/li>\n<li>Equipement de travail\u00a0<\/li>\n<li>Activit\u00e9s et circonstances sp\u00e9cifiques\u00a0<\/li>\n<li>Electricit\u00e9 et rayonnement\u00a0<\/li>\n<li>Un lieu de travail ergonomique\u00a0<\/li>\n<li>Equipements de protection individuelle<\/li>\n<\/ul>\n<\/td>\n<\/tr>\n<tr>\n<td>description_requirements:<\/td>\n<td>\n<p>Non.<\/p>\n<\/td>\n<\/tr>\n<tr>\n<td>description_prerequisite:<\/td>\n<td><\/td>\n<\/tr>\n<tr>\n<td>description_pedagogical_approach:<\/td>\n<td><\/td>\n<\/tr>\n<tr>\n<td>description_responsable_program:<\/td>\n<td>\n<p>Villers-le-Bouillet,&nbsp;Suarl&eacute;e, Bruxelles<\/p>\n<\/td>\n<\/tr>\n<tr>\n<td>description_duration:<\/td>\n<td>\n<p>1 jour.<\/p>\n<\/td>\n<\/tr>\n<tr>\n<td>description_certification_period:<\/td>\n<td>\n<div>La formation se termine par un examen th&eacute;orique, les participants re&ccedil;oivent un certificat apr&egrave;s une &eacute;valuation positive.<\/div>\n<div>FORMATION BESACC VCA: Validit&eacute; de 10 ans.<\/div>\n<\/td>\n<\/tr>\n<tr>\n<td>description_additional_information:<\/td>\n<td>Inclus un sandwich et une boisson (si la formation a lieu dans l&rsquo;une des agences ECS) Nombre de participants; maximum 20 Toutes nos formations peuvent \u00eatre organis\u00e9es sur demande sur l&rsquo;un de nos sites ou dans les locaux du client. Il est \u00e9galement possible de les adapter aux besoins sp\u00e9cifiques du client ou de les compl\u00e9ter par un audit, des conseils, un coaching Carte d&rsquo;identit\u00e9 obligatoire\n<\/td>\n<\/tr>\n<tr>\n<td>description_summary:<\/td>\n<td><\/td>\n<\/tr>\n<tr>\n<td>description_short_summary:<\/td>\n<td>\n<div class=\"wpb_raw_code wpb_raw_html \" style=\"box-sizing: border-box; position: relative; margin-top: 36px; color: rgb(0, 36, 57); font-family: Roboto, -apple-system, BlinkMacSystemFont, &quot;Segoe UI&quot;, Oxygen-Sans, Ubuntu, Cantarell, &quot;Helvetica Neue&quot;, sans-serif, Roboto, -apple-system, BlinkMacSystemFont, &quot;Segoe UI&quot;, Oxygen-Sans, Ubuntu, Cantarell, &quot;Helvetica Neue&quot;, sans-serif; font-size: 16px; background-color: rgb(255, 255, 255);\">\n<div class=\"wpb_wrapper\" style=\"box-sizing: border-box; margin-top: 0px !important;\">\n<div class=\"h3 text-color-817846-color font-weight-800\" style=\"box-sizing: border-box; font-size: 26px; line-height: 1.2; margin-top: 0px !important; margin-right: 0px; margin-bottom: 0px; margin-left: 0px; font-weight: 800 !important; color: rgb(112, 189, 149) !important; fill: rgb(112, 189, 149) !important;\"><span style=\"font-family: Verdana, Arial, Helvetica, sans-serif; color: rgb(0, 36, 57); font-size: 16px;\">L&#39;objectif de la formation de base VCA en mati&egrave;re de s&eacute;curit&eacute; est de sensibiliser les employ&eacute;s &agrave; la s&eacute;curit&eacute;, &agrave; la sant&eacute; et au bien-&ecirc;tre au travail. Les th&egrave;mes abord&eacute;s ont &eacute;t&eacute; s&eacute;lectionn&eacute;s en fonction des diff&eacute;rentes conditions de travail et des risques auxquels les employ&eacute;s sont confront&eacute;s. Cette formation leur permettra d&#39;&eacute;valuer syst&eacute;matiquement les situations de travail en tenant compte de la s&eacute;curit&eacute;. Elle constitue &eacute;galement une pr&eacute;paration compl&egrave;te &agrave; l&#39;examen VCA.<\/span><\/div>\n<\/div>\n<\/div>\n<\/td>\n<\/tr>\n<tr>\n<td>programimage:<\/td>\n<td>https:\/\/ecs.eduaxis.net\/files\/images\/program%20images\/VCA_shutterstock_1901625133.jpg<\/td>\n<\/tr>\n<tr>\n<td>programimage:<\/td>\n<td>https:\/\/ecs.eduaxis.net\/files\/images\/program%20images\/VCA_shutterstock_1901625133.jpg<\/td>\n<\/tr>\n<\/tbody>\n<\/table>\n","protected":false},"excerpt":{"rendered":"<p>Description: L&rsquo;objectif de la formation de base VCA en mati\u00e8re de s\u00e9curit\u00e9 est de sensibiliser les employ\u00e9s \u00e0 la s\u00e9curit\u00e9, \u00e0 la sant\u00e9 et au bien-\u00eatre au travail. Les th\u00e8mes abord\u00e9s ont \u00e9t\u00e9 s\u00e9lectionn\u00e9s en fonction des diff\u00e9rentes conditions de travail et des risques auxquels les employ\u00e9s sont confront\u00e9s. Cette formation leur permettra d&rsquo;\u00e9valuer syst\u00e9matiquement les situations de travail en tenant compte de la s\u00e9curit\u00e9. Elle constitue \u00e9galement une pr\u00e9paration compl\u00e8te \u00e0 l&rsquo;examen VCA.<\/p>\n","protected":false},"featured_media":1241,"menu_order":0,"template":"","format":"standard","meta":[],"categories":[],"date_start":[462,579,338,616,372,634,400,560,356,343,308,312,533,453,575,447,573,472,439,571,230,511,427,568,432,570,470,331,540,332,541,473,327,433],"center":[78,581,467,275],"class_list":["post-1102","opleiding","type-opleiding","status-publish","format-standard","has-post-thumbnail","hentry","date_start-01-december-2026","date_start-01-december-2026-fr","date_start-01-juli-2026","date_start-02-november-2026","date_start-04-mei-2026","date_start-04-september-2026","date_start-06-juli-2026","date_start-06-juli-2026-fr","date_start-06-maart-2026","date_start-06-mei-2026","date_start-10-juni-2026","date_start-13-juli-2026","date_start-13-juli-2026-fr","date_start-13-mei-2026","date_start-13-mei-2026-fr","date_start-14-december-2026","date_start-14-december-2026-fr","date_start-16-juni-2026","date_start-18-september-2026","date_start-18-september-2026-fr","date_start-21-april-2026","date_start-21-april-2026-fr","date_start-21-september-2026","date_start-21-september-2026-fr","date_start-23-november-2026","date_start-23-november-2026-fr","date_start-23-oktober-2026","date_start-24-augustus-2026","date_start-24-augustus-2026-fr","date_start-25-augustus-2026","date_start-25-augustus-2026-fr","date_start-28-oktober-2026","date_start-30-april-2026","date_start-30-november-2026","center-brussels","center-brussels-fr","center-suarlee","center-villers-le-bouillet"],"yoast_head":"<!-- This site is optimized with the Yoast SEO plugin v27.4 - https:\/\/yoast.com\/product\/yoast-seo-wordpress\/ -->\n<title>VCA BASE<\/title>\n<meta name=\"description\" content=\"L&#039;objectif de la formation de base VCA en mati&egrave;re de s&eacute;curit&eacute; est de sensibiliser les employ&eacute;s &agrave; la s&eacute;curit&eacute;, &agrave; la sant&eacute; et au bien-&ecirc;tre au travail. Les th&egrave;mes abord&eacute;s ont &eacute;t&eacute; s&eacute;lectionn&eacute;s en fonction des diff&eacute;rentes conditions de travail et des risques auxquels les employ&eacute;s sont confront&eacute;s. Cette formation leur permettra d&#039;&eacute;valuer syst&eacute;matiquement les situations de travail en tenant compte de la s&eacute;curit&eacute;. Elle constitue &eacute;galement une pr&eacute;paration compl&egrave;te &agrave; l&#039;examen VCA.\" \/>\n<meta name=\"robots\" content=\"index, follow, max-snippet:-1, max-image-preview:large, max-video-preview:-1\" \/>\n<link rel=\"canonical\" href=\"https:\/\/e-c-s.be\/fr\/formation\/vca-base\/\" \/>\n<meta property=\"og:locale\" content=\"fr_FR\" \/>\n<meta property=\"og:type\" content=\"article\" \/>\n<meta property=\"og:title\" content=\"VCA BASE\" \/>\n<meta property=\"og:description\" content=\"L&#039;objectif de la formation de base VCA en mati&egrave;re de s&eacute;curit&eacute; est de sensibiliser les employ&eacute;s &agrave; la s&eacute;curit&eacute;, &agrave; la sant&eacute; et au bien-&ecirc;tre au travail. Les th&egrave;mes abord&eacute;s ont &eacute;t&eacute; s&eacute;lectionn&eacute;s en fonction des diff&eacute;rentes conditions de travail et des risques auxquels les employ&eacute;s sont confront&eacute;s. Cette formation leur permettra d&#039;&eacute;valuer syst&eacute;matiquement les situations de travail en tenant compte de la s&eacute;curit&eacute;. Elle constitue &eacute;galement une pr&eacute;paration compl&egrave;te &agrave; l&#039;examen VCA.\" \/>\n<meta property=\"og:url\" content=\"https:\/\/e-c-s.be\/fr\/formation\/vca-base\/\" \/>\n<meta property=\"og:site_name\" content=\"ECS\" \/>\n<meta property=\"og:image\" content=\"https:\/\/e-c-s.be\/wp-content\/uploads\/2025\/11\/VCA_shutterstock_1901625133.jpg\" \/>\n\t<meta property=\"og:image:width\" content=\"1500\" \/>\n\t<meta property=\"og:image:height\" content=\"750\" \/>\n\t<meta property=\"og:image:type\" content=\"image\/jpeg\" \/>\n<meta name=\"twitter:card\" content=\"summary_large_image\" \/>\n<meta name=\"twitter:title\" content=\"VCA BASE\" \/>\n<meta name=\"twitter:label1\" content=\"Dur\u00e9e de lecture estim\u00e9e\" \/>\n\t<meta name=\"twitter:data1\" content=\"2 minutes\" \/>\n<script type=\"application\/ld+json\" class=\"yoast-schema-graph\">{\"@context\":\"https:\\\/\\\/schema.org\",\"@graph\":[{\"@type\":\"WebPage\",\"@id\":\"https:\\\/\\\/e-c-s.be\\\/fr\\\/formation\\\/vca-base\\\/\",\"url\":\"https:\\\/\\\/e-c-s.be\\\/fr\\\/formation\\\/vca-base\\\/\",\"name\":\"VCA BASE\",\"isPartOf\":{\"@id\":\"https:\\\/\\\/e-c-s.be\\\/fr\\\/#website\"},\"primaryImageOfPage\":{\"@id\":\"https:\\\/\\\/e-c-s.be\\\/fr\\\/formation\\\/vca-base\\\/#primaryimage\"},\"image\":{\"@id\":\"https:\\\/\\\/e-c-s.be\\\/fr\\\/formation\\\/vca-base\\\/#primaryimage\"},\"thumbnailUrl\":\"https:\\\/\\\/e-c-s.be\\\/wp-content\\\/uploads\\\/2025\\\/11\\\/VCA_shutterstock_1901625133.jpg\",\"datePublished\":\"2026-04-24T05:01:36+00:00\",\"description\":\"L&#39;objectif de la formation de base VCA en mati&egrave;re de s&eacute;curit&eacute; est de sensibiliser les employ&eacute;s &agrave; la s&eacute;curit&eacute;, &agrave; la sant&eacute; et au bien-&ecirc;tre au travail. Les th&egrave;mes abord&eacute;s ont &eacute;t&eacute; s&eacute;lectionn&eacute;s en fonction des diff&eacute;rentes conditions de travail et des risques auxquels les employ&eacute;s sont confront&eacute;s. Cette formation leur permettra d&#39;&eacute;valuer syst&eacute;matiquement les situations de travail en tenant compte de la s&eacute;curit&eacute;. Elle constitue &eacute;galement une pr&eacute;paration compl&egrave;te &agrave; l&#39;examen VCA.\",\"breadcrumb\":{\"@id\":\"https:\\\/\\\/e-c-s.be\\\/fr\\\/formation\\\/vca-base\\\/#breadcrumb\"},\"inLanguage\":\"fr-FR\",\"potentialAction\":[{\"@type\":\"ReadAction\",\"target\":[\"https:\\\/\\\/e-c-s.be\\\/fr\\\/formation\\\/vca-base\\\/\"]}]},{\"@type\":\"ImageObject\",\"inLanguage\":\"fr-FR\",\"@id\":\"https:\\\/\\\/e-c-s.be\\\/fr\\\/formation\\\/vca-base\\\/#primaryimage\",\"url\":\"https:\\\/\\\/e-c-s.be\\\/wp-content\\\/uploads\\\/2025\\\/11\\\/VCA_shutterstock_1901625133.jpg\",\"contentUrl\":\"https:\\\/\\\/e-c-s.be\\\/wp-content\\\/uploads\\\/2025\\\/11\\\/VCA_shutterstock_1901625133.jpg\",\"width\":1500,\"height\":750},{\"@type\":\"BreadcrumbList\",\"@id\":\"https:\\\/\\\/e-c-s.be\\\/fr\\\/formation\\\/vca-base\\\/#breadcrumb\",\"itemListElement\":[{\"@type\":\"ListItem\",\"position\":1,\"name\":\"Home\",\"item\":\"https:\\\/\\\/e-c-s.be\\\/fr\\\/\"},{\"@type\":\"ListItem\",\"position\":2,\"name\":\"Opleidingen\",\"item\":\"https:\\\/\\\/e-c-s.be\\\/fr\\\/formation\\\/\"},{\"@type\":\"ListItem\",\"position\":3,\"name\":\"VCA BASE\"}]},{\"@type\":\"WebSite\",\"@id\":\"https:\\\/\\\/e-c-s.be\\\/fr\\\/#website\",\"url\":\"https:\\\/\\\/e-c-s.be\\\/fr\\\/\",\"name\":\"ECS\",\"description\":\"Uw partner in veiligheid\",\"publisher\":{\"@id\":\"https:\\\/\\\/e-c-s.be\\\/fr\\\/#organization\"},\"potentialAction\":[{\"@type\":\"SearchAction\",\"target\":{\"@type\":\"EntryPoint\",\"urlTemplate\":\"https:\\\/\\\/e-c-s.be\\\/fr\\\/?s={search_term_string}\"},\"query-input\":{\"@type\":\"PropertyValueSpecification\",\"valueRequired\":true,\"valueName\":\"search_term_string\"}}],\"inLanguage\":\"fr-FR\"},{\"@type\":\"Organization\",\"@id\":\"https:\\\/\\\/e-c-s.be\\\/fr\\\/#organization\",\"name\":\"ECS\",\"url\":\"https:\\\/\\\/e-c-s.be\\\/fr\\\/\",\"logo\":{\"@type\":\"ImageObject\",\"inLanguage\":\"fr-FR\",\"@id\":\"https:\\\/\\\/e-c-s.be\\\/fr\\\/#\\\/schema\\\/logo\\\/image\\\/\",\"url\":\"https:\\\/\\\/e-c-s.be\\\/wp-content\\\/uploads\\\/2025\\\/10\\\/ecs-logo.svg\",\"contentUrl\":\"https:\\\/\\\/e-c-s.be\\\/wp-content\\\/uploads\\\/2025\\\/10\\\/ecs-logo.svg\",\"width\":1,\"height\":1,\"caption\":\"ECS\"},\"image\":{\"@id\":\"https:\\\/\\\/e-c-s.be\\\/fr\\\/#\\\/schema\\\/logo\\\/image\\\/\"},\"sameAs\":[\"https:\\\/\\\/www.linkedin.com\\\/company\\\/ecs-equans\"]}]}<\/script>\n<!-- \/ Yoast SEO plugin. -->","yoast_head_json":{"title":"VCA BASE","description":"L&#39;objectif de la formation de base VCA en mati&egrave;re de s&eacute;curit&eacute; est de sensibiliser les employ&eacute;s &agrave; la s&eacute;curit&eacute;, &agrave; la sant&eacute; et au bien-&ecirc;tre au travail. Les th&egrave;mes abord&eacute;s ont &eacute;t&eacute; s&eacute;lectionn&eacute;s en fonction des diff&eacute;rentes conditions de travail et des risques auxquels les employ&eacute;s sont confront&eacute;s. Cette formation leur permettra d&#39;&eacute;valuer syst&eacute;matiquement les situations de travail en tenant compte de la s&eacute;curit&eacute;. Elle constitue &eacute;galement une pr&eacute;paration compl&egrave;te &agrave; l&#39;examen VCA.","robots":{"index":"index","follow":"follow","max-snippet":"max-snippet:-1","max-image-preview":"max-image-preview:large","max-video-preview":"max-video-preview:-1"},"canonical":"https:\/\/e-c-s.be\/fr\/formation\/vca-base\/","og_locale":"fr_FR","og_type":"article","og_title":"VCA BASE","og_description":"L&#39;objectif de la formation de base VCA en mati&egrave;re de s&eacute;curit&eacute; est de sensibiliser les employ&eacute;s &agrave; la s&eacute;curit&eacute;, &agrave; la sant&eacute; et au bien-&ecirc;tre au travail. Les th&egrave;mes abord&eacute;s ont &eacute;t&eacute; s&eacute;lectionn&eacute;s en fonction des diff&eacute;rentes conditions de travail et des risques auxquels les employ&eacute;s sont confront&eacute;s. Cette formation leur permettra d&#39;&eacute;valuer syst&eacute;matiquement les situations de travail en tenant compte de la s&eacute;curit&eacute;. Elle constitue &eacute;galement une pr&eacute;paration compl&egrave;te &agrave; l&#39;examen VCA.","og_url":"https:\/\/e-c-s.be\/fr\/formation\/vca-base\/","og_site_name":"ECS","og_image":[{"width":1500,"height":750,"url":"https:\/\/e-c-s.be\/wp-content\/uploads\/2025\/11\/VCA_shutterstock_1901625133.jpg","type":"image\/jpeg"}],"twitter_card":"summary_large_image","twitter_title":"VCA BASE","twitter_misc":{"Dur\u00e9e de lecture estim\u00e9e":"2 minutes"},"schema":{"@context":"https:\/\/schema.org","@graph":[{"@type":"WebPage","@id":"https:\/\/e-c-s.be\/fr\/formation\/vca-base\/","url":"https:\/\/e-c-s.be\/fr\/formation\/vca-base\/","name":"VCA BASE","isPartOf":{"@id":"https:\/\/e-c-s.be\/fr\/#website"},"primaryImageOfPage":{"@id":"https:\/\/e-c-s.be\/fr\/formation\/vca-base\/#primaryimage"},"image":{"@id":"https:\/\/e-c-s.be\/fr\/formation\/vca-base\/#primaryimage"},"thumbnailUrl":"https:\/\/e-c-s.be\/wp-content\/uploads\/2025\/11\/VCA_shutterstock_1901625133.jpg","datePublished":"2026-04-24T05:01:36+00:00","description":"L&#39;objectif de la formation de base VCA en mati&egrave;re de s&eacute;curit&eacute; est de sensibiliser les employ&eacute;s &agrave; la s&eacute;curit&eacute;, &agrave; la sant&eacute; et au bien-&ecirc;tre au travail. Les th&egrave;mes abord&eacute;s ont &eacute;t&eacute; s&eacute;lectionn&eacute;s en fonction des diff&eacute;rentes conditions de travail et des risques auxquels les employ&eacute;s sont confront&eacute;s. Cette formation leur permettra d&#39;&eacute;valuer syst&eacute;matiquement les situations de travail en tenant compte de la s&eacute;curit&eacute;. Elle constitue &eacute;galement une pr&eacute;paration compl&egrave;te &agrave; l&#39;examen VCA.","breadcrumb":{"@id":"https:\/\/e-c-s.be\/fr\/formation\/vca-base\/#breadcrumb"},"inLanguage":"fr-FR","potentialAction":[{"@type":"ReadAction","target":["https:\/\/e-c-s.be\/fr\/formation\/vca-base\/"]}]},{"@type":"ImageObject","inLanguage":"fr-FR","@id":"https:\/\/e-c-s.be\/fr\/formation\/vca-base\/#primaryimage","url":"https:\/\/e-c-s.be\/wp-content\/uploads\/2025\/11\/VCA_shutterstock_1901625133.jpg","contentUrl":"https:\/\/e-c-s.be\/wp-content\/uploads\/2025\/11\/VCA_shutterstock_1901625133.jpg","width":1500,"height":750},{"@type":"BreadcrumbList","@id":"https:\/\/e-c-s.be\/fr\/formation\/vca-base\/#breadcrumb","itemListElement":[{"@type":"ListItem","position":1,"name":"Home","item":"https:\/\/e-c-s.be\/fr\/"},{"@type":"ListItem","position":2,"name":"Opleidingen","item":"https:\/\/e-c-s.be\/fr\/formation\/"},{"@type":"ListItem","position":3,"name":"VCA BASE"}]},{"@type":"WebSite","@id":"https:\/\/e-c-s.be\/fr\/#website","url":"https:\/\/e-c-s.be\/fr\/","name":"ECS","description":"Uw partner in veiligheid","publisher":{"@id":"https:\/\/e-c-s.be\/fr\/#organization"},"potentialAction":[{"@type":"SearchAction","target":{"@type":"EntryPoint","urlTemplate":"https:\/\/e-c-s.be\/fr\/?s={search_term_string}"},"query-input":{"@type":"PropertyValueSpecification","valueRequired":true,"valueName":"search_term_string"}}],"inLanguage":"fr-FR"},{"@type":"Organization","@id":"https:\/\/e-c-s.be\/fr\/#organization","name":"ECS","url":"https:\/\/e-c-s.be\/fr\/","logo":{"@type":"ImageObject","inLanguage":"fr-FR","@id":"https:\/\/e-c-s.be\/fr\/#\/schema\/logo\/image\/","url":"https:\/\/e-c-s.be\/wp-content\/uploads\/2025\/10\/ecs-logo.svg","contentUrl":"https:\/\/e-c-s.be\/wp-content\/uploads\/2025\/10\/ecs-logo.svg","width":1,"height":1,"caption":"ECS"},"image":{"@id":"https:\/\/e-c-s.be\/fr\/#\/schema\/logo\/image\/"},"sameAs":["https:\/\/www.linkedin.com\/company\/ecs-equans"]}]}},"_links":{"self":[{"href":"https:\/\/e-c-s.be\/fr\/wp-json\/wp\/v2\/opleiding\/1102","targetHints":{"allow":["GET"]}}],"collection":[{"href":"https:\/\/e-c-s.be\/fr\/wp-json\/wp\/v2\/opleiding"}],"about":[{"href":"https:\/\/e-c-s.be\/fr\/wp-json\/wp\/v2\/types\/opleiding"}],"wp:featuredmedia":[{"embeddable":true,"href":"https:\/\/e-c-s.be\/fr\/wp-json\/wp\/v2\/media\/1241"}],"wp:attachment":[{"href":"https:\/\/e-c-s.be\/fr\/wp-json\/wp\/v2\/media?parent=1102"}],"wp:term":[{"taxonomy":"category","embeddable":true,"href":"https:\/\/e-c-s.be\/fr\/wp-json\/wp\/v2\/categories?post=1102"},{"taxonomy":"date_start","embeddable":true,"href":"https:\/\/e-c-s.be\/fr\/wp-json\/wp\/v2\/date_start?post=1102"},{"taxonomy":"center","embeddable":true,"href":"https:\/\/e-c-s.be\/fr\/wp-json\/wp\/v2\/center?post=1102"}],"curies":[{"name":"wp","href":"https:\/\/api.w.org\/{rel}","templated":true}]}},{"id":1100,"date":"2026-04-24T05:01:36","date_gmt":"2026-04-24T05:01:36","guid":{"rendered":"https:\/\/ecsprd.wpenginepowered.com\/opleiding\/travailler-dans-un-espace-confine-module-1\/"},"modified":"2026-04-24T05:01:36","modified_gmt":"2026-04-24T05:01:36","slug":"travailler-dans-un-espace-confine-module-1","status":"publish","type":"opleiding","link":"https:\/\/e-c-s.be\/fr\/formation\/travailler-dans-un-espace-confine-module-1\/","title":{"rendered":"Travailler dans un espace confin\u00e9 &#8211; Module 1"},"content":{"rendered":"<table>\n<thead>\n<tr>\n<th>Xml_node<\/th>\n<th>Content<\/th>\n<\/tr>\n<\/thead>\n<tbody>\n<tr>\n<td>programxid:<\/td>\n<td>297<\/td>\n<\/tr>\n<tr>\n<td>categoryxid:<\/td>\n<td>64<\/td>\n<\/tr>\n<tr>\n<td>categorydesc:<\/td>\n<td>Risques Toxiques<\/td>\n<\/tr>\n<tr>\n<td>programdesc:<\/td>\n<td>Travailler dans un espace confin\u00e9 &#8211; Module 1<\/td>\n<\/tr>\n<tr>\n<td>programduration:<\/td>\n<td>1 d<\/td>\n<\/tr>\n<tr>\n<td>programprice1:<\/td>\n<td>305 \u20ac<\/td>\n<\/tr>\n<tr>\n<td>programpricea:<\/td>\n<td>1480 \u20ac<\/td>\n<\/tr>\n<tr>\n<td>programoffer:<\/td>\n<td>Catalogue<\/td>\n<\/tr>\n<tr>\n<td>description_target_group:<\/td>\n<td>\n<p>Participants effectuant des t&acirc;ches dans un espace confin&eacute;, dans lesquels de nombreux risques peuvent &ecirc;tre pr&eacute;sents.<\/p>\n<\/td>\n<\/tr>\n<tr>\n<td>description_objectives:<\/td>\n<td>Les espaces confin\u00e9s sont des zones qui ne conviennent pas pour accueillir des personnes et dans lesquelles de nombreux dangers peuvent \u00eatre pr\u00e9sents. Les espaces confin\u00e9s se caract\u00e9risent par le fait qu&rsquo;ils ne sont souvent pas facilement accessibles et qu&rsquo;il faut souvent y entrer par une trappe ou un trou d&rsquo;homme. Les risques courants dans les espaces confin\u00e9s comprennent le manque d&rsquo;oxyg\u00e8ne, la pr\u00e9sence de gaz\/vapeurs inflammables ou toxiques, l&rsquo;\u00e9lectricit\u00e9, la poussi\u00e8re nocive\/toxique et les temp\u00e9ratures extr\u00eames.<\/td>\n<\/tr>\n<tr>\n<td>description_content:<\/td>\n<td>TH\u00c9ORIE \u2022 Caract\u00e9ristiques d&rsquo;un espace confin\u00e9. \u2022 Le garde de s\u00e9curit\u00e9 pour un espace confin\u00e9. \u2022 L&rsquo;objectif, la structure et le contenu du syst\u00e8me de permis. \u2022 La r\u00e9glementation de base dans le cadre du travail en espace confin\u00e9. \u2022 Relation avec la veille s\u00e9curitaire. \u2022 Les dangers et les risques li\u00e9s au travail dans un espace confin\u00e9 (suffocation, incendie et explosion, intoxication, \u00e9lectrocution, pi\u00e9geage, bruit, &#8230;). \u2022 Risques sp\u00e9cifiques lors du travail et\/ou de l&rsquo;interaction avec: &#8211; \u00e9lectricit\u00e9, \u00e9clairage et outils, &#8211; soudage \u00e9lectrique et oxyfuel, &#8211; autres travailleurs. \u2022 Les outils de foulage : fonctionnement, leurs avantages et inconv\u00e9nients. \u2022 Communication et outils de communication lors du travail dans des espaces confin\u00e9s. \u2022 Comment r\u00e9agir dans les situations d&rsquo;urgence. \u2022 LMRA-RA et EPI. \u2022 Mesures de base EX-OX-TOX + appareils de mesure. PRATIQUE \u2022 Effectuer diverses missions (type jeu de r\u00f4le) -> situations propres et sp\u00e9cifiques du client. \u2022 Comportement en fonction de la mission concernant la s\u00e9curit\u00e9, l&rsquo;interaction avec les autres employ\u00e9s, la manipulation des \u00e9quipements de travail, la garde de s\u00e9curit\u00e9 et les situations d&rsquo;urgence. \u2022 Permis d&rsquo;interpr\u00e9tation. \u2022 Respect des conditions d&rsquo;entr\u00e9e, notamment l&rsquo;enregistrement et la pr\u00e9sence d&rsquo;un garde de s\u00e9curit\u00e9. \u2022 Travailler avec un talkie-walkie\/WT. \u2022 Travailler avec des aides \u00e0 l&rsquo;entr\u00e9e et des \u00e9quipements \u2022 Entr\u00e9e et sortie verticales et horizontales. \u2022 Utilisation d&rsquo;EPI et de protections contre les chutes\n<\/td>\n<\/tr>\n<tr>\n<td>description_requirements:<\/td>\n<td>\n<div>Les participants doivent &ecirc;tre &acirc;g&eacute;s d&rsquo;au moins 18 ans et &ecirc;tre m&eacute;dicalement aptes.<\/div>\n<\/td>\n<\/tr>\n<tr>\n<td>description_prerequisite:<\/td>\n<td><\/td>\n<\/tr>\n<tr>\n<td>description_pedagogical_approach:<\/td>\n<td><\/td>\n<\/tr>\n<tr>\n<td>description_responsable_program:<\/td>\n<td>\n<p>Villers-le-Bouillet<\/p>\n<\/td>\n<\/tr>\n<tr>\n<td>description_duration:<\/td>\n<td>\n<p>1 jour.<\/p>\n<\/td>\n<\/tr>\n<tr>\n<td>description_certification_period:<\/td>\n<td>\n<div>La formation se termine par un examen pratique, les participants re&ccedil;oivent un certificat apr&egrave;s une &eacute;valuation positive.&nbsp;<\/div>\n<div>FORMATION S&Eacute;CURIT&Eacute; ECS: Validit&eacute; de 5 ans.<\/div>\n<\/td>\n<\/tr>\n<tr>\n<td>description_additional_information:<\/td>\n<td>Inclus un sandwich et une boisson (si la formation a lieu dans l&rsquo;une des agences ECS) Nombre de participants par session; maximum 6 Toutes nos formations peuvent \u00eatre organis\u00e9es sur demande sur l&rsquo;un de nos sites ou dans les locaux du client. Il est \u00e9galement possible de les adapter aux besoins sp\u00e9cifiques du client ou de les compl\u00e9ter par un audit, des conseils, un coaching\n<\/td>\n<\/tr>\n<tr>\n<td>description_summary:<\/td>\n<td><\/td>\n<\/tr>\n<tr>\n<td>description_short_summary:<\/td>\n<td>\n<p>Les espaces confin&eacute;s sont des zones qui ne conviennent pas pour accueillir des personnes et dans lesquelles de nombreux dangers peuvent &ecirc;tre pr&eacute;sents. Les espaces confin&eacute;s se caract&eacute;risent par le fait qu&rsquo;ils ne sont souvent pas facilement accessibles et qu&rsquo;il faut souvent y entrer par une trappe ou un trou d&rsquo;homme. Les risques courants dans les espaces confin&eacute;s comprennent le manque d&rsquo;oxyg&egrave;ne, la pr&eacute;sence de gaz\/vapeurs inflammables ou toxiques, l&rsquo;&eacute;lectricit&eacute;, la poussi&egrave;re nocive\/toxique et les temp&eacute;ratures extr&ecirc;mes.<\/p>\n<\/td>\n<\/tr>\n<tr>\n<td>programimage:<\/td>\n<td>https:\/\/ecs.eduaxis.net\/files\/images\/program%20images\/Besloten ruimte shutterstock_1817831639.jpg<\/td>\n<\/tr>\n<tr>\n<td>programimage:<\/td>\n<td>https:\/\/ecs.eduaxis.net\/files\/images\/program%20images\/Besloten ruimte shutterstock_1817831639.jpg<\/td>\n<\/tr>\n<\/tbody>\n<\/table>\n","protected":false},"excerpt":{"rendered":"<p>Description: <\/p>\n<p>Les espaces confin\u00e9s sont des zones qui ne conviennent pas pour accueillir des personnes et dans lesquelles de nombreux dangers peuvent \u00eatre pr\u00e9sents. Les espaces confin\u00e9s se caract\u00e9risent par le fait qu&rsquo;ils ne sont souvent pas facilement accessibles et qu&rsquo;il faut souvent y entrer par une trappe ou un trou d&rsquo;homme. Les risques courants dans les espaces confin\u00e9s comprennent le manque d&rsquo;oxyg\u00e8ne, la pr\u00e9sence de gaz\/vapeurs inflammables ou toxiques, l&rsquo;\u00e9lectricit\u00e9, la poussi\u00e8re nocive\/toxique et les temp\u00e9ratures extr\u00eames.<\/p>\n","protected":false},"featured_media":1245,"menu_order":0,"template":"","format":"standard","meta":[],"categories":[],"date_start":[303,466,356,404,562,360,550,451,339,538,297,284],"center":[275],"class_list":["post-1100","opleiding","type-opleiding","status-publish","format-standard","has-post-thumbnail","hentry","date_start-03-juni-2026","date_start-04-november-2026","date_start-06-maart-2026","date_start-07-september-2026","date_start-07-september-2026-fr","date_start-08-mei-2026","date_start-08-mei-2026-fr","date_start-13-maart-2026","date_start-17-juli-2026","date_start-19-augustus-2026-fr","date_start-22-mei-2026","date_start-23-maart-2026","center-villers-le-bouillet"],"yoast_head":"<!-- This site is optimized with the Yoast SEO plugin v27.4 - https:\/\/yoast.com\/product\/yoast-seo-wordpress\/ -->\n<title>Travailler dans un espace confin\u00e9 - Module 1<\/title>\n<meta name=\"description\" content=\"Les espaces confin&eacute;s sont des zones qui ne conviennent pas pour accueillir des personnes et dans lesquelles de nombreux dangers peuvent &ecirc;tre pr&eacute;sents. Les espaces confin&eacute;s se caract&eacute;risent par le fait qu&rsquo;ils ne sont souvent pas facilement accessibles et qu&rsquo;il faut souvent y entrer par une trappe ou un trou d&rsquo;homme. Les risques courants dans les espaces confin&eacute;s comprennent le manque d&rsquo;oxyg&egrave;ne, la pr&eacute;sence de gaz\/vapeurs inflammables ou toxiques, l&rsquo;&eacute;lectricit&eacute;, la poussi&egrave;re nocive\/toxique et les temp&eacute;ratures extr&ecirc;mes.\" \/>\n<meta name=\"robots\" content=\"index, follow, max-snippet:-1, max-image-preview:large, max-video-preview:-1\" \/>\n<link rel=\"canonical\" href=\"https:\/\/e-c-s.be\/fr\/formation\/travailler-dans-un-espace-confine-module-1\/\" \/>\n<meta property=\"og:locale\" content=\"fr_FR\" \/>\n<meta property=\"og:type\" content=\"article\" \/>\n<meta property=\"og:title\" content=\"Travailler dans un espace confin\u00e9 - Module 1\" \/>\n<meta property=\"og:description\" content=\"Les espaces confin&eacute;s sont des zones qui ne conviennent pas pour accueillir des personnes et dans lesquelles de nombreux dangers peuvent &ecirc;tre pr&eacute;sents. Les espaces confin&eacute;s se caract&eacute;risent par le fait qu&rsquo;ils ne sont souvent pas facilement accessibles et qu&rsquo;il faut souvent y entrer par une trappe ou un trou d&rsquo;homme. Les risques courants dans les espaces confin&eacute;s comprennent le manque d&rsquo;oxyg&egrave;ne, la pr&eacute;sence de gaz\/vapeurs inflammables ou toxiques, l&rsquo;&eacute;lectricit&eacute;, la poussi&egrave;re nocive\/toxique et les temp&eacute;ratures extr&ecirc;mes.\" \/>\n<meta property=\"og:url\" content=\"https:\/\/e-c-s.be\/fr\/formation\/travailler-dans-un-espace-confine-module-1\/\" \/>\n<meta property=\"og:site_name\" content=\"ECS\" \/>\n<meta property=\"og:image\" content=\"https:\/\/e-c-s.be\/wp-content\/uploads\/2025\/11\/Besloten-ruimte-shutterstock_1817831639.jpg\" \/>\n\t<meta property=\"og:image:width\" content=\"2100\" \/>\n\t<meta property=\"og:image:height\" content=\"1400\" \/>\n\t<meta property=\"og:image:type\" content=\"image\/jpeg\" \/>\n<meta name=\"twitter:card\" content=\"summary_large_image\" \/>\n<meta name=\"twitter:title\" content=\"Travailler dans un espace confin\u00e9 - Module 1\" \/>\n<meta name=\"twitter:label1\" content=\"Dur\u00e9e de lecture estim\u00e9e\" \/>\n\t<meta name=\"twitter:data1\" content=\"3 minutes\" \/>\n<script type=\"application\/ld+json\" class=\"yoast-schema-graph\">{\"@context\":\"https:\\\/\\\/schema.org\",\"@graph\":[{\"@type\":\"WebPage\",\"@id\":\"https:\\\/\\\/e-c-s.be\\\/fr\\\/formation\\\/travailler-dans-un-espace-confine-module-1\\\/\",\"url\":\"https:\\\/\\\/e-c-s.be\\\/fr\\\/formation\\\/travailler-dans-un-espace-confine-module-1\\\/\",\"name\":\"Travailler dans un espace confin\u00e9 - Module 1\",\"isPartOf\":{\"@id\":\"https:\\\/\\\/e-c-s.be\\\/fr\\\/#website\"},\"primaryImageOfPage\":{\"@id\":\"https:\\\/\\\/e-c-s.be\\\/fr\\\/formation\\\/travailler-dans-un-espace-confine-module-1\\\/#primaryimage\"},\"image\":{\"@id\":\"https:\\\/\\\/e-c-s.be\\\/fr\\\/formation\\\/travailler-dans-un-espace-confine-module-1\\\/#primaryimage\"},\"thumbnailUrl\":\"https:\\\/\\\/e-c-s.be\\\/wp-content\\\/uploads\\\/2025\\\/11\\\/Besloten-ruimte-shutterstock_1817831639.jpg\",\"datePublished\":\"2026-04-24T05:01:36+00:00\",\"description\":\"Les espaces confin&eacute;s sont des zones qui ne conviennent pas pour accueillir des personnes et dans lesquelles de nombreux dangers peuvent &ecirc;tre pr&eacute;sents. Les espaces confin&eacute;s se caract&eacute;risent par le fait qu&rsquo;ils ne sont souvent pas facilement accessibles et qu&rsquo;il faut souvent y entrer par une trappe ou un trou d&rsquo;homme. Les risques courants dans les espaces confin&eacute;s comprennent le manque d&rsquo;oxyg&egrave;ne, la pr&eacute;sence de gaz\\\/vapeurs inflammables ou toxiques, l&rsquo;&eacute;lectricit&eacute;, la poussi&egrave;re nocive\\\/toxique et les temp&eacute;ratures extr&ecirc;mes.\",\"breadcrumb\":{\"@id\":\"https:\\\/\\\/e-c-s.be\\\/fr\\\/formation\\\/travailler-dans-un-espace-confine-module-1\\\/#breadcrumb\"},\"inLanguage\":\"fr-FR\",\"potentialAction\":[{\"@type\":\"ReadAction\",\"target\":[\"https:\\\/\\\/e-c-s.be\\\/fr\\\/formation\\\/travailler-dans-un-espace-confine-module-1\\\/\"]}]},{\"@type\":\"ImageObject\",\"inLanguage\":\"fr-FR\",\"@id\":\"https:\\\/\\\/e-c-s.be\\\/fr\\\/formation\\\/travailler-dans-un-espace-confine-module-1\\\/#primaryimage\",\"url\":\"https:\\\/\\\/e-c-s.be\\\/wp-content\\\/uploads\\\/2025\\\/11\\\/Besloten-ruimte-shutterstock_1817831639.jpg\",\"contentUrl\":\"https:\\\/\\\/e-c-s.be\\\/wp-content\\\/uploads\\\/2025\\\/11\\\/Besloten-ruimte-shutterstock_1817831639.jpg\",\"width\":2100,\"height\":1400},{\"@type\":\"BreadcrumbList\",\"@id\":\"https:\\\/\\\/e-c-s.be\\\/fr\\\/formation\\\/travailler-dans-un-espace-confine-module-1\\\/#breadcrumb\",\"itemListElement\":[{\"@type\":\"ListItem\",\"position\":1,\"name\":\"Home\",\"item\":\"https:\\\/\\\/e-c-s.be\\\/fr\\\/\"},{\"@type\":\"ListItem\",\"position\":2,\"name\":\"Opleidingen\",\"item\":\"https:\\\/\\\/e-c-s.be\\\/fr\\\/formation\\\/\"},{\"@type\":\"ListItem\",\"position\":3,\"name\":\"Travailler dans un espace confin\u00e9 &#8211; Module 1\"}]},{\"@type\":\"WebSite\",\"@id\":\"https:\\\/\\\/e-c-s.be\\\/fr\\\/#website\",\"url\":\"https:\\\/\\\/e-c-s.be\\\/fr\\\/\",\"name\":\"ECS\",\"description\":\"Uw partner in veiligheid\",\"publisher\":{\"@id\":\"https:\\\/\\\/e-c-s.be\\\/fr\\\/#organization\"},\"potentialAction\":[{\"@type\":\"SearchAction\",\"target\":{\"@type\":\"EntryPoint\",\"urlTemplate\":\"https:\\\/\\\/e-c-s.be\\\/fr\\\/?s={search_term_string}\"},\"query-input\":{\"@type\":\"PropertyValueSpecification\",\"valueRequired\":true,\"valueName\":\"search_term_string\"}}],\"inLanguage\":\"fr-FR\"},{\"@type\":\"Organization\",\"@id\":\"https:\\\/\\\/e-c-s.be\\\/fr\\\/#organization\",\"name\":\"ECS\",\"url\":\"https:\\\/\\\/e-c-s.be\\\/fr\\\/\",\"logo\":{\"@type\":\"ImageObject\",\"inLanguage\":\"fr-FR\",\"@id\":\"https:\\\/\\\/e-c-s.be\\\/fr\\\/#\\\/schema\\\/logo\\\/image\\\/\",\"url\":\"https:\\\/\\\/e-c-s.be\\\/wp-content\\\/uploads\\\/2025\\\/10\\\/ecs-logo.svg\",\"contentUrl\":\"https:\\\/\\\/e-c-s.be\\\/wp-content\\\/uploads\\\/2025\\\/10\\\/ecs-logo.svg\",\"width\":1,\"height\":1,\"caption\":\"ECS\"},\"image\":{\"@id\":\"https:\\\/\\\/e-c-s.be\\\/fr\\\/#\\\/schema\\\/logo\\\/image\\\/\"},\"sameAs\":[\"https:\\\/\\\/www.linkedin.com\\\/company\\\/ecs-equans\"]}]}<\/script>\n<!-- \/ Yoast SEO plugin. -->","yoast_head_json":{"title":"Travailler dans un espace confin\u00e9 - Module 1","description":"Les espaces confin&eacute;s sont des zones qui ne conviennent pas pour accueillir des personnes et dans lesquelles de nombreux dangers peuvent &ecirc;tre pr&eacute;sents. Les espaces confin&eacute;s se caract&eacute;risent par le fait qu&rsquo;ils ne sont souvent pas facilement accessibles et qu&rsquo;il faut souvent y entrer par une trappe ou un trou d&rsquo;homme. Les risques courants dans les espaces confin&eacute;s comprennent le manque d&rsquo;oxyg&egrave;ne, la pr&eacute;sence de gaz\/vapeurs inflammables ou toxiques, l&rsquo;&eacute;lectricit&eacute;, la poussi&egrave;re nocive\/toxique et les temp&eacute;ratures extr&ecirc;mes.","robots":{"index":"index","follow":"follow","max-snippet":"max-snippet:-1","max-image-preview":"max-image-preview:large","max-video-preview":"max-video-preview:-1"},"canonical":"https:\/\/e-c-s.be\/fr\/formation\/travailler-dans-un-espace-confine-module-1\/","og_locale":"fr_FR","og_type":"article","og_title":"Travailler dans un espace confin\u00e9 - Module 1","og_description":"Les espaces confin&eacute;s sont des zones qui ne conviennent pas pour accueillir des personnes et dans lesquelles de nombreux dangers peuvent &ecirc;tre pr&eacute;sents. Les espaces confin&eacute;s se caract&eacute;risent par le fait qu&rsquo;ils ne sont souvent pas facilement accessibles et qu&rsquo;il faut souvent y entrer par une trappe ou un trou d&rsquo;homme. Les risques courants dans les espaces confin&eacute;s comprennent le manque d&rsquo;oxyg&egrave;ne, la pr&eacute;sence de gaz\/vapeurs inflammables ou toxiques, l&rsquo;&eacute;lectricit&eacute;, la poussi&egrave;re nocive\/toxique et les temp&eacute;ratures extr&ecirc;mes.","og_url":"https:\/\/e-c-s.be\/fr\/formation\/travailler-dans-un-espace-confine-module-1\/","og_site_name":"ECS","og_image":[{"width":2100,"height":1400,"url":"https:\/\/e-c-s.be\/wp-content\/uploads\/2025\/11\/Besloten-ruimte-shutterstock_1817831639.jpg","type":"image\/jpeg"}],"twitter_card":"summary_large_image","twitter_title":"Travailler dans un espace confin\u00e9 - Module 1","twitter_misc":{"Dur\u00e9e de lecture estim\u00e9e":"3 minutes"},"schema":{"@context":"https:\/\/schema.org","@graph":[{"@type":"WebPage","@id":"https:\/\/e-c-s.be\/fr\/formation\/travailler-dans-un-espace-confine-module-1\/","url":"https:\/\/e-c-s.be\/fr\/formation\/travailler-dans-un-espace-confine-module-1\/","name":"Travailler dans un espace confin\u00e9 - Module 1","isPartOf":{"@id":"https:\/\/e-c-s.be\/fr\/#website"},"primaryImageOfPage":{"@id":"https:\/\/e-c-s.be\/fr\/formation\/travailler-dans-un-espace-confine-module-1\/#primaryimage"},"image":{"@id":"https:\/\/e-c-s.be\/fr\/formation\/travailler-dans-un-espace-confine-module-1\/#primaryimage"},"thumbnailUrl":"https:\/\/e-c-s.be\/wp-content\/uploads\/2025\/11\/Besloten-ruimte-shutterstock_1817831639.jpg","datePublished":"2026-04-24T05:01:36+00:00","description":"Les espaces confin&eacute;s sont des zones qui ne conviennent pas pour accueillir des personnes et dans lesquelles de nombreux dangers peuvent &ecirc;tre pr&eacute;sents. Les espaces confin&eacute;s se caract&eacute;risent par le fait qu&rsquo;ils ne sont souvent pas facilement accessibles et qu&rsquo;il faut souvent y entrer par une trappe ou un trou d&rsquo;homme. Les risques courants dans les espaces confin&eacute;s comprennent le manque d&rsquo;oxyg&egrave;ne, la pr&eacute;sence de gaz\/vapeurs inflammables ou toxiques, l&rsquo;&eacute;lectricit&eacute;, la poussi&egrave;re nocive\/toxique et les temp&eacute;ratures extr&ecirc;mes.","breadcrumb":{"@id":"https:\/\/e-c-s.be\/fr\/formation\/travailler-dans-un-espace-confine-module-1\/#breadcrumb"},"inLanguage":"fr-FR","potentialAction":[{"@type":"ReadAction","target":["https:\/\/e-c-s.be\/fr\/formation\/travailler-dans-un-espace-confine-module-1\/"]}]},{"@type":"ImageObject","inLanguage":"fr-FR","@id":"https:\/\/e-c-s.be\/fr\/formation\/travailler-dans-un-espace-confine-module-1\/#primaryimage","url":"https:\/\/e-c-s.be\/wp-content\/uploads\/2025\/11\/Besloten-ruimte-shutterstock_1817831639.jpg","contentUrl":"https:\/\/e-c-s.be\/wp-content\/uploads\/2025\/11\/Besloten-ruimte-shutterstock_1817831639.jpg","width":2100,"height":1400},{"@type":"BreadcrumbList","@id":"https:\/\/e-c-s.be\/fr\/formation\/travailler-dans-un-espace-confine-module-1\/#breadcrumb","itemListElement":[{"@type":"ListItem","position":1,"name":"Home","item":"https:\/\/e-c-s.be\/fr\/"},{"@type":"ListItem","position":2,"name":"Opleidingen","item":"https:\/\/e-c-s.be\/fr\/formation\/"},{"@type":"ListItem","position":3,"name":"Travailler dans un espace confin\u00e9 &#8211; Module 1"}]},{"@type":"WebSite","@id":"https:\/\/e-c-s.be\/fr\/#website","url":"https:\/\/e-c-s.be\/fr\/","name":"ECS","description":"Uw partner in veiligheid","publisher":{"@id":"https:\/\/e-c-s.be\/fr\/#organization"},"potentialAction":[{"@type":"SearchAction","target":{"@type":"EntryPoint","urlTemplate":"https:\/\/e-c-s.be\/fr\/?s={search_term_string}"},"query-input":{"@type":"PropertyValueSpecification","valueRequired":true,"valueName":"search_term_string"}}],"inLanguage":"fr-FR"},{"@type":"Organization","@id":"https:\/\/e-c-s.be\/fr\/#organization","name":"ECS","url":"https:\/\/e-c-s.be\/fr\/","logo":{"@type":"ImageObject","inLanguage":"fr-FR","@id":"https:\/\/e-c-s.be\/fr\/#\/schema\/logo\/image\/","url":"https:\/\/e-c-s.be\/wp-content\/uploads\/2025\/10\/ecs-logo.svg","contentUrl":"https:\/\/e-c-s.be\/wp-content\/uploads\/2025\/10\/ecs-logo.svg","width":1,"height":1,"caption":"ECS"},"image":{"@id":"https:\/\/e-c-s.be\/fr\/#\/schema\/logo\/image\/"},"sameAs":["https:\/\/www.linkedin.com\/company\/ecs-equans"]}]}},"_links":{"self":[{"href":"https:\/\/e-c-s.be\/fr\/wp-json\/wp\/v2\/opleiding\/1100","targetHints":{"allow":["GET"]}}],"collection":[{"href":"https:\/\/e-c-s.be\/fr\/wp-json\/wp\/v2\/opleiding"}],"about":[{"href":"https:\/\/e-c-s.be\/fr\/wp-json\/wp\/v2\/types\/opleiding"}],"wp:featuredmedia":[{"embeddable":true,"href":"https:\/\/e-c-s.be\/fr\/wp-json\/wp\/v2\/media\/1245"}],"wp:attachment":[{"href":"https:\/\/e-c-s.be\/fr\/wp-json\/wp\/v2\/media?parent=1100"}],"wp:term":[{"taxonomy":"category","embeddable":true,"href":"https:\/\/e-c-s.be\/fr\/wp-json\/wp\/v2\/categories?post=1100"},{"taxonomy":"date_start","embeddable":true,"href":"https:\/\/e-c-s.be\/fr\/wp-json\/wp\/v2\/date_start?post=1100"},{"taxonomy":"center","embeddable":true,"href":"https:\/\/e-c-s.be\/fr\/wp-json\/wp\/v2\/center?post=1100"}],"curies":[{"name":"wp","href":"https:\/\/api.w.org\/{rel}","templated":true}]}},{"id":1099,"date":"2026-04-24T05:01:36","date_gmt":"2026-04-24T05:01:36","guid":{"rendered":"https:\/\/ecsprd.wpenginepowered.com\/opleiding\/travailler-avec-une-protection-respiratoire-independante-autonome-et-non-autonome-is-081\/"},"modified":"2026-04-24T05:01:36","modified_gmt":"2026-04-24T05:01:36","slug":"travailler-avec-une-protection-respiratoire-independante-autonome-et-non-autonome-is-081","status":"publish","type":"opleiding","link":"https:\/\/e-c-s.be\/fr\/formation\/travailler-avec-une-protection-respiratoire-independante-autonome-et-non-autonome-is-081\/","title":{"rendered":"Travailler avec une Protection Respiratoire Ind\u00e9pendante (autonome et non autonome) IS-081"},"content":{"rendered":"<table>\n<thead>\n<tr>\n<th>Xml_node<\/th>\n<th>Content<\/th>\n<\/tr>\n<\/thead>\n<tbody>\n<tr>\n<td>programxid:<\/td>\n<td>45<\/td>\n<\/tr>\n<tr>\n<td>categoryxid:<\/td>\n<td>64<\/td>\n<\/tr>\n<tr>\n<td>categorydesc:<\/td>\n<td>Risques Toxiques<\/td>\n<\/tr>\n<tr>\n<td>programdesc:<\/td>\n<td>Travailler avec une protection respiratoire ind\u00e9pendante (autonome et non autonome) IS-081<\/td>\n<\/tr>\n<tr>\n<td>programduration:<\/td>\n<td>1 d<\/td>\n<\/tr>\n<tr>\n<td>programprice1:<\/td>\n<td>370 \u20ac<\/td>\n<\/tr>\n<tr>\n<td>programpricea:<\/td>\n<td>1480 \u20ac<\/td>\n<\/tr>\n<tr>\n<td>programoffer:<\/td>\n<td>Catalogue<\/td>\n<\/tr>\n<tr>\n<td>description_target_group:<\/td>\n<td><SPAN lang=FR style=\"FONT-SIZE: 10pt; FONT-FAMILY: Verdana; mso-bidi-font-size: 12.0pt; mso-ansi-language: FR\"><br \/>\n<P class=MsoNormal style=\"MARGIN: 0pt 23.9pt 0pt 17.4pt; TEXT-ALIGN: justify\"><SPAN lang=FR style=\"FONT-SIZE: 10pt; FONT-FAMILY: Verdana; mso-bidi-font-size: 12.0pt; mso-ansi-language: FR\">Les collaborateurs qui interviennent dans un environnement comportant un risque potentiel d&rsquo;asphyxie ou d&rsquo;intoxication par la respiration<?xml:namespace prefix = o ns = \"urn:schemas-microsoft-com:office:office\" \/><o:p><\/o:p><\/SPAN><\/P><br \/>\n<P class=MsoNormal style=\"MARGIN: 0pt 23.9pt 0pt 17.4pt; TEXT-ALIGN: justify\"><SPAN lang=FR style=\"FONT-SIZE: 10pt; FONT-FAMILY: Verdana; mso-bidi-font-size: 12.0pt; mso-ansi-language: FR\"><o:p>&nbsp;<\/o:p><\/SPAN><\/P><br \/>\n<P class=MsoNormal style=\"MARGIN: 0pt 23.9pt 0pt 17.4pt; TEXT-ALIGN: justify\"><SPAN lang=FR style=\"FONT-SIZE: 10pt; FONT-FAMILY: Verdana; mso-bidi-font-size: 12.0pt; mso-ansi-language: FR\">Les personnes suppos\u00e9es pouvoir travailler avec une protection respiratoire ind\u00e9pendante dans le cadre de leur fonction<o:p><\/o:p><\/SPAN><\/P><br \/>\n<P class=MsoNormal style=\"MARGIN: 0pt 23.9pt 0pt -18pt; TEXT-ALIGN: justify\"><\/SPAN><\/P><\/td>\n<\/tr>\n<tr>\n<td>description_objectives:<\/td>\n<td>\n<p>Cette formation a pour objectif d\u2019acqu\u00e9rir les connaissances th\u00e9oriques et les aptitudes pratiques. Mais l\u2019objectif est \u00e9galement que le futur utilisateur de protection respiratoire ind\u00e9pendante comprennent les notions de base de s\u00e9curit\u00e9 et acquiert le sens des responsabilit\u00e9s et de l\u2019efficacit\u00e9.<\/p>\n<\/td>\n<\/tr>\n<tr>\n<td>description_content:<\/td>\n<td>\n<p>Acqu\u00e9rir les connaissances et les aptitudes n\u00e9cessaires pour pouvoir utiliser de mani\u00e8re s\u00fbre des appareils respiratoires ind\u00e9pendantes.<\/p>\n<p><b>\u00a0<\/b><\/p>\n<p><u>THEORIE<\/u><\/p>\n<p><b><u><\/u><\/b><\/p>\n<p>\u00a0<\/p>\n<p>\u00b7 Comprendre les aspects l\u00e9gaux<\/p>\n<p>\u00b7 Conna\u00eetre les aspects physiologiques pertinents de la respiration<\/p>\n<p>\u00b7 Pouvoir situer les appareils respiratoires ind\u00e9pendants parmi les \u00e9quipements de protection respiratoire personnels<\/p>\n<p>\u00b7 Conna\u00eetre la port\u00e9e et la protection qu&rsquo;offre l&rsquo;appareil respiratoire ind\u00e9pendant<\/p>\n<p>\u00b7 Conna\u00eetre les \u00e9l\u00e9ments constituants de l&rsquo;appareil respiratoire et leur fonction<\/p>\n<p>\u00b7 Savoir quels travaux d&rsquo;entretien et quels contr\u00f4les doivent \u00eatre effectu\u00e9s<\/p>\n<p>\u00b7 Savoir comment r\u00e9agir de mani\u00e8re appropri\u00e9e en situation d&rsquo;urgence<\/p>\n<p><b>\u00a0<\/b><\/p>\n<p><u>PRATIQUE<\/u><\/p>\n<p><b><u><\/u><\/b><\/p>\n<p>\u00a0<\/p>\n<p>\u00b7 Apprendre \u00e0 allumer et \u00e0 \u00e9teindre correctement l&rsquo;appareil, y compris les contr\u00f4les de s\u00e9curit\u00e9 individuels<\/p>\n<p>\u00b7 Se d\u00e9placer de mani\u00e8re s\u00fbre dans une installation industrielle comportant des obstacles. (par exemple : passages bas et \u00e9troits, escalier, \u00e9chelle \u00e0 couchette, barri\u00e8res, trou d&rsquo;homme.)<\/p>\n<p>\u00b7 Pouvoir ex\u00e9cuter des travaux \u00e9l\u00e9mentaires sous la protection d&rsquo;un appareil respiratoire ind\u00e9pendant.<\/p>\n<p>\u00b7 Pouvoir r\u00e9agir de mani\u00e8re appropri\u00e9e en situation d&rsquo;urgence.<\/p>\n<\/td>\n<\/tr>\n<tr>\n<td>description_requirements:<\/td>\n<td><P class=MsoNormal style=\"MARGIN: 0pt 23.9pt 0pt 53.4pt; TEXT-INDENT: -18pt; TEXT-ALIGN: justify; mso-list: l0 level1 lfo1; tab-stops: list 53.4pt\"><SPAN style=\"FONT-SIZE: 10pt; FONT-FAMILY: Symbol; mso-bidi-font-size: 12.0pt; mso-fareast-font-family: Symbol; mso-bidi-font-family: Symbol\"><SPAN style=\"mso-list: Ignore\">\u00b7<SPAN style=\"FONT: 7pt 'Times New Roman'\">&nbsp;&nbsp;&nbsp;&nbsp;&nbsp;&nbsp;&nbsp;&nbsp; <\/SPAN><\/SPAN><\/SPAN><SPAN style=\"FONT-SIZE: 10pt; FONT-FAMILY: Verdana; mso-bidi-font-size: 12.0pt\">Minimum 18 ans<?xml:namespace prefix = o ns = \"urn:schemas-microsoft-com:office:office\" \/><o:p><\/o:p><\/SPAN><\/P><br \/>\n<P class=MsoNormal style=\"MARGIN: 0pt 23.9pt 0pt 53.4pt; TEXT-INDENT: -18pt; TEXT-ALIGN: justify; mso-list: l0 level1 lfo1; tab-stops: list 53.4pt\"><SPAN style=\"FONT-SIZE: 10pt; FONT-FAMILY: Symbol; mso-bidi-font-size: 12.0pt; mso-fareast-font-family: Symbol; mso-bidi-font-family: Symbol\"><SPAN style=\"mso-list: Ignore\">\u00b7<SPAN style=\"FONT: 7pt 'Times New Roman'\">&nbsp;&nbsp;&nbsp;&nbsp;&nbsp;&nbsp;&nbsp;&nbsp; <\/SPAN><\/SPAN><\/SPAN><SPAN style=\"FONT-SIZE: 10pt; FONT-FAMILY: Verdana; mso-bidi-font-size: 12.0pt\">M\u00e9dicalement apte pour porter une protection respiratoire ind\u00e9pendante<o:p><\/o:p><\/SPAN><\/P><br \/>\n<P class=MsoNormal style=\"MARGIN: 0pt 23.9pt 0pt 53.4pt; TEXT-INDENT: -18pt; TEXT-ALIGN: justify; mso-list: l0 level1 lfo1; tab-stops: list 53.4pt\"><SPAN style=\"FONT-SIZE: 10pt; FONT-FAMILY: Symbol; mso-bidi-font-size: 12.0pt; mso-fareast-font-family: Symbol; mso-bidi-font-family: Symbol\"><SPAN style=\"mso-list: Ignore\">\u00b7<SPAN style=\"FONT: 7pt 'Times New Roman'\">&nbsp;&nbsp;&nbsp;&nbsp;&nbsp;&nbsp;&nbsp;&nbsp; <\/SPAN><\/SPAN><\/SPAN><SPAN style=\"FONT-SIZE: 10pt; FONT-FAMILY: Verdana; mso-bidi-font-size: 12.0pt\">Etre en possession des MPI n\u00e9cessaires lors de la formation pratique<o:p><\/o:p><\/SPAN><\/P><\/td>\n<\/tr>\n<tr>\n<td>description_prerequisite:<\/td>\n<td><\/td>\n<\/tr>\n<tr>\n<td>description_pedagogical_approach:<\/td>\n<td><\/td>\n<\/tr>\n<tr>\n<td>description_responsable_program:<\/td>\n<td>\n<p>Villers-le-Bouillet<\/p>\n<\/td>\n<\/tr>\n<tr>\n<td>description_duration:<\/td>\n<td><P class=MsoNormal style=\"MARGIN: 0pt 23.9pt 0pt 17.4pt; TEXT-ALIGN: justify\"><SPAN lang=FR style=\"FONT-SIZE: 10pt; FONT-FAMILY: Verdana; mso-bidi-font-size: 12.0pt; mso-ansi-language: FR\">La dur\u00e9e de la formation est de 1 jour.<?xml:namespace prefix = o ns = \"urn:schemas-microsoft-com:office:office\" \/><o:p><\/o:p><\/SPAN><\/P><\/td>\n<\/tr>\n<tr>\n<td>description_certification_period:<\/td>\n<td><P class=MsoNormal style=\"MARGIN: 0pt 23.9pt 0pt 17.4pt; TEXT-ALIGN: justify\"><SPAN lang=FR style=\"FONT-SIZE: 10pt; FONT-FAMILY: Verdana; mso-bidi-font-size: 12.0pt; mso-ansi-language: FR\">Les<SPAN style=\"mso-spacerun: yes\">&nbsp; <\/SPAN>candidats qui r\u00e9ussissent l\u2019examen th\u00e9orique et pratique se voient d\u00e9livrer un certificat ayant une dur\u00e9e de validit\u00e9 de 10 ans, avec une \u00e9valuation interm\u00e9diaire apr\u00e8s 5 ans.<?xml:namespace prefix = o ns = \"urn:schemas-microsoft-com:office:office\" \/><o:p><\/o:p><\/SPAN><\/P><\/td>\n<\/tr>\n<tr>\n<td>description_additional_information:<\/td>\n<td>\n<p>\u00b7 Cette formation peut \u00eatre donn\u00e9e dans un de nos centres de formation ECS ou chez le client<\/p>\n<p>\u00b7 Possibilit\u00e9 de faire uniquement l\u2019examen <\/p>\n<p>\u00b7 Pour les formations \u00ab\u00a0ouvertes\u00a0\u00bb\u00a0: voir le calendrier de formation<\/p>\n<p>\u00b7 La formation peut \u00eatre donn\u00e9e en fran\u00e7ais ou en n\u00e9erlandais<\/p>\n<p>\u00b7 La formation d\u00e9bute \u00e0 08h00 et se termine \u00e0 16h00<\/p>\n<p>Un sandwich et une boisson sont offerts au participant<\/p>\n<p>\u00b7 Nombre maximum de participants par session de formation: 4 \u00e0 6.<\/p>\n<p>\u00b7 ECS est agr\u00e9\u00e9e par plusieurs organismes de subsides, ce qui permet d\u2019\u00eatre rembours\u00e9 d\u2019une partie des frais de formation.<\/p>\n<\/td>\n<\/tr>\n<tr>\n<td>description_summary:<\/td>\n<td><\/td>\n<\/tr>\n<tr>\n<td>description_short_summary:<\/td>\n<td>\n<p>Cette formation a pour objectif d&rsquo;acqu&eacute;rir les connaissances th&eacute;oriques et les aptitudes pratiques. Mais l&rsquo;objectif est &eacute;galement que le futur utilisateur de protection respiratoire ind&eacute;pendante comprennent les notions de base de s&eacute;curit&eacute; et acquiert le sens des responsabilit&eacute;s et de l&rsquo;efficacit&eacute;.<\/p>\n<\/td>\n<\/tr>\n<tr>\n<td>programimage:<\/td>\n<td>https:\/\/ecs.eduaxis.net\/files\/images\/program%20images\/onafhankelijk_shutterstock_717839143.jpg<\/td>\n<\/tr>\n<tr>\n<td>programimage:<\/td>\n<td>https:\/\/ecs.eduaxis.net\/files\/images\/program%20images\/onafhankelijk_shutterstock_717839143.jpg<\/td>\n<\/tr>\n<\/tbody>\n<\/table>\n","protected":false},"excerpt":{"rendered":"<p>Description: <\/p>\n<p>Cette formation a pour objectif d&rsquo;acqu\u00e9rir les connaissances th\u00e9oriques et les aptitudes pratiques. Mais l&rsquo;objectif est \u00e9galement que le futur utilisateur de protection respiratoire ind\u00e9pendante comprennent les notions de base de s\u00e9curit\u00e9 et acquiert le sens des responsabilit\u00e9s et de l&rsquo;efficacit\u00e9.<\/p>\n","protected":false},"featured_media":1350,"menu_order":0,"template":"","format":"standard","meta":[],"categories":[],"date_start":[610,460,578,295,322,423,566,440,442,622,314],"center":[275],"class_list":["post-1099","opleiding","type-opleiding","status-publish","format-standard","has-post-thumbnail","hentry","date_start-03-december-2026","date_start-16-november-2026","date_start-16-november-2026-fr","date_start-20-mei-2026","date_start-22-april-2026","date_start-22-juni-2026","date_start-22-juni-2026-fr","date_start-25-september-2026","date_start-26-oktober-2026","date_start-28-juli-2026","date_start-31-augustus-2026","center-villers-le-bouillet"],"yoast_head":"<!-- This site is optimized with the Yoast SEO plugin v27.4 - https:\/\/yoast.com\/product\/yoast-seo-wordpress\/ -->\n<title>Travailler avec une Protection Respiratoire Ind\u00e9pendante (autonome et non autonome) IS-081<\/title>\n<meta name=\"description\" content=\"Cette formation a pour objectif d&rsquo;acqu&eacute;rir les connaissances th&eacute;oriques et les aptitudes pratiques. Mais l&rsquo;objectif est &eacute;galement que le futur utilisateur de protection respiratoire ind&eacute;pendante comprennent les notions de base de s&eacute;curit&eacute; et acquiert le sens des responsabilit&eacute;s et de l&rsquo;efficacit&eacute;.\" \/>\n<meta name=\"robots\" content=\"index, follow, max-snippet:-1, max-image-preview:large, max-video-preview:-1\" \/>\n<link rel=\"canonical\" href=\"https:\/\/e-c-s.be\/fr\/formation\/travailler-avec-une-protection-respiratoire-independante-autonome-et-non-autonome-is-081\/\" \/>\n<meta property=\"og:locale\" content=\"fr_FR\" \/>\n<meta property=\"og:type\" content=\"article\" \/>\n<meta property=\"og:title\" content=\"Travailler avec une Protection Respiratoire Ind\u00e9pendante (autonome et non autonome) IS-081\" \/>\n<meta property=\"og:description\" content=\"Cette formation a pour objectif d&rsquo;acqu&eacute;rir les connaissances th&eacute;oriques et les aptitudes pratiques. Mais l&rsquo;objectif est &eacute;galement que le futur utilisateur de protection respiratoire ind&eacute;pendante comprennent les notions de base de s&eacute;curit&eacute; et acquiert le sens des responsabilit&eacute;s et de l&rsquo;efficacit&eacute;.\" \/>\n<meta property=\"og:url\" content=\"https:\/\/e-c-s.be\/fr\/formation\/travailler-avec-une-protection-respiratoire-independante-autonome-et-non-autonome-is-081\/\" \/>\n<meta property=\"og:site_name\" content=\"ECS\" \/>\n<meta property=\"og:image\" content=\"https:\/\/e-c-s.be\/wp-content\/uploads\/2025\/12\/onafhankelijk_shutterstock_717839143.jpg\" \/>\n\t<meta property=\"og:image:width\" content=\"1882\" \/>\n\t<meta property=\"og:image:height\" content=\"1255\" \/>\n\t<meta property=\"og:image:type\" content=\"image\/jpeg\" \/>\n<meta name=\"twitter:card\" content=\"summary_large_image\" \/>\n<meta name=\"twitter:title\" content=\"Travailler avec une Protection Respiratoire Ind\u00e9pendante (autonome et non autonome) IS-081\" \/>\n<meta name=\"twitter:label1\" content=\"Dur\u00e9e de lecture estim\u00e9e\" \/>\n\t<meta name=\"twitter:data1\" content=\"3 minutes\" \/>\n<script type=\"application\/ld+json\" class=\"yoast-schema-graph\">{\"@context\":\"https:\\\/\\\/schema.org\",\"@graph\":[{\"@type\":\"WebPage\",\"@id\":\"https:\\\/\\\/e-c-s.be\\\/fr\\\/formation\\\/travailler-avec-une-protection-respiratoire-independante-autonome-et-non-autonome-is-081\\\/\",\"url\":\"https:\\\/\\\/e-c-s.be\\\/fr\\\/formation\\\/travailler-avec-une-protection-respiratoire-independante-autonome-et-non-autonome-is-081\\\/\",\"name\":\"Travailler avec une Protection Respiratoire Ind\u00e9pendante (autonome et non autonome) IS-081\",\"isPartOf\":{\"@id\":\"https:\\\/\\\/e-c-s.be\\\/fr\\\/#website\"},\"primaryImageOfPage\":{\"@id\":\"https:\\\/\\\/e-c-s.be\\\/fr\\\/formation\\\/travailler-avec-une-protection-respiratoire-independante-autonome-et-non-autonome-is-081\\\/#primaryimage\"},\"image\":{\"@id\":\"https:\\\/\\\/e-c-s.be\\\/fr\\\/formation\\\/travailler-avec-une-protection-respiratoire-independante-autonome-et-non-autonome-is-081\\\/#primaryimage\"},\"thumbnailUrl\":\"https:\\\/\\\/e-c-s.be\\\/wp-content\\\/uploads\\\/2025\\\/12\\\/onafhankelijk_shutterstock_717839143.jpg\",\"datePublished\":\"2026-04-24T05:01:36+00:00\",\"description\":\"Cette formation a pour objectif d&rsquo;acqu&eacute;rir les connaissances th&eacute;oriques et les aptitudes pratiques. Mais l&rsquo;objectif est &eacute;galement que le futur utilisateur de protection respiratoire ind&eacute;pendante comprennent les notions de base de s&eacute;curit&eacute; et acquiert le sens des responsabilit&eacute;s et de l&rsquo;efficacit&eacute;.\",\"breadcrumb\":{\"@id\":\"https:\\\/\\\/e-c-s.be\\\/fr\\\/formation\\\/travailler-avec-une-protection-respiratoire-independante-autonome-et-non-autonome-is-081\\\/#breadcrumb\"},\"inLanguage\":\"fr-FR\",\"potentialAction\":[{\"@type\":\"ReadAction\",\"target\":[\"https:\\\/\\\/e-c-s.be\\\/fr\\\/formation\\\/travailler-avec-une-protection-respiratoire-independante-autonome-et-non-autonome-is-081\\\/\"]}]},{\"@type\":\"ImageObject\",\"inLanguage\":\"fr-FR\",\"@id\":\"https:\\\/\\\/e-c-s.be\\\/fr\\\/formation\\\/travailler-avec-une-protection-respiratoire-independante-autonome-et-non-autonome-is-081\\\/#primaryimage\",\"url\":\"https:\\\/\\\/e-c-s.be\\\/wp-content\\\/uploads\\\/2025\\\/12\\\/onafhankelijk_shutterstock_717839143.jpg\",\"contentUrl\":\"https:\\\/\\\/e-c-s.be\\\/wp-content\\\/uploads\\\/2025\\\/12\\\/onafhankelijk_shutterstock_717839143.jpg\",\"width\":1882,\"height\":1255},{\"@type\":\"BreadcrumbList\",\"@id\":\"https:\\\/\\\/e-c-s.be\\\/fr\\\/formation\\\/travailler-avec-une-protection-respiratoire-independante-autonome-et-non-autonome-is-081\\\/#breadcrumb\",\"itemListElement\":[{\"@type\":\"ListItem\",\"position\":1,\"name\":\"Home\",\"item\":\"https:\\\/\\\/e-c-s.be\\\/fr\\\/\"},{\"@type\":\"ListItem\",\"position\":2,\"name\":\"Opleidingen\",\"item\":\"https:\\\/\\\/e-c-s.be\\\/fr\\\/formation\\\/\"},{\"@type\":\"ListItem\",\"position\":3,\"name\":\"Travailler avec une Protection Respiratoire Ind\u00e9pendante (autonome et non autonome) IS-081\"}]},{\"@type\":\"WebSite\",\"@id\":\"https:\\\/\\\/e-c-s.be\\\/fr\\\/#website\",\"url\":\"https:\\\/\\\/e-c-s.be\\\/fr\\\/\",\"name\":\"ECS\",\"description\":\"Uw partner in veiligheid\",\"publisher\":{\"@id\":\"https:\\\/\\\/e-c-s.be\\\/fr\\\/#organization\"},\"potentialAction\":[{\"@type\":\"SearchAction\",\"target\":{\"@type\":\"EntryPoint\",\"urlTemplate\":\"https:\\\/\\\/e-c-s.be\\\/fr\\\/?s={search_term_string}\"},\"query-input\":{\"@type\":\"PropertyValueSpecification\",\"valueRequired\":true,\"valueName\":\"search_term_string\"}}],\"inLanguage\":\"fr-FR\"},{\"@type\":\"Organization\",\"@id\":\"https:\\\/\\\/e-c-s.be\\\/fr\\\/#organization\",\"name\":\"ECS\",\"url\":\"https:\\\/\\\/e-c-s.be\\\/fr\\\/\",\"logo\":{\"@type\":\"ImageObject\",\"inLanguage\":\"fr-FR\",\"@id\":\"https:\\\/\\\/e-c-s.be\\\/fr\\\/#\\\/schema\\\/logo\\\/image\\\/\",\"url\":\"https:\\\/\\\/e-c-s.be\\\/wp-content\\\/uploads\\\/2025\\\/10\\\/ecs-logo.svg\",\"contentUrl\":\"https:\\\/\\\/e-c-s.be\\\/wp-content\\\/uploads\\\/2025\\\/10\\\/ecs-logo.svg\",\"width\":1,\"height\":1,\"caption\":\"ECS\"},\"image\":{\"@id\":\"https:\\\/\\\/e-c-s.be\\\/fr\\\/#\\\/schema\\\/logo\\\/image\\\/\"},\"sameAs\":[\"https:\\\/\\\/www.linkedin.com\\\/company\\\/ecs-equans\"]}]}<\/script>\n<!-- \/ Yoast SEO plugin. -->","yoast_head_json":{"title":"Travailler avec une Protection Respiratoire Ind\u00e9pendante (autonome et non autonome) IS-081","description":"Cette formation a pour objectif d&rsquo;acqu&eacute;rir les connaissances th&eacute;oriques et les aptitudes pratiques. Mais l&rsquo;objectif est &eacute;galement que le futur utilisateur de protection respiratoire ind&eacute;pendante comprennent les notions de base de s&eacute;curit&eacute; et acquiert le sens des responsabilit&eacute;s et de l&rsquo;efficacit&eacute;.","robots":{"index":"index","follow":"follow","max-snippet":"max-snippet:-1","max-image-preview":"max-image-preview:large","max-video-preview":"max-video-preview:-1"},"canonical":"https:\/\/e-c-s.be\/fr\/formation\/travailler-avec-une-protection-respiratoire-independante-autonome-et-non-autonome-is-081\/","og_locale":"fr_FR","og_type":"article","og_title":"Travailler avec une Protection Respiratoire Ind\u00e9pendante (autonome et non autonome) IS-081","og_description":"Cette formation a pour objectif d&rsquo;acqu&eacute;rir les connaissances th&eacute;oriques et les aptitudes pratiques. Mais l&rsquo;objectif est &eacute;galement que le futur utilisateur de protection respiratoire ind&eacute;pendante comprennent les notions de base de s&eacute;curit&eacute; et acquiert le sens des responsabilit&eacute;s et de l&rsquo;efficacit&eacute;.","og_url":"https:\/\/e-c-s.be\/fr\/formation\/travailler-avec-une-protection-respiratoire-independante-autonome-et-non-autonome-is-081\/","og_site_name":"ECS","og_image":[{"width":1882,"height":1255,"url":"https:\/\/e-c-s.be\/wp-content\/uploads\/2025\/12\/onafhankelijk_shutterstock_717839143.jpg","type":"image\/jpeg"}],"twitter_card":"summary_large_image","twitter_title":"Travailler avec une Protection Respiratoire Ind\u00e9pendante (autonome et non autonome) IS-081","twitter_misc":{"Dur\u00e9e de lecture estim\u00e9e":"3 minutes"},"schema":{"@context":"https:\/\/schema.org","@graph":[{"@type":"WebPage","@id":"https:\/\/e-c-s.be\/fr\/formation\/travailler-avec-une-protection-respiratoire-independante-autonome-et-non-autonome-is-081\/","url":"https:\/\/e-c-s.be\/fr\/formation\/travailler-avec-une-protection-respiratoire-independante-autonome-et-non-autonome-is-081\/","name":"Travailler avec une Protection Respiratoire Ind\u00e9pendante (autonome et non autonome) IS-081","isPartOf":{"@id":"https:\/\/e-c-s.be\/fr\/#website"},"primaryImageOfPage":{"@id":"https:\/\/e-c-s.be\/fr\/formation\/travailler-avec-une-protection-respiratoire-independante-autonome-et-non-autonome-is-081\/#primaryimage"},"image":{"@id":"https:\/\/e-c-s.be\/fr\/formation\/travailler-avec-une-protection-respiratoire-independante-autonome-et-non-autonome-is-081\/#primaryimage"},"thumbnailUrl":"https:\/\/e-c-s.be\/wp-content\/uploads\/2025\/12\/onafhankelijk_shutterstock_717839143.jpg","datePublished":"2026-04-24T05:01:36+00:00","description":"Cette formation a pour objectif d&rsquo;acqu&eacute;rir les connaissances th&eacute;oriques et les aptitudes pratiques. Mais l&rsquo;objectif est &eacute;galement que le futur utilisateur de protection respiratoire ind&eacute;pendante comprennent les notions de base de s&eacute;curit&eacute; et acquiert le sens des responsabilit&eacute;s et de l&rsquo;efficacit&eacute;.","breadcrumb":{"@id":"https:\/\/e-c-s.be\/fr\/formation\/travailler-avec-une-protection-respiratoire-independante-autonome-et-non-autonome-is-081\/#breadcrumb"},"inLanguage":"fr-FR","potentialAction":[{"@type":"ReadAction","target":["https:\/\/e-c-s.be\/fr\/formation\/travailler-avec-une-protection-respiratoire-independante-autonome-et-non-autonome-is-081\/"]}]},{"@type":"ImageObject","inLanguage":"fr-FR","@id":"https:\/\/e-c-s.be\/fr\/formation\/travailler-avec-une-protection-respiratoire-independante-autonome-et-non-autonome-is-081\/#primaryimage","url":"https:\/\/e-c-s.be\/wp-content\/uploads\/2025\/12\/onafhankelijk_shutterstock_717839143.jpg","contentUrl":"https:\/\/e-c-s.be\/wp-content\/uploads\/2025\/12\/onafhankelijk_shutterstock_717839143.jpg","width":1882,"height":1255},{"@type":"BreadcrumbList","@id":"https:\/\/e-c-s.be\/fr\/formation\/travailler-avec-une-protection-respiratoire-independante-autonome-et-non-autonome-is-081\/#breadcrumb","itemListElement":[{"@type":"ListItem","position":1,"name":"Home","item":"https:\/\/e-c-s.be\/fr\/"},{"@type":"ListItem","position":2,"name":"Opleidingen","item":"https:\/\/e-c-s.be\/fr\/formation\/"},{"@type":"ListItem","position":3,"name":"Travailler avec une Protection Respiratoire Ind\u00e9pendante (autonome et non autonome) IS-081"}]},{"@type":"WebSite","@id":"https:\/\/e-c-s.be\/fr\/#website","url":"https:\/\/e-c-s.be\/fr\/","name":"ECS","description":"Uw partner in veiligheid","publisher":{"@id":"https:\/\/e-c-s.be\/fr\/#organization"},"potentialAction":[{"@type":"SearchAction","target":{"@type":"EntryPoint","urlTemplate":"https:\/\/e-c-s.be\/fr\/?s={search_term_string}"},"query-input":{"@type":"PropertyValueSpecification","valueRequired":true,"valueName":"search_term_string"}}],"inLanguage":"fr-FR"},{"@type":"Organization","@id":"https:\/\/e-c-s.be\/fr\/#organization","name":"ECS","url":"https:\/\/e-c-s.be\/fr\/","logo":{"@type":"ImageObject","inLanguage":"fr-FR","@id":"https:\/\/e-c-s.be\/fr\/#\/schema\/logo\/image\/","url":"https:\/\/e-c-s.be\/wp-content\/uploads\/2025\/10\/ecs-logo.svg","contentUrl":"https:\/\/e-c-s.be\/wp-content\/uploads\/2025\/10\/ecs-logo.svg","width":1,"height":1,"caption":"ECS"},"image":{"@id":"https:\/\/e-c-s.be\/fr\/#\/schema\/logo\/image\/"},"sameAs":["https:\/\/www.linkedin.com\/company\/ecs-equans"]}]}},"_links":{"self":[{"href":"https:\/\/e-c-s.be\/fr\/wp-json\/wp\/v2\/opleiding\/1099","targetHints":{"allow":["GET"]}}],"collection":[{"href":"https:\/\/e-c-s.be\/fr\/wp-json\/wp\/v2\/opleiding"}],"about":[{"href":"https:\/\/e-c-s.be\/fr\/wp-json\/wp\/v2\/types\/opleiding"}],"wp:featuredmedia":[{"embeddable":true,"href":"https:\/\/e-c-s.be\/fr\/wp-json\/wp\/v2\/media\/1350"}],"wp:attachment":[{"href":"https:\/\/e-c-s.be\/fr\/wp-json\/wp\/v2\/media?parent=1099"}],"wp:term":[{"taxonomy":"category","embeddable":true,"href":"https:\/\/e-c-s.be\/fr\/wp-json\/wp\/v2\/categories?post=1099"},{"taxonomy":"date_start","embeddable":true,"href":"https:\/\/e-c-s.be\/fr\/wp-json\/wp\/v2\/date_start?post=1099"},{"taxonomy":"center","embeddable":true,"href":"https:\/\/e-c-s.be\/fr\/wp-json\/wp\/v2\/center?post=1099"}],"curies":[{"name":"wp","href":"https:\/\/api.w.org\/{rel}","templated":true}]}},{"id":1093,"date":"2026-04-24T05:01:35","date_gmt":"2026-04-24T05:01:35","guid":{"rendered":"https:\/\/ecsprd.wpenginepowered.com\/opleiding\/travailler-avec-un-elevateur-automoteur-is-005\/"},"modified":"2026-04-24T05:01:35","modified_gmt":"2026-04-24T05:01:35","slug":"travailler-avec-un-elevateur-automoteur-is-005-recyclage-participants-experimentes","status":"publish","type":"opleiding","link":"https:\/\/e-c-s.be\/fr\/formation\/travailler-avec-un-elevateur-automoteur-is-005-recyclage-participants-experimentes\/","title":{"rendered":"Travailler avec un El\u00e9vateur Automoteur IS-005 &#8211; Recyclage (participants exp\u00e9riment\u00e9s)"},"content":{"rendered":"<table>\n<thead>\n<tr>\n<th>Xml_node<\/th>\n<th>Content<\/th>\n<\/tr>\n<\/thead>\n<tbody>\n<tr>\n<td>programxid:<\/td>\n<td>44<\/td>\n<\/tr>\n<tr>\n<td>categoryxid:<\/td>\n<td>59<\/td>\n<\/tr>\n<tr>\n<td>categorydesc:<\/td>\n<td>Engins<\/td>\n<\/tr>\n<tr>\n<td>programdesc:<\/td>\n<td>Travailler avec un El\u00e9vateur Automoteur IS-005 &#8211; Recyclage (participants exp\u00e9riment\u00e9s)<\/td>\n<\/tr>\n<tr>\n<td>programduration:<\/td>\n<td>1 d<\/td>\n<\/tr>\n<tr>\n<td>programprice1:<\/td>\n<td>300 \u20ac<\/td>\n<\/tr>\n<tr>\n<td>programpricea:<\/td>\n<td>1460 \u20ac<\/td>\n<\/tr>\n<tr>\n<td>programoffer:<\/td>\n<td>Catalogue<\/td>\n<\/tr>\n<tr>\n<td>description_target_group:<\/td>\n<td><P class=MsoNormal style=\"MARGIN: 0pt 23.9pt 0pt 17.4pt; TEXT-ALIGN: justify\"><SPAN lang=FR style=\"FONT-SIZE: 10pt; FONT-FAMILY: Verdana; mso-bidi-font-size: 12.0pt; mso-ansi-language: FR\">Les collaborateurs qui utilisent un \u00e9l\u00e9vateur automoteur dans les installations, les ateliers ou les laboratoires dans lesquels les missions consistent en des manipulations simples (ex&nbsp;: les t\u00e2ches \u00e0 faible degr\u00e9 de difficult\u00e9 dans un espace ouvert, travail simple et r\u00e9p\u00e9titif sans contrainte temporelle).<\/SPAN><SPAN lang=FR-BE style=\"FONT-SIZE: 10pt; FONT-FAMILY: Verdana; mso-bidi-font-size: 12.0pt; mso-ansi-language: FR-BE\"><?xml:namespace prefix = o ns = \"urn:schemas-microsoft-com:office:office\" \/><o:p><\/o:p><\/SPAN><\/P><\/td>\n<\/tr>\n<tr>\n<td>description_objectives:<\/td>\n<td>\n<p>Cette formation a pour objectif d\u2019acqu\u00e9rir les connaissances th\u00e9oriques et les aptitudes pratiques, mais \u00e9galement de comprendre les notions de base de s\u00e9curit\u00e9 et d\u2019acqu\u00e9rir le sens des responsabilit\u00e9s et de l\u2019efficacit\u00e9<\/p>\n<\/td>\n<\/tr>\n<tr>\n<td>description_content:<\/td>\n<td>\n<p>En G\u00e9n\u00e9ral:<\/p>\n<p>Travailler efficacement et en toute s\u00e9curit\u00e9 avec un \u00e9l\u00e9vateur automoteur<\/p>\n<p>\u00a0<\/p>\n<p>Ce qui implique: <\/p>\n<p>D\u2019apprendre les techniques de base pour:<\/p>\n<p>\u00b7 former les op\u00e9rateurs \u00e0 assumer une fonction \u00e0 risque, des manutentionnaires efficaces, qui peuvent signaler pr\u00e9ventivement les d\u00e9fauts\/pannes<\/p>\n<p>\u00b7 pr\u00e9venir les accidents\/l\u00e9sions et les dommages environnementaux et r\u00e9duire les dommages en cours de transport<\/p>\n<p>\u00b7 travailler de mani\u00e8re dynamique et s\u00fbre<\/p>\n<p><b>\u00a0<\/b><\/p>\n<p><u>THEORIE<\/u><\/p>\n<p><u><\/u><\/p>\n<p>\u00a0<\/p>\n<p>\u00b7 savoir qu\u2019il existe divers types d\u2019\u00e9l\u00e9vateurs, et conna\u00eetre leurs limites <\/p>\n<p>\u00b7 conna\u00eetre les prescriptions de s\u00e9curit\u00e9: monter et descendre en toute s\u00e9curit\u00e9, charge maximale de la plate-forme, rester dans les limites de la plate-forme de travail, risque d\u2019\u00e9lectrocution, risques environnementaux (ex. terrain in\u00e9gal, non asphalt\u00e9, lieux \u00e9troits, c\u00f4tes, visibilit\u00e9 r\u00e9duite), port d\u2019une protection anti-chute, d\u00e9limitation du lieu de travail, signalisation, r\u00e8gles \u00e0 respecter pendant la conduite, risques de se coincer les membres, risques des batteries<\/p>\n<p>\u00b7 conna\u00eetre la l\u00e9gislation de base pour les \u00e9l\u00e9vateurs: RGPT, Codex, responsabilit\u00e9s<\/p>\n<p>\u00b7 savoir que les \u00e9quipements doivent \u00eatre agr\u00e9\u00e9s pour le levage<\/p>\n<p>\u00b7 conna\u00eetre les grands principes des organes de commande: donn\u00e9es de la plaque d\u2019identification, pictogrammes, syst\u00e8me de freinage, syst\u00e8me de commande, arr\u00eat d\u2019urgence, dispositif de l\u2019homme mort, dispositif de descente d\u2019urgence, conception de la plate-forme de travail, limiteur de couple, gyroscope, outils de montage horizontal<\/p>\n<p>\u00b7 influence du vent sur l\u2019\u00e9l\u00e9vateur<\/p>\n<p>\u00b7 savoir qu\u2019il existe divers types d\u2019entra\u00eenements, avec leur domaine d\u2019application: \u00e9lectrique, thermique, modes de conduite ( 2 ou 4 roues, compensation axiale)<\/p>\n<p>\u00b7 conna\u00eetre les \u00e9l\u00e9ments du contr\u00f4le de d\u00e9marrage: obligation d\u2019information et proc\u00e9dure de mise hors service, contr\u00f4le de signalisation optique et acoustique, contr\u00f4le des niveaux de liquide, dommages \u00e0 l\u2019engin, contr\u00f4le des pneus, chargeur de batterie, test fonctionnel de l\u2019engin, test du dispositif de descente d\u2019urgence, fuites du syst\u00e8me hydraulique<\/p>\n<p>\u00b7 savoir comment hisser et tirer un engin en toute s\u00e9curit\u00e9<\/p>\n<p>\u00b7 savoir quels contr\u00f4les et manipulations r\u00e9aliser \u00e0 la fin des travaux (parquer, charger batteries, faire le plein)<\/p>\n<p><i><\/i><\/p>\n<p><u><\/u><\/p>\n<p><u>PRATIQUE<\/u><\/p>\n<p><u><\/u>\u00a0<\/p>\n<p><u><\/u><\/p>\n<p>\u00b7 savoir effectuer correctement l\u2019inspection quotidienne, reconna\u00eetre les probl\u00e8mes impliquant un danger et les signaler<\/p>\n<p>\u00b7 contr\u00f4ler les documents d\u2019agr\u00e9ation<\/p>\n<p>\u00b7 mettre en \u0153uvre les r\u00e8gles de s\u00e9curit\u00e9<\/p>\n<p>\u00b7 apprendre \u00e0 bien utiliser une ceinture de s\u00e9curit\u00e9<\/p>\n<p>\u00b7 commander un syst\u00e8me de descente d\u2019urgence<\/p>\n<p>\u00b7 savoir utiliser correctement les organes de commande<\/p>\n<p>\u00b7 savoir connecter et d\u00e9connecter correctement les batteries<\/p>\n<p>\u00b7 adopter une bonne technique de conduite: avant, arri\u00e8re, tourner, parquer.<\/p>\n<p>\u00b7 savoir effectuer les man\u0153uvres suivantes: tourner et prendre des virages avant et arri\u00e8re, passer par des passages \u00e9troits, approcher un objet en hauteur<\/p>\n<p>\u00b7 descendre la fl\u00e8che au niveau de la vol\u00e9e maximale, utiliser correctement le bras t\u00e9lescopique<\/p>\n<p>\u00b7 savoir \u00e9valuer les distances, la profondeur et la hauteur<\/p>\n<p>\u00b7 respecter l\u2019ordre et la propret\u00e9 (ex. plate-forme de travail, objets qui chutent)<\/p>\n<p>\u00b7 savoir monter l\u2019engin en toute s\u00e9curit\u00e9<\/p>\n<p>\u00b7 utiliser la commande d\u2019urgence<\/p>\n<p>\u00b7 rouler (\u00e0 vitesse \u00e9lev\u00e9e\/faible), contr\u00f4ler les man\u0153uvres, monter la plate-forme \u00e0 la hauteur maximale, rouler dans la position la plus haute autoris\u00e9e, descendre la plate-forme en position de repos.<\/p>\n<p>\u00a0<\/p>\n<\/td>\n<\/tr>\n<tr>\n<td>description_requirements:<\/td>\n<td><P class=MsoNormal style=\"MARGIN: 0pt 23.9pt 0pt 53.4pt; TEXT-INDENT: -18pt; TEXT-ALIGN: justify; mso-list: l0 level1 lfo1; tab-stops: list 53.4pt\"><SPAN style=\"FONT-SIZE: 10pt; FONT-FAMILY: Symbol; mso-bidi-font-size: 12.0pt; mso-fareast-font-family: Symbol; mso-bidi-font-family: Symbol\"><SPAN style=\"mso-list: Ignore\">\u00b7<SPAN style=\"FONT: 7pt 'Times New Roman'\">&nbsp;&nbsp;&nbsp;&nbsp;&nbsp;&nbsp;&nbsp;&nbsp; <\/SPAN><\/SPAN><\/SPAN><SPAN style=\"FONT-SIZE: 10pt; FONT-FAMILY: Verdana; mso-bidi-font-size: 12.0pt\">Minimum 18 ans<?xml:namespace prefix = o ns = \"urn:schemas-microsoft-com:office:office\" \/><o:p><\/o:p><\/SPAN><\/P><br \/>\n<P class=MsoNormal style=\"MARGIN: 0pt 23.9pt 0pt 53.4pt; TEXT-INDENT: -18pt; TEXT-ALIGN: justify; mso-list: l0 level1 lfo1; tab-stops: list 53.4pt\"><SPAN style=\"FONT-SIZE: 10pt; FONT-FAMILY: Symbol; mso-bidi-font-size: 12.0pt; mso-fareast-font-family: Symbol; mso-bidi-font-family: Symbol\"><SPAN style=\"mso-list: Ignore\">\u00b7<SPAN style=\"FONT: 7pt 'Times New Roman'\">&nbsp;&nbsp;&nbsp;&nbsp;&nbsp;&nbsp;&nbsp;&nbsp; <\/SPAN><\/SPAN><\/SPAN><SPAN style=\"FONT-SIZE: 10pt; FONT-FAMILY: Verdana; mso-bidi-font-size: 12.0pt\">M\u00e9dicalement apte pour une fonction de s\u00e9curit\u00e9<o:p><\/o:p><\/SPAN><\/P><br \/>\n<P class=MsoNormal style=\"MARGIN: 0pt 23.9pt 0pt 53.4pt; TEXT-INDENT: -18pt; TEXT-ALIGN: justify; mso-list: l0 level1 lfo1; tab-stops: list 53.4pt\"><SPAN style=\"FONT-SIZE: 10pt; FONT-FAMILY: Symbol; mso-bidi-font-size: 12.0pt; mso-fareast-font-family: Symbol; mso-bidi-font-family: Symbol\"><SPAN style=\"mso-list: Ignore\">\u00b7<SPAN style=\"FONT: 7pt 'Times New Roman'\">&nbsp;&nbsp;&nbsp;&nbsp;&nbsp;&nbsp;&nbsp;&nbsp; <\/SPAN><\/SPAN><\/SPAN><SPAN style=\"FONT-SIZE: 10pt; FONT-FAMILY: Verdana; mso-bidi-font-size: 12.0pt\">Etre en possession des MPI n\u00e9cessaires lors de la formation pratique<o:p><\/o:p><\/SPAN><\/P><\/td>\n<\/tr>\n<tr>\n<td>description_prerequisite:<\/td>\n<td><\/td>\n<\/tr>\n<tr>\n<td>description_pedagogical_approach:<\/td>\n<td><\/td>\n<\/tr>\n<tr>\n<td>description_responsable_program:<\/td>\n<td>\n<p>Villers-le-Bouillet, Bruxelles<\/p>\n<\/td>\n<\/tr>\n<tr>\n<td>description_duration:<\/td>\n<td><P class=MsoNormal style=\"MARGIN: 0pt 23.9pt 0pt 17.4pt; TEXT-ALIGN: justify\"><SPAN lang=FR style=\"FONT-SIZE: 10pt; FONT-FAMILY: Verdana; mso-bidi-font-size: 12.0pt; mso-ansi-language: FR\">La dur\u00e9e de la formation d\u00e9pend du niveau \u00e0 atteindre e du type d\u2019appareil et varie de 1 \u00e0 2 jours.<?xml:namespace prefix = o ns = \"urn:schemas-microsoft-com:office:office\" \/><o:p><\/o:p><\/SPAN><\/P><\/td>\n<\/tr>\n<tr>\n<td>description_certification_period:<\/td>\n<td>\n<p class=\"MsoNormal\" style=\"MARGIN: 0pt 23.9pt 0pt 17.4pt; TEXT-ALIGN: justify\"><span lang=\"FR\" style=\"FONT-SIZE: 10pt; FONT-FAMILY: Verdana; mso-bidi-font-size: 12.0pt; mso-ansi-language: FR\">Les<span style=\"mso-spacerun: yes\">&nbsp; <\/span>candidats qui r&eacute;ussissent l&rsquo;examen th&eacute;orique et pratique se voient d&eacute;livrer un certificat (BeSSaCC\/VCA) ayant une dur&eacute;e de validit&eacute; de 10 ans, avec une &eacute;valuation interm&eacute;diaire apr&egrave;s 5 ans.<!--?xml:namespace prefix = o ns = \"urn:schemas-microsoft-com:office:office\" \/--><o:p><\/o:p><\/span><\/p>\n<\/td>\n<\/tr>\n<tr>\n<td>description_additional_information:<\/td>\n<td>\n<p>\u00b7 Cette formation peut \u00eatre donn\u00e9e dans un de nos centres de formation ECS ou chez le client<\/p>\n<p>\u00b7 Possibilit\u00e9 de faire uniquement l\u2019examen <\/p>\n<p>\u00b7 Pour les formations \u00ab\u00a0ouvertes\u00a0\u00bb\u00a0: voir le calendrier de formation<\/p>\n<p>\u00b7 La formation peut \u00eatre donn\u00e9e en fran\u00e7ais ou en n\u00e9erlandais.<\/p>\n<p>\u00b7 La formation d\u00e9bute \u00e0 08h00 et se termine \u00e0 16h00<\/p>\n<p>Un sandwich et une boisson sont offerts au participant<\/p>\n<p>Nombre maximum de participants par session de formation: 6.<\/p>\n<p>\u00b7 ECS est agr\u00e9\u00e9e par plusieurs organismes de subsides, ce qui permet d\u2019\u00eatre rembours\u00e9 d\u2019une partie des frais de formation.<\/p>\n<\/td>\n<\/tr>\n<tr>\n<td>description_summary:<\/td>\n<td><\/td>\n<\/tr>\n<tr>\n<td>description_short_summary:<\/td>\n<td>\n<p>Cette formation a pour objectif d&rsquo;acqu&eacute;rir les connaissances th&eacute;oriques et les aptitudes pratiques, mais &eacute;galement de comprendre les notions de base de s&eacute;curit&eacute; et d&rsquo;acqu&eacute;rir le sens des responsabilit&eacute;s et de l&rsquo;efficacit&eacute;<\/p>\n<\/td>\n<\/tr>\n<tr>\n<td>programimage:<\/td>\n<td>https:\/\/ecs.eduaxis.net\/files\/images\/program%20images\/zelfrijdende_hoogwerker_shutterstock_1489545233.jpg<\/td>\n<\/tr>\n<tr>\n<td>programimage:<\/td>\n<td>https:\/\/ecs.eduaxis.net\/files\/images\/program%20images\/zelfrijdende_hoogwerker_shutterstock_1489545233.jpg<\/td>\n<\/tr>\n<\/tbody>\n<\/table>\n","protected":false},"excerpt":{"rendered":"<p>Description: <\/p>\n<p>Cette formation a pour objectif d&rsquo;acqu\u00e9rir les connaissances th\u00e9oriques et les aptitudes pratiques, mais \u00e9galement de comprendre les notions de base de s\u00e9curit\u00e9 et d&rsquo;acqu\u00e9rir le sens des responsabilit\u00e9s et de l&rsquo;efficacit\u00e9<\/p>\n","protected":false},"featured_media":1346,"menu_order":0,"template":"","format":"standard","meta":[],"categories":[],"date_start":[632,616,303,343,614,615,434,629,308,428,451,453,575,472,438,328,471,427,568,322,331,540,642,299,325],"center":[78,581,275],"class_list":["post-1093","opleiding","type-opleiding","status-publish","format-standard","has-post-thumbnail","hentry","date_start-01-april-2026","date_start-02-november-2026","date_start-03-juni-2026","date_start-06-mei-2026","date_start-07-juli-2026","date_start-07-oktober-2026","date_start-09-december-2026","date_start-10-juli-2026","date_start-10-juni-2026","date_start-12-oktober-2026","date_start-13-maart-2026","date_start-13-mei-2026","date_start-13-mei-2026-fr","date_start-16-juni-2026","date_start-16-september-2026","date_start-18-augustus-2026","date_start-18-december-2026","date_start-21-september-2026","date_start-21-september-2026-fr","date_start-22-april-2026","date_start-24-augustus-2026","date_start-24-augustus-2026-fr","date_start-26-november-2026","date_start-27-mei-2026","date_start-28-april-2026","center-brussels","center-brussels-fr","center-villers-le-bouillet"],"yoast_head":"<!-- This site is optimized with the Yoast SEO plugin v27.4 - https:\/\/yoast.com\/product\/yoast-seo-wordpress\/ -->\n<title>Travailler avec un El\u00e9vateur Automoteur IS-005 - Recyclage (participants exp\u00e9riment\u00e9s)<\/title>\n<meta name=\"description\" content=\"Cette formation a pour objectif d&rsquo;acqu&eacute;rir les connaissances th&eacute;oriques et les aptitudes pratiques, mais &eacute;galement de comprendre les notions de base de s&eacute;curit&eacute; et d&rsquo;acqu&eacute;rir le sens des responsabilit&eacute;s et de l&rsquo;efficacit&eacute;\" \/>\n<meta name=\"robots\" content=\"index, follow, max-snippet:-1, max-image-preview:large, max-video-preview:-1\" \/>\n<link rel=\"canonical\" href=\"https:\/\/e-c-s.be\/fr\/formation\/travailler-avec-un-elevateur-automoteur-is-005-recyclage-participants-experimentes\/\" \/>\n<meta property=\"og:locale\" content=\"fr_FR\" \/>\n<meta property=\"og:type\" content=\"article\" \/>\n<meta property=\"og:title\" content=\"Travailler avec un El\u00e9vateur Automoteur IS-005 - Recyclage (participants exp\u00e9riment\u00e9s)\" \/>\n<meta property=\"og:description\" content=\"Cette formation a pour objectif d&rsquo;acqu&eacute;rir les connaissances th&eacute;oriques et les aptitudes pratiques, mais &eacute;galement de comprendre les notions de base de s&eacute;curit&eacute; et d&rsquo;acqu&eacute;rir le sens des responsabilit&eacute;s et de l&rsquo;efficacit&eacute;\" \/>\n<meta property=\"og:url\" content=\"https:\/\/e-c-s.be\/fr\/formation\/travailler-avec-un-elevateur-automoteur-is-005-recyclage-participants-experimentes\/\" \/>\n<meta property=\"og:site_name\" content=\"ECS\" \/>\n<meta property=\"og:image\" content=\"https:\/\/e-c-s.be\/wp-content\/uploads\/2025\/12\/zelfrijdende_hoogwerker_shutterstock_1489545233.jpg\" \/>\n\t<meta property=\"og:image:width\" content=\"1143\" \/>\n\t<meta property=\"og:image:height\" content=\"763\" \/>\n\t<meta property=\"og:image:type\" content=\"image\/jpeg\" \/>\n<meta name=\"twitter:card\" content=\"summary_large_image\" \/>\n<meta name=\"twitter:title\" content=\"Travailler avec un El\u00e9vateur Automoteur IS-005 - Recyclage (participants exp\u00e9riment\u00e9s)\" \/>\n<meta name=\"twitter:label1\" content=\"Dur\u00e9e de lecture estim\u00e9e\" \/>\n\t<meta name=\"twitter:data1\" content=\"5 minutes\" \/>\n<script type=\"application\/ld+json\" class=\"yoast-schema-graph\">{\"@context\":\"https:\\\/\\\/schema.org\",\"@graph\":[{\"@type\":\"WebPage\",\"@id\":\"https:\\\/\\\/e-c-s.be\\\/fr\\\/formation\\\/travailler-avec-un-elevateur-automoteur-is-005-recyclage-participants-experimentes\\\/\",\"url\":\"https:\\\/\\\/e-c-s.be\\\/fr\\\/formation\\\/travailler-avec-un-elevateur-automoteur-is-005-recyclage-participants-experimentes\\\/\",\"name\":\"Travailler avec un El\u00e9vateur Automoteur IS-005 - Recyclage (participants exp\u00e9riment\u00e9s)\",\"isPartOf\":{\"@id\":\"https:\\\/\\\/e-c-s.be\\\/fr\\\/#website\"},\"primaryImageOfPage\":{\"@id\":\"https:\\\/\\\/e-c-s.be\\\/fr\\\/formation\\\/travailler-avec-un-elevateur-automoteur-is-005-recyclage-participants-experimentes\\\/#primaryimage\"},\"image\":{\"@id\":\"https:\\\/\\\/e-c-s.be\\\/fr\\\/formation\\\/travailler-avec-un-elevateur-automoteur-is-005-recyclage-participants-experimentes\\\/#primaryimage\"},\"thumbnailUrl\":\"https:\\\/\\\/e-c-s.be\\\/wp-content\\\/uploads\\\/2025\\\/12\\\/zelfrijdende_hoogwerker_shutterstock_1489545233.jpg\",\"datePublished\":\"2026-04-24T05:01:35+00:00\",\"description\":\"Cette formation a pour objectif d&rsquo;acqu&eacute;rir les connaissances th&eacute;oriques et les aptitudes pratiques, mais &eacute;galement de comprendre les notions de base de s&eacute;curit&eacute; et d&rsquo;acqu&eacute;rir le sens des responsabilit&eacute;s et de l&rsquo;efficacit&eacute;\",\"breadcrumb\":{\"@id\":\"https:\\\/\\\/e-c-s.be\\\/fr\\\/formation\\\/travailler-avec-un-elevateur-automoteur-is-005-recyclage-participants-experimentes\\\/#breadcrumb\"},\"inLanguage\":\"fr-FR\",\"potentialAction\":[{\"@type\":\"ReadAction\",\"target\":[\"https:\\\/\\\/e-c-s.be\\\/fr\\\/formation\\\/travailler-avec-un-elevateur-automoteur-is-005-recyclage-participants-experimentes\\\/\"]}]},{\"@type\":\"ImageObject\",\"inLanguage\":\"fr-FR\",\"@id\":\"https:\\\/\\\/e-c-s.be\\\/fr\\\/formation\\\/travailler-avec-un-elevateur-automoteur-is-005-recyclage-participants-experimentes\\\/#primaryimage\",\"url\":\"https:\\\/\\\/e-c-s.be\\\/wp-content\\\/uploads\\\/2025\\\/12\\\/zelfrijdende_hoogwerker_shutterstock_1489545233.jpg\",\"contentUrl\":\"https:\\\/\\\/e-c-s.be\\\/wp-content\\\/uploads\\\/2025\\\/12\\\/zelfrijdende_hoogwerker_shutterstock_1489545233.jpg\",\"width\":1143,\"height\":763},{\"@type\":\"BreadcrumbList\",\"@id\":\"https:\\\/\\\/e-c-s.be\\\/fr\\\/formation\\\/travailler-avec-un-elevateur-automoteur-is-005-recyclage-participants-experimentes\\\/#breadcrumb\",\"itemListElement\":[{\"@type\":\"ListItem\",\"position\":1,\"name\":\"Home\",\"item\":\"https:\\\/\\\/e-c-s.be\\\/fr\\\/\"},{\"@type\":\"ListItem\",\"position\":2,\"name\":\"Opleidingen\",\"item\":\"https:\\\/\\\/e-c-s.be\\\/fr\\\/formation\\\/\"},{\"@type\":\"ListItem\",\"position\":3,\"name\":\"Travailler avec un El\u00e9vateur Automoteur IS-005 &#8211; Recyclage (participants exp\u00e9riment\u00e9s)\"}]},{\"@type\":\"WebSite\",\"@id\":\"https:\\\/\\\/e-c-s.be\\\/fr\\\/#website\",\"url\":\"https:\\\/\\\/e-c-s.be\\\/fr\\\/\",\"name\":\"ECS\",\"description\":\"Uw partner in veiligheid\",\"publisher\":{\"@id\":\"https:\\\/\\\/e-c-s.be\\\/fr\\\/#organization\"},\"potentialAction\":[{\"@type\":\"SearchAction\",\"target\":{\"@type\":\"EntryPoint\",\"urlTemplate\":\"https:\\\/\\\/e-c-s.be\\\/fr\\\/?s={search_term_string}\"},\"query-input\":{\"@type\":\"PropertyValueSpecification\",\"valueRequired\":true,\"valueName\":\"search_term_string\"}}],\"inLanguage\":\"fr-FR\"},{\"@type\":\"Organization\",\"@id\":\"https:\\\/\\\/e-c-s.be\\\/fr\\\/#organization\",\"name\":\"ECS\",\"url\":\"https:\\\/\\\/e-c-s.be\\\/fr\\\/\",\"logo\":{\"@type\":\"ImageObject\",\"inLanguage\":\"fr-FR\",\"@id\":\"https:\\\/\\\/e-c-s.be\\\/fr\\\/#\\\/schema\\\/logo\\\/image\\\/\",\"url\":\"https:\\\/\\\/e-c-s.be\\\/wp-content\\\/uploads\\\/2025\\\/10\\\/ecs-logo.svg\",\"contentUrl\":\"https:\\\/\\\/e-c-s.be\\\/wp-content\\\/uploads\\\/2025\\\/10\\\/ecs-logo.svg\",\"width\":1,\"height\":1,\"caption\":\"ECS\"},\"image\":{\"@id\":\"https:\\\/\\\/e-c-s.be\\\/fr\\\/#\\\/schema\\\/logo\\\/image\\\/\"},\"sameAs\":[\"https:\\\/\\\/www.linkedin.com\\\/company\\\/ecs-equans\"]}]}<\/script>\n<!-- \/ Yoast SEO plugin. -->","yoast_head_json":{"title":"Travailler avec un El\u00e9vateur Automoteur IS-005 - Recyclage (participants exp\u00e9riment\u00e9s)","description":"Cette formation a pour objectif d&rsquo;acqu&eacute;rir les connaissances th&eacute;oriques et les aptitudes pratiques, mais &eacute;galement de comprendre les notions de base de s&eacute;curit&eacute; et d&rsquo;acqu&eacute;rir le sens des responsabilit&eacute;s et de l&rsquo;efficacit&eacute;","robots":{"index":"index","follow":"follow","max-snippet":"max-snippet:-1","max-image-preview":"max-image-preview:large","max-video-preview":"max-video-preview:-1"},"canonical":"https:\/\/e-c-s.be\/fr\/formation\/travailler-avec-un-elevateur-automoteur-is-005-recyclage-participants-experimentes\/","og_locale":"fr_FR","og_type":"article","og_title":"Travailler avec un El\u00e9vateur Automoteur IS-005 - Recyclage (participants exp\u00e9riment\u00e9s)","og_description":"Cette formation a pour objectif d&rsquo;acqu&eacute;rir les connaissances th&eacute;oriques et les aptitudes pratiques, mais &eacute;galement de comprendre les notions de base de s&eacute;curit&eacute; et d&rsquo;acqu&eacute;rir le sens des responsabilit&eacute;s et de l&rsquo;efficacit&eacute;","og_url":"https:\/\/e-c-s.be\/fr\/formation\/travailler-avec-un-elevateur-automoteur-is-005-recyclage-participants-experimentes\/","og_site_name":"ECS","og_image":[{"width":1143,"height":763,"url":"https:\/\/e-c-s.be\/wp-content\/uploads\/2025\/12\/zelfrijdende_hoogwerker_shutterstock_1489545233.jpg","type":"image\/jpeg"}],"twitter_card":"summary_large_image","twitter_title":"Travailler avec un El\u00e9vateur Automoteur IS-005 - Recyclage (participants exp\u00e9riment\u00e9s)","twitter_misc":{"Dur\u00e9e de lecture estim\u00e9e":"5 minutes"},"schema":{"@context":"https:\/\/schema.org","@graph":[{"@type":"WebPage","@id":"https:\/\/e-c-s.be\/fr\/formation\/travailler-avec-un-elevateur-automoteur-is-005-recyclage-participants-experimentes\/","url":"https:\/\/e-c-s.be\/fr\/formation\/travailler-avec-un-elevateur-automoteur-is-005-recyclage-participants-experimentes\/","name":"Travailler avec un El\u00e9vateur Automoteur IS-005 - Recyclage (participants exp\u00e9riment\u00e9s)","isPartOf":{"@id":"https:\/\/e-c-s.be\/fr\/#website"},"primaryImageOfPage":{"@id":"https:\/\/e-c-s.be\/fr\/formation\/travailler-avec-un-elevateur-automoteur-is-005-recyclage-participants-experimentes\/#primaryimage"},"image":{"@id":"https:\/\/e-c-s.be\/fr\/formation\/travailler-avec-un-elevateur-automoteur-is-005-recyclage-participants-experimentes\/#primaryimage"},"thumbnailUrl":"https:\/\/e-c-s.be\/wp-content\/uploads\/2025\/12\/zelfrijdende_hoogwerker_shutterstock_1489545233.jpg","datePublished":"2026-04-24T05:01:35+00:00","description":"Cette formation a pour objectif d&rsquo;acqu&eacute;rir les connaissances th&eacute;oriques et les aptitudes pratiques, mais &eacute;galement de comprendre les notions de base de s&eacute;curit&eacute; et d&rsquo;acqu&eacute;rir le sens des responsabilit&eacute;s et de l&rsquo;efficacit&eacute;","breadcrumb":{"@id":"https:\/\/e-c-s.be\/fr\/formation\/travailler-avec-un-elevateur-automoteur-is-005-recyclage-participants-experimentes\/#breadcrumb"},"inLanguage":"fr-FR","potentialAction":[{"@type":"ReadAction","target":["https:\/\/e-c-s.be\/fr\/formation\/travailler-avec-un-elevateur-automoteur-is-005-recyclage-participants-experimentes\/"]}]},{"@type":"ImageObject","inLanguage":"fr-FR","@id":"https:\/\/e-c-s.be\/fr\/formation\/travailler-avec-un-elevateur-automoteur-is-005-recyclage-participants-experimentes\/#primaryimage","url":"https:\/\/e-c-s.be\/wp-content\/uploads\/2025\/12\/zelfrijdende_hoogwerker_shutterstock_1489545233.jpg","contentUrl":"https:\/\/e-c-s.be\/wp-content\/uploads\/2025\/12\/zelfrijdende_hoogwerker_shutterstock_1489545233.jpg","width":1143,"height":763},{"@type":"BreadcrumbList","@id":"https:\/\/e-c-s.be\/fr\/formation\/travailler-avec-un-elevateur-automoteur-is-005-recyclage-participants-experimentes\/#breadcrumb","itemListElement":[{"@type":"ListItem","position":1,"name":"Home","item":"https:\/\/e-c-s.be\/fr\/"},{"@type":"ListItem","position":2,"name":"Opleidingen","item":"https:\/\/e-c-s.be\/fr\/formation\/"},{"@type":"ListItem","position":3,"name":"Travailler avec un El\u00e9vateur Automoteur IS-005 &#8211; Recyclage (participants exp\u00e9riment\u00e9s)"}]},{"@type":"WebSite","@id":"https:\/\/e-c-s.be\/fr\/#website","url":"https:\/\/e-c-s.be\/fr\/","name":"ECS","description":"Uw partner in veiligheid","publisher":{"@id":"https:\/\/e-c-s.be\/fr\/#organization"},"potentialAction":[{"@type":"SearchAction","target":{"@type":"EntryPoint","urlTemplate":"https:\/\/e-c-s.be\/fr\/?s={search_term_string}"},"query-input":{"@type":"PropertyValueSpecification","valueRequired":true,"valueName":"search_term_string"}}],"inLanguage":"fr-FR"},{"@type":"Organization","@id":"https:\/\/e-c-s.be\/fr\/#organization","name":"ECS","url":"https:\/\/e-c-s.be\/fr\/","logo":{"@type":"ImageObject","inLanguage":"fr-FR","@id":"https:\/\/e-c-s.be\/fr\/#\/schema\/logo\/image\/","url":"https:\/\/e-c-s.be\/wp-content\/uploads\/2025\/10\/ecs-logo.svg","contentUrl":"https:\/\/e-c-s.be\/wp-content\/uploads\/2025\/10\/ecs-logo.svg","width":1,"height":1,"caption":"ECS"},"image":{"@id":"https:\/\/e-c-s.be\/fr\/#\/schema\/logo\/image\/"},"sameAs":["https:\/\/www.linkedin.com\/company\/ecs-equans"]}]}},"_links":{"self":[{"href":"https:\/\/e-c-s.be\/fr\/wp-json\/wp\/v2\/opleiding\/1093","targetHints":{"allow":["GET"]}}],"collection":[{"href":"https:\/\/e-c-s.be\/fr\/wp-json\/wp\/v2\/opleiding"}],"about":[{"href":"https:\/\/e-c-s.be\/fr\/wp-json\/wp\/v2\/types\/opleiding"}],"wp:featuredmedia":[{"embeddable":true,"href":"https:\/\/e-c-s.be\/fr\/wp-json\/wp\/v2\/media\/1346"}],"wp:attachment":[{"href":"https:\/\/e-c-s.be\/fr\/wp-json\/wp\/v2\/media?parent=1093"}],"wp:term":[{"taxonomy":"category","embeddable":true,"href":"https:\/\/e-c-s.be\/fr\/wp-json\/wp\/v2\/categories?post=1093"},{"taxonomy":"date_start","embeddable":true,"href":"https:\/\/e-c-s.be\/fr\/wp-json\/wp\/v2\/date_start?post=1093"},{"taxonomy":"center","embeddable":true,"href":"https:\/\/e-c-s.be\/fr\/wp-json\/wp\/v2\/center?post=1093"}],"curies":[{"name":"wp","href":"https:\/\/api.w.org\/{rel}","templated":true}]}},{"id":1094,"date":"2026-04-24T05:01:34","date_gmt":"2026-04-24T05:01:34","guid":{"rendered":"https:\/\/ecsprd.wpenginepowered.com\/opleiding\/travailler-avec-un-elevateur-automoteur-is-005-2-jours\/"},"modified":"2026-04-24T05:01:34","modified_gmt":"2026-04-24T05:01:34","slug":"travailler-avec-un-elevateur-automoteur-is-005-2-jours","status":"publish","type":"opleiding","link":"https:\/\/e-c-s.be\/fr\/formation\/travailler-avec-un-elevateur-automoteur-is-005-2-jours\/","title":{"rendered":"Travailler avec un El\u00e9vateur Automoteur IS-005 &#8211; 2 jours"},"content":{"rendered":"<table>\n<thead>\n<tr>\n<th>Xml_node<\/th>\n<th>Content<\/th>\n<\/tr>\n<\/thead>\n<tbody>\n<tr>\n<td>programxid:<\/td>\n<td>7229<\/td>\n<\/tr>\n<tr>\n<td>categoryxid:<\/td>\n<td>59<\/td>\n<\/tr>\n<tr>\n<td>categorydesc:<\/td>\n<td>Engins<\/td>\n<\/tr>\n<tr>\n<td>programdesc:<\/td>\n<td>Travailler avec un El\u00e9vateur Automoteur IS-005 &#8211; 2 jours<\/td>\n<\/tr>\n<tr>\n<td>programduration:<\/td>\n<td>2 d<\/td>\n<\/tr>\n<tr>\n<td>programprice1:<\/td>\n<td>600 \u20ac<\/td>\n<\/tr>\n<tr>\n<td>programpricea:<\/td>\n<td>2920 \u20ac<\/td>\n<\/tr>\n<tr>\n<td>programoffer:<\/td>\n<td>Catalogue<\/td>\n<\/tr>\n<tr>\n<td>description_target_group:<\/td>\n<td>\n<div style=\"font-family: &quot;Segoe UI&quot;; font-size: 14px; line-height: 20px;\">Les personnes amen&eacute;es &agrave; utiliser une nacelle automotrice dans les entreprises, sur les installations, dans les ateliers ou les laboratoires, pour des t&acirc;ches simples, de faible difficult&eacute;, r&eacute;alis&eacute;es dans un espace d&eacute;gag&eacute; et consistant en un travail r&eacute;p&eacute;titif sans contrainte de temps.<\/div>\n<p>&nbsp;<\/p>\n<\/td>\n<\/tr>\n<tr>\n<td>description_objectives:<\/td>\n<td>\n<p>La formation \u00ab IS-005 \u2013 El\u00e9vateur automoteur \u00bb \u00e0 pour objectif de travailler de mani\u00e8re s\u00fbre et efficace avec un \u00e9l\u00e9vateur automoteur \u00e0 bras t\u00e9lescopique ou articul\u00e9, il faut acqu\u00e9rir toutes les techniques de base pour que les op\u00e9rateurs soient capables de manipuler leur \u00e9l\u00e9vateur mais aussi d&rsquo;en pr\u00e9venir les pannes les pannes et d\u00e9r\u00e8glements. Il est aussi indispensable d&rsquo;\u00e9viter les accidents et blessures, de pr\u00e9venir les dommages \u00e0 la machine et dans leur zone de travail. L&rsquo;objectif final de la formation est que l&rsquo;op\u00e9rateur ait une conduite s\u00fbre tout en maintenant ses objectifs de productivit\u00e9.<\/p>\n<\/td>\n<\/tr>\n<tr>\n<td>description_content:<\/td>\n<td>\n<ul>\n<li>Exploitation de diff\u00e9rents types de nacelles automotrices<\/li>\n<li>Travailler avec diff\u00e9rents types de nacelles automotrices<\/li>\n<li>L\u00e9gislation de base\u00a0<\/li>\n<li>Les consignes de s\u00e9curit\u00e9<\/li>\n<li>Risques environnementaux<\/li>\n<li>Expliquer l&rsquo;influence et les dangers du chargement lat\u00e9ral<\/li>\n<li>L&rsquo;inspection quotidienne de la nacelle<\/li>\n<li>Appliquer les r\u00e8gles de s\u00e9curit\u00e9 et les r\u00e8gles de circulation<\/li>\n<li>Appliquer les r\u00e8gles d&rsquo;ordre et de propret\u00e9<\/li>\n<li>Man\u0153uvres de conduite avec une nacelle automotricer<\/li>\n<\/ul>\n<\/td>\n<\/tr>\n<tr>\n<td>description_requirements:<\/td>\n<td>\n<p>Aucune connaissance pr&eacute;alable requise.<\/p>\n<p>Les participants doivent avoir au moins 18 ans et &ecirc;tre apte m&eacute;dicalement.<\/p>\n<p>Pas de vertige.<\/p>\n<\/td>\n<\/tr>\n<tr>\n<td>description_prerequisite:<\/td>\n<td><\/td>\n<\/tr>\n<tr>\n<td>description_pedagogical_approach:<\/td>\n<td><\/td>\n<\/tr>\n<tr>\n<td>description_responsable_program:<\/td>\n<td>\n<p>Villers-le-Bouillet, Bruxelles<\/p>\n<\/td>\n<\/tr>\n<tr>\n<td>description_duration:<\/td>\n<td>\n<p>2 jours.<\/p>\n<\/td>\n<\/tr>\n<tr>\n<td>description_certification_period:<\/td>\n<td>\n<div>La formation se termine par un examen th&eacute;orique et pratique, les participants re&ccedil;oivent un certificat apr&egrave;s une &eacute;valuation positive.<\/div>\n<div>FORMATION BESACC VCA: Validit&eacute; de 5 ans<\/div>\n<\/td>\n<\/tr>\n<tr>\n<td>description_additional_information:<\/td>\n<td>\n<ul>\n<li>N&rsquo;oubliez pas: la carte d&rsquo;identit\u00e9.<\/li>\n<li>EPI obligatoires : veste de travail, pantalon de travail, chaussures de s\u00e9curit\u00e9, gants, casque et lunettes de protection.<\/li>\n<li>A midi nous fournissons un d\u00e9jeuner sandwich.<\/li>\n<li>Il se peut que vous ayez besoin de votre t\u00e9l\u00e9phone professionnel pendant cette formation. Veuillez donc l&rsquo;apporter avec vous.<\/li>\n<\/ul>\n<\/td>\n<\/tr>\n<tr>\n<td>description_summary:<\/td>\n<td><\/td>\n<\/tr>\n<tr>\n<td>description_short_summary:<\/td>\n<td>\n<p>Acqu&eacute;rir les connaissances et les comp&eacute;tences n&eacute;cessaires pour apprendre &agrave; faire fonctionner un &eacute;l&eacute;vateur &agrave; nacelle automotrice de mani&egrave;re efficace et s&ucirc;re. Former les op&eacute;rateurs afin qu&rsquo;ils puissent signaler de mani&egrave;re pr&eacute;ventive les d&eacute;fauts et ainsi &eacute;viter les accidents et les blessures. Enseigner les techniques d&rsquo;exploitation et de conduite afin de r&eacute;duire les dommages caus&eacute;s &agrave; l&rsquo;environnement par le transport.<\/p>\n<\/td>\n<\/tr>\n<tr>\n<td>programimage:<\/td>\n<td>https:\/\/ecs.eduaxis.net\/files\/images\/program%20images\/zelfrijdende_hoogwerker_shutterstock_1489545233.jpg<\/td>\n<\/tr>\n<tr>\n<td>programimage:<\/td>\n<td>https:\/\/ecs.eduaxis.net\/files\/images\/program%20images\/zelfrijdende_hoogwerker_shutterstock_1489545233.jpg<\/td>\n<\/tr>\n<\/tbody>\n<\/table>\n","protected":false},"excerpt":{"rendered":"<p>Description: <\/p>\n<p>Acqu\u00e9rir les connaissances et les comp\u00e9tences n\u00e9cessaires pour apprendre \u00e0 faire fonctionner un \u00e9l\u00e9vateur \u00e0 nacelle automotrice de mani\u00e8re efficace et s\u00fbre. Former les op\u00e9rateurs afin qu&rsquo;ils puissent signaler de mani\u00e8re pr\u00e9ventive les d\u00e9fauts et ainsi \u00e9viter les accidents et les blessures. Enseigner les techniques d&rsquo;exploitation et de conduite afin de r\u00e9duire les dommages caus\u00e9s \u00e0 l&rsquo;environnement par le transport.<\/p>\n","protected":false},"featured_media":1346,"menu_order":0,"template":"","format":"standard","meta":[],"categories":[],"date_start":[304,417,348,410,330,539,537],"center":[275],"class_list":["post-1094","opleiding","type-opleiding","status-publish","format-standard","has-post-thumbnail","hentry","date_start-04-juni-2026","date_start-10-december-2026","date_start-11-juni-2026","date_start-19-oktober-2026","date_start-20-augustus-2026","date_start-20-augustus-2026-fr","date_start-29-april-2026-fr","center-villers-le-bouillet"],"yoast_head":"<!-- This site is optimized with the Yoast SEO plugin v27.4 - https:\/\/yoast.com\/product\/yoast-seo-wordpress\/ -->\n<title>Travailler avec un El\u00e9vateur Automoteur IS-005 - 2 jours<\/title>\n<meta name=\"description\" content=\"Acqu&eacute;rir les connaissances et les comp&eacute;tences n&eacute;cessaires pour apprendre &agrave; faire fonctionner un &eacute;l&eacute;vateur &agrave; nacelle automotrice de mani&egrave;re efficace et s&ucirc;re. Former les op&eacute;rateurs afin qu&rsquo;ils puissent signaler de mani&egrave;re pr&eacute;ventive les d&eacute;fauts et ainsi &eacute;viter les accidents et les blessures. Enseigner les techniques d&rsquo;exploitation et de conduite afin de r&eacute;duire les dommages caus&eacute;s &agrave; l&rsquo;environnement par le transport.\" \/>\n<meta name=\"robots\" content=\"index, follow, max-snippet:-1, max-image-preview:large, max-video-preview:-1\" \/>\n<link rel=\"canonical\" href=\"https:\/\/e-c-s.be\/fr\/formation\/travailler-avec-un-elevateur-automoteur-is-005-2-jours\/\" \/>\n<meta property=\"og:locale\" content=\"fr_FR\" \/>\n<meta property=\"og:type\" content=\"article\" \/>\n<meta property=\"og:title\" content=\"Travailler avec un El\u00e9vateur Automoteur IS-005 - 2 jours\" \/>\n<meta property=\"og:description\" content=\"Acqu&eacute;rir les connaissances et les comp&eacute;tences n&eacute;cessaires pour apprendre &agrave; faire fonctionner un &eacute;l&eacute;vateur &agrave; nacelle automotrice de mani&egrave;re efficace et s&ucirc;re. Former les op&eacute;rateurs afin qu&rsquo;ils puissent signaler de mani&egrave;re pr&eacute;ventive les d&eacute;fauts et ainsi &eacute;viter les accidents et les blessures. Enseigner les techniques d&rsquo;exploitation et de conduite afin de r&eacute;duire les dommages caus&eacute;s &agrave; l&rsquo;environnement par le transport.\" \/>\n<meta property=\"og:url\" content=\"https:\/\/e-c-s.be\/fr\/formation\/travailler-avec-un-elevateur-automoteur-is-005-2-jours\/\" \/>\n<meta property=\"og:site_name\" content=\"ECS\" \/>\n<meta property=\"og:image\" content=\"https:\/\/e-c-s.be\/wp-content\/uploads\/2025\/12\/zelfrijdende_hoogwerker_shutterstock_1489545233.jpg\" \/>\n\t<meta property=\"og:image:width\" content=\"1143\" \/>\n\t<meta property=\"og:image:height\" content=\"763\" \/>\n\t<meta property=\"og:image:type\" content=\"image\/jpeg\" \/>\n<meta name=\"twitter:card\" content=\"summary_large_image\" \/>\n<meta name=\"twitter:title\" content=\"Travailler avec un El\u00e9vateur Automoteur IS-005 - 2 jours\" \/>\n<meta name=\"twitter:label1\" content=\"Dur\u00e9e de lecture estim\u00e9e\" \/>\n\t<meta name=\"twitter:data1\" content=\"3 minutes\" \/>\n<script type=\"application\/ld+json\" class=\"yoast-schema-graph\">{\"@context\":\"https:\\\/\\\/schema.org\",\"@graph\":[{\"@type\":\"WebPage\",\"@id\":\"https:\\\/\\\/e-c-s.be\\\/fr\\\/formation\\\/travailler-avec-un-elevateur-automoteur-is-005-2-jours\\\/\",\"url\":\"https:\\\/\\\/e-c-s.be\\\/fr\\\/formation\\\/travailler-avec-un-elevateur-automoteur-is-005-2-jours\\\/\",\"name\":\"Travailler avec un El\u00e9vateur Automoteur IS-005 - 2 jours\",\"isPartOf\":{\"@id\":\"https:\\\/\\\/e-c-s.be\\\/fr\\\/#website\"},\"primaryImageOfPage\":{\"@id\":\"https:\\\/\\\/e-c-s.be\\\/fr\\\/formation\\\/travailler-avec-un-elevateur-automoteur-is-005-2-jours\\\/#primaryimage\"},\"image\":{\"@id\":\"https:\\\/\\\/e-c-s.be\\\/fr\\\/formation\\\/travailler-avec-un-elevateur-automoteur-is-005-2-jours\\\/#primaryimage\"},\"thumbnailUrl\":\"https:\\\/\\\/e-c-s.be\\\/wp-content\\\/uploads\\\/2025\\\/12\\\/zelfrijdende_hoogwerker_shutterstock_1489545233.jpg\",\"datePublished\":\"2026-04-24T05:01:34+00:00\",\"description\":\"Acqu&eacute;rir les connaissances et les comp&eacute;tences n&eacute;cessaires pour apprendre &agrave; faire fonctionner un &eacute;l&eacute;vateur &agrave; nacelle automotrice de mani&egrave;re efficace et s&ucirc;re. Former les op&eacute;rateurs afin qu&rsquo;ils puissent signaler de mani&egrave;re pr&eacute;ventive les d&eacute;fauts et ainsi &eacute;viter les accidents et les blessures. Enseigner les techniques d&rsquo;exploitation et de conduite afin de r&eacute;duire les dommages caus&eacute;s &agrave; l&rsquo;environnement par le transport.\",\"breadcrumb\":{\"@id\":\"https:\\\/\\\/e-c-s.be\\\/fr\\\/formation\\\/travailler-avec-un-elevateur-automoteur-is-005-2-jours\\\/#breadcrumb\"},\"inLanguage\":\"fr-FR\",\"potentialAction\":[{\"@type\":\"ReadAction\",\"target\":[\"https:\\\/\\\/e-c-s.be\\\/fr\\\/formation\\\/travailler-avec-un-elevateur-automoteur-is-005-2-jours\\\/\"]}]},{\"@type\":\"ImageObject\",\"inLanguage\":\"fr-FR\",\"@id\":\"https:\\\/\\\/e-c-s.be\\\/fr\\\/formation\\\/travailler-avec-un-elevateur-automoteur-is-005-2-jours\\\/#primaryimage\",\"url\":\"https:\\\/\\\/e-c-s.be\\\/wp-content\\\/uploads\\\/2025\\\/12\\\/zelfrijdende_hoogwerker_shutterstock_1489545233.jpg\",\"contentUrl\":\"https:\\\/\\\/e-c-s.be\\\/wp-content\\\/uploads\\\/2025\\\/12\\\/zelfrijdende_hoogwerker_shutterstock_1489545233.jpg\",\"width\":1143,\"height\":763},{\"@type\":\"BreadcrumbList\",\"@id\":\"https:\\\/\\\/e-c-s.be\\\/fr\\\/formation\\\/travailler-avec-un-elevateur-automoteur-is-005-2-jours\\\/#breadcrumb\",\"itemListElement\":[{\"@type\":\"ListItem\",\"position\":1,\"name\":\"Home\",\"item\":\"https:\\\/\\\/e-c-s.be\\\/fr\\\/\"},{\"@type\":\"ListItem\",\"position\":2,\"name\":\"Opleidingen\",\"item\":\"https:\\\/\\\/e-c-s.be\\\/fr\\\/formation\\\/\"},{\"@type\":\"ListItem\",\"position\":3,\"name\":\"Travailler avec un El\u00e9vateur Automoteur IS-005 &#8211; 2 jours\"}]},{\"@type\":\"WebSite\",\"@id\":\"https:\\\/\\\/e-c-s.be\\\/fr\\\/#website\",\"url\":\"https:\\\/\\\/e-c-s.be\\\/fr\\\/\",\"name\":\"ECS\",\"description\":\"Uw partner in veiligheid\",\"publisher\":{\"@id\":\"https:\\\/\\\/e-c-s.be\\\/fr\\\/#organization\"},\"potentialAction\":[{\"@type\":\"SearchAction\",\"target\":{\"@type\":\"EntryPoint\",\"urlTemplate\":\"https:\\\/\\\/e-c-s.be\\\/fr\\\/?s={search_term_string}\"},\"query-input\":{\"@type\":\"PropertyValueSpecification\",\"valueRequired\":true,\"valueName\":\"search_term_string\"}}],\"inLanguage\":\"fr-FR\"},{\"@type\":\"Organization\",\"@id\":\"https:\\\/\\\/e-c-s.be\\\/fr\\\/#organization\",\"name\":\"ECS\",\"url\":\"https:\\\/\\\/e-c-s.be\\\/fr\\\/\",\"logo\":{\"@type\":\"ImageObject\",\"inLanguage\":\"fr-FR\",\"@id\":\"https:\\\/\\\/e-c-s.be\\\/fr\\\/#\\\/schema\\\/logo\\\/image\\\/\",\"url\":\"https:\\\/\\\/e-c-s.be\\\/wp-content\\\/uploads\\\/2025\\\/10\\\/ecs-logo.svg\",\"contentUrl\":\"https:\\\/\\\/e-c-s.be\\\/wp-content\\\/uploads\\\/2025\\\/10\\\/ecs-logo.svg\",\"width\":1,\"height\":1,\"caption\":\"ECS\"},\"image\":{\"@id\":\"https:\\\/\\\/e-c-s.be\\\/fr\\\/#\\\/schema\\\/logo\\\/image\\\/\"},\"sameAs\":[\"https:\\\/\\\/www.linkedin.com\\\/company\\\/ecs-equans\"]}]}<\/script>\n<!-- \/ Yoast SEO plugin. -->","yoast_head_json":{"title":"Travailler avec un El\u00e9vateur Automoteur IS-005 - 2 jours","description":"Acqu&eacute;rir les connaissances et les comp&eacute;tences n&eacute;cessaires pour apprendre &agrave; faire fonctionner un &eacute;l&eacute;vateur &agrave; nacelle automotrice de mani&egrave;re efficace et s&ucirc;re. Former les op&eacute;rateurs afin qu&rsquo;ils puissent signaler de mani&egrave;re pr&eacute;ventive les d&eacute;fauts et ainsi &eacute;viter les accidents et les blessures. Enseigner les techniques d&rsquo;exploitation et de conduite afin de r&eacute;duire les dommages caus&eacute;s &agrave; l&rsquo;environnement par le transport.","robots":{"index":"index","follow":"follow","max-snippet":"max-snippet:-1","max-image-preview":"max-image-preview:large","max-video-preview":"max-video-preview:-1"},"canonical":"https:\/\/e-c-s.be\/fr\/formation\/travailler-avec-un-elevateur-automoteur-is-005-2-jours\/","og_locale":"fr_FR","og_type":"article","og_title":"Travailler avec un El\u00e9vateur Automoteur IS-005 - 2 jours","og_description":"Acqu&eacute;rir les connaissances et les comp&eacute;tences n&eacute;cessaires pour apprendre &agrave; faire fonctionner un &eacute;l&eacute;vateur &agrave; nacelle automotrice de mani&egrave;re efficace et s&ucirc;re. Former les op&eacute;rateurs afin qu&rsquo;ils puissent signaler de mani&egrave;re pr&eacute;ventive les d&eacute;fauts et ainsi &eacute;viter les accidents et les blessures. Enseigner les techniques d&rsquo;exploitation et de conduite afin de r&eacute;duire les dommages caus&eacute;s &agrave; l&rsquo;environnement par le transport.","og_url":"https:\/\/e-c-s.be\/fr\/formation\/travailler-avec-un-elevateur-automoteur-is-005-2-jours\/","og_site_name":"ECS","og_image":[{"width":1143,"height":763,"url":"https:\/\/e-c-s.be\/wp-content\/uploads\/2025\/12\/zelfrijdende_hoogwerker_shutterstock_1489545233.jpg","type":"image\/jpeg"}],"twitter_card":"summary_large_image","twitter_title":"Travailler avec un El\u00e9vateur Automoteur IS-005 - 2 jours","twitter_misc":{"Dur\u00e9e de lecture estim\u00e9e":"3 minutes"},"schema":{"@context":"https:\/\/schema.org","@graph":[{"@type":"WebPage","@id":"https:\/\/e-c-s.be\/fr\/formation\/travailler-avec-un-elevateur-automoteur-is-005-2-jours\/","url":"https:\/\/e-c-s.be\/fr\/formation\/travailler-avec-un-elevateur-automoteur-is-005-2-jours\/","name":"Travailler avec un El\u00e9vateur Automoteur IS-005 - 2 jours","isPartOf":{"@id":"https:\/\/e-c-s.be\/fr\/#website"},"primaryImageOfPage":{"@id":"https:\/\/e-c-s.be\/fr\/formation\/travailler-avec-un-elevateur-automoteur-is-005-2-jours\/#primaryimage"},"image":{"@id":"https:\/\/e-c-s.be\/fr\/formation\/travailler-avec-un-elevateur-automoteur-is-005-2-jours\/#primaryimage"},"thumbnailUrl":"https:\/\/e-c-s.be\/wp-content\/uploads\/2025\/12\/zelfrijdende_hoogwerker_shutterstock_1489545233.jpg","datePublished":"2026-04-24T05:01:34+00:00","description":"Acqu&eacute;rir les connaissances et les comp&eacute;tences n&eacute;cessaires pour apprendre &agrave; faire fonctionner un &eacute;l&eacute;vateur &agrave; nacelle automotrice de mani&egrave;re efficace et s&ucirc;re. Former les op&eacute;rateurs afin qu&rsquo;ils puissent signaler de mani&egrave;re pr&eacute;ventive les d&eacute;fauts et ainsi &eacute;viter les accidents et les blessures. Enseigner les techniques d&rsquo;exploitation et de conduite afin de r&eacute;duire les dommages caus&eacute;s &agrave; l&rsquo;environnement par le transport.","breadcrumb":{"@id":"https:\/\/e-c-s.be\/fr\/formation\/travailler-avec-un-elevateur-automoteur-is-005-2-jours\/#breadcrumb"},"inLanguage":"fr-FR","potentialAction":[{"@type":"ReadAction","target":["https:\/\/e-c-s.be\/fr\/formation\/travailler-avec-un-elevateur-automoteur-is-005-2-jours\/"]}]},{"@type":"ImageObject","inLanguage":"fr-FR","@id":"https:\/\/e-c-s.be\/fr\/formation\/travailler-avec-un-elevateur-automoteur-is-005-2-jours\/#primaryimage","url":"https:\/\/e-c-s.be\/wp-content\/uploads\/2025\/12\/zelfrijdende_hoogwerker_shutterstock_1489545233.jpg","contentUrl":"https:\/\/e-c-s.be\/wp-content\/uploads\/2025\/12\/zelfrijdende_hoogwerker_shutterstock_1489545233.jpg","width":1143,"height":763},{"@type":"BreadcrumbList","@id":"https:\/\/e-c-s.be\/fr\/formation\/travailler-avec-un-elevateur-automoteur-is-005-2-jours\/#breadcrumb","itemListElement":[{"@type":"ListItem","position":1,"name":"Home","item":"https:\/\/e-c-s.be\/fr\/"},{"@type":"ListItem","position":2,"name":"Opleidingen","item":"https:\/\/e-c-s.be\/fr\/formation\/"},{"@type":"ListItem","position":3,"name":"Travailler avec un El\u00e9vateur Automoteur IS-005 &#8211; 2 jours"}]},{"@type":"WebSite","@id":"https:\/\/e-c-s.be\/fr\/#website","url":"https:\/\/e-c-s.be\/fr\/","name":"ECS","description":"Uw partner in veiligheid","publisher":{"@id":"https:\/\/e-c-s.be\/fr\/#organization"},"potentialAction":[{"@type":"SearchAction","target":{"@type":"EntryPoint","urlTemplate":"https:\/\/e-c-s.be\/fr\/?s={search_term_string}"},"query-input":{"@type":"PropertyValueSpecification","valueRequired":true,"valueName":"search_term_string"}}],"inLanguage":"fr-FR"},{"@type":"Organization","@id":"https:\/\/e-c-s.be\/fr\/#organization","name":"ECS","url":"https:\/\/e-c-s.be\/fr\/","logo":{"@type":"ImageObject","inLanguage":"fr-FR","@id":"https:\/\/e-c-s.be\/fr\/#\/schema\/logo\/image\/","url":"https:\/\/e-c-s.be\/wp-content\/uploads\/2025\/10\/ecs-logo.svg","contentUrl":"https:\/\/e-c-s.be\/wp-content\/uploads\/2025\/10\/ecs-logo.svg","width":1,"height":1,"caption":"ECS"},"image":{"@id":"https:\/\/e-c-s.be\/fr\/#\/schema\/logo\/image\/"},"sameAs":["https:\/\/www.linkedin.com\/company\/ecs-equans"]}]}},"_links":{"self":[{"href":"https:\/\/e-c-s.be\/fr\/wp-json\/wp\/v2\/opleiding\/1094","targetHints":{"allow":["GET"]}}],"collection":[{"href":"https:\/\/e-c-s.be\/fr\/wp-json\/wp\/v2\/opleiding"}],"about":[{"href":"https:\/\/e-c-s.be\/fr\/wp-json\/wp\/v2\/types\/opleiding"}],"wp:featuredmedia":[{"embeddable":true,"href":"https:\/\/e-c-s.be\/fr\/wp-json\/wp\/v2\/media\/1346"}],"wp:attachment":[{"href":"https:\/\/e-c-s.be\/fr\/wp-json\/wp\/v2\/media?parent=1094"}],"wp:term":[{"taxonomy":"category","embeddable":true,"href":"https:\/\/e-c-s.be\/fr\/wp-json\/wp\/v2\/categories?post=1094"},{"taxonomy":"date_start","embeddable":true,"href":"https:\/\/e-c-s.be\/fr\/wp-json\/wp\/v2\/date_start?post=1094"},{"taxonomy":"center","embeddable":true,"href":"https:\/\/e-c-s.be\/fr\/wp-json\/wp\/v2\/center?post=1094"}],"curies":[{"name":"wp","href":"https:\/\/api.w.org\/{rel}","templated":true}]}},{"id":1090,"date":"2026-04-24T05:01:34","date_gmt":"2026-04-24T05:01:34","guid":{"rendered":"https:\/\/ecsprd.wpenginepowered.com\/opleiding\/travailler-avec-un-elevateur-a-bras-telescopique-rigide-is-003-2-jours\/"},"modified":"2026-04-24T05:01:34","modified_gmt":"2026-04-24T05:01:34","slug":"travailler-avec-un-elevateur-a-bras-telescopique-rigide-is-003-2-jours","status":"publish","type":"opleiding","link":"https:\/\/e-c-s.be\/fr\/formation\/travailler-avec-un-elevateur-a-bras-telescopique-rigide-is-003-2-jours\/","title":{"rendered":"Travailler avec un \u00e9l\u00e9vateur \u00e0 bras t\u00e9lescopique rigide IS-003 &#8211; 2 jours"},"content":{"rendered":"<table>\n<thead>\n<tr>\n<th>Xml_node<\/th>\n<th>Content<\/th>\n<\/tr>\n<\/thead>\n<tbody>\n<tr>\n<td>programxid:<\/td>\n<td>8546<\/td>\n<\/tr>\n<tr>\n<td>categoryxid:<\/td>\n<td>59<\/td>\n<\/tr>\n<tr>\n<td>categorydesc:<\/td>\n<td>Engins<\/td>\n<\/tr>\n<tr>\n<td>programdesc:<\/td>\n<td>Travailler avec un \u00e9l\u00e9vateur \u00e0 bras t\u00e9lescopique rigide IS-003 &#8211; 2 jours<\/td>\n<\/tr>\n<tr>\n<td>programduration:<\/td>\n<td>2 d<\/td>\n<\/tr>\n<tr>\n<td>programprice1:<\/td>\n<td>690 \u20ac<\/td>\n<\/tr>\n<tr>\n<td>programpricea:<\/td>\n<td>2920 \u20ac<\/td>\n<\/tr>\n<tr>\n<td>programoffer:<\/td>\n<td>Catalogue<\/td>\n<\/tr>\n<tr>\n<td>description_target_group:<\/td>\n<td>\n<p>Les travailleurs qui doivent travailler avec un t&eacute;lescopique rigide sur le site d&#39;une entreprise, dans des installations, en empilant &agrave; distance et en hauteur, en conduisant et en empilant dans un espace limit&eacute;, sous pression temporelle, &agrave; proximit&eacute; d&#39;installations importantes, en chargeant et en d&eacute;chargeant un camion, dans des endroits o&ugrave; il y a une circulation de personnes et\/ou d&#39;autres moyens de transport.<\/p>\n<\/td>\n<\/tr>\n<tr>\n<td>description_objectives:<\/td>\n<td>\n<p>Acqu\u00e9rir les connaissances et les comp\u00e9tences n\u00e9cessaires pour apprendre \u00e0 utiliser efficacement et en toute s\u00e9curit\u00e9 un appareil de manutention t\u00e9lescopique rigide. Former les op\u00e9rateurs pour qu&rsquo;ils puissent signaler de mani\u00e8re pr\u00e9ventive les d\u00e9fauts et \u00e9viter ainsi les accidents et les blessures. Enseigner les techniques d&rsquo;exploitation, de manutention des charges et de conduite afin de r\u00e9duire les dommages caus\u00e9s \u00e0 l&rsquo;environnement par les transports.<\/p>\n<\/td>\n<\/tr>\n<tr>\n<td>description_content:<\/td>\n<td>TH\u00c9ORIE \u2022 Exercice d&rsquo;une fonction de s\u00e9curit\u00e9 \u2022 Les diff\u00e9rentes applications d&rsquo;un chariot t\u00e9lescopique rigide \u2022 R\u00e9glementation sur les routes publiques \u2022 Les r\u00e8gles de s\u00e9curit\u00e9 : entrer et sortir en toute s\u00e9curit\u00e9, cage des\u00e9curit\u00e9, risques environnementaux, r\u00e8gles de s\u00e9curit\u00e9 pour la conduite \u2022 Inspection selon l&rsquo;application de l&rsquo;appareil \u2022 Concepts importants concernant la structure de l&rsquo;appareil de manutention t\u00e9lescopique rigide et les commandes \u2022 Concepts de stabilit\u00e9 \u2022 Les options de direction et leur comportement en virage \u2022 Lecture d&rsquo;un diagramme de charge \u2022 Manipulation correcte et s\u00fbre des charges \u2022 Approcher, ramasser et d\u00e9placer des charges \u2022 Les \u00e9l\u00e9ments comprenant le contr\u00f4le du d\u00e9marrage, l&rsquo;obligation de notification et la proc\u00e9dure de mise hors service de l&rsquo;appareil \u2022 Contr\u00f4les \u00e0 effectuer apr\u00e8s les travaux et stationnement correctde l&rsquo;engin PRATIQUE \u2022 Effectuer les contr\u00f4les de d\u00e9marrage, reconna\u00eetre et signaler les d\u00e9fauts dangereux \u2022 V\u00e9rifier les documents d&rsquo;inspection et appliquer les r\u00e8gles de s\u00e9curit\u00e9 \u2022 Utiliser correctement les contr\u00f4les \u2022 Utiliser une bonne technique de conduite : marche avant et arri\u00e8re, virage, stationnement \u2022 Interaction avec les pi\u00e9tons et les autres conducteurs \u2022 Utilisation et positionnement stable des stabilisateurs \u2022 Ex\u00e9cution de la s\u00e9quence correcte d&rsquo;op\u00e9rations \u2022 Estimation des distances, de la profondeur et de la hauteur \u2022 Approcher, ramasser et d\u00e9placer des charges \u2022 Appliquer l&rsquo;ordre et le rangement et mettre en place l&rsquo;engin en toute s\u00e9curit\u00e9<\/td>\n<\/tr>\n<tr>\n<td>description_requirements:<\/td>\n<td>\n<div>Les participants doivent &ecirc;tre &acirc;g&eacute;s d&rsquo;au moins 18 ans et &ecirc;tre m&eacute;dicalement aptes.<\/div>\n<\/td>\n<\/tr>\n<tr>\n<td>description_prerequisite:<\/td>\n<td><\/td>\n<\/tr>\n<tr>\n<td>description_pedagogical_approach:<\/td>\n<td><\/td>\n<\/tr>\n<tr>\n<td>description_responsable_program:<\/td>\n<td>\n<p>Villers-le-Bouillet<\/p>\n<\/td>\n<\/tr>\n<tr>\n<td>description_duration:<\/td>\n<td>\n<p>2 jours.<\/p>\n<\/td>\n<\/tr>\n<tr>\n<td>description_certification_period:<\/td>\n<td>\n<div>La formation se termine par un examen th&eacute;orique et pratique, les participants re&ccedil;oivent un certificat apr&egrave;s une &eacute;valuation positive.<\/div>\n<div>FORMATION BESACC VCA: Validit&eacute; de 5 ans.<\/div>\n<\/td>\n<\/tr>\n<tr>\n<td>description_additional_information:<\/td>\n<td>\n<ul>\n<li>N&rsquo;oubliez pas: la carte d&rsquo;identit\u00e9.<\/li>\n<li>EPI obligatoires : veste de travail, pantalon de travail, chaussures de s\u00e9curit\u00e9, casque et lunettes de protection.<\/li>\n<li>A midi nous fournissons un d\u00e9jeuner sandwich.<\/li>\n<li>Il se peut que vous ayez besoin de votre t\u00e9l\u00e9phone professionnel pendant cette formation. Veuillez donc l&rsquo;apporter avec vous.<\/li>\n<li>Maximul 6 participants par session.<\/li>\n<\/ul>\n<\/td>\n<\/tr>\n<tr>\n<td>description_summary:<\/td>\n<td><\/td>\n<\/tr>\n<tr>\n<td>description_short_summary:<\/td>\n<td>\n<p>Acqu&eacute;rir les connaissances et les comp&eacute;tences n&eacute;cessaires pour apprendre &agrave; utiliser efficacement et en toute s&eacute;curit&eacute; un appareil de manutention t&eacute;lescopique rigide. Former les op&eacute;rateurs pour qu&rsquo;ils puissent signaler de mani&egrave;re pr&eacute;ventive les d&eacute;fauts et &eacute;viter ainsi les accidents et les blessures. Enseigner les techniques d&rsquo;exploitation, de manutention des charges et de conduite afin de r&eacute;duire les dommages caus&eacute;s &agrave; l&rsquo;environnement par les transports.<\/p>\n<\/td>\n<\/tr>\n<tr>\n<td>programimage:<\/td>\n<td>https:\/\/ecs.eduaxis.net\/files\/images\/program%20images\/starre_verreiker_shutterstock_1850289769.jpg<\/td>\n<\/tr>\n<tr>\n<td>programimage:<\/td>\n<td>https:\/\/ecs.eduaxis.net\/files\/images\/program%20images\/starre_verreiker_shutterstock_1850289769.jpg<\/td>\n<\/tr>\n<\/tbody>\n<\/table>\n","protected":false},"excerpt":{"rendered":"<p>Description: <\/p>\n<p>Acqu\u00e9rir les connaissances et les comp\u00e9tences n\u00e9cessaires pour apprendre \u00e0 utiliser efficacement et en toute s\u00e9curit\u00e9 un appareil de manutention t\u00e9lescopique rigide. Former les op\u00e9rateurs pour qu&rsquo;ils puissent signaler de mani\u00e8re pr\u00e9ventive les d\u00e9fauts et \u00e9viter ainsi les accidents et les blessures. Enseigner les techniques d&rsquo;exploitation, de manutention des charges et de conduite afin de r\u00e9duire les dommages caus\u00e9s \u00e0 l&rsquo;environnement par les transports.<\/p>\n","protected":false},"featured_media":1340,"menu_order":0,"template":"","format":"standard","meta":[],"categories":[],"date_start":[287,635,658],"center":[275],"class_list":["post-1090","opleiding","type-opleiding","status-publish","format-standard","has-post-thumbnail","hentry","date_start-03-september-2026","date_start-21-oktober-2026","date_start-22-december-2026","center-villers-le-bouillet"],"yoast_head":"<!-- This site is optimized with the Yoast SEO plugin v27.4 - https:\/\/yoast.com\/product\/yoast-seo-wordpress\/ -->\n<title>Travailler avec un \u00e9l\u00e9vateur \u00e0 bras t\u00e9lescopique rigide IS-003 - 2 jours<\/title>\n<meta name=\"description\" content=\"Acqu&eacute;rir les connaissances et les comp&eacute;tences n&eacute;cessaires pour apprendre &agrave; utiliser efficacement et en toute s&eacute;curit&eacute; un appareil de manutention t&eacute;lescopique rigide. Former les op&eacute;rateurs pour qu&rsquo;ils puissent signaler de mani&egrave;re pr&eacute;ventive les d&eacute;fauts et &eacute;viter ainsi les accidents et les blessures. Enseigner les techniques d&rsquo;exploitation, de manutention des charges et de conduite afin de r&eacute;duire les dommages caus&eacute;s &agrave; l&rsquo;environnement par les transports.\" \/>\n<meta name=\"robots\" content=\"index, follow, max-snippet:-1, max-image-preview:large, max-video-preview:-1\" \/>\n<link rel=\"canonical\" href=\"https:\/\/e-c-s.be\/fr\/formation\/travailler-avec-un-elevateur-a-bras-telescopique-rigide-is-003-2-jours\/\" \/>\n<meta property=\"og:locale\" content=\"fr_FR\" \/>\n<meta property=\"og:type\" content=\"article\" \/>\n<meta property=\"og:title\" content=\"Travailler avec un \u00e9l\u00e9vateur \u00e0 bras t\u00e9lescopique rigide IS-003 - 2 jours\" \/>\n<meta property=\"og:description\" content=\"Acqu&eacute;rir les connaissances et les comp&eacute;tences n&eacute;cessaires pour apprendre &agrave; utiliser efficacement et en toute s&eacute;curit&eacute; un appareil de manutention t&eacute;lescopique rigide. Former les op&eacute;rateurs pour qu&rsquo;ils puissent signaler de mani&egrave;re pr&eacute;ventive les d&eacute;fauts et &eacute;viter ainsi les accidents et les blessures. Enseigner les techniques d&rsquo;exploitation, de manutention des charges et de conduite afin de r&eacute;duire les dommages caus&eacute;s &agrave; l&rsquo;environnement par les transports.\" \/>\n<meta property=\"og:url\" content=\"https:\/\/e-c-s.be\/fr\/formation\/travailler-avec-un-elevateur-a-bras-telescopique-rigide-is-003-2-jours\/\" \/>\n<meta property=\"og:site_name\" content=\"ECS\" \/>\n<meta property=\"og:image\" content=\"https:\/\/e-c-s.be\/wp-content\/uploads\/2025\/12\/starre_verreiker_shutterstock_1850289769.jpg\" \/>\n\t<meta property=\"og:image:width\" content=\"1303\" \/>\n\t<meta property=\"og:image:height\" content=\"869\" \/>\n\t<meta property=\"og:image:type\" content=\"image\/jpeg\" \/>\n<meta name=\"twitter:card\" content=\"summary_large_image\" \/>\n<meta name=\"twitter:title\" content=\"Travailler avec un \u00e9l\u00e9vateur \u00e0 bras t\u00e9lescopique rigide IS-003 - 2 jours\" \/>\n<meta name=\"twitter:label1\" content=\"Dur\u00e9e de lecture estim\u00e9e\" \/>\n\t<meta name=\"twitter:data1\" content=\"3 minutes\" \/>\n<script type=\"application\/ld+json\" class=\"yoast-schema-graph\">{\"@context\":\"https:\\\/\\\/schema.org\",\"@graph\":[{\"@type\":\"WebPage\",\"@id\":\"https:\\\/\\\/e-c-s.be\\\/fr\\\/formation\\\/travailler-avec-un-elevateur-a-bras-telescopique-rigide-is-003-2-jours\\\/\",\"url\":\"https:\\\/\\\/e-c-s.be\\\/fr\\\/formation\\\/travailler-avec-un-elevateur-a-bras-telescopique-rigide-is-003-2-jours\\\/\",\"name\":\"Travailler avec un \u00e9l\u00e9vateur \u00e0 bras t\u00e9lescopique rigide IS-003 - 2 jours\",\"isPartOf\":{\"@id\":\"https:\\\/\\\/e-c-s.be\\\/fr\\\/#website\"},\"primaryImageOfPage\":{\"@id\":\"https:\\\/\\\/e-c-s.be\\\/fr\\\/formation\\\/travailler-avec-un-elevateur-a-bras-telescopique-rigide-is-003-2-jours\\\/#primaryimage\"},\"image\":{\"@id\":\"https:\\\/\\\/e-c-s.be\\\/fr\\\/formation\\\/travailler-avec-un-elevateur-a-bras-telescopique-rigide-is-003-2-jours\\\/#primaryimage\"},\"thumbnailUrl\":\"https:\\\/\\\/e-c-s.be\\\/wp-content\\\/uploads\\\/2025\\\/12\\\/starre_verreiker_shutterstock_1850289769.jpg\",\"datePublished\":\"2026-04-24T05:01:34+00:00\",\"description\":\"Acqu&eacute;rir les connaissances et les comp&eacute;tences n&eacute;cessaires pour apprendre &agrave; utiliser efficacement et en toute s&eacute;curit&eacute; un appareil de manutention t&eacute;lescopique rigide. Former les op&eacute;rateurs pour qu&rsquo;ils puissent signaler de mani&egrave;re pr&eacute;ventive les d&eacute;fauts et &eacute;viter ainsi les accidents et les blessures. Enseigner les techniques d&rsquo;exploitation, de manutention des charges et de conduite afin de r&eacute;duire les dommages caus&eacute;s &agrave; l&rsquo;environnement par les transports.\",\"breadcrumb\":{\"@id\":\"https:\\\/\\\/e-c-s.be\\\/fr\\\/formation\\\/travailler-avec-un-elevateur-a-bras-telescopique-rigide-is-003-2-jours\\\/#breadcrumb\"},\"inLanguage\":\"fr-FR\",\"potentialAction\":[{\"@type\":\"ReadAction\",\"target\":[\"https:\\\/\\\/e-c-s.be\\\/fr\\\/formation\\\/travailler-avec-un-elevateur-a-bras-telescopique-rigide-is-003-2-jours\\\/\"]}]},{\"@type\":\"ImageObject\",\"inLanguage\":\"fr-FR\",\"@id\":\"https:\\\/\\\/e-c-s.be\\\/fr\\\/formation\\\/travailler-avec-un-elevateur-a-bras-telescopique-rigide-is-003-2-jours\\\/#primaryimage\",\"url\":\"https:\\\/\\\/e-c-s.be\\\/wp-content\\\/uploads\\\/2025\\\/12\\\/starre_verreiker_shutterstock_1850289769.jpg\",\"contentUrl\":\"https:\\\/\\\/e-c-s.be\\\/wp-content\\\/uploads\\\/2025\\\/12\\\/starre_verreiker_shutterstock_1850289769.jpg\",\"width\":1303,\"height\":869},{\"@type\":\"BreadcrumbList\",\"@id\":\"https:\\\/\\\/e-c-s.be\\\/fr\\\/formation\\\/travailler-avec-un-elevateur-a-bras-telescopique-rigide-is-003-2-jours\\\/#breadcrumb\",\"itemListElement\":[{\"@type\":\"ListItem\",\"position\":1,\"name\":\"Home\",\"item\":\"https:\\\/\\\/e-c-s.be\\\/fr\\\/\"},{\"@type\":\"ListItem\",\"position\":2,\"name\":\"Opleidingen\",\"item\":\"https:\\\/\\\/e-c-s.be\\\/fr\\\/formation\\\/\"},{\"@type\":\"ListItem\",\"position\":3,\"name\":\"Travailler avec un \u00e9l\u00e9vateur \u00e0 bras t\u00e9lescopique rigide IS-003 &#8211; 2 jours\"}]},{\"@type\":\"WebSite\",\"@id\":\"https:\\\/\\\/e-c-s.be\\\/fr\\\/#website\",\"url\":\"https:\\\/\\\/e-c-s.be\\\/fr\\\/\",\"name\":\"ECS\",\"description\":\"Uw partner in veiligheid\",\"publisher\":{\"@id\":\"https:\\\/\\\/e-c-s.be\\\/fr\\\/#organization\"},\"potentialAction\":[{\"@type\":\"SearchAction\",\"target\":{\"@type\":\"EntryPoint\",\"urlTemplate\":\"https:\\\/\\\/e-c-s.be\\\/fr\\\/?s={search_term_string}\"},\"query-input\":{\"@type\":\"PropertyValueSpecification\",\"valueRequired\":true,\"valueName\":\"search_term_string\"}}],\"inLanguage\":\"fr-FR\"},{\"@type\":\"Organization\",\"@id\":\"https:\\\/\\\/e-c-s.be\\\/fr\\\/#organization\",\"name\":\"ECS\",\"url\":\"https:\\\/\\\/e-c-s.be\\\/fr\\\/\",\"logo\":{\"@type\":\"ImageObject\",\"inLanguage\":\"fr-FR\",\"@id\":\"https:\\\/\\\/e-c-s.be\\\/fr\\\/#\\\/schema\\\/logo\\\/image\\\/\",\"url\":\"https:\\\/\\\/e-c-s.be\\\/wp-content\\\/uploads\\\/2025\\\/10\\\/ecs-logo.svg\",\"contentUrl\":\"https:\\\/\\\/e-c-s.be\\\/wp-content\\\/uploads\\\/2025\\\/10\\\/ecs-logo.svg\",\"width\":1,\"height\":1,\"caption\":\"ECS\"},\"image\":{\"@id\":\"https:\\\/\\\/e-c-s.be\\\/fr\\\/#\\\/schema\\\/logo\\\/image\\\/\"},\"sameAs\":[\"https:\\\/\\\/www.linkedin.com\\\/company\\\/ecs-equans\"]}]}<\/script>\n<!-- \/ Yoast SEO plugin. -->","yoast_head_json":{"title":"Travailler avec un \u00e9l\u00e9vateur \u00e0 bras t\u00e9lescopique rigide IS-003 - 2 jours","description":"Acqu&eacute;rir les connaissances et les comp&eacute;tences n&eacute;cessaires pour apprendre &agrave; utiliser efficacement et en toute s&eacute;curit&eacute; un appareil de manutention t&eacute;lescopique rigide. Former les op&eacute;rateurs pour qu&rsquo;ils puissent signaler de mani&egrave;re pr&eacute;ventive les d&eacute;fauts et &eacute;viter ainsi les accidents et les blessures. Enseigner les techniques d&rsquo;exploitation, de manutention des charges et de conduite afin de r&eacute;duire les dommages caus&eacute;s &agrave; l&rsquo;environnement par les transports.","robots":{"index":"index","follow":"follow","max-snippet":"max-snippet:-1","max-image-preview":"max-image-preview:large","max-video-preview":"max-video-preview:-1"},"canonical":"https:\/\/e-c-s.be\/fr\/formation\/travailler-avec-un-elevateur-a-bras-telescopique-rigide-is-003-2-jours\/","og_locale":"fr_FR","og_type":"article","og_title":"Travailler avec un \u00e9l\u00e9vateur \u00e0 bras t\u00e9lescopique rigide IS-003 - 2 jours","og_description":"Acqu&eacute;rir les connaissances et les comp&eacute;tences n&eacute;cessaires pour apprendre &agrave; utiliser efficacement et en toute s&eacute;curit&eacute; un appareil de manutention t&eacute;lescopique rigide. Former les op&eacute;rateurs pour qu&rsquo;ils puissent signaler de mani&egrave;re pr&eacute;ventive les d&eacute;fauts et &eacute;viter ainsi les accidents et les blessures. Enseigner les techniques d&rsquo;exploitation, de manutention des charges et de conduite afin de r&eacute;duire les dommages caus&eacute;s &agrave; l&rsquo;environnement par les transports.","og_url":"https:\/\/e-c-s.be\/fr\/formation\/travailler-avec-un-elevateur-a-bras-telescopique-rigide-is-003-2-jours\/","og_site_name":"ECS","og_image":[{"width":1303,"height":869,"url":"https:\/\/e-c-s.be\/wp-content\/uploads\/2025\/12\/starre_verreiker_shutterstock_1850289769.jpg","type":"image\/jpeg"}],"twitter_card":"summary_large_image","twitter_title":"Travailler avec un \u00e9l\u00e9vateur \u00e0 bras t\u00e9lescopique rigide IS-003 - 2 jours","twitter_misc":{"Dur\u00e9e de lecture estim\u00e9e":"3 minutes"},"schema":{"@context":"https:\/\/schema.org","@graph":[{"@type":"WebPage","@id":"https:\/\/e-c-s.be\/fr\/formation\/travailler-avec-un-elevateur-a-bras-telescopique-rigide-is-003-2-jours\/","url":"https:\/\/e-c-s.be\/fr\/formation\/travailler-avec-un-elevateur-a-bras-telescopique-rigide-is-003-2-jours\/","name":"Travailler avec un \u00e9l\u00e9vateur \u00e0 bras t\u00e9lescopique rigide IS-003 - 2 jours","isPartOf":{"@id":"https:\/\/e-c-s.be\/fr\/#website"},"primaryImageOfPage":{"@id":"https:\/\/e-c-s.be\/fr\/formation\/travailler-avec-un-elevateur-a-bras-telescopique-rigide-is-003-2-jours\/#primaryimage"},"image":{"@id":"https:\/\/e-c-s.be\/fr\/formation\/travailler-avec-un-elevateur-a-bras-telescopique-rigide-is-003-2-jours\/#primaryimage"},"thumbnailUrl":"https:\/\/e-c-s.be\/wp-content\/uploads\/2025\/12\/starre_verreiker_shutterstock_1850289769.jpg","datePublished":"2026-04-24T05:01:34+00:00","description":"Acqu&eacute;rir les connaissances et les comp&eacute;tences n&eacute;cessaires pour apprendre &agrave; utiliser efficacement et en toute s&eacute;curit&eacute; un appareil de manutention t&eacute;lescopique rigide. Former les op&eacute;rateurs pour qu&rsquo;ils puissent signaler de mani&egrave;re pr&eacute;ventive les d&eacute;fauts et &eacute;viter ainsi les accidents et les blessures. Enseigner les techniques d&rsquo;exploitation, de manutention des charges et de conduite afin de r&eacute;duire les dommages caus&eacute;s &agrave; l&rsquo;environnement par les transports.","breadcrumb":{"@id":"https:\/\/e-c-s.be\/fr\/formation\/travailler-avec-un-elevateur-a-bras-telescopique-rigide-is-003-2-jours\/#breadcrumb"},"inLanguage":"fr-FR","potentialAction":[{"@type":"ReadAction","target":["https:\/\/e-c-s.be\/fr\/formation\/travailler-avec-un-elevateur-a-bras-telescopique-rigide-is-003-2-jours\/"]}]},{"@type":"ImageObject","inLanguage":"fr-FR","@id":"https:\/\/e-c-s.be\/fr\/formation\/travailler-avec-un-elevateur-a-bras-telescopique-rigide-is-003-2-jours\/#primaryimage","url":"https:\/\/e-c-s.be\/wp-content\/uploads\/2025\/12\/starre_verreiker_shutterstock_1850289769.jpg","contentUrl":"https:\/\/e-c-s.be\/wp-content\/uploads\/2025\/12\/starre_verreiker_shutterstock_1850289769.jpg","width":1303,"height":869},{"@type":"BreadcrumbList","@id":"https:\/\/e-c-s.be\/fr\/formation\/travailler-avec-un-elevateur-a-bras-telescopique-rigide-is-003-2-jours\/#breadcrumb","itemListElement":[{"@type":"ListItem","position":1,"name":"Home","item":"https:\/\/e-c-s.be\/fr\/"},{"@type":"ListItem","position":2,"name":"Opleidingen","item":"https:\/\/e-c-s.be\/fr\/formation\/"},{"@type":"ListItem","position":3,"name":"Travailler avec un \u00e9l\u00e9vateur \u00e0 bras t\u00e9lescopique rigide IS-003 &#8211; 2 jours"}]},{"@type":"WebSite","@id":"https:\/\/e-c-s.be\/fr\/#website","url":"https:\/\/e-c-s.be\/fr\/","name":"ECS","description":"Uw partner in veiligheid","publisher":{"@id":"https:\/\/e-c-s.be\/fr\/#organization"},"potentialAction":[{"@type":"SearchAction","target":{"@type":"EntryPoint","urlTemplate":"https:\/\/e-c-s.be\/fr\/?s={search_term_string}"},"query-input":{"@type":"PropertyValueSpecification","valueRequired":true,"valueName":"search_term_string"}}],"inLanguage":"fr-FR"},{"@type":"Organization","@id":"https:\/\/e-c-s.be\/fr\/#organization","name":"ECS","url":"https:\/\/e-c-s.be\/fr\/","logo":{"@type":"ImageObject","inLanguage":"fr-FR","@id":"https:\/\/e-c-s.be\/fr\/#\/schema\/logo\/image\/","url":"https:\/\/e-c-s.be\/wp-content\/uploads\/2025\/10\/ecs-logo.svg","contentUrl":"https:\/\/e-c-s.be\/wp-content\/uploads\/2025\/10\/ecs-logo.svg","width":1,"height":1,"caption":"ECS"},"image":{"@id":"https:\/\/e-c-s.be\/fr\/#\/schema\/logo\/image\/"},"sameAs":["https:\/\/www.linkedin.com\/company\/ecs-equans"]}]}},"_links":{"self":[{"href":"https:\/\/e-c-s.be\/fr\/wp-json\/wp\/v2\/opleiding\/1090","targetHints":{"allow":["GET"]}}],"collection":[{"href":"https:\/\/e-c-s.be\/fr\/wp-json\/wp\/v2\/opleiding"}],"about":[{"href":"https:\/\/e-c-s.be\/fr\/wp-json\/wp\/v2\/types\/opleiding"}],"wp:featuredmedia":[{"embeddable":true,"href":"https:\/\/e-c-s.be\/fr\/wp-json\/wp\/v2\/media\/1340"}],"wp:attachment":[{"href":"https:\/\/e-c-s.be\/fr\/wp-json\/wp\/v2\/media?parent=1090"}],"wp:term":[{"taxonomy":"category","embeddable":true,"href":"https:\/\/e-c-s.be\/fr\/wp-json\/wp\/v2\/categories?post=1090"},{"taxonomy":"date_start","embeddable":true,"href":"https:\/\/e-c-s.be\/fr\/wp-json\/wp\/v2\/date_start?post=1090"},{"taxonomy":"center","embeddable":true,"href":"https:\/\/e-c-s.be\/fr\/wp-json\/wp\/v2\/center?post=1090"}],"curies":[{"name":"wp","href":"https:\/\/api.w.org\/{rel}","templated":true}]}},{"id":1086,"date":"2026-04-24T05:01:33","date_gmt":"2026-04-24T05:01:33","guid":{"rendered":"https:\/\/ecsprd.wpenginepowered.com\/opleiding\/travailler-avec-un-chariot-a-fourche-base-av-001\/"},"modified":"2026-04-24T05:01:33","modified_gmt":"2026-04-24T05:01:33","slug":"travailler-avec-un-chariot-a-fourche-base-av-001","status":"publish","type":"opleiding","link":"https:\/\/e-c-s.be\/fr\/formation\/travailler-avec-un-chariot-a-fourche-base-av-001\/","title":{"rendered":"Travailler avec un Chariot \u00e0 Fourche Base  AV-001"},"content":{"rendered":"<table>\n<thead>\n<tr>\n<th>Xml_node<\/th>\n<th>Content<\/th>\n<\/tr>\n<\/thead>\n<tbody>\n<tr>\n<td>programxid:<\/td>\n<td>42<\/td>\n<\/tr>\n<tr>\n<td>categoryxid:<\/td>\n<td>59<\/td>\n<\/tr>\n<tr>\n<td>categorydesc:<\/td>\n<td>Engins<\/td>\n<\/tr>\n<tr>\n<td>programdesc:<\/td>\n<td>Travailler avec un Chariot \u00e0 Fourche Base AV-001<\/td>\n<\/tr>\n<tr>\n<td>programduration:<\/td>\n<td>1 d<\/td>\n<\/tr>\n<tr>\n<td>programprice1:<\/td>\n<td>300 \u20ac<\/td>\n<\/tr>\n<tr>\n<td>programpricea:<\/td>\n<td>1460 \u20ac<\/td>\n<\/tr>\n<tr>\n<td>programoffer:<\/td>\n<td>Catalogue<\/td>\n<\/tr>\n<tr>\n<td>description_target_group:<\/td>\n<td><P class=MsoNormal style=\"MARGIN: 0pt 23.9pt 0pt 17.4pt; TEXT-ALIGN: justify\"><SPAN lang=FR style=\"FONT-SIZE: 10pt; FONT-FAMILY: Verdana; mso-bidi-font-size: 12.0pt; mso-ansi-language: FR\">Chaque collaborateur qui travaille dans un magasin ou dans une entit\u00e9 de production et qui doit effectuer des t\u00e2ches simples avec un chariot \u00e0 fourche (t\u00e2ches faciles, r\u00e9p\u00e9titives, dans un lieu d\u00e9gag\u00e9, sans limite particuli\u00e8re de temps).<?xml:namespace prefix = o ns = \"urn:schemas-microsoft-com:office:office\" \/><o:p><\/o:p><\/SPAN><\/P><\/td>\n<\/tr>\n<tr>\n<td>description_objectives:<\/td>\n<td>\n<p>Cette formation a pour objectif d\u2019acqu\u00e9rir les connaissances th\u00e9oriques et les aptitudes pratiques, mais \u00e9galement de comprendre les notions de base de s\u00e9curit\u00e9 et d\u2019acqu\u00e9rir le sens des responsabilit\u00e9s et de l\u2019efficacit\u00e9<\/p>\n<\/td>\n<\/tr>\n<tr>\n<td>description_content:<\/td>\n<td>\n<p>G\u00e9n\u00e9ral:<\/p>\n<p>Apprendre \u00e0 travailler de mani\u00e8re s\u00fbre et efficace avec un chariot \u00e0 fourche<\/p>\n<p>Cela implique d&rsquo;enseigner toutes les techniques pour que :<\/p>\n<p>\u00b7 les conducteurs puissent assumer une fonction de s\u00e9curit\u00e9 et deviennent des manutentionnaires efficaces de marchandises et des personnes capables de signaler pr\u00e9ventivement les pannes et d\u00e9r\u00e8glements<\/p>\n<p>\u00b7 pr\u00e9venir les accidents et blessures, pr\u00e9venir les dommages aux produits, r\u00e9duire les dommages r\u00e9sultant du transport<\/p>\n<p>\u00b7 obtenir une conduite s\u00fbre<\/p>\n<p>\u00a0<\/p>\n<p><u>THEORIE<\/u><\/p>\n<p>\u00b7 Conna\u00eetre le contenu d&rsquo;une fonction de s\u00e9curit\u00e9<\/p>\n<p>\u00b7 Conna\u00eetre les diff\u00e9rents types de permis, savoir les interpr\u00e9ter et les respecter<\/p>\n<p>\u00b7 Conna\u00eetre les consignes de s\u00e9curit\u00e9\u00a0: sens de la circulation, freinage avant les virages, distance entre les chariots, utilisation de la cage de s\u00e9curit\u00e9, interdiction d&#8217;emmener des passagers, adaptation de la vitesse, instructions pour brancher\/d\u00e9brancher les batteries, hauteur de conduite des fourches, position du m\u00e2t en fonction du chargement, remplacement d&rsquo;une bouteille de gaz<\/p>\n<p>\u00b7 Conna\u00eetre les concepts importants relatifs au montage du chariot \u00e0 fourche\u00a0: hauteur de d\u00e9chargement, \u00e9l\u00e9vation libre, hauteur de passage, types de m\u00e2ts, appareils \u00e0 3 et 4 roues, rayon de braquage et notion de \u00ab\u00a0chariot non-explosif\u00a0\u00bb<\/p>\n<p>\u00b7 Savoir qu&rsquo;il existe diff\u00e9rents types de propulsion et conna\u00eetre leur domaine d&rsquo;application\u00a0: \u00e9lectrique, diesel, gaz<\/p>\n<p>\u00b7 Conna\u00eetre les \u00e9l\u00e9ments du contr\u00f4le avant d\u00e9marrage\u00a0: frein \u00e0 main, p\u00e9dale de frein, v\u00e9rification du syst\u00e8me hydraulique, contr\u00f4le du klaxon, contr\u00f4le visuel des pneus, jeu du dispositif de conduite, tension de la cha\u00eene, fourches, niveau du carburant<\/p>\n<p>\u00b7 Savoir qu&rsquo;il existe diff\u00e9rents types de palettes et diff\u00e9rentes m\u00e9thodes de stockage<\/p>\n<p>\u00b7 Savoir quels facteurs influencent la charge et la stabilit\u00e9 du chariot<\/p>\n<p>\u00b7 Comprendre et pouvoir utiliser des diagrammes de chargement<\/p>\n<p>\u00b7 Avoir une connaissance \u00e9l\u00e9mentaire de la l\u00e9gislation applicable aux conducteurs de chariots \u00e0 fourche\u00a0: RGPT, Codex, responsabilit\u00e9s diverses<\/p>\n<p>\u00a0<\/p>\n<p><u>PRATIQUE<\/u><\/p>\n<p><u><\/u>\u00a0\u00b7 Appliquer les r\u00e8gles de s\u00e9curit\u00e9 et de circulation\u00a0: conduite d\u00e9fensive, interaction avec les gens et les autres conducteurs<\/p>\n<p>\u00b7 Pouvoir effectuer l&rsquo;inspection quotidienne du chariot, reconna\u00eetre les pannes dangereuses et les signaler<\/p>\n<p>\u00b7 Appliquer correctement les techniques pour monter et descendre du chariot et le garer de mani\u00e8re s\u00fbre<\/p>\n<p>\u00b7 Pouvoir utiliser correctement les organes de commande<\/p>\n<p>\u00b7 Pouvoir brancher et d\u00e9brancher les batteries<\/p>\n<p>\u00b7 Utiliser une bonne technique de conduite\u00a0: marche avant, marche arri\u00e8re<\/p>\n<p>\u00b7 Pouvoir effectuer les man\u0153uvres suivantes\u00a0: tourner et virer en marche avant et en marche arri\u00e8re, passer dans des passages tr\u00e8s \u00e9troits<\/p>\n<p>\u00b7 Pouvoir estimer les distances, les profondeurs et les hauteurs<\/p>\n<p>\u00b7 Pouvoir empiler les marchandises dans un lieu avec au maximum 1 m\u00e8tre de marge pour le rayon de braquage, sans utiliser le \u00ab\u00a0shide-shift\u00a0\u00bb<\/p>\n<p>\u00b7 Appliquer les principes d&rsquo;ordre et de propret\u00e9<\/p>\n<p>\u00a0<\/p>\n<\/td>\n<\/tr>\n<tr>\n<td>description_requirements:<\/td>\n<td><P class=MsoNormal style=\"MARGIN: 0pt 23.9pt 0pt 53.4pt; TEXT-INDENT: -18pt; TEXT-ALIGN: justify; mso-list: l0 level1 lfo1; tab-stops: list 53.4pt\"><SPAN style=\"FONT-SIZE: 10pt; FONT-FAMILY: Symbol; mso-bidi-font-size: 12.0pt; mso-fareast-font-family: Symbol; mso-bidi-font-family: Symbol\"><SPAN style=\"mso-list: Ignore\">\u00b7<SPAN style=\"FONT: 7pt 'Times New Roman'\">&nbsp;&nbsp;&nbsp;&nbsp;&nbsp;&nbsp;&nbsp;&nbsp; <\/SPAN><\/SPAN><\/SPAN><SPAN style=\"FONT-SIZE: 10pt; FONT-FAMILY: Verdana; mso-bidi-font-size: 12.0pt\">Minimum 18 ans<?xml:namespace prefix = o ns = \"urn:schemas-microsoft-com:office:office\" \/><o:p><\/o:p><\/SPAN><\/P><br \/>\n<P class=MsoNormal style=\"MARGIN: 0pt 23.9pt 0pt 53.4pt; TEXT-INDENT: -18pt; TEXT-ALIGN: justify; mso-list: l0 level1 lfo1; tab-stops: list 53.4pt\"><SPAN style=\"FONT-SIZE: 10pt; FONT-FAMILY: Symbol; mso-bidi-font-size: 12.0pt; mso-fareast-font-family: Symbol; mso-bidi-font-family: Symbol\"><SPAN style=\"mso-list: Ignore\">\u00b7<SPAN style=\"FONT: 7pt 'Times New Roman'\">&nbsp;&nbsp;&nbsp;&nbsp;&nbsp;&nbsp;&nbsp;&nbsp; <\/SPAN><\/SPAN><\/SPAN><SPAN style=\"FONT-SIZE: 10pt; FONT-FAMILY: Verdana; mso-bidi-font-size: 12.0pt\">M\u00e9dicalement apte pour une fonction de s\u00e9curit\u00e9<o:p><\/o:p><\/SPAN><\/P><br \/>\n<P class=MsoNormal style=\"MARGIN: 0pt 23.9pt 0pt 53.4pt; TEXT-INDENT: -18pt; TEXT-ALIGN: justify; mso-list: l0 level1 lfo1; tab-stops: list 53.4pt\"><SPAN style=\"FONT-SIZE: 10pt; FONT-FAMILY: Symbol; mso-bidi-font-size: 12.0pt; mso-fareast-font-family: Symbol; mso-bidi-font-family: Symbol\"><SPAN style=\"mso-list: Ignore\">\u00b7<SPAN style=\"FONT: 7pt 'Times New Roman'\">&nbsp;&nbsp;&nbsp;&nbsp;&nbsp;&nbsp;&nbsp;&nbsp; <\/SPAN><\/SPAN><\/SPAN><SPAN style=\"FONT-SIZE: 10pt; FONT-FAMILY: Verdana; mso-bidi-font-size: 12.0pt\">Etre en possession des MPI n\u00e9cessaires lors de la formation pratique<o:p><\/o:p><\/SPAN><\/P><\/td>\n<\/tr>\n<tr>\n<td>description_prerequisite:<\/td>\n<td><\/td>\n<\/tr>\n<tr>\n<td>description_pedagogical_approach:<\/td>\n<td><\/td>\n<\/tr>\n<tr>\n<td>description_responsable_program:<\/td>\n<td>\n<p>Villers-le-Bouillet, Bruxelles<\/p>\n<\/td>\n<\/tr>\n<tr>\n<td>description_duration:<\/td>\n<td><P class=MsoNormal style=\"MARGIN: 0pt 23.9pt 0pt 17.4pt; TEXT-ALIGN: justify\"><SPAN lang=FR style=\"FONT-SIZE: 10pt; FONT-FAMILY: Verdana; mso-bidi-font-size: 12.0pt; mso-ansi-language: FR\">La dur\u00e9e de la formation est de 1 jour, r\u00e9partis en \u00bd jour de th\u00e9orie et 1 jour de pratique.<?xml:namespace prefix = o ns = \"urn:schemas-microsoft-com:office:office\" \/><o:p><\/o:p><\/SPAN><\/P><\/td>\n<\/tr>\n<tr>\n<td>description_certification_period:<\/td>\n<td>\n<p class=\"MsoNormal\" style=\"MARGIN: 0pt 23.9pt 0pt 17.4pt; TEXT-ALIGN: justify\"><span lang=\"FR\" style=\"FONT-SIZE: 10pt; FONT-FAMILY: Verdana; mso-bidi-font-size: 12.0pt; mso-ansi-language: FR\">Les<span style=\"mso-spacerun: yes\">&nbsp; <\/span>candidats qui r&eacute;ussissent l&rsquo;examen th&eacute;orique et pratique se voient d&eacute;livrer un certificat (BeSSaCC\/VCA)&nbsp;ayant une dur&eacute;e de validit&eacute; de 10 ans, avec une &eacute;valuation interm&eacute;diaire apr&egrave;s 5 ans.<!--?xml:namespace prefix = o ns = \"urn:schemas-microsoft-com:office:office\" \/--><o:p><\/o:p><\/span><\/p>\n<\/td>\n<\/tr>\n<tr>\n<td>description_additional_information:<\/td>\n<td>\n<p>\u00b7 Cette formation peut \u00eatre donn\u00e9e dans un de nos centres de formation ECS ou chez le client<\/p>\n<p>\u00b7 Possibilit\u00e9 de faire uniquement l\u2019examen <\/p>\n<p>\u00b7 Pour les formations \u00ab\u00a0ouvertes\u00a0\u00bb\u00a0: voir le calendrier de formation<\/p>\n<p>\u00b7 La formation peut \u00eatre donn\u00e9e en fran\u00e7ais ou en n\u00e9erlandais<\/p>\n<p>\u00b7 La formation d\u00e9bute \u00e0 08h00 et se termine \u00e0 16h00<\/p>\n<p>Un sandwich et une boisson sont offerts au participant<\/p>\n<p>\u00b7 Nombre maximum de participants par session de formation: 6.<\/p>\n<p>\u00b7 ECS est agr\u00e9\u00e9e par plusieurs organismes de subsides, ce qui permet d\u2019\u00eatre rembours\u00e9 d\u2019une partie des frais de formation.<\/p>\n<\/td>\n<\/tr>\n<tr>\n<td>description_summary:<\/td>\n<td><\/td>\n<\/tr>\n<tr>\n<td>description_short_summary:<\/td>\n<td>\n<p>Cette formation a pour objectif d&rsquo;acqu&eacute;rir les connaissances th&eacute;oriques et les aptitudes pratiques, mais &eacute;galement de comprendre les notions de base de s&eacute;curit&eacute; et d&rsquo;acqu&eacute;rir le sens des responsabilit&eacute;s et de l&rsquo;efficacit&eacute;.<\/p>\n<\/td>\n<\/tr>\n<tr>\n<td>programimage:<\/td>\n<td>https:\/\/ecs.eduaxis.net\/files\/images\/program%20images\/heftruck_shutterstock_481182616.jpg<\/td>\n<\/tr>\n<tr>\n<td>programimage:<\/td>\n<td>https:\/\/ecs.eduaxis.net\/files\/images\/program%20images\/heftruck_shutterstock_481182616.jpg<\/td>\n<\/tr>\n<\/tbody>\n<\/table>\n","protected":false},"excerpt":{"rendered":"<p>Description: <\/p>\n<p>Cette formation a pour objectif d&rsquo;acqu\u00e9rir les connaissances th\u00e9oriques et les aptitudes pratiques, mais \u00e9galement de comprendre les notions de base de s\u00e9curit\u00e9 et d&rsquo;acqu\u00e9rir le sens des responsabilit\u00e9s et de l&rsquo;efficacit\u00e9.<\/p>\n","protected":false},"featured_media":1342,"menu_order":0,"template":"","format":"standard","meta":[],"categories":[],"date_start":[304,343,434,624,420,428,453,575,339,328,537],"center":[275],"class_list":["post-1086","opleiding","type-opleiding","status-publish","format-standard","has-post-thumbnail","hentry","date_start-04-juni-2026","date_start-06-mei-2026","date_start-09-december-2026","date_start-09-september-2026","date_start-10-maart-2026","date_start-12-oktober-2026","date_start-13-mei-2026","date_start-13-mei-2026-fr","date_start-17-juli-2026","date_start-18-augustus-2026","date_start-29-april-2026-fr","center-villers-le-bouillet"],"yoast_head":"<!-- This site is optimized with the Yoast SEO plugin v27.4 - https:\/\/yoast.com\/product\/yoast-seo-wordpress\/ -->\n<title>Travailler avec un Chariot \u00e0 Fourche Base AV-001<\/title>\n<meta name=\"description\" content=\"Cette formation a pour objectif d&rsquo;acqu&eacute;rir les connaissances th&eacute;oriques et les aptitudes pratiques, mais &eacute;galement de comprendre les notions de base de s&eacute;curit&eacute; et d&rsquo;acqu&eacute;rir le sens des responsabilit&eacute;s et de l&rsquo;efficacit&eacute;.\" \/>\n<meta name=\"robots\" content=\"index, follow, max-snippet:-1, max-image-preview:large, max-video-preview:-1\" \/>\n<link rel=\"canonical\" href=\"https:\/\/e-c-s.be\/fr\/formation\/travailler-avec-un-chariot-a-fourche-base-av-001\/\" \/>\n<meta property=\"og:locale\" content=\"fr_FR\" \/>\n<meta property=\"og:type\" content=\"article\" \/>\n<meta property=\"og:title\" content=\"Travailler avec un Chariot \u00e0 Fourche Base AV-001\" \/>\n<meta property=\"og:description\" content=\"Cette formation a pour objectif d&rsquo;acqu&eacute;rir les connaissances th&eacute;oriques et les aptitudes pratiques, mais &eacute;galement de comprendre les notions de base de s&eacute;curit&eacute; et d&rsquo;acqu&eacute;rir le sens des responsabilit&eacute;s et de l&rsquo;efficacit&eacute;.\" \/>\n<meta property=\"og:url\" content=\"https:\/\/e-c-s.be\/fr\/formation\/travailler-avec-un-chariot-a-fourche-base-av-001\/\" \/>\n<meta property=\"og:site_name\" content=\"ECS\" \/>\n<meta property=\"og:image\" content=\"https:\/\/e-c-s.be\/wp-content\/uploads\/2025\/12\/heftruck_shutterstock_481182616.jpg\" \/>\n\t<meta property=\"og:image:width\" content=\"1485\" \/>\n\t<meta property=\"og:image:height\" content=\"990\" \/>\n\t<meta property=\"og:image:type\" content=\"image\/jpeg\" \/>\n<meta name=\"twitter:card\" content=\"summary_large_image\" \/>\n<meta name=\"twitter:title\" content=\"Travailler avec un Chariot \u00e0 Fourche Base AV-001\" \/>\n<meta name=\"twitter:label1\" content=\"Dur\u00e9e de lecture estim\u00e9e\" \/>\n\t<meta name=\"twitter:data1\" content=\"4 minutes\" \/>\n<script type=\"application\/ld+json\" class=\"yoast-schema-graph\">{\"@context\":\"https:\\\/\\\/schema.org\",\"@graph\":[{\"@type\":\"WebPage\",\"@id\":\"https:\\\/\\\/e-c-s.be\\\/fr\\\/formation\\\/travailler-avec-un-chariot-a-fourche-base-av-001\\\/\",\"url\":\"https:\\\/\\\/e-c-s.be\\\/fr\\\/formation\\\/travailler-avec-un-chariot-a-fourche-base-av-001\\\/\",\"name\":\"Travailler avec un Chariot \u00e0 Fourche Base AV-001\",\"isPartOf\":{\"@id\":\"https:\\\/\\\/e-c-s.be\\\/fr\\\/#website\"},\"primaryImageOfPage\":{\"@id\":\"https:\\\/\\\/e-c-s.be\\\/fr\\\/formation\\\/travailler-avec-un-chariot-a-fourche-base-av-001\\\/#primaryimage\"},\"image\":{\"@id\":\"https:\\\/\\\/e-c-s.be\\\/fr\\\/formation\\\/travailler-avec-un-chariot-a-fourche-base-av-001\\\/#primaryimage\"},\"thumbnailUrl\":\"https:\\\/\\\/e-c-s.be\\\/wp-content\\\/uploads\\\/2025\\\/12\\\/heftruck_shutterstock_481182616.jpg\",\"datePublished\":\"2026-04-24T05:01:33+00:00\",\"description\":\"Cette formation a pour objectif d&rsquo;acqu&eacute;rir les connaissances th&eacute;oriques et les aptitudes pratiques, mais &eacute;galement de comprendre les notions de base de s&eacute;curit&eacute; et d&rsquo;acqu&eacute;rir le sens des responsabilit&eacute;s et de l&rsquo;efficacit&eacute;.\",\"breadcrumb\":{\"@id\":\"https:\\\/\\\/e-c-s.be\\\/fr\\\/formation\\\/travailler-avec-un-chariot-a-fourche-base-av-001\\\/#breadcrumb\"},\"inLanguage\":\"fr-FR\",\"potentialAction\":[{\"@type\":\"ReadAction\",\"target\":[\"https:\\\/\\\/e-c-s.be\\\/fr\\\/formation\\\/travailler-avec-un-chariot-a-fourche-base-av-001\\\/\"]}]},{\"@type\":\"ImageObject\",\"inLanguage\":\"fr-FR\",\"@id\":\"https:\\\/\\\/e-c-s.be\\\/fr\\\/formation\\\/travailler-avec-un-chariot-a-fourche-base-av-001\\\/#primaryimage\",\"url\":\"https:\\\/\\\/e-c-s.be\\\/wp-content\\\/uploads\\\/2025\\\/12\\\/heftruck_shutterstock_481182616.jpg\",\"contentUrl\":\"https:\\\/\\\/e-c-s.be\\\/wp-content\\\/uploads\\\/2025\\\/12\\\/heftruck_shutterstock_481182616.jpg\",\"width\":1485,\"height\":990},{\"@type\":\"BreadcrumbList\",\"@id\":\"https:\\\/\\\/e-c-s.be\\\/fr\\\/formation\\\/travailler-avec-un-chariot-a-fourche-base-av-001\\\/#breadcrumb\",\"itemListElement\":[{\"@type\":\"ListItem\",\"position\":1,\"name\":\"Home\",\"item\":\"https:\\\/\\\/e-c-s.be\\\/fr\\\/\"},{\"@type\":\"ListItem\",\"position\":2,\"name\":\"Opleidingen\",\"item\":\"https:\\\/\\\/e-c-s.be\\\/fr\\\/formation\\\/\"},{\"@type\":\"ListItem\",\"position\":3,\"name\":\"Travailler avec un Chariot \u00e0 Fourche Base AV-001\"}]},{\"@type\":\"WebSite\",\"@id\":\"https:\\\/\\\/e-c-s.be\\\/fr\\\/#website\",\"url\":\"https:\\\/\\\/e-c-s.be\\\/fr\\\/\",\"name\":\"ECS\",\"description\":\"Uw partner in veiligheid\",\"publisher\":{\"@id\":\"https:\\\/\\\/e-c-s.be\\\/fr\\\/#organization\"},\"potentialAction\":[{\"@type\":\"SearchAction\",\"target\":{\"@type\":\"EntryPoint\",\"urlTemplate\":\"https:\\\/\\\/e-c-s.be\\\/fr\\\/?s={search_term_string}\"},\"query-input\":{\"@type\":\"PropertyValueSpecification\",\"valueRequired\":true,\"valueName\":\"search_term_string\"}}],\"inLanguage\":\"fr-FR\"},{\"@type\":\"Organization\",\"@id\":\"https:\\\/\\\/e-c-s.be\\\/fr\\\/#organization\",\"name\":\"ECS\",\"url\":\"https:\\\/\\\/e-c-s.be\\\/fr\\\/\",\"logo\":{\"@type\":\"ImageObject\",\"inLanguage\":\"fr-FR\",\"@id\":\"https:\\\/\\\/e-c-s.be\\\/fr\\\/#\\\/schema\\\/logo\\\/image\\\/\",\"url\":\"https:\\\/\\\/e-c-s.be\\\/wp-content\\\/uploads\\\/2025\\\/10\\\/ecs-logo.svg\",\"contentUrl\":\"https:\\\/\\\/e-c-s.be\\\/wp-content\\\/uploads\\\/2025\\\/10\\\/ecs-logo.svg\",\"width\":1,\"height\":1,\"caption\":\"ECS\"},\"image\":{\"@id\":\"https:\\\/\\\/e-c-s.be\\\/fr\\\/#\\\/schema\\\/logo\\\/image\\\/\"},\"sameAs\":[\"https:\\\/\\\/www.linkedin.com\\\/company\\\/ecs-equans\"]}]}<\/script>\n<!-- \/ Yoast SEO plugin. -->","yoast_head_json":{"title":"Travailler avec un Chariot \u00e0 Fourche Base AV-001","description":"Cette formation a pour objectif d&rsquo;acqu&eacute;rir les connaissances th&eacute;oriques et les aptitudes pratiques, mais &eacute;galement de comprendre les notions de base de s&eacute;curit&eacute; et d&rsquo;acqu&eacute;rir le sens des responsabilit&eacute;s et de l&rsquo;efficacit&eacute;.","robots":{"index":"index","follow":"follow","max-snippet":"max-snippet:-1","max-image-preview":"max-image-preview:large","max-video-preview":"max-video-preview:-1"},"canonical":"https:\/\/e-c-s.be\/fr\/formation\/travailler-avec-un-chariot-a-fourche-base-av-001\/","og_locale":"fr_FR","og_type":"article","og_title":"Travailler avec un Chariot \u00e0 Fourche Base AV-001","og_description":"Cette formation a pour objectif d&rsquo;acqu&eacute;rir les connaissances th&eacute;oriques et les aptitudes pratiques, mais &eacute;galement de comprendre les notions de base de s&eacute;curit&eacute; et d&rsquo;acqu&eacute;rir le sens des responsabilit&eacute;s et de l&rsquo;efficacit&eacute;.","og_url":"https:\/\/e-c-s.be\/fr\/formation\/travailler-avec-un-chariot-a-fourche-base-av-001\/","og_site_name":"ECS","og_image":[{"width":1485,"height":990,"url":"https:\/\/e-c-s.be\/wp-content\/uploads\/2025\/12\/heftruck_shutterstock_481182616.jpg","type":"image\/jpeg"}],"twitter_card":"summary_large_image","twitter_title":"Travailler avec un Chariot \u00e0 Fourche Base AV-001","twitter_misc":{"Dur\u00e9e de lecture estim\u00e9e":"4 minutes"},"schema":{"@context":"https:\/\/schema.org","@graph":[{"@type":"WebPage","@id":"https:\/\/e-c-s.be\/fr\/formation\/travailler-avec-un-chariot-a-fourche-base-av-001\/","url":"https:\/\/e-c-s.be\/fr\/formation\/travailler-avec-un-chariot-a-fourche-base-av-001\/","name":"Travailler avec un Chariot \u00e0 Fourche Base AV-001","isPartOf":{"@id":"https:\/\/e-c-s.be\/fr\/#website"},"primaryImageOfPage":{"@id":"https:\/\/e-c-s.be\/fr\/formation\/travailler-avec-un-chariot-a-fourche-base-av-001\/#primaryimage"},"image":{"@id":"https:\/\/e-c-s.be\/fr\/formation\/travailler-avec-un-chariot-a-fourche-base-av-001\/#primaryimage"},"thumbnailUrl":"https:\/\/e-c-s.be\/wp-content\/uploads\/2025\/12\/heftruck_shutterstock_481182616.jpg","datePublished":"2026-04-24T05:01:33+00:00","description":"Cette formation a pour objectif d&rsquo;acqu&eacute;rir les connaissances th&eacute;oriques et les aptitudes pratiques, mais &eacute;galement de comprendre les notions de base de s&eacute;curit&eacute; et d&rsquo;acqu&eacute;rir le sens des responsabilit&eacute;s et de l&rsquo;efficacit&eacute;.","breadcrumb":{"@id":"https:\/\/e-c-s.be\/fr\/formation\/travailler-avec-un-chariot-a-fourche-base-av-001\/#breadcrumb"},"inLanguage":"fr-FR","potentialAction":[{"@type":"ReadAction","target":["https:\/\/e-c-s.be\/fr\/formation\/travailler-avec-un-chariot-a-fourche-base-av-001\/"]}]},{"@type":"ImageObject","inLanguage":"fr-FR","@id":"https:\/\/e-c-s.be\/fr\/formation\/travailler-avec-un-chariot-a-fourche-base-av-001\/#primaryimage","url":"https:\/\/e-c-s.be\/wp-content\/uploads\/2025\/12\/heftruck_shutterstock_481182616.jpg","contentUrl":"https:\/\/e-c-s.be\/wp-content\/uploads\/2025\/12\/heftruck_shutterstock_481182616.jpg","width":1485,"height":990},{"@type":"BreadcrumbList","@id":"https:\/\/e-c-s.be\/fr\/formation\/travailler-avec-un-chariot-a-fourche-base-av-001\/#breadcrumb","itemListElement":[{"@type":"ListItem","position":1,"name":"Home","item":"https:\/\/e-c-s.be\/fr\/"},{"@type":"ListItem","position":2,"name":"Opleidingen","item":"https:\/\/e-c-s.be\/fr\/formation\/"},{"@type":"ListItem","position":3,"name":"Travailler avec un Chariot \u00e0 Fourche Base AV-001"}]},{"@type":"WebSite","@id":"https:\/\/e-c-s.be\/fr\/#website","url":"https:\/\/e-c-s.be\/fr\/","name":"ECS","description":"Uw partner in veiligheid","publisher":{"@id":"https:\/\/e-c-s.be\/fr\/#organization"},"potentialAction":[{"@type":"SearchAction","target":{"@type":"EntryPoint","urlTemplate":"https:\/\/e-c-s.be\/fr\/?s={search_term_string}"},"query-input":{"@type":"PropertyValueSpecification","valueRequired":true,"valueName":"search_term_string"}}],"inLanguage":"fr-FR"},{"@type":"Organization","@id":"https:\/\/e-c-s.be\/fr\/#organization","name":"ECS","url":"https:\/\/e-c-s.be\/fr\/","logo":{"@type":"ImageObject","inLanguage":"fr-FR","@id":"https:\/\/e-c-s.be\/fr\/#\/schema\/logo\/image\/","url":"https:\/\/e-c-s.be\/wp-content\/uploads\/2025\/10\/ecs-logo.svg","contentUrl":"https:\/\/e-c-s.be\/wp-content\/uploads\/2025\/10\/ecs-logo.svg","width":1,"height":1,"caption":"ECS"},"image":{"@id":"https:\/\/e-c-s.be\/fr\/#\/schema\/logo\/image\/"},"sameAs":["https:\/\/www.linkedin.com\/company\/ecs-equans"]}]}},"_links":{"self":[{"href":"https:\/\/e-c-s.be\/fr\/wp-json\/wp\/v2\/opleiding\/1086","targetHints":{"allow":["GET"]}}],"collection":[{"href":"https:\/\/e-c-s.be\/fr\/wp-json\/wp\/v2\/opleiding"}],"about":[{"href":"https:\/\/e-c-s.be\/fr\/wp-json\/wp\/v2\/types\/opleiding"}],"wp:featuredmedia":[{"embeddable":true,"href":"https:\/\/e-c-s.be\/fr\/wp-json\/wp\/v2\/media\/1342"}],"wp:attachment":[{"href":"https:\/\/e-c-s.be\/fr\/wp-json\/wp\/v2\/media?parent=1086"}],"wp:term":[{"taxonomy":"category","embeddable":true,"href":"https:\/\/e-c-s.be\/fr\/wp-json\/wp\/v2\/categories?post=1086"},{"taxonomy":"date_start","embeddable":true,"href":"https:\/\/e-c-s.be\/fr\/wp-json\/wp\/v2\/date_start?post=1086"},{"taxonomy":"center","embeddable":true,"href":"https:\/\/e-c-s.be\/fr\/wp-json\/wp\/v2\/center?post=1086"}],"curies":[{"name":"wp","href":"https:\/\/api.w.org\/{rel}","templated":true}]}},{"id":1058,"date":"2026-04-24T05:01:32","date_gmt":"2026-04-24T05:01:32","guid":{"rendered":"https:\/\/ecsprd.wpenginepowered.com\/opleiding\/monteur-dechafaudages-av-021\/"},"modified":"2026-04-24T05:01:32","modified_gmt":"2026-04-24T05:01:32","slug":"monteur-dechafaudages-av-021","status":"publish","type":"opleiding","link":"https:\/\/e-c-s.be\/fr\/formation\/monteur-dechafaudages-av-021\/","title":{"rendered":"Monteur d&rsquo;\u00e9chafaudages AV-021"},"content":{"rendered":"<table>\n<thead>\n<tr>\n<th>Xml_node<\/th>\n<th>Content<\/th>\n<\/tr>\n<\/thead>\n<tbody>\n<tr>\n<td>programxid:<\/td>\n<td>220<\/td>\n<\/tr>\n<tr>\n<td>categoryxid:<\/td>\n<td>71<\/td>\n<\/tr>\n<tr>\n<td>categorydesc:<\/td>\n<td>Travail en Hauteur<\/td>\n<\/tr>\n<tr>\n<td>programdesc:<\/td>\n<td>Monteur d&rsquo;\u00e9chafaudages AV-021<\/td>\n<\/tr>\n<tr>\n<td>programduration:<\/td>\n<td>1 d<\/td>\n<\/tr>\n<tr>\n<td>programprice1:<\/td>\n<td>300 \u20ac<\/td>\n<\/tr>\n<tr>\n<td>programpricea:<\/td>\n<td>1460 \u20ac<\/td>\n<\/tr>\n<tr>\n<td>programoffer:<\/td>\n<td>Catalogue<\/td>\n<\/tr>\n<tr>\n<td>description_target_group:<\/td>\n<td>\n<p>La formation &laquo; Travaux en hauteur pour les monteurs d&#39;&eacute;chafaudages &raquo; s&#39;adresse aux personnes impliqu&eacute;es dans le montage, le d&eacute;montage et l&#39;inspection des &eacute;chafaudages.&nbsp;<\/p>\n<\/td>\n<\/tr>\n<tr>\n<td>description_objectives:<\/td>\n<td>Tous les monteurs d&rsquo;\u00e9chafaudages doivent pouvoir construire des \u00e9chafaudages fixes et des \u00e9chafaudages roulants conform\u00e9ment \u00e0 la r\u00e9glementation en vigueur. Apprendre \u00e0 monter, utiliser et d\u00e9monter un \u00e9chafaudage correctement et en toute s\u00e9curit\u00e9.<\/td>\n<\/tr>\n<tr>\n<td>description_content:<\/td>\n<td>TH\u00c9ORIE \u2022 Les pouvoirs des diff\u00e9rentes personnes. \u2022 La r\u00e9glementation relative au montage et \u00e0 l&rsquo;utilisation des \u00e9chafaudages. \u2022 L&rsquo;exercice d&rsquo;une fonction de s\u00e9curit\u00e9. \u2022 Les risques li\u00e9s au travail en hauteur et la hi\u00e9rarchie des mesures de pr\u00e9vention. \u2022 Interpr\u00e9ter et respecter un permis de travail. \u2022 L&rsquo;utilisation des \u00e9quipements de protection individuelle et des dispositifs de protection contre les chutes. \u2022 La s\u00e9lection des \u00e9chafaudages et des mat\u00e9riaux. \u2022 L&rsquo;utilisation d&rsquo;\u00e9chelles. \u2022 La d\u00e9finition et le calcul de la \u00ab\u00a0charge admissible\u00a0\u00bb. \u2022 Les points \u00e0 prendre en compte lors de l&rsquo;acc\u00e8s \u00e0 un \u00e9chafaudage. \u2022 L&rsquo;influence des conditions m\u00e9t\u00e9orologiques. \u2022 Plan de placement et de montage. \u2022 Lecture d&rsquo;un tableau d&rsquo;\u00e9chafaudage. \u2022 R\u00e8gles de s\u00e9curit\u00e9 et d&rsquo;utilisation lors du montage et du d\u00e9montage d&rsquo;\u00e9chafaudages fixes, mobiles et suspendus. \u2022 Les types de pi\u00e8ces et leurs crit\u00e8res de refus. \u2022 Les diff\u00e9rentes classes de protection des bords de toit. \u2022 L&rsquo;ancrage correct et le plan d&rsquo;ancrage. \u2022 Les extensions et les ponts. PRATIQUE \u2022 Discuter des r\u00e8gles internes de s\u00e9curit\u00e9 et de conduite. \u2022 Discuter du mat\u00e9riel d&rsquo;\u00e9chafaudage, des accessoires et des tables. \u2022 Expliquer le plan de montage, le plan d&rsquo;ancrage et la charge admissible. \u2022 V\u00e9rifier le mat\u00e9riel \u00e0 utiliser. \u2022 R\u00e9aliser une construction simple d&rsquo;un \u00e9chafaudage fixe. \u2022 Construction d&rsquo;un \u00e9chafaudage fixe simple. \u2022 Construction d&rsquo;un \u00e9chafaudage roulant simple.<\/td>\n<\/tr>\n<tr>\n<td>description_requirements:<\/td>\n<td>\n<div>Les participants doivent &ecirc;tre &acirc;g&eacute;s d&rsquo;au moins 18 ans et &ecirc;tre m&eacute;dicalement aptes.<\/div>\n<\/td>\n<\/tr>\n<tr>\n<td>description_prerequisite:<\/td>\n<td><\/td>\n<\/tr>\n<tr>\n<td>description_pedagogical_approach:<\/td>\n<td><\/td>\n<\/tr>\n<tr>\n<td>description_responsable_program:<\/td>\n<td>\n<p>Villers-le-Bouillet, Bruxelles<\/p>\n<\/td>\n<\/tr>\n<tr>\n<td>description_duration:<\/td>\n<td>\n<p>1 jour.<\/p>\n<\/td>\n<\/tr>\n<tr>\n<td>description_certification_period:<\/td>\n<td>\n<div>La formation se termine par un examen th&eacute;orique et pratique, les participants re&ccedil;oivent un certificat apr&egrave;s une &eacute;valuation positive.<\/div>\n<div>FORMATION BESACC VCA: Validit&eacute; de 10 ans avec r&eacute;&eacute;valuation apr&egrave;s 5 ans<\/div>\n<\/td>\n<\/tr>\n<tr>\n<td>description_additional_information:<\/td>\n<td>Inclus un sandwich et une boisson (si la formation a lieu dans l&rsquo;une des agences ECS) Nombre de participants par session: maximum 8 Toutes nos formations peuvent \u00eatre organis\u00e9es sur demande sur l&rsquo;un de nos sites ou dans les locaux du client. Il est \u00e9galement possible de les adapter aux besoins sp\u00e9cifiques du client ou de les compl\u00e9ter par un audit, des conseils, un coaching.\n<\/td>\n<\/tr>\n<tr>\n<td>description_summary:<\/td>\n<td><\/td>\n<\/tr>\n<tr>\n<td>description_short_summary:<\/td>\n<td>\n<p>Tous les monteurs d&rsquo;&eacute;chafaudages doivent pouvoir construire des &eacute;chafaudages fixes et des &eacute;chafaudages roulants conform&eacute;ment &agrave; la r&eacute;glementation en vigueur. Apprendre &agrave; monter, utiliser et d&eacute;monter un &eacute;chafaudage correctement et en toute s&eacute;curit&eacute;.<\/p>\n<\/td>\n<\/tr>\n<tr>\n<td>programimage:<\/td>\n<td>https:\/\/ecs.eduaxis.net\/files\/images\/program%20images\/steigerb_shutterstock_752658580.jpg<\/td>\n<\/tr>\n<tr>\n<td>programimage:<\/td>\n<td>https:\/\/ecs.eduaxis.net\/files\/images\/program%20images\/steigerb_shutterstock_752658580.jpg<\/td>\n<\/tr>\n<\/tbody>\n<\/table>\n","protected":false},"excerpt":{"rendered":"<p>Description: <\/p>\n<p>Tous les monteurs d&rsquo;\u00e9chafaudages doivent pouvoir construire des \u00e9chafaudages fixes et des \u00e9chafaudages roulants conform\u00e9ment \u00e0 la r\u00e9glementation en vigueur. Apprendre \u00e0 monter, utiliser et d\u00e9monter un \u00e9chafaudage correctement et en toute s\u00e9curit\u00e9.<\/p>\n","protected":false},"featured_media":1310,"menu_order":0,"template":"","format":"standard","meta":[],"categories":[],"date_start":[532,364,552,471,410,536,299],"center":[275],"class_list":["post-1058","opleiding","type-opleiding","status-publish","format-standard","has-post-thumbnail","hentry","date_start-08-juni-2026-fr","date_start-17-augustus-2026","date_start-17-augustus-2026-fr","date_start-18-december-2026","date_start-19-oktober-2026","date_start-24-april-2026-fr","date_start-27-mei-2026","center-villers-le-bouillet"],"yoast_head":"<!-- This site is optimized with the Yoast SEO plugin v27.4 - https:\/\/yoast.com\/product\/yoast-seo-wordpress\/ -->\n<title>Monteur d&#039;\u00e9chafaudages AV-021<\/title>\n<meta name=\"description\" content=\"Tous les monteurs d&rsquo;&eacute;chafaudages doivent pouvoir construire des &eacute;chafaudages fixes et des &eacute;chafaudages roulants conform&eacute;ment &agrave; la r&eacute;glementation en vigueur. Apprendre &agrave; monter, utiliser et d&eacute;monter un &eacute;chafaudage correctement et en toute s&eacute;curit&eacute;.\" \/>\n<meta name=\"robots\" content=\"index, follow, max-snippet:-1, max-image-preview:large, max-video-preview:-1\" \/>\n<link rel=\"canonical\" href=\"https:\/\/e-c-s.be\/fr\/formation\/monteur-dechafaudages-av-021\/\" \/>\n<meta property=\"og:locale\" content=\"fr_FR\" \/>\n<meta property=\"og:type\" content=\"article\" \/>\n<meta property=\"og:title\" content=\"Monteur d&#039;\u00e9chafaudages AV-021\" \/>\n<meta property=\"og:description\" content=\"Tous les monteurs d&rsquo;&eacute;chafaudages doivent pouvoir construire des &eacute;chafaudages fixes et des &eacute;chafaudages roulants conform&eacute;ment &agrave; la r&eacute;glementation en vigueur. Apprendre &agrave; monter, utiliser et d&eacute;monter un &eacute;chafaudage correctement et en toute s&eacute;curit&eacute;.\" \/>\n<meta property=\"og:url\" content=\"https:\/\/e-c-s.be\/fr\/formation\/monteur-dechafaudages-av-021\/\" \/>\n<meta property=\"og:site_name\" content=\"ECS\" \/>\n<meta property=\"og:image\" content=\"https:\/\/e-c-s.be\/wp-content\/uploads\/2025\/12\/steigerb_shutterstock_752658580.jpg\" \/>\n\t<meta property=\"og:image:width\" content=\"1378\" \/>\n\t<meta property=\"og:image:height\" content=\"919\" \/>\n\t<meta property=\"og:image:type\" content=\"image\/jpeg\" \/>\n<meta name=\"twitter:card\" content=\"summary_large_image\" \/>\n<meta name=\"twitter:title\" content=\"Monteur d&#039;\u00e9chafaudages AV-021\" \/>\n<meta name=\"twitter:label1\" content=\"Dur\u00e9e de lecture estim\u00e9e\" \/>\n\t<meta name=\"twitter:data1\" content=\"3 minutes\" \/>\n<script type=\"application\/ld+json\" class=\"yoast-schema-graph\">{\"@context\":\"https:\\\/\\\/schema.org\",\"@graph\":[{\"@type\":\"WebPage\",\"@id\":\"https:\\\/\\\/e-c-s.be\\\/fr\\\/formation\\\/monteur-dechafaudages-av-021\\\/\",\"url\":\"https:\\\/\\\/e-c-s.be\\\/fr\\\/formation\\\/monteur-dechafaudages-av-021\\\/\",\"name\":\"Monteur d'\u00e9chafaudages AV-021\",\"isPartOf\":{\"@id\":\"https:\\\/\\\/e-c-s.be\\\/fr\\\/#website\"},\"primaryImageOfPage\":{\"@id\":\"https:\\\/\\\/e-c-s.be\\\/fr\\\/formation\\\/monteur-dechafaudages-av-021\\\/#primaryimage\"},\"image\":{\"@id\":\"https:\\\/\\\/e-c-s.be\\\/fr\\\/formation\\\/monteur-dechafaudages-av-021\\\/#primaryimage\"},\"thumbnailUrl\":\"https:\\\/\\\/e-c-s.be\\\/wp-content\\\/uploads\\\/2025\\\/12\\\/steigerb_shutterstock_752658580.jpg\",\"datePublished\":\"2026-04-24T05:01:32+00:00\",\"description\":\"Tous les monteurs d&rsquo;&eacute;chafaudages doivent pouvoir construire des &eacute;chafaudages fixes et des &eacute;chafaudages roulants conform&eacute;ment &agrave; la r&eacute;glementation en vigueur. Apprendre &agrave; monter, utiliser et d&eacute;monter un &eacute;chafaudage correctement et en toute s&eacute;curit&eacute;.\",\"breadcrumb\":{\"@id\":\"https:\\\/\\\/e-c-s.be\\\/fr\\\/formation\\\/monteur-dechafaudages-av-021\\\/#breadcrumb\"},\"inLanguage\":\"fr-FR\",\"potentialAction\":[{\"@type\":\"ReadAction\",\"target\":[\"https:\\\/\\\/e-c-s.be\\\/fr\\\/formation\\\/monteur-dechafaudages-av-021\\\/\"]}]},{\"@type\":\"ImageObject\",\"inLanguage\":\"fr-FR\",\"@id\":\"https:\\\/\\\/e-c-s.be\\\/fr\\\/formation\\\/monteur-dechafaudages-av-021\\\/#primaryimage\",\"url\":\"https:\\\/\\\/e-c-s.be\\\/wp-content\\\/uploads\\\/2025\\\/12\\\/steigerb_shutterstock_752658580.jpg\",\"contentUrl\":\"https:\\\/\\\/e-c-s.be\\\/wp-content\\\/uploads\\\/2025\\\/12\\\/steigerb_shutterstock_752658580.jpg\",\"width\":1378,\"height\":919},{\"@type\":\"BreadcrumbList\",\"@id\":\"https:\\\/\\\/e-c-s.be\\\/fr\\\/formation\\\/monteur-dechafaudages-av-021\\\/#breadcrumb\",\"itemListElement\":[{\"@type\":\"ListItem\",\"position\":1,\"name\":\"Home\",\"item\":\"https:\\\/\\\/e-c-s.be\\\/fr\\\/\"},{\"@type\":\"ListItem\",\"position\":2,\"name\":\"Opleidingen\",\"item\":\"https:\\\/\\\/e-c-s.be\\\/fr\\\/formation\\\/\"},{\"@type\":\"ListItem\",\"position\":3,\"name\":\"Monteur d&rsquo;\u00e9chafaudages AV-021\"}]},{\"@type\":\"WebSite\",\"@id\":\"https:\\\/\\\/e-c-s.be\\\/fr\\\/#website\",\"url\":\"https:\\\/\\\/e-c-s.be\\\/fr\\\/\",\"name\":\"ECS\",\"description\":\"Uw partner in veiligheid\",\"publisher\":{\"@id\":\"https:\\\/\\\/e-c-s.be\\\/fr\\\/#organization\"},\"potentialAction\":[{\"@type\":\"SearchAction\",\"target\":{\"@type\":\"EntryPoint\",\"urlTemplate\":\"https:\\\/\\\/e-c-s.be\\\/fr\\\/?s={search_term_string}\"},\"query-input\":{\"@type\":\"PropertyValueSpecification\",\"valueRequired\":true,\"valueName\":\"search_term_string\"}}],\"inLanguage\":\"fr-FR\"},{\"@type\":\"Organization\",\"@id\":\"https:\\\/\\\/e-c-s.be\\\/fr\\\/#organization\",\"name\":\"ECS\",\"url\":\"https:\\\/\\\/e-c-s.be\\\/fr\\\/\",\"logo\":{\"@type\":\"ImageObject\",\"inLanguage\":\"fr-FR\",\"@id\":\"https:\\\/\\\/e-c-s.be\\\/fr\\\/#\\\/schema\\\/logo\\\/image\\\/\",\"url\":\"https:\\\/\\\/e-c-s.be\\\/wp-content\\\/uploads\\\/2025\\\/10\\\/ecs-logo.svg\",\"contentUrl\":\"https:\\\/\\\/e-c-s.be\\\/wp-content\\\/uploads\\\/2025\\\/10\\\/ecs-logo.svg\",\"width\":1,\"height\":1,\"caption\":\"ECS\"},\"image\":{\"@id\":\"https:\\\/\\\/e-c-s.be\\\/fr\\\/#\\\/schema\\\/logo\\\/image\\\/\"},\"sameAs\":[\"https:\\\/\\\/www.linkedin.com\\\/company\\\/ecs-equans\"]}]}<\/script>\n<!-- \/ Yoast SEO plugin. -->","yoast_head_json":{"title":"Monteur d'\u00e9chafaudages AV-021","description":"Tous les monteurs d&rsquo;&eacute;chafaudages doivent pouvoir construire des &eacute;chafaudages fixes et des &eacute;chafaudages roulants conform&eacute;ment &agrave; la r&eacute;glementation en vigueur. Apprendre &agrave; monter, utiliser et d&eacute;monter un &eacute;chafaudage correctement et en toute s&eacute;curit&eacute;.","robots":{"index":"index","follow":"follow","max-snippet":"max-snippet:-1","max-image-preview":"max-image-preview:large","max-video-preview":"max-video-preview:-1"},"canonical":"https:\/\/e-c-s.be\/fr\/formation\/monteur-dechafaudages-av-021\/","og_locale":"fr_FR","og_type":"article","og_title":"Monteur d'\u00e9chafaudages AV-021","og_description":"Tous les monteurs d&rsquo;&eacute;chafaudages doivent pouvoir construire des &eacute;chafaudages fixes et des &eacute;chafaudages roulants conform&eacute;ment &agrave; la r&eacute;glementation en vigueur. Apprendre &agrave; monter, utiliser et d&eacute;monter un &eacute;chafaudage correctement et en toute s&eacute;curit&eacute;.","og_url":"https:\/\/e-c-s.be\/fr\/formation\/monteur-dechafaudages-av-021\/","og_site_name":"ECS","og_image":[{"width":1378,"height":919,"url":"https:\/\/e-c-s.be\/wp-content\/uploads\/2025\/12\/steigerb_shutterstock_752658580.jpg","type":"image\/jpeg"}],"twitter_card":"summary_large_image","twitter_title":"Monteur d'\u00e9chafaudages AV-021","twitter_misc":{"Dur\u00e9e de lecture estim\u00e9e":"3 minutes"},"schema":{"@context":"https:\/\/schema.org","@graph":[{"@type":"WebPage","@id":"https:\/\/e-c-s.be\/fr\/formation\/monteur-dechafaudages-av-021\/","url":"https:\/\/e-c-s.be\/fr\/formation\/monteur-dechafaudages-av-021\/","name":"Monteur d'\u00e9chafaudages AV-021","isPartOf":{"@id":"https:\/\/e-c-s.be\/fr\/#website"},"primaryImageOfPage":{"@id":"https:\/\/e-c-s.be\/fr\/formation\/monteur-dechafaudages-av-021\/#primaryimage"},"image":{"@id":"https:\/\/e-c-s.be\/fr\/formation\/monteur-dechafaudages-av-021\/#primaryimage"},"thumbnailUrl":"https:\/\/e-c-s.be\/wp-content\/uploads\/2025\/12\/steigerb_shutterstock_752658580.jpg","datePublished":"2026-04-24T05:01:32+00:00","description":"Tous les monteurs d&rsquo;&eacute;chafaudages doivent pouvoir construire des &eacute;chafaudages fixes et des &eacute;chafaudages roulants conform&eacute;ment &agrave; la r&eacute;glementation en vigueur. Apprendre &agrave; monter, utiliser et d&eacute;monter un &eacute;chafaudage correctement et en toute s&eacute;curit&eacute;.","breadcrumb":{"@id":"https:\/\/e-c-s.be\/fr\/formation\/monteur-dechafaudages-av-021\/#breadcrumb"},"inLanguage":"fr-FR","potentialAction":[{"@type":"ReadAction","target":["https:\/\/e-c-s.be\/fr\/formation\/monteur-dechafaudages-av-021\/"]}]},{"@type":"ImageObject","inLanguage":"fr-FR","@id":"https:\/\/e-c-s.be\/fr\/formation\/monteur-dechafaudages-av-021\/#primaryimage","url":"https:\/\/e-c-s.be\/wp-content\/uploads\/2025\/12\/steigerb_shutterstock_752658580.jpg","contentUrl":"https:\/\/e-c-s.be\/wp-content\/uploads\/2025\/12\/steigerb_shutterstock_752658580.jpg","width":1378,"height":919},{"@type":"BreadcrumbList","@id":"https:\/\/e-c-s.be\/fr\/formation\/monteur-dechafaudages-av-021\/#breadcrumb","itemListElement":[{"@type":"ListItem","position":1,"name":"Home","item":"https:\/\/e-c-s.be\/fr\/"},{"@type":"ListItem","position":2,"name":"Opleidingen","item":"https:\/\/e-c-s.be\/fr\/formation\/"},{"@type":"ListItem","position":3,"name":"Monteur d&rsquo;\u00e9chafaudages AV-021"}]},{"@type":"WebSite","@id":"https:\/\/e-c-s.be\/fr\/#website","url":"https:\/\/e-c-s.be\/fr\/","name":"ECS","description":"Uw partner in veiligheid","publisher":{"@id":"https:\/\/e-c-s.be\/fr\/#organization"},"potentialAction":[{"@type":"SearchAction","target":{"@type":"EntryPoint","urlTemplate":"https:\/\/e-c-s.be\/fr\/?s={search_term_string}"},"query-input":{"@type":"PropertyValueSpecification","valueRequired":true,"valueName":"search_term_string"}}],"inLanguage":"fr-FR"},{"@type":"Organization","@id":"https:\/\/e-c-s.be\/fr\/#organization","name":"ECS","url":"https:\/\/e-c-s.be\/fr\/","logo":{"@type":"ImageObject","inLanguage":"fr-FR","@id":"https:\/\/e-c-s.be\/fr\/#\/schema\/logo\/image\/","url":"https:\/\/e-c-s.be\/wp-content\/uploads\/2025\/10\/ecs-logo.svg","contentUrl":"https:\/\/e-c-s.be\/wp-content\/uploads\/2025\/10\/ecs-logo.svg","width":1,"height":1,"caption":"ECS"},"image":{"@id":"https:\/\/e-c-s.be\/fr\/#\/schema\/logo\/image\/"},"sameAs":["https:\/\/www.linkedin.com\/company\/ecs-equans"]}]}},"_links":{"self":[{"href":"https:\/\/e-c-s.be\/fr\/wp-json\/wp\/v2\/opleiding\/1058","targetHints":{"allow":["GET"]}}],"collection":[{"href":"https:\/\/e-c-s.be\/fr\/wp-json\/wp\/v2\/opleiding"}],"about":[{"href":"https:\/\/e-c-s.be\/fr\/wp-json\/wp\/v2\/types\/opleiding"}],"wp:featuredmedia":[{"embeddable":true,"href":"https:\/\/e-c-s.be\/fr\/wp-json\/wp\/v2\/media\/1310"}],"wp:attachment":[{"href":"https:\/\/e-c-s.be\/fr\/wp-json\/wp\/v2\/media?parent=1058"}],"wp:term":[{"taxonomy":"category","embeddable":true,"href":"https:\/\/e-c-s.be\/fr\/wp-json\/wp\/v2\/categories?post=1058"},{"taxonomy":"date_start","embeddable":true,"href":"https:\/\/e-c-s.be\/fr\/wp-json\/wp\/v2\/date_start?post=1058"},{"taxonomy":"center","embeddable":true,"href":"https:\/\/e-c-s.be\/fr\/wp-json\/wp\/v2\/center?post=1058"}],"curies":[{"name":"wp","href":"https:\/\/api.w.org\/{rel}","templated":true}]}},{"id":1041,"date":"2026-04-24T05:01:31","date_gmt":"2026-04-24T05:01:31","guid":{"rendered":"https:\/\/ecsprd.wpenginepowered.com\/opleiding\/deplacer-et-elinguer-des-charges-critiques-is-006-recyclage-participants-experimentes\/"},"modified":"2026-04-24T05:01:31","modified_gmt":"2026-04-24T05:01:31","slug":"deplacer-et-elinguer-des-charges-critiques-is-006-recyclage-participants-experimentes","status":"publish","type":"opleiding","link":"https:\/\/e-c-s.be\/fr\/formation\/deplacer-et-elinguer-des-charges-critiques-is-006-recyclage-participants-experimentes\/","title":{"rendered":"D\u00e9placer et Elinguer des Charges Critiques IS-006 &#8211; Recyclage (participants exp\u00e9riment\u00e9s)"},"content":{"rendered":"<table>\n<thead>\n<tr>\n<th>Xml_node<\/th>\n<th>Content<\/th>\n<\/tr>\n<\/thead>\n<tbody>\n<tr>\n<td>programxid:<\/td>\n<td>33<\/td>\n<\/tr>\n<tr>\n<td>categoryxid:<\/td>\n<td>69<\/td>\n<\/tr>\n<tr>\n<td>categorydesc:<\/td>\n<td>\u00c9lingage<\/td>\n<\/tr>\n<tr>\n<td>programdesc:<\/td>\n<td>D\u00e9placer et Elinguer des Charges Critiques IS-006 &#8211; Recyclage (participants exp\u00e9riment\u00e9s)<\/td>\n<\/tr>\n<tr>\n<td>programduration:<\/td>\n<td>2 d<\/td>\n<\/tr>\n<tr>\n<td>programprice1:<\/td>\n<td>600 \u20ac<\/td>\n<\/tr>\n<tr>\n<td>programpricea:<\/td>\n<td>2920 \u20ac<\/td>\n<\/tr>\n<tr>\n<td>programoffer:<\/td>\n<td>Catalogue<\/td>\n<\/tr>\n<tr>\n<td>description_target_group:<\/td>\n<td>\n<p align=\"left\" class=\"MsoNormal\" style=\"MARGIN: 0pt 23.9pt 0pt -18pt; LINE-HEIGHT: 14pt; TEXT-ALIGN: justify; mso-pagination: none; tab-stops: 31.2pt 468.0pt\">Employ&eacute;s op&eacute;rationnels charg&eacute; d&#39;assumer et d&eacute;placer des charges critiques &agrave; l&#39;aide d&#39;un pont roulant.<\/p>\n<\/td>\n<\/tr>\n<tr>\n<td>description_objectives:<\/td>\n<td>\n<p>La formation \u00ab IS-006 \u2013 Elinger des Charges Critiques \u00bb \u00e0 pour objectif d&rsquo;apprendre \u00e0 assumer et \u00e0 d\u00e9placer des charges critiques de mani\u00e8re s\u00fbre et efficace. Au terme de la formation, le candidat pourra travailler de mani\u00e8re correcte, prudente et s\u00fbre avec un pont roulant \u00e0 commande c\u00e2bl\u00e9e et\/ou \u00e0 commande \u00e0 distance.\u00a0<\/p>\n<\/td>\n<\/tr>\n<tr>\n<td>description_content:<\/td>\n<td>\n<p><u>G\u00e9n\u00e9ral<\/u><\/p>\n<p>\u00a0<\/p>\n<p>Apprendre, de mani\u00e8re concr\u00e8te, \u00e0:<\/p>\n<p>\u00b7 Elinger et d\u00e9placer des charges<\/p>\n<p>\u00b7 Lever les charges (communiquer avec le conducteur d\u2019un engin de levage)<\/p>\n<p>\u00a0<\/p>\n<p><u>THEORIE<\/u><\/p>\n<p><u><\/u><\/p>\n<p>\u00a0<\/p>\n<p>\u00b7 conna\u00eetre ses responsabilit\u00e9s<\/p>\n<p>\u00b7 pouvoir d\u00e9terminer le poids, le centre de gravit\u00e9, l\u2019angle et le type d\u2019\u00e9lingage<\/p>\n<p>\u00b7 savoir quelles forces peuvent s\u2019exercer sur le mat\u00e9riel<\/p>\n<p>\u00b7 comprendre les facteurs de charge et de stabilit\u00e9<\/p>\n<p>\u00b7 conna\u00eetre et pouvoir expliquer les termes suivants: charge pratique, charge de rupture, facteur de charge pratique, facteur d\u2019utilisation, facteur d\u2019\u00e9lingage, facteur de charge (+ facteur de s\u00e9curit\u00e9 = coefficient de s\u00e9curit\u00e9), angle int\u00e9rieur, angle ext\u00e9rieur, angle sup\u00e9rieur, angle d\u2019\u00e9cartement, centre de gravit\u00e9. <\/p>\n<p>\u00b7 Conna\u00eetre les diff\u00e9rentes sangles de levage\u00a0: sangle tiss\u00e9e ou sangle plate, \u00e9lingue simple, \u00e9lingue sans fin, \u00e9lingue ronde, \u00e9lingue polyester. <\/p>\n<p>\u00b7 Conna\u00eetre la composition du c\u00e2ble acier: \u00e9lingue en c\u00e2ble d\u2019acier, ouvertures de fils de c\u00e2ble d\u2019acier. <\/p>\n<p>\u00b7 Conna\u00eetre les types de cha\u00eenes suivants, ainsi que leur composition: mailles et anneaux, pitons et \u00e9crous \u00e0 \u0153il; fermeture droite ou en D, manille, \u00e9lingues cha\u00eenes, ouvertures de fils de cha\u00eene. <\/p>\n<p>\u00b7 Conna\u00eetre les \u00e9quipements de levage suivants: serre-t\u00f4le, pince de levage<\/p>\n<p>\u00b7 Conna\u00eetre les palans suivants: poulie; palan \u00e0 bras; palan \u00e9lectrique. <\/p>\n<p>\u00b7 Savoir comment \u00e9linguer charges en toute s\u00e9curit\u00e9 avec les engins de levage sp\u00e9ciaux, les \u00e9lingues, les c\u00e2bles d\u2019acier, les cha\u00eenes, le palan; <\/p>\n<p>\u00b7 Savoir comment travailler en toute s\u00e9curit\u00e9 avec un porte-palan, une \u00e9coperche<\/p>\n<p>\u00b7 Savoir quelles sont les conditions d\u2019utilisation des accessoires<\/p>\n<p>\u00b7 Pouvoir s\u00e9lectionner le bon mat\u00e9riel d\u2019\u00e9lingage<\/p>\n<p>\u00b7 Ma\u00eetriser les r\u00e8gles g\u00e9n\u00e9rales de s\u00e9curit\u00e9: utilisation des moyens de protection individuels requis, l\u00e9gislation, analyse des risques<\/p>\n<p>\u00b7 comprendre les aspects \u00e9conomiques (\u00e9l\u00e9ments d\u2019usure, entretien) <\/p>\n<p>\u00b7 Conna\u00eetre l\u2019influence de la temp\u00e9rature et des facteurs environnementaux<\/p>\n<p>\u00b7 Conna\u00eetre les conditions d\u2019agr\u00e9ation du mat\u00e9riel d\u2019\u00e9lingage (inspection et certification) <\/p>\n<p>\u00b7 Respecter la s\u00e9curit\u00e9 personnelle (v\u00eatements, moyens de protection personnelle)<\/p>\n<p>\u00b7 Signaux gestuels\u00a0<u><\/u><\/p>\n<p><u><\/u><\/p>\n<p><u><\/u>\u00a0<\/p>\n<p><u>PRATIQUE<\/u><\/p>\n<p><u><\/u><\/p>\n<p>\u00b7 Mettre en \u0153uvre correctement les r\u00e8gles de s\u00e9curit\u00e9<\/p>\n<p>\u00b7 R\u00e9aliser les contr\u00f4les n\u00e9cessaires pour l\u2019usage des engins de levage: contr\u00f4ler la date d\u2019agr\u00e9ation des outils de levage, contr\u00f4ler la s\u00e9curit\u00e9 de la voie de transport, effectuer des inspections d\u2019utilisateur (inspection p\u00e9riodique, inspection visuelle, crit\u00e8res de mise au rebut) <\/p>\n<p>\u00b7 Apprendre \u00e0 choisir le bon mat\u00e9riel en fonction de l\u2019application<\/p>\n<p>\u00b7 Savoir \u00e9linguer une charge en toute s\u00e9curit\u00e9 avec des \u00e9lingues; <\/p>\n<p>\u00b7 Savoir \u00e9linguer une charge en toute s\u00e9curit\u00e9 avec des c\u00e2bles en acier; <\/p>\n<p>\u00b7 Savoir \u00e9linguer une charge en toute s\u00e9curit\u00e9 avec des cha\u00eenes; <\/p>\n<p>\u00b7 Savoir \u00e9linguer une charge en toute s\u00e9curit\u00e9 avec des palans et des engins de levage sp\u00e9ciaux; <\/p>\n<p>\u00b7 Savoir \u00e9linguer une charge en toute s\u00e9curit\u00e9 et la hisser au-dessus d\u2019un \u00ab\u00a0lieu dangereux\u00a0\u00bb (par ex. installations et canalisations a\u00e9riennes, etc.);<\/p>\n<p>\u00b7 Savoir \u00e9linguer diverses marchandises\/charges avec divers types de mat\u00e9riaux d\u2019\u00e9lingage; <\/p>\n<p>\u00b7 Savoir d\u00e9placer diverses marchandises\/charges \u00e0 distance de simulation<\/p>\n<p>\u00b7 Savoir signaliser: conna\u00eetre et savoir appliquer les signaux et gestes courants (signalisation gestuelle) de fa\u00e7on \u00e0 permettre le d\u00e9placement d\u2019une charge en toute s\u00e9curit\u00e9<\/p>\n<p>\u00b7 Savoir travailler avec la communication radio<\/p>\n<p>\u00b7 Savoir r\u00e9aliser une analyse de risque<\/p>\n<\/td>\n<\/tr>\n<tr>\n<td>description_requirements:<\/td>\n<td>\n<ul>\n<li>IS-006 &ndash; Elinger des Charges Critiques&nbsp;<\/li>\n<li>IS-011 &ndash; Pont Roulant<\/li>\n<\/ul>\n<\/td>\n<\/tr>\n<tr>\n<td>description_prerequisite:<\/td>\n<td><\/td>\n<\/tr>\n<tr>\n<td>description_pedagogical_approach:<\/td>\n<td><\/td>\n<\/tr>\n<tr>\n<td>description_responsable_program:<\/td>\n<td>\n<p>Villers-le-Bouillet, Bruxelles<\/p>\n<\/td>\n<\/tr>\n<tr>\n<td>description_duration:<\/td>\n<td><P class=MsoNormal style=\"MARGIN: 0pt 23.9pt 0pt 17.4pt; TEXT-ALIGN: justify\"><SPAN lang=FR style=\"FONT-SIZE: 10pt; FONT-FAMILY: Verdana; mso-bidi-font-size: 12.0pt; mso-ansi-language: FR\">La dur\u00e9e de la formation est de 2 jours, r\u00e9partis en \u00bd jour de th\u00e9orie et 1,5 jour de pratique<B style=\"mso-bidi-font-weight: normal\"><?xml:namespace prefix = o ns = \"urn:schemas-microsoft-com:office:office\" \/><o:p><\/o:p><\/B><\/SPAN><\/P><\/td>\n<\/tr>\n<tr>\n<td>description_certification_period:<\/td>\n<td><P class=MsoNormal style=\"MARGIN: 0pt 23.9pt 0pt 17.4pt; TEXT-ALIGN: justify\"><SPAN lang=FR style=\"FONT-SIZE: 10pt; FONT-FAMILY: Verdana; mso-bidi-font-size: 12.0pt; mso-ansi-language: FR\">Les<SPAN style=\"mso-spacerun: yes\">&nbsp; <\/SPAN>candidats qui r\u00e9ussissent l\u2019examen th\u00e9orique et pratique se voient d\u00e9livrer un certificat ayant une dur\u00e9e de validit\u00e9 de 10 ans, avec une \u00e9valuation interm\u00e9diaire apr\u00e8s 5 ans.<?xml:namespace prefix = o ns = \"urn:schemas-microsoft-com:office:office\" \/><o:p><\/o:p><\/SPAN><\/P><\/td>\n<\/tr>\n<tr>\n<td>description_additional_information:<\/td>\n<td>\n<ul>\n<li>N&rsquo;oubliez pas: la carte d&rsquo;identit\u00e9.<\/li>\n<li>EPI obligatoires : veste de travail, pantalon de travail, chaussures de s\u00e9curit\u00e9, gants, casque et lunettes de protection.<\/li>\n<li>A midi nous fournissons un d\u00e9jeuner sandwich.<\/li>\n<li>Il se peut que vous ayez besoin de votre t\u00e9l\u00e9phone professionnel pendant cette formation. Veuillez donc l&rsquo;apporter avec vous.<\/li>\n<\/ul>\n<\/td>\n<\/tr>\n<tr>\n<td>description_summary:<\/td>\n<td><\/td>\n<\/tr>\n<tr>\n<td>description_short_summary:<\/td>\n<td>\n<p>Cette formation a pour objectif d&rsquo;acqu&eacute;rir les connaissances th&eacute;oriques et les aptitudes pratiques, mais &eacute;galement de comprendre les notions de base de s&eacute;curit&eacute; et d&rsquo;acqu&eacute;rir le sens des responsabilit&eacute;s et de l&rsquo;efficacit&eacute;.<\/p>\n<\/td>\n<\/tr>\n<tr>\n<td>programimage:<\/td>\n<td>https:\/\/ecs.eduaxis.net\/files\/images\/program%20images\/Aanslaan_shutterstock_1958016088.jpg<\/td>\n<\/tr>\n<tr>\n<td>programimage:<\/td>\n<td>https:\/\/ecs.eduaxis.net\/files\/images\/program%20images\/Aanslaan_shutterstock_1958016088.jpg<\/td>\n<\/tr>\n<\/tbody>\n<\/table>\n","protected":false},"excerpt":{"rendered":"<p>Description: <\/p>\n<p>Cette formation a pour objectif d&rsquo;acqu\u00e9rir les connaissances th\u00e9oriques et les aptitudes pratiques, mais \u00e9galement de comprendre les notions de base de s\u00e9curit\u00e9 et d&rsquo;acqu\u00e9rir le sens des responsabilit\u00e9s et de l&rsquo;efficacit\u00e9.<\/p>\n","protected":false},"featured_media":1235,"menu_order":0,"template":"","format":"standard","meta":[],"categories":[],"date_start":[287,431,311,408,298,424,567,656],"center":[275],"class_list":["post-1041","opleiding","type-opleiding","status-publish","format-standard","has-post-thumbnail","hentry","date_start-03-september-2026","date_start-05-november-2026","date_start-07-mei-2026","date_start-15-oktober-2026","date_start-26-mei-2026","date_start-27-juli-2026","date_start-27-juli-2026-fr","date_start-29-juni-2026","center-villers-le-bouillet"],"yoast_head":"<!-- This site is optimized with the Yoast SEO plugin v27.4 - https:\/\/yoast.com\/product\/yoast-seo-wordpress\/ -->\n<title>D\u00e9placer et Elinguer des Charges Critiques IS-006 - Recyclage (participants exp\u00e9riment\u00e9s)<\/title>\n<meta name=\"description\" content=\"Cette formation a pour objectif d&rsquo;acqu&eacute;rir les connaissances th&eacute;oriques et les aptitudes pratiques, mais &eacute;galement de comprendre les notions de base de s&eacute;curit&eacute; et d&rsquo;acqu&eacute;rir le sens des responsabilit&eacute;s et de l&rsquo;efficacit&eacute;.\" \/>\n<meta name=\"robots\" content=\"index, follow, max-snippet:-1, max-image-preview:large, max-video-preview:-1\" \/>\n<link rel=\"canonical\" href=\"https:\/\/e-c-s.be\/fr\/formation\/deplacer-et-elinguer-des-charges-critiques-is-006-recyclage-participants-experimentes\/\" \/>\n<meta property=\"og:locale\" content=\"fr_FR\" \/>\n<meta property=\"og:type\" content=\"article\" \/>\n<meta property=\"og:title\" content=\"D\u00e9placer et Elinguer des Charges Critiques IS-006 - Recyclage (participants exp\u00e9riment\u00e9s)\" \/>\n<meta property=\"og:description\" content=\"Cette formation a pour objectif d&rsquo;acqu&eacute;rir les connaissances th&eacute;oriques et les aptitudes pratiques, mais &eacute;galement de comprendre les notions de base de s&eacute;curit&eacute; et d&rsquo;acqu&eacute;rir le sens des responsabilit&eacute;s et de l&rsquo;efficacit&eacute;.\" \/>\n<meta property=\"og:url\" content=\"https:\/\/e-c-s.be\/fr\/formation\/deplacer-et-elinguer-des-charges-critiques-is-006-recyclage-participants-experimentes\/\" \/>\n<meta property=\"og:site_name\" content=\"ECS\" \/>\n<meta property=\"og:image\" content=\"https:\/\/e-c-s.be\/wp-content\/uploads\/2025\/11\/Aanslaan_shutterstock_1958016088.jpg\" \/>\n\t<meta property=\"og:image:width\" content=\"1000\" \/>\n\t<meta property=\"og:image:height\" content=\"667\" \/>\n\t<meta property=\"og:image:type\" content=\"image\/jpeg\" \/>\n<meta name=\"twitter:card\" content=\"summary_large_image\" \/>\n<meta name=\"twitter:title\" content=\"D\u00e9placer et Elinguer des Charges Critiques IS-006 - Recyclage (participants exp\u00e9riment\u00e9s)\" \/>\n<meta name=\"twitter:label1\" content=\"Dur\u00e9e de lecture estim\u00e9e\" \/>\n\t<meta name=\"twitter:data1\" content=\"4 minutes\" \/>\n<script type=\"application\/ld+json\" class=\"yoast-schema-graph\">{\"@context\":\"https:\\\/\\\/schema.org\",\"@graph\":[{\"@type\":\"WebPage\",\"@id\":\"https:\\\/\\\/e-c-s.be\\\/fr\\\/formation\\\/deplacer-et-elinguer-des-charges-critiques-is-006-recyclage-participants-experimentes\\\/\",\"url\":\"https:\\\/\\\/e-c-s.be\\\/fr\\\/formation\\\/deplacer-et-elinguer-des-charges-critiques-is-006-recyclage-participants-experimentes\\\/\",\"name\":\"D\u00e9placer et Elinguer des Charges Critiques IS-006 - Recyclage (participants exp\u00e9riment\u00e9s)\",\"isPartOf\":{\"@id\":\"https:\\\/\\\/e-c-s.be\\\/fr\\\/#website\"},\"primaryImageOfPage\":{\"@id\":\"https:\\\/\\\/e-c-s.be\\\/fr\\\/formation\\\/deplacer-et-elinguer-des-charges-critiques-is-006-recyclage-participants-experimentes\\\/#primaryimage\"},\"image\":{\"@id\":\"https:\\\/\\\/e-c-s.be\\\/fr\\\/formation\\\/deplacer-et-elinguer-des-charges-critiques-is-006-recyclage-participants-experimentes\\\/#primaryimage\"},\"thumbnailUrl\":\"https:\\\/\\\/e-c-s.be\\\/wp-content\\\/uploads\\\/2025\\\/11\\\/Aanslaan_shutterstock_1958016088.jpg\",\"datePublished\":\"2026-04-24T05:01:31+00:00\",\"description\":\"Cette formation a pour objectif d&rsquo;acqu&eacute;rir les connaissances th&eacute;oriques et les aptitudes pratiques, mais &eacute;galement de comprendre les notions de base de s&eacute;curit&eacute; et d&rsquo;acqu&eacute;rir le sens des responsabilit&eacute;s et de l&rsquo;efficacit&eacute;.\",\"breadcrumb\":{\"@id\":\"https:\\\/\\\/e-c-s.be\\\/fr\\\/formation\\\/deplacer-et-elinguer-des-charges-critiques-is-006-recyclage-participants-experimentes\\\/#breadcrumb\"},\"inLanguage\":\"fr-FR\",\"potentialAction\":[{\"@type\":\"ReadAction\",\"target\":[\"https:\\\/\\\/e-c-s.be\\\/fr\\\/formation\\\/deplacer-et-elinguer-des-charges-critiques-is-006-recyclage-participants-experimentes\\\/\"]}]},{\"@type\":\"ImageObject\",\"inLanguage\":\"fr-FR\",\"@id\":\"https:\\\/\\\/e-c-s.be\\\/fr\\\/formation\\\/deplacer-et-elinguer-des-charges-critiques-is-006-recyclage-participants-experimentes\\\/#primaryimage\",\"url\":\"https:\\\/\\\/e-c-s.be\\\/wp-content\\\/uploads\\\/2025\\\/11\\\/Aanslaan_shutterstock_1958016088.jpg\",\"contentUrl\":\"https:\\\/\\\/e-c-s.be\\\/wp-content\\\/uploads\\\/2025\\\/11\\\/Aanslaan_shutterstock_1958016088.jpg\",\"width\":1000,\"height\":667},{\"@type\":\"BreadcrumbList\",\"@id\":\"https:\\\/\\\/e-c-s.be\\\/fr\\\/formation\\\/deplacer-et-elinguer-des-charges-critiques-is-006-recyclage-participants-experimentes\\\/#breadcrumb\",\"itemListElement\":[{\"@type\":\"ListItem\",\"position\":1,\"name\":\"Home\",\"item\":\"https:\\\/\\\/e-c-s.be\\\/fr\\\/\"},{\"@type\":\"ListItem\",\"position\":2,\"name\":\"Opleidingen\",\"item\":\"https:\\\/\\\/e-c-s.be\\\/fr\\\/formation\\\/\"},{\"@type\":\"ListItem\",\"position\":3,\"name\":\"D\u00e9placer et Elinguer des Charges Critiques IS-006 &#8211; Recyclage (participants exp\u00e9riment\u00e9s)\"}]},{\"@type\":\"WebSite\",\"@id\":\"https:\\\/\\\/e-c-s.be\\\/fr\\\/#website\",\"url\":\"https:\\\/\\\/e-c-s.be\\\/fr\\\/\",\"name\":\"ECS\",\"description\":\"Uw partner in veiligheid\",\"publisher\":{\"@id\":\"https:\\\/\\\/e-c-s.be\\\/fr\\\/#organization\"},\"potentialAction\":[{\"@type\":\"SearchAction\",\"target\":{\"@type\":\"EntryPoint\",\"urlTemplate\":\"https:\\\/\\\/e-c-s.be\\\/fr\\\/?s={search_term_string}\"},\"query-input\":{\"@type\":\"PropertyValueSpecification\",\"valueRequired\":true,\"valueName\":\"search_term_string\"}}],\"inLanguage\":\"fr-FR\"},{\"@type\":\"Organization\",\"@id\":\"https:\\\/\\\/e-c-s.be\\\/fr\\\/#organization\",\"name\":\"ECS\",\"url\":\"https:\\\/\\\/e-c-s.be\\\/fr\\\/\",\"logo\":{\"@type\":\"ImageObject\",\"inLanguage\":\"fr-FR\",\"@id\":\"https:\\\/\\\/e-c-s.be\\\/fr\\\/#\\\/schema\\\/logo\\\/image\\\/\",\"url\":\"https:\\\/\\\/e-c-s.be\\\/wp-content\\\/uploads\\\/2025\\\/10\\\/ecs-logo.svg\",\"contentUrl\":\"https:\\\/\\\/e-c-s.be\\\/wp-content\\\/uploads\\\/2025\\\/10\\\/ecs-logo.svg\",\"width\":1,\"height\":1,\"caption\":\"ECS\"},\"image\":{\"@id\":\"https:\\\/\\\/e-c-s.be\\\/fr\\\/#\\\/schema\\\/logo\\\/image\\\/\"},\"sameAs\":[\"https:\\\/\\\/www.linkedin.com\\\/company\\\/ecs-equans\"]}]}<\/script>\n<!-- \/ Yoast SEO plugin. -->","yoast_head_json":{"title":"D\u00e9placer et Elinguer des Charges Critiques IS-006 - Recyclage (participants exp\u00e9riment\u00e9s)","description":"Cette formation a pour objectif d&rsquo;acqu&eacute;rir les connaissances th&eacute;oriques et les aptitudes pratiques, mais &eacute;galement de comprendre les notions de base de s&eacute;curit&eacute; et d&rsquo;acqu&eacute;rir le sens des responsabilit&eacute;s et de l&rsquo;efficacit&eacute;.","robots":{"index":"index","follow":"follow","max-snippet":"max-snippet:-1","max-image-preview":"max-image-preview:large","max-video-preview":"max-video-preview:-1"},"canonical":"https:\/\/e-c-s.be\/fr\/formation\/deplacer-et-elinguer-des-charges-critiques-is-006-recyclage-participants-experimentes\/","og_locale":"fr_FR","og_type":"article","og_title":"D\u00e9placer et Elinguer des Charges Critiques IS-006 - Recyclage (participants exp\u00e9riment\u00e9s)","og_description":"Cette formation a pour objectif d&rsquo;acqu&eacute;rir les connaissances th&eacute;oriques et les aptitudes pratiques, mais &eacute;galement de comprendre les notions de base de s&eacute;curit&eacute; et d&rsquo;acqu&eacute;rir le sens des responsabilit&eacute;s et de l&rsquo;efficacit&eacute;.","og_url":"https:\/\/e-c-s.be\/fr\/formation\/deplacer-et-elinguer-des-charges-critiques-is-006-recyclage-participants-experimentes\/","og_site_name":"ECS","og_image":[{"width":1000,"height":667,"url":"https:\/\/e-c-s.be\/wp-content\/uploads\/2025\/11\/Aanslaan_shutterstock_1958016088.jpg","type":"image\/jpeg"}],"twitter_card":"summary_large_image","twitter_title":"D\u00e9placer et Elinguer des Charges Critiques IS-006 - Recyclage (participants exp\u00e9riment\u00e9s)","twitter_misc":{"Dur\u00e9e de lecture estim\u00e9e":"4 minutes"},"schema":{"@context":"https:\/\/schema.org","@graph":[{"@type":"WebPage","@id":"https:\/\/e-c-s.be\/fr\/formation\/deplacer-et-elinguer-des-charges-critiques-is-006-recyclage-participants-experimentes\/","url":"https:\/\/e-c-s.be\/fr\/formation\/deplacer-et-elinguer-des-charges-critiques-is-006-recyclage-participants-experimentes\/","name":"D\u00e9placer et Elinguer des Charges Critiques IS-006 - Recyclage (participants exp\u00e9riment\u00e9s)","isPartOf":{"@id":"https:\/\/e-c-s.be\/fr\/#website"},"primaryImageOfPage":{"@id":"https:\/\/e-c-s.be\/fr\/formation\/deplacer-et-elinguer-des-charges-critiques-is-006-recyclage-participants-experimentes\/#primaryimage"},"image":{"@id":"https:\/\/e-c-s.be\/fr\/formation\/deplacer-et-elinguer-des-charges-critiques-is-006-recyclage-participants-experimentes\/#primaryimage"},"thumbnailUrl":"https:\/\/e-c-s.be\/wp-content\/uploads\/2025\/11\/Aanslaan_shutterstock_1958016088.jpg","datePublished":"2026-04-24T05:01:31+00:00","description":"Cette formation a pour objectif d&rsquo;acqu&eacute;rir les connaissances th&eacute;oriques et les aptitudes pratiques, mais &eacute;galement de comprendre les notions de base de s&eacute;curit&eacute; et d&rsquo;acqu&eacute;rir le sens des responsabilit&eacute;s et de l&rsquo;efficacit&eacute;.","breadcrumb":{"@id":"https:\/\/e-c-s.be\/fr\/formation\/deplacer-et-elinguer-des-charges-critiques-is-006-recyclage-participants-experimentes\/#breadcrumb"},"inLanguage":"fr-FR","potentialAction":[{"@type":"ReadAction","target":["https:\/\/e-c-s.be\/fr\/formation\/deplacer-et-elinguer-des-charges-critiques-is-006-recyclage-participants-experimentes\/"]}]},{"@type":"ImageObject","inLanguage":"fr-FR","@id":"https:\/\/e-c-s.be\/fr\/formation\/deplacer-et-elinguer-des-charges-critiques-is-006-recyclage-participants-experimentes\/#primaryimage","url":"https:\/\/e-c-s.be\/wp-content\/uploads\/2025\/11\/Aanslaan_shutterstock_1958016088.jpg","contentUrl":"https:\/\/e-c-s.be\/wp-content\/uploads\/2025\/11\/Aanslaan_shutterstock_1958016088.jpg","width":1000,"height":667},{"@type":"BreadcrumbList","@id":"https:\/\/e-c-s.be\/fr\/formation\/deplacer-et-elinguer-des-charges-critiques-is-006-recyclage-participants-experimentes\/#breadcrumb","itemListElement":[{"@type":"ListItem","position":1,"name":"Home","item":"https:\/\/e-c-s.be\/fr\/"},{"@type":"ListItem","position":2,"name":"Opleidingen","item":"https:\/\/e-c-s.be\/fr\/formation\/"},{"@type":"ListItem","position":3,"name":"D\u00e9placer et Elinguer des Charges Critiques IS-006 &#8211; Recyclage (participants exp\u00e9riment\u00e9s)"}]},{"@type":"WebSite","@id":"https:\/\/e-c-s.be\/fr\/#website","url":"https:\/\/e-c-s.be\/fr\/","name":"ECS","description":"Uw partner in veiligheid","publisher":{"@id":"https:\/\/e-c-s.be\/fr\/#organization"},"potentialAction":[{"@type":"SearchAction","target":{"@type":"EntryPoint","urlTemplate":"https:\/\/e-c-s.be\/fr\/?s={search_term_string}"},"query-input":{"@type":"PropertyValueSpecification","valueRequired":true,"valueName":"search_term_string"}}],"inLanguage":"fr-FR"},{"@type":"Organization","@id":"https:\/\/e-c-s.be\/fr\/#organization","name":"ECS","url":"https:\/\/e-c-s.be\/fr\/","logo":{"@type":"ImageObject","inLanguage":"fr-FR","@id":"https:\/\/e-c-s.be\/fr\/#\/schema\/logo\/image\/","url":"https:\/\/e-c-s.be\/wp-content\/uploads\/2025\/10\/ecs-logo.svg","contentUrl":"https:\/\/e-c-s.be\/wp-content\/uploads\/2025\/10\/ecs-logo.svg","width":1,"height":1,"caption":"ECS"},"image":{"@id":"https:\/\/e-c-s.be\/fr\/#\/schema\/logo\/image\/"},"sameAs":["https:\/\/www.linkedin.com\/company\/ecs-equans"]}]}},"_links":{"self":[{"href":"https:\/\/e-c-s.be\/fr\/wp-json\/wp\/v2\/opleiding\/1041","targetHints":{"allow":["GET"]}}],"collection":[{"href":"https:\/\/e-c-s.be\/fr\/wp-json\/wp\/v2\/opleiding"}],"about":[{"href":"https:\/\/e-c-s.be\/fr\/wp-json\/wp\/v2\/types\/opleiding"}],"wp:featuredmedia":[{"embeddable":true,"href":"https:\/\/e-c-s.be\/fr\/wp-json\/wp\/v2\/media\/1235"}],"wp:attachment":[{"href":"https:\/\/e-c-s.be\/fr\/wp-json\/wp\/v2\/media?parent=1041"}],"wp:term":[{"taxonomy":"category","embeddable":true,"href":"https:\/\/e-c-s.be\/fr\/wp-json\/wp\/v2\/categories?post=1041"},{"taxonomy":"date_start","embeddable":true,"href":"https:\/\/e-c-s.be\/fr\/wp-json\/wp\/v2\/date_start?post=1041"},{"taxonomy":"center","embeddable":true,"href":"https:\/\/e-c-s.be\/fr\/wp-json\/wp\/v2\/center?post=1041"}],"curies":[{"name":"wp","href":"https:\/\/api.w.org\/{rel}","templated":true}]}}]