[{"id":1105,"date":"2026-04-28T05:01:30","date_gmt":"2026-04-28T05:01:30","guid":{"rendered":"https:\/\/ecsprd.wpenginepowered.com\/opleiding\/vca-cadres-examen\/"},"modified":"2026-04-28T05:01:30","modified_gmt":"2026-04-28T05:01:30","slug":"vca-cadres-examen","status":"publish","type":"opleiding","link":"https:\/\/e-c-s.be\/fr\/formation\/vca-cadres-examen\/","title":{"rendered":"VCA CADRES Examen"},"content":{"rendered":"<table>\n<thead>\n<tr>\n<th>Xml_node<\/th>\n<th>Content<\/th>\n<\/tr>\n<\/thead>\n<tbody>\n<tr>\n<td>programxid:<\/td>\n<td>68<\/td>\n<\/tr>\n<tr>\n<td>categoryxid:<\/td>\n<td>8<\/td>\n<\/tr>\n<tr>\n<td>categorydesc:<\/td>\n<td>VCA FR<\/td>\n<\/tr>\n<tr>\n<td>programdesc:<\/td>\n<td>VCA CADRES Examen<\/td>\n<\/tr>\n<tr>\n<td>programduration:<\/td>\n<td>1.15 h<\/td>\n<\/tr>\n<tr>\n<td>programprice1:<\/td>\n<td>75 \u20ac<\/td>\n<\/tr>\n<tr>\n<td>programpricea:<\/td>\n<td>390 \u20ac<\/td>\n<\/tr>\n<tr>\n<td>programoffer:<\/td>\n<td>Catalogue<\/td>\n<\/tr>\n<tr>\n<td>description_target_group:<\/td>\n<td>\n<p>Entreprises titulaires d&#39;un certificat VCA dont les employ&eacute;s doivent obtenir le dipl&ocirc;me &laquo; VCA Cadres &raquo;.<\/p>\n<\/td>\n<\/tr>\n<tr>\n<td>description_objectives:<\/td>\n<td>L&rsquo;objectif du cours de formation \u00e0 la s\u00e9curit\u00e9 du VCA Vol est de fournir des informations sur la s\u00e9curit\u00e9, la sant\u00e9 et le bien-\u00eatre au travail. Les th\u00e8mes abord\u00e9s sont choisis de mani\u00e8re \u00e0 refl\u00e9ter les conditions et les risques des diff\u00e9rentes situations de travail auxquelles vous pouvez \u00eatre confront\u00e9 en tant que superviseur. Vos devoirs et responsabilit\u00e9s en tant que superviseur, ainsi que les moyens dont vous disposez pour influencer la s\u00e9curit\u00e9, vous permettent d&rsquo;\u00e9valuer diff\u00e9rentes situations de travail sous l&rsquo;angle de la \u00ab\u00a0s\u00e9curit\u00e9\u00a0\u00bb<\/td>\n<\/tr>\n<tr>\n<td>description_content:<\/td>\n<td>\n<p>Uniquement l&rsquo;examen.<\/p>\n<\/td>\n<\/tr>\n<tr>\n<td>description_requirements:<\/td>\n<td>\n<p>Non<\/p>\n<\/td>\n<\/tr>\n<tr>\n<td>description_prerequisite:<\/td>\n<td><\/td>\n<\/tr>\n<tr>\n<td>description_pedagogical_approach:<\/td>\n<td><\/td>\n<\/tr>\n<tr>\n<td>description_responsable_program:<\/td>\n<td>\n<p>Villers-le-Bouillet,&nbsp;Suarl&eacute;e, Bruxelles<\/p>\n<\/td>\n<\/tr>\n<tr>\n<td>description_duration:<\/td>\n<td>\n<p>1h15.<\/p>\n<\/td>\n<\/tr>\n<tr>\n<td>description_certification_period:<\/td>\n<td>\n<p>Validit&eacute; de 10 ans.<\/p>\n<\/td>\n<\/tr>\n<tr>\n<td>description_additional_information:<\/td>\n<td>\n<p>Uniquement l&rsquo;examen.<\/p>\n<\/td>\n<\/tr>\n<tr>\n<td>description_summary:<\/td>\n<td><\/td>\n<\/tr>\n<tr>\n<td>description_short_summary:<\/td>\n<td>\n<p><span style=\"color: rgb(0, 36, 57); font-family: Roboto, -apple-system, BlinkMacSystemFont, &quot;Segoe UI&quot;, Oxygen-Sans, Ubuntu, Cantarell, &quot;Helvetica Neue&quot;, sans-serif, Roboto, -apple-system, BlinkMacSystemFont, &quot;Segoe UI&quot;, Oxygen-Sans, Ubuntu, Cantarell, &quot;Helvetica Neue&quot;, sans-serif; font-size: 16px; background-color: rgb(255, 255, 255);\">Sensibiliser les employ&eacute;s &agrave; la s&eacute;curit&eacute;, &agrave; la sant&eacute; et au bien-&ecirc;tre au travail. Les th&egrave;mes de formation ont &eacute;t&eacute; choisis en fonction des diff&eacute;rentes conditions de travail et des risques auxquels les employ&eacute;s sont expos&eacute;s. L&#39;examen VCA permet de valider ces acquis<\/span><\/p>\n<\/td>\n<\/tr>\n<tr>\n<td>programimage:<\/td>\n<td>https:\/\/ecs.eduaxis.net\/files\/images\/program%20images\/Examen_shutterstock_586037573.jpg<\/td>\n<\/tr>\n<tr>\n<td>programimage:<\/td>\n<td>https:\/\/ecs.eduaxis.net\/files\/images\/program%20images\/Examen_shutterstock_586037573.jpg<\/td>\n<\/tr>\n<\/tbody>\n<\/table>\n","protected":false},"excerpt":{"rendered":"<p>Description: <\/p>\n<p>Sensibiliser les employ\u00e9s \u00e0 la s\u00e9curit\u00e9, \u00e0 la sant\u00e9 et au bien-\u00eatre au travail. Les th\u00e8mes de formation ont \u00e9t\u00e9 choisis en fonction des diff\u00e9rentes conditions de travail et des risques auxquels les employ\u00e9s sont expos\u00e9s. L&rsquo;examen VCA permet de valider ces acquis<\/p>\n","protected":false},"featured_media":1251,"menu_order":0,"template":"","format":"standard","meta":[],"categories":[],"date_start":[368,655,416,307,633,637,371,453,575,627,286,438,643,636,334,638,300,327],"center":[78,581,275],"class_list":["post-1105","opleiding","type-opleiding","status-publish","format-standard","has-post-thumbnail","hentry","date_start-05-mei-2026","date_start-06-oktober-2026","date_start-08-december-2026","date_start-09-juni-2026","date_start-10-november-2026","date_start-11-augustus-2026","date_start-12-mei-2026","date_start-13-mei-2026","date_start-13-mei-2026-fr","date_start-16-december-2026","date_start-16-juli-2026","date_start-16-september-2026","date_start-22-september-2026","date_start-23-juni-2026","date_start-27-augustus-2026","date_start-27-oktober-2026","date_start-28-mei-2026","date_start-30-april-2026","center-brussels","center-brussels-fr","center-villers-le-bouillet"],"yoast_head":"<!-- This site is optimized with the Yoast SEO plugin v27.4 - https:\/\/yoast.com\/product\/yoast-seo-wordpress\/ -->\n<title>VCA CADRES Examen<\/title>\n<meta name=\"description\" content=\"Sensibiliser les employ&eacute;s &agrave; la s&eacute;curit&eacute;, &agrave; la sant&eacute; et au bien-&ecirc;tre au travail. Les th&egrave;mes de formation ont &eacute;t&eacute; choisis en fonction des diff&eacute;rentes conditions de travail et des risques auxquels les employ&eacute;s sont expos&eacute;s. L&#039;examen VCA permet de valider ces acquis\" \/>\n<meta name=\"robots\" content=\"index, follow, max-snippet:-1, max-image-preview:large, max-video-preview:-1\" \/>\n<link rel=\"canonical\" href=\"https:\/\/e-c-s.be\/fr\/formation\/vca-cadres-examen\/\" \/>\n<meta property=\"og:locale\" content=\"fr_FR\" \/>\n<meta property=\"og:type\" content=\"article\" \/>\n<meta property=\"og:title\" content=\"VCA CADRES Examen\" \/>\n<meta property=\"og:description\" content=\"Sensibiliser les employ&eacute;s &agrave; la s&eacute;curit&eacute;, &agrave; la sant&eacute; et au bien-&ecirc;tre au travail. Les th&egrave;mes de formation ont &eacute;t&eacute; choisis en fonction des diff&eacute;rentes conditions de travail et des risques auxquels les employ&eacute;s sont expos&eacute;s. L&#039;examen VCA permet de valider ces acquis\" \/>\n<meta property=\"og:url\" content=\"https:\/\/e-c-s.be\/fr\/formation\/vca-cadres-examen\/\" \/>\n<meta property=\"og:site_name\" content=\"ECS\" \/>\n<meta property=\"og:image\" content=\"https:\/\/e-c-s.be\/wp-content\/uploads\/2025\/11\/Examen_shutterstock_586037573.jpg\" \/>\n\t<meta property=\"og:image:width\" content=\"500\" \/>\n\t<meta property=\"og:image:height\" content=\"282\" \/>\n\t<meta property=\"og:image:type\" content=\"image\/jpeg\" \/>\n<meta name=\"twitter:card\" content=\"summary_large_image\" \/>\n<meta name=\"twitter:title\" content=\"VCA CADRES Examen\" \/>\n<meta name=\"twitter:label1\" content=\"Dur\u00e9e de lecture estim\u00e9e\" \/>\n\t<meta name=\"twitter:data1\" content=\"1 minute\" \/>\n<script type=\"application\/ld+json\" class=\"yoast-schema-graph\">{\"@context\":\"https:\\\/\\\/schema.org\",\"@graph\":[{\"@type\":\"WebPage\",\"@id\":\"https:\\\/\\\/e-c-s.be\\\/fr\\\/formation\\\/vca-cadres-examen\\\/\",\"url\":\"https:\\\/\\\/e-c-s.be\\\/fr\\\/formation\\\/vca-cadres-examen\\\/\",\"name\":\"VCA CADRES Examen\",\"isPartOf\":{\"@id\":\"https:\\\/\\\/e-c-s.be\\\/fr\\\/#website\"},\"primaryImageOfPage\":{\"@id\":\"https:\\\/\\\/e-c-s.be\\\/fr\\\/formation\\\/vca-cadres-examen\\\/#primaryimage\"},\"image\":{\"@id\":\"https:\\\/\\\/e-c-s.be\\\/fr\\\/formation\\\/vca-cadres-examen\\\/#primaryimage\"},\"thumbnailUrl\":\"https:\\\/\\\/e-c-s.be\\\/wp-content\\\/uploads\\\/2025\\\/11\\\/Examen_shutterstock_586037573.jpg\",\"datePublished\":\"2026-04-28T05:01:30+00:00\",\"description\":\"Sensibiliser les employ&eacute;s &agrave; la s&eacute;curit&eacute;, &agrave; la sant&eacute; et au bien-&ecirc;tre au travail. Les th&egrave;mes de formation ont &eacute;t&eacute; choisis en fonction des diff&eacute;rentes conditions de travail et des risques auxquels les employ&eacute;s sont expos&eacute;s. L&#39;examen VCA permet de valider ces acquis\",\"breadcrumb\":{\"@id\":\"https:\\\/\\\/e-c-s.be\\\/fr\\\/formation\\\/vca-cadres-examen\\\/#breadcrumb\"},\"inLanguage\":\"fr-FR\",\"potentialAction\":[{\"@type\":\"ReadAction\",\"target\":[\"https:\\\/\\\/e-c-s.be\\\/fr\\\/formation\\\/vca-cadres-examen\\\/\"]}]},{\"@type\":\"ImageObject\",\"inLanguage\":\"fr-FR\",\"@id\":\"https:\\\/\\\/e-c-s.be\\\/fr\\\/formation\\\/vca-cadres-examen\\\/#primaryimage\",\"url\":\"https:\\\/\\\/e-c-s.be\\\/wp-content\\\/uploads\\\/2025\\\/11\\\/Examen_shutterstock_586037573.jpg\",\"contentUrl\":\"https:\\\/\\\/e-c-s.be\\\/wp-content\\\/uploads\\\/2025\\\/11\\\/Examen_shutterstock_586037573.jpg\",\"width\":500,\"height\":282},{\"@type\":\"BreadcrumbList\",\"@id\":\"https:\\\/\\\/e-c-s.be\\\/fr\\\/formation\\\/vca-cadres-examen\\\/#breadcrumb\",\"itemListElement\":[{\"@type\":\"ListItem\",\"position\":1,\"name\":\"Home\",\"item\":\"https:\\\/\\\/e-c-s.be\\\/fr\\\/\"},{\"@type\":\"ListItem\",\"position\":2,\"name\":\"Opleidingen\",\"item\":\"https:\\\/\\\/e-c-s.be\\\/fr\\\/formation\\\/\"},{\"@type\":\"ListItem\",\"position\":3,\"name\":\"VCA CADRES Examen\"}]},{\"@type\":\"WebSite\",\"@id\":\"https:\\\/\\\/e-c-s.be\\\/fr\\\/#website\",\"url\":\"https:\\\/\\\/e-c-s.be\\\/fr\\\/\",\"name\":\"ECS\",\"description\":\"Uw partner in veiligheid\",\"publisher\":{\"@id\":\"https:\\\/\\\/e-c-s.be\\\/fr\\\/#organization\"},\"potentialAction\":[{\"@type\":\"SearchAction\",\"target\":{\"@type\":\"EntryPoint\",\"urlTemplate\":\"https:\\\/\\\/e-c-s.be\\\/fr\\\/?s={search_term_string}\"},\"query-input\":{\"@type\":\"PropertyValueSpecification\",\"valueRequired\":true,\"valueName\":\"search_term_string\"}}],\"inLanguage\":\"fr-FR\"},{\"@type\":\"Organization\",\"@id\":\"https:\\\/\\\/e-c-s.be\\\/fr\\\/#organization\",\"name\":\"ECS\",\"url\":\"https:\\\/\\\/e-c-s.be\\\/fr\\\/\",\"logo\":{\"@type\":\"ImageObject\",\"inLanguage\":\"fr-FR\",\"@id\":\"https:\\\/\\\/e-c-s.be\\\/fr\\\/#\\\/schema\\\/logo\\\/image\\\/\",\"url\":\"https:\\\/\\\/e-c-s.be\\\/wp-content\\\/uploads\\\/2025\\\/10\\\/ecs-logo.svg\",\"contentUrl\":\"https:\\\/\\\/e-c-s.be\\\/wp-content\\\/uploads\\\/2025\\\/10\\\/ecs-logo.svg\",\"width\":1,\"height\":1,\"caption\":\"ECS\"},\"image\":{\"@id\":\"https:\\\/\\\/e-c-s.be\\\/fr\\\/#\\\/schema\\\/logo\\\/image\\\/\"},\"sameAs\":[\"https:\\\/\\\/www.linkedin.com\\\/company\\\/ecs-equans\"]}]}<\/script>\n<!-- \/ Yoast SEO plugin. -->","yoast_head_json":{"title":"VCA CADRES Examen","description":"Sensibiliser les employ&eacute;s &agrave; la s&eacute;curit&eacute;, &agrave; la sant&eacute; et au bien-&ecirc;tre au travail. Les th&egrave;mes de formation ont &eacute;t&eacute; choisis en fonction des diff&eacute;rentes conditions de travail et des risques auxquels les employ&eacute;s sont expos&eacute;s. L&#39;examen VCA permet de valider ces acquis","robots":{"index":"index","follow":"follow","max-snippet":"max-snippet:-1","max-image-preview":"max-image-preview:large","max-video-preview":"max-video-preview:-1"},"canonical":"https:\/\/e-c-s.be\/fr\/formation\/vca-cadres-examen\/","og_locale":"fr_FR","og_type":"article","og_title":"VCA CADRES Examen","og_description":"Sensibiliser les employ&eacute;s &agrave; la s&eacute;curit&eacute;, &agrave; la sant&eacute; et au bien-&ecirc;tre au travail. Les th&egrave;mes de formation ont &eacute;t&eacute; choisis en fonction des diff&eacute;rentes conditions de travail et des risques auxquels les employ&eacute;s sont expos&eacute;s. L&#39;examen VCA permet de valider ces acquis","og_url":"https:\/\/e-c-s.be\/fr\/formation\/vca-cadres-examen\/","og_site_name":"ECS","og_image":[{"width":500,"height":282,"url":"https:\/\/e-c-s.be\/wp-content\/uploads\/2025\/11\/Examen_shutterstock_586037573.jpg","type":"image\/jpeg"}],"twitter_card":"summary_large_image","twitter_title":"VCA CADRES Examen","twitter_misc":{"Dur\u00e9e de lecture estim\u00e9e":"1 minute"},"schema":{"@context":"https:\/\/schema.org","@graph":[{"@type":"WebPage","@id":"https:\/\/e-c-s.be\/fr\/formation\/vca-cadres-examen\/","url":"https:\/\/e-c-s.be\/fr\/formation\/vca-cadres-examen\/","name":"VCA CADRES Examen","isPartOf":{"@id":"https:\/\/e-c-s.be\/fr\/#website"},"primaryImageOfPage":{"@id":"https:\/\/e-c-s.be\/fr\/formation\/vca-cadres-examen\/#primaryimage"},"image":{"@id":"https:\/\/e-c-s.be\/fr\/formation\/vca-cadres-examen\/#primaryimage"},"thumbnailUrl":"https:\/\/e-c-s.be\/wp-content\/uploads\/2025\/11\/Examen_shutterstock_586037573.jpg","datePublished":"2026-04-28T05:01:30+00:00","description":"Sensibiliser les employ&eacute;s &agrave; la s&eacute;curit&eacute;, &agrave; la sant&eacute; et au bien-&ecirc;tre au travail. Les th&egrave;mes de formation ont &eacute;t&eacute; choisis en fonction des diff&eacute;rentes conditions de travail et des risques auxquels les employ&eacute;s sont expos&eacute;s. L&#39;examen VCA permet de valider ces acquis","breadcrumb":{"@id":"https:\/\/e-c-s.be\/fr\/formation\/vca-cadres-examen\/#breadcrumb"},"inLanguage":"fr-FR","potentialAction":[{"@type":"ReadAction","target":["https:\/\/e-c-s.be\/fr\/formation\/vca-cadres-examen\/"]}]},{"@type":"ImageObject","inLanguage":"fr-FR","@id":"https:\/\/e-c-s.be\/fr\/formation\/vca-cadres-examen\/#primaryimage","url":"https:\/\/e-c-s.be\/wp-content\/uploads\/2025\/11\/Examen_shutterstock_586037573.jpg","contentUrl":"https:\/\/e-c-s.be\/wp-content\/uploads\/2025\/11\/Examen_shutterstock_586037573.jpg","width":500,"height":282},{"@type":"BreadcrumbList","@id":"https:\/\/e-c-s.be\/fr\/formation\/vca-cadres-examen\/#breadcrumb","itemListElement":[{"@type":"ListItem","position":1,"name":"Home","item":"https:\/\/e-c-s.be\/fr\/"},{"@type":"ListItem","position":2,"name":"Opleidingen","item":"https:\/\/e-c-s.be\/fr\/formation\/"},{"@type":"ListItem","position":3,"name":"VCA CADRES Examen"}]},{"@type":"WebSite","@id":"https:\/\/e-c-s.be\/fr\/#website","url":"https:\/\/e-c-s.be\/fr\/","name":"ECS","description":"Uw partner in veiligheid","publisher":{"@id":"https:\/\/e-c-s.be\/fr\/#organization"},"potentialAction":[{"@type":"SearchAction","target":{"@type":"EntryPoint","urlTemplate":"https:\/\/e-c-s.be\/fr\/?s={search_term_string}"},"query-input":{"@type":"PropertyValueSpecification","valueRequired":true,"valueName":"search_term_string"}}],"inLanguage":"fr-FR"},{"@type":"Organization","@id":"https:\/\/e-c-s.be\/fr\/#organization","name":"ECS","url":"https:\/\/e-c-s.be\/fr\/","logo":{"@type":"ImageObject","inLanguage":"fr-FR","@id":"https:\/\/e-c-s.be\/fr\/#\/schema\/logo\/image\/","url":"https:\/\/e-c-s.be\/wp-content\/uploads\/2025\/10\/ecs-logo.svg","contentUrl":"https:\/\/e-c-s.be\/wp-content\/uploads\/2025\/10\/ecs-logo.svg","width":1,"height":1,"caption":"ECS"},"image":{"@id":"https:\/\/e-c-s.be\/fr\/#\/schema\/logo\/image\/"},"sameAs":["https:\/\/www.linkedin.com\/company\/ecs-equans"]}]}},"_links":{"self":[{"href":"https:\/\/e-c-s.be\/fr\/wp-json\/wp\/v2\/opleiding\/1105","targetHints":{"allow":["GET"]}}],"collection":[{"href":"https:\/\/e-c-s.be\/fr\/wp-json\/wp\/v2\/opleiding"}],"about":[{"href":"https:\/\/e-c-s.be\/fr\/wp-json\/wp\/v2\/types\/opleiding"}],"wp:featuredmedia":[{"embeddable":true,"href":"https:\/\/e-c-s.be\/fr\/wp-json\/wp\/v2\/media\/1251"}],"wp:attachment":[{"href":"https:\/\/e-c-s.be\/fr\/wp-json\/wp\/v2\/media?parent=1105"}],"wp:term":[{"taxonomy":"category","embeddable":true,"href":"https:\/\/e-c-s.be\/fr\/wp-json\/wp\/v2\/categories?post=1105"},{"taxonomy":"date_start","embeddable":true,"href":"https:\/\/e-c-s.be\/fr\/wp-json\/wp\/v2\/date_start?post=1105"},{"taxonomy":"center","embeddable":true,"href":"https:\/\/e-c-s.be\/fr\/wp-json\/wp\/v2\/center?post=1105"}],"curies":[{"name":"wp","href":"https:\/\/api.w.org\/{rel}","templated":true}]}},{"id":1103,"date":"2026-04-28T05:01:30","date_gmt":"2026-04-28T05:01:30","guid":{"rendered":"https:\/\/ecsprd.wpenginepowered.com\/opleiding\/vca-base-examen\/"},"modified":"2026-04-28T05:01:30","modified_gmt":"2026-04-28T05:01:30","slug":"vca-base-examen","status":"publish","type":"opleiding","link":"https:\/\/e-c-s.be\/fr\/formation\/vca-base-examen\/","title":{"rendered":"VCA BASE Examen"},"content":{"rendered":"<table>\n<thead>\n<tr>\n<th>Xml_node<\/th>\n<th>Content<\/th>\n<\/tr>\n<\/thead>\n<tbody>\n<tr>\n<td>programxid:<\/td>\n<td>67<\/td>\n<\/tr>\n<tr>\n<td>categoryxid:<\/td>\n<td>8<\/td>\n<\/tr>\n<tr>\n<td>categorydesc:<\/td>\n<td>VCA FR<\/td>\n<\/tr>\n<tr>\n<td>programdesc:<\/td>\n<td>VCA BASE Examen<\/td>\n<\/tr>\n<tr>\n<td>programduration:<\/td>\n<td>1 h<\/td>\n<\/tr>\n<tr>\n<td>programprice1:<\/td>\n<td>65 \u20ac<\/td>\n<\/tr>\n<tr>\n<td>programpricea:<\/td>\n<td>390 \u20ac<\/td>\n<\/tr>\n<tr>\n<td>programoffer:<\/td>\n<td>Catalogue<\/td>\n<\/tr>\n<tr>\n<td>description_target_group:<\/td>\n<td>\n<p>&lt;span style=&quot;color: rgb(0, 36, 57); font-family: Roboto, -apple-system, BlinkMacSystemFont, &quot; segoe=&quot;&quot; ui&quot;,=&quot;&quot; oxygen-sans,=&quot;&quot; ubuntu,=&quot;&quot; cantarell,=&quot;&quot; &quot;helvetica=&quot;&quot; neue&quot;,=&quot;&quot; sans-serif,=&quot;&quot; roboto,=&quot;&quot; -apple-system,=&quot;&quot; blinkmacsystemfont,=&quot;&quot; &quot;segoe=&quot;&quot; sans-serif;=&quot;&quot; font-size:=&quot;&quot; 16px;=&quot;&quot; background-color:=&quot;&quot; rgb(255,=&quot;&quot; 255,=&quot;&quot; 255);&quot;=&quot;&quot;&gt;Les entreprises titulaires d&#39;un certificat VCA dont les employ&eacute;s sont tenus d&#39;obtenir le dipl&ocirc;me &laquo;&nbsp;VCA de base&nbsp;&raquo; doivent r&eacute;ussir l&#39;examen.<\/p>\n<\/td>\n<\/tr>\n<tr>\n<td>description_objectives:<\/td>\n<td>\n<p>L&rsquo;objectif du cours de formation \u00e0 la s\u00e9curit\u00e9 VCA base est de sensibiliser les employ\u00e9s \u00e0 la s\u00e9curit\u00e9, \u00e0 la sant\u00e9 et au bien-\u00eatre au travail. Les th\u00e8mes de la formation sont choisis en fonction des diff\u00e9rentes conditions de travail et des risques auxquels les employ\u00e9s sont confront\u00e9s. La formation leur permet d&rsquo;\u00e9valuer diff\u00e9rentes situations de travail en tenant compte de la s\u00e9curit\u00e9. En m\u00eame temps, cette formation constitue une pr\u00e9paration approfondie \u00e0 l&rsquo;examen du VCA qui suivra.<\/p>\n<\/td>\n<\/tr>\n<tr>\n<td>description_content:<\/td>\n<td>\n<p>Uniquement l&rsquo;examen.<\/p>\n<\/td>\n<\/tr>\n<tr>\n<td>description_requirements:<\/td>\n<td>\n<p>Non<\/p>\n<\/td>\n<\/tr>\n<tr>\n<td>description_prerequisite:<\/td>\n<td><\/td>\n<\/tr>\n<tr>\n<td>description_pedagogical_approach:<\/td>\n<td><\/td>\n<\/tr>\n<tr>\n<td>description_responsable_program:<\/td>\n<td>\n<p>Villers-le-Bouillet,&nbsp;Suarl&eacute;e, Bruxelles<\/p>\n<\/td>\n<\/tr>\n<tr>\n<td>description_duration:<\/td>\n<td>\n<p>1h.<\/p>\n<\/td>\n<\/tr>\n<tr>\n<td>description_certification_period:<\/td>\n<td>\n<p>&lt;span style=&quot;color: rgb(0, 36, 57); font-family: Roboto, -apple-system, BlinkMacSystemFont, &quot; segoe=&quot;&quot; ui&quot;,=&quot;&quot; oxygen-sans,=&quot;&quot; ubuntu,=&quot;&quot; cantarell,=&quot;&quot; &quot;helvetica=&quot;&quot; neue&quot;,=&quot;&quot; sans-serif,=&quot;&quot; roboto,=&quot;&quot; -apple-system,=&quot;&quot; blinkmacsystemfont,=&quot;&quot; &quot;segoe=&quot;&quot; sans-serif;=&quot;&quot; font-size:=&quot;&quot; 16px;=&quot;&quot; background-color:=&quot;&quot; rgb(255,=&quot;&quot; 255,=&quot;&quot; 255);&quot;=&quot;&quot;&gt;Les candidats qui r&eacute;ussissent l&#39;&eacute;preuve th&eacute;orique re&ccedil;oivent un certificat reconnu d&#39;une dur&eacute;e de validit&eacute; de 10 ans.<\/p>\n<\/td>\n<\/tr>\n<tr>\n<td>description_additional_information:<\/td>\n<td>\n<p>Uniquement l&rsquo;examen.<\/p>\n<\/td>\n<\/tr>\n<tr>\n<td>description_summary:<\/td>\n<td><\/td>\n<\/tr>\n<tr>\n<td>description_short_summary:<\/td>\n<td>\n<p><span style=\"color: rgb(0, 36, 57); font-family: Roboto, -apple-system, BlinkMacSystemFont, &quot;Segoe UI&quot;, Oxygen-Sans, Ubuntu, Cantarell, &quot;Helvetica Neue&quot;, sans-serif, Roboto, -apple-system, BlinkMacSystemFont, &quot;Segoe UI&quot;, Oxygen-Sans, Ubuntu, Cantarell, &quot;Helvetica Neue&quot;, sans-serif; font-size: 16px; background-color: rgb(255, 255, 255);\">Sensibiliser les employ&eacute;s &agrave; la s&eacute;curit&eacute;, &agrave; la sant&eacute; et au bien-&ecirc;tre au travail. Les th&egrave;mes de formation ont &eacute;t&eacute; choisis en fonction des diff&eacute;rentes conditions de travail et des risques auxquels les employ&eacute;s sont expos&eacute;s. L&#39;examen VCA permet de valider ces acquis.<\/span><\/p>\n<\/td>\n<\/tr>\n<tr>\n<td>programimage:<\/td>\n<td>https:\/\/ecs.eduaxis.net\/files\/images\/program%20images\/Examen_shutterstock_586037573.jpg<\/td>\n<\/tr>\n<tr>\n<td>programimage:<\/td>\n<td>https:\/\/ecs.eduaxis.net\/files\/images\/program%20images\/Examen_shutterstock_586037573.jpg<\/td>\n<\/tr>\n<\/tbody>\n<\/table>\n","protected":false},"excerpt":{"rendered":"<p>Description: <\/p>\n<p>Sensibiliser les employ\u00e9s \u00e0 la s\u00e9curit\u00e9, \u00e0 la sant\u00e9 et au bien-\u00eatre au travail. Les th\u00e8mes de formation ont \u00e9t\u00e9 choisis en fonction des diff\u00e9rentes conditions de travail et des risques auxquels les employ\u00e9s sont expos\u00e9s. L&rsquo;examen VCA permet de valider ces acquis.<\/p>\n","protected":false},"featured_media":1251,"menu_order":0,"template":"","format":"standard","meta":[],"categories":[],"date_start":[368,655,416,307,633,637,371,453,575,627,286,438,643,636,334,638,300,327],"center":[78,581,275],"class_list":["post-1103","opleiding","type-opleiding","status-publish","format-standard","has-post-thumbnail","hentry","date_start-05-mei-2026","date_start-06-oktober-2026","date_start-08-december-2026","date_start-09-juni-2026","date_start-10-november-2026","date_start-11-augustus-2026","date_start-12-mei-2026","date_start-13-mei-2026","date_start-13-mei-2026-fr","date_start-16-december-2026","date_start-16-juli-2026","date_start-16-september-2026","date_start-22-september-2026","date_start-23-juni-2026","date_start-27-augustus-2026","date_start-27-oktober-2026","date_start-28-mei-2026","date_start-30-april-2026","center-brussels","center-brussels-fr","center-villers-le-bouillet"],"yoast_head":"<!-- This site is optimized with the Yoast SEO plugin v27.4 - https:\/\/yoast.com\/product\/yoast-seo-wordpress\/ -->\n<title>VCA BASE Examen<\/title>\n<meta name=\"description\" content=\"Sensibiliser les employ&eacute;s &agrave; la s&eacute;curit&eacute;, &agrave; la sant&eacute; et au bien-&ecirc;tre au travail. Les th&egrave;mes de formation ont &eacute;t&eacute; choisis en fonction des diff&eacute;rentes conditions de travail et des risques auxquels les employ&eacute;s sont expos&eacute;s. L&#039;examen VCA permet de valider ces acquis.\" \/>\n<meta name=\"robots\" content=\"index, follow, max-snippet:-1, max-image-preview:large, max-video-preview:-1\" \/>\n<link rel=\"canonical\" href=\"https:\/\/e-c-s.be\/fr\/formation\/vca-base-examen\/\" \/>\n<meta property=\"og:locale\" content=\"fr_FR\" \/>\n<meta property=\"og:type\" content=\"article\" \/>\n<meta property=\"og:title\" content=\"VCA BASE Examen\" \/>\n<meta property=\"og:description\" content=\"Sensibiliser les employ&eacute;s &agrave; la s&eacute;curit&eacute;, &agrave; la sant&eacute; et au bien-&ecirc;tre au travail. Les th&egrave;mes de formation ont &eacute;t&eacute; choisis en fonction des diff&eacute;rentes conditions de travail et des risques auxquels les employ&eacute;s sont expos&eacute;s. L&#039;examen VCA permet de valider ces acquis.\" \/>\n<meta property=\"og:url\" content=\"https:\/\/e-c-s.be\/fr\/formation\/vca-base-examen\/\" \/>\n<meta property=\"og:site_name\" content=\"ECS\" \/>\n<meta property=\"og:image\" content=\"https:\/\/e-c-s.be\/wp-content\/uploads\/2025\/11\/Examen_shutterstock_586037573.jpg\" \/>\n\t<meta property=\"og:image:width\" content=\"500\" \/>\n\t<meta property=\"og:image:height\" content=\"282\" \/>\n\t<meta property=\"og:image:type\" content=\"image\/jpeg\" \/>\n<meta name=\"twitter:card\" content=\"summary_large_image\" \/>\n<meta name=\"twitter:title\" content=\"VCA BASE Examen\" \/>\n<meta name=\"twitter:label1\" content=\"Dur\u00e9e de lecture estim\u00e9e\" \/>\n\t<meta name=\"twitter:data1\" content=\"2 minutes\" \/>\n<script type=\"application\/ld+json\" class=\"yoast-schema-graph\">{\"@context\":\"https:\\\/\\\/schema.org\",\"@graph\":[{\"@type\":\"WebPage\",\"@id\":\"https:\\\/\\\/e-c-s.be\\\/fr\\\/formation\\\/vca-base-examen\\\/\",\"url\":\"https:\\\/\\\/e-c-s.be\\\/fr\\\/formation\\\/vca-base-examen\\\/\",\"name\":\"VCA BASE Examen\",\"isPartOf\":{\"@id\":\"https:\\\/\\\/e-c-s.be\\\/fr\\\/#website\"},\"primaryImageOfPage\":{\"@id\":\"https:\\\/\\\/e-c-s.be\\\/fr\\\/formation\\\/vca-base-examen\\\/#primaryimage\"},\"image\":{\"@id\":\"https:\\\/\\\/e-c-s.be\\\/fr\\\/formation\\\/vca-base-examen\\\/#primaryimage\"},\"thumbnailUrl\":\"https:\\\/\\\/e-c-s.be\\\/wp-content\\\/uploads\\\/2025\\\/11\\\/Examen_shutterstock_586037573.jpg\",\"datePublished\":\"2026-04-28T05:01:30+00:00\",\"description\":\"Sensibiliser les employ&eacute;s &agrave; la s&eacute;curit&eacute;, &agrave; la sant&eacute; et au bien-&ecirc;tre au travail. Les th&egrave;mes de formation ont &eacute;t&eacute; choisis en fonction des diff&eacute;rentes conditions de travail et des risques auxquels les employ&eacute;s sont expos&eacute;s. L&#39;examen VCA permet de valider ces acquis.\",\"breadcrumb\":{\"@id\":\"https:\\\/\\\/e-c-s.be\\\/fr\\\/formation\\\/vca-base-examen\\\/#breadcrumb\"},\"inLanguage\":\"fr-FR\",\"potentialAction\":[{\"@type\":\"ReadAction\",\"target\":[\"https:\\\/\\\/e-c-s.be\\\/fr\\\/formation\\\/vca-base-examen\\\/\"]}]},{\"@type\":\"ImageObject\",\"inLanguage\":\"fr-FR\",\"@id\":\"https:\\\/\\\/e-c-s.be\\\/fr\\\/formation\\\/vca-base-examen\\\/#primaryimage\",\"url\":\"https:\\\/\\\/e-c-s.be\\\/wp-content\\\/uploads\\\/2025\\\/11\\\/Examen_shutterstock_586037573.jpg\",\"contentUrl\":\"https:\\\/\\\/e-c-s.be\\\/wp-content\\\/uploads\\\/2025\\\/11\\\/Examen_shutterstock_586037573.jpg\",\"width\":500,\"height\":282},{\"@type\":\"BreadcrumbList\",\"@id\":\"https:\\\/\\\/e-c-s.be\\\/fr\\\/formation\\\/vca-base-examen\\\/#breadcrumb\",\"itemListElement\":[{\"@type\":\"ListItem\",\"position\":1,\"name\":\"Home\",\"item\":\"https:\\\/\\\/e-c-s.be\\\/fr\\\/\"},{\"@type\":\"ListItem\",\"position\":2,\"name\":\"Opleidingen\",\"item\":\"https:\\\/\\\/e-c-s.be\\\/fr\\\/formation\\\/\"},{\"@type\":\"ListItem\",\"position\":3,\"name\":\"VCA BASE Examen\"}]},{\"@type\":\"WebSite\",\"@id\":\"https:\\\/\\\/e-c-s.be\\\/fr\\\/#website\",\"url\":\"https:\\\/\\\/e-c-s.be\\\/fr\\\/\",\"name\":\"ECS\",\"description\":\"Uw partner in veiligheid\",\"publisher\":{\"@id\":\"https:\\\/\\\/e-c-s.be\\\/fr\\\/#organization\"},\"potentialAction\":[{\"@type\":\"SearchAction\",\"target\":{\"@type\":\"EntryPoint\",\"urlTemplate\":\"https:\\\/\\\/e-c-s.be\\\/fr\\\/?s={search_term_string}\"},\"query-input\":{\"@type\":\"PropertyValueSpecification\",\"valueRequired\":true,\"valueName\":\"search_term_string\"}}],\"inLanguage\":\"fr-FR\"},{\"@type\":\"Organization\",\"@id\":\"https:\\\/\\\/e-c-s.be\\\/fr\\\/#organization\",\"name\":\"ECS\",\"url\":\"https:\\\/\\\/e-c-s.be\\\/fr\\\/\",\"logo\":{\"@type\":\"ImageObject\",\"inLanguage\":\"fr-FR\",\"@id\":\"https:\\\/\\\/e-c-s.be\\\/fr\\\/#\\\/schema\\\/logo\\\/image\\\/\",\"url\":\"https:\\\/\\\/e-c-s.be\\\/wp-content\\\/uploads\\\/2025\\\/10\\\/ecs-logo.svg\",\"contentUrl\":\"https:\\\/\\\/e-c-s.be\\\/wp-content\\\/uploads\\\/2025\\\/10\\\/ecs-logo.svg\",\"width\":1,\"height\":1,\"caption\":\"ECS\"},\"image\":{\"@id\":\"https:\\\/\\\/e-c-s.be\\\/fr\\\/#\\\/schema\\\/logo\\\/image\\\/\"},\"sameAs\":[\"https:\\\/\\\/www.linkedin.com\\\/company\\\/ecs-equans\"]}]}<\/script>\n<!-- \/ Yoast SEO plugin. -->","yoast_head_json":{"title":"VCA BASE Examen","description":"Sensibiliser les employ&eacute;s &agrave; la s&eacute;curit&eacute;, &agrave; la sant&eacute; et au bien-&ecirc;tre au travail. Les th&egrave;mes de formation ont &eacute;t&eacute; choisis en fonction des diff&eacute;rentes conditions de travail et des risques auxquels les employ&eacute;s sont expos&eacute;s. L&#39;examen VCA permet de valider ces acquis.","robots":{"index":"index","follow":"follow","max-snippet":"max-snippet:-1","max-image-preview":"max-image-preview:large","max-video-preview":"max-video-preview:-1"},"canonical":"https:\/\/e-c-s.be\/fr\/formation\/vca-base-examen\/","og_locale":"fr_FR","og_type":"article","og_title":"VCA BASE Examen","og_description":"Sensibiliser les employ&eacute;s &agrave; la s&eacute;curit&eacute;, &agrave; la sant&eacute; et au bien-&ecirc;tre au travail. Les th&egrave;mes de formation ont &eacute;t&eacute; choisis en fonction des diff&eacute;rentes conditions de travail et des risques auxquels les employ&eacute;s sont expos&eacute;s. L&#39;examen VCA permet de valider ces acquis.","og_url":"https:\/\/e-c-s.be\/fr\/formation\/vca-base-examen\/","og_site_name":"ECS","og_image":[{"width":500,"height":282,"url":"https:\/\/e-c-s.be\/wp-content\/uploads\/2025\/11\/Examen_shutterstock_586037573.jpg","type":"image\/jpeg"}],"twitter_card":"summary_large_image","twitter_title":"VCA BASE Examen","twitter_misc":{"Dur\u00e9e de lecture estim\u00e9e":"2 minutes"},"schema":{"@context":"https:\/\/schema.org","@graph":[{"@type":"WebPage","@id":"https:\/\/e-c-s.be\/fr\/formation\/vca-base-examen\/","url":"https:\/\/e-c-s.be\/fr\/formation\/vca-base-examen\/","name":"VCA BASE Examen","isPartOf":{"@id":"https:\/\/e-c-s.be\/fr\/#website"},"primaryImageOfPage":{"@id":"https:\/\/e-c-s.be\/fr\/formation\/vca-base-examen\/#primaryimage"},"image":{"@id":"https:\/\/e-c-s.be\/fr\/formation\/vca-base-examen\/#primaryimage"},"thumbnailUrl":"https:\/\/e-c-s.be\/wp-content\/uploads\/2025\/11\/Examen_shutterstock_586037573.jpg","datePublished":"2026-04-28T05:01:30+00:00","description":"Sensibiliser les employ&eacute;s &agrave; la s&eacute;curit&eacute;, &agrave; la sant&eacute; et au bien-&ecirc;tre au travail. Les th&egrave;mes de formation ont &eacute;t&eacute; choisis en fonction des diff&eacute;rentes conditions de travail et des risques auxquels les employ&eacute;s sont expos&eacute;s. L&#39;examen VCA permet de valider ces acquis.","breadcrumb":{"@id":"https:\/\/e-c-s.be\/fr\/formation\/vca-base-examen\/#breadcrumb"},"inLanguage":"fr-FR","potentialAction":[{"@type":"ReadAction","target":["https:\/\/e-c-s.be\/fr\/formation\/vca-base-examen\/"]}]},{"@type":"ImageObject","inLanguage":"fr-FR","@id":"https:\/\/e-c-s.be\/fr\/formation\/vca-base-examen\/#primaryimage","url":"https:\/\/e-c-s.be\/wp-content\/uploads\/2025\/11\/Examen_shutterstock_586037573.jpg","contentUrl":"https:\/\/e-c-s.be\/wp-content\/uploads\/2025\/11\/Examen_shutterstock_586037573.jpg","width":500,"height":282},{"@type":"BreadcrumbList","@id":"https:\/\/e-c-s.be\/fr\/formation\/vca-base-examen\/#breadcrumb","itemListElement":[{"@type":"ListItem","position":1,"name":"Home","item":"https:\/\/e-c-s.be\/fr\/"},{"@type":"ListItem","position":2,"name":"Opleidingen","item":"https:\/\/e-c-s.be\/fr\/formation\/"},{"@type":"ListItem","position":3,"name":"VCA BASE Examen"}]},{"@type":"WebSite","@id":"https:\/\/e-c-s.be\/fr\/#website","url":"https:\/\/e-c-s.be\/fr\/","name":"ECS","description":"Uw partner in veiligheid","publisher":{"@id":"https:\/\/e-c-s.be\/fr\/#organization"},"potentialAction":[{"@type":"SearchAction","target":{"@type":"EntryPoint","urlTemplate":"https:\/\/e-c-s.be\/fr\/?s={search_term_string}"},"query-input":{"@type":"PropertyValueSpecification","valueRequired":true,"valueName":"search_term_string"}}],"inLanguage":"fr-FR"},{"@type":"Organization","@id":"https:\/\/e-c-s.be\/fr\/#organization","name":"ECS","url":"https:\/\/e-c-s.be\/fr\/","logo":{"@type":"ImageObject","inLanguage":"fr-FR","@id":"https:\/\/e-c-s.be\/fr\/#\/schema\/logo\/image\/","url":"https:\/\/e-c-s.be\/wp-content\/uploads\/2025\/10\/ecs-logo.svg","contentUrl":"https:\/\/e-c-s.be\/wp-content\/uploads\/2025\/10\/ecs-logo.svg","width":1,"height":1,"caption":"ECS"},"image":{"@id":"https:\/\/e-c-s.be\/fr\/#\/schema\/logo\/image\/"},"sameAs":["https:\/\/www.linkedin.com\/company\/ecs-equans"]}]}},"_links":{"self":[{"href":"https:\/\/e-c-s.be\/fr\/wp-json\/wp\/v2\/opleiding\/1103","targetHints":{"allow":["GET"]}}],"collection":[{"href":"https:\/\/e-c-s.be\/fr\/wp-json\/wp\/v2\/opleiding"}],"about":[{"href":"https:\/\/e-c-s.be\/fr\/wp-json\/wp\/v2\/types\/opleiding"}],"wp:featuredmedia":[{"embeddable":true,"href":"https:\/\/e-c-s.be\/fr\/wp-json\/wp\/v2\/media\/1251"}],"wp:attachment":[{"href":"https:\/\/e-c-s.be\/fr\/wp-json\/wp\/v2\/media?parent=1103"}],"wp:term":[{"taxonomy":"category","embeddable":true,"href":"https:\/\/e-c-s.be\/fr\/wp-json\/wp\/v2\/categories?post=1103"},{"taxonomy":"date_start","embeddable":true,"href":"https:\/\/e-c-s.be\/fr\/wp-json\/wp\/v2\/date_start?post=1103"},{"taxonomy":"center","embeddable":true,"href":"https:\/\/e-c-s.be\/fr\/wp-json\/wp\/v2\/center?post=1103"}],"curies":[{"name":"wp","href":"https:\/\/api.w.org\/{rel}","templated":true}]}},{"id":1080,"date":"2026-04-28T05:01:29","date_gmt":"2026-04-28T05:01:29","guid":{"rendered":"https:\/\/ecsprd.wpenginepowered.com\/opleiding\/travail-en-hauteur-module-3\/"},"modified":"2026-04-28T05:01:29","modified_gmt":"2026-04-28T05:01:29","slug":"travail-en-hauteur-module-3","status":"publish","type":"opleiding","link":"https:\/\/e-c-s.be\/fr\/formation\/travail-en-hauteur-module-3\/","title":{"rendered":"Travail en Hauteur Module 3"},"content":{"rendered":"<table>\n<thead>\n<tr>\n<th>Xml_node<\/th>\n<th>Content<\/th>\n<\/tr>\n<\/thead>\n<tbody>\n<tr>\n<td>programxid:<\/td>\n<td>56<\/td>\n<\/tr>\n<tr>\n<td>categoryxid:<\/td>\n<td>71<\/td>\n<\/tr>\n<tr>\n<td>categorydesc:<\/td>\n<td>Travail en Hauteur<\/td>\n<\/tr>\n<tr>\n<td>programdesc:<\/td>\n<td>Travail en Hauteur Module 3<\/td>\n<\/tr>\n<tr>\n<td>programduration:<\/td>\n<td>1 d<\/td>\n<\/tr>\n<tr>\n<td>programprice1:<\/td>\n<td>300 \u20ac<\/td>\n<\/tr>\n<tr>\n<td>programpricea:<\/td>\n<td>1460 \u20ac<\/td>\n<\/tr>\n<tr>\n<td>programoffer:<\/td>\n<td>Catalogue<\/td>\n<\/tr>\n<tr>\n<td>description_target_group:<\/td>\n<td><P class=MsoNormal style=\"MARGIN: 0pt 23.9pt 0pt 17.4pt\"><SPAN lang=FR style=\"FONT-SIZE: 10pt; FONT-FAMILY: Verdana; mso-bidi-font-size: 12.0pt; mso-ansi-language: FR\">Des personnes comp\u00e9tentes qui, dans le cadre de son travail font le montage, d\u00e9montage et transformation d\u2019\u00e9chafaudage \/ personne habilit\u00e9e.<?xml:namespace prefix = o ns = \"urn:schemas-microsoft-com:office:office\" \/><o:p><\/o:p><\/SPAN><\/P><\/td>\n<\/tr>\n<tr>\n<td>description_objectives:<\/td>\n<td>\n<p>Cette formation a pour objectif d\u2019acqu\u00e9rir les connaissances th\u00e9oriques et les aptitudes pratiques, mais \u00e9galement de comprendre les notions de base de s\u00e9curit\u00e9 et d\u2019acqu\u00e9rir le sens des responsabilit\u00e9s et de l\u2019efficacit\u00e9. <\/p>\n<p><b>\u00a0<\/b><\/p>\n<p>But : Construction s\u00fbre, montage et d\u00e9montage d\u2019\u00e9chafaudages par les travailleurs.<\/p>\n<\/td>\n<\/tr>\n<tr>\n<td>description_content:<\/td>\n<td>\n<p>\u00b7 R\u00e9glementation en ce qui concerne le montage et l\u2019emploi des \u00e9chafaudages<\/p>\n<p>\u00b7 Risques<\/p>\n<p>\u00b7 Comp\u00e9tences<\/p>\n<p>\u00b7 Conditions M\u00e9t\u00e9orologiques <\/p>\n<p>\u00b7 Charges admissibles <\/p>\n<p>\u00b7 Contr\u00f4le de l\u2019\u00e9chafaudage<\/p>\n<p>\u00b7 Etude pr\u00e9alable du montage d\u2019un \u00e9chafaudage permanent<\/p>\n<p>\u00b7 Mettre des documents \u00e0 la disposition<\/p>\n<p>\u00b7 Ancrage<\/p>\n<p>\u00b7 Montage s\u00fbr des \u00e9chafaudages permanents<\/p>\n<p>\u00b7 Inspection des \u00e9chafaudages permanents pendant l\u2019emploi<\/p>\n<p>\u00b7 Transformation s\u00fbre de l\u2019\u00e9chafaudage<\/p>\n<p>\u00b7 Exercices<\/p>\n<\/td>\n<\/tr>\n<tr>\n<td>description_requirements:<\/td>\n<td>\n<ul>\n<li class=\"MsoNormal\" style=\"margin: 0pt 23.9pt 0pt 53.4pt; text-indent: -18pt; text-align: justify;\"><span style=\"font-family: Verdana; font-size: 13.3333px; text-align: justify; text-indent: -24px;\">Minimum 18 ans<\/span><\/li>\n<li class=\"MsoNormal\" style=\"margin: 0pt 23.9pt 0pt 53.4pt; text-indent: -18pt; text-align: justify;\"><span style=\"font-family: Verdana; font-size: 13.3333px; text-align: justify; text-indent: -24px;\">Id&eacute;aliter les personnes sont en possession d&#39;une attestation Travail en Hauteur Module 1+2<\/span><\/li>\n<\/ul>\n<\/td>\n<\/tr>\n<tr>\n<td>description_prerequisite:<\/td>\n<td>Travail en Hauteur Module 1+2<\/td>\n<\/tr>\n<tr>\n<td>description_pedagogical_approach:<\/td>\n<td><\/td>\n<\/tr>\n<tr>\n<td>description_responsable_program:<\/td>\n<td>\n<p>Villers-le-Bouillet,&nbsp;Suarl&eacute;e, Bruxelles<\/p>\n<\/td>\n<\/tr>\n<tr>\n<td>description_duration:<\/td>\n<td><P class=MsoNormal style=\"MARGIN: 0pt 23.9pt 0pt 17.4pt\"><SPAN lang=FR style=\"FONT-SIZE: 10pt; FONT-FAMILY: Verdana; mso-bidi-font-size: 12.0pt; mso-ansi-language: FR\">La dur\u00e9e de la formation est de 1 jour.<?xml:namespace prefix = o ns = \"urn:schemas-microsoft-com:office:office\" \/><o:p><\/o:p><\/SPAN><\/P><SPAN lang=FR style=\"FONT-SIZE: 10pt; FONT-FAMILY: Verdana; mso-bidi-font-size: 12.0pt; mso-fareast-font-family: 'Times New Roman'; mso-bidi-font-family: 'Times New Roman'; mso-fareast-language: EN-US; mso-ansi-language: FR; mso-bidi-language: AR-SA\">D\u2019habitude, le module 3 est donn\u00e9 en combinaison avec la formation Travail en hauteur Module 1 et Module 2 (voir fiche de formation).<\/SPAN><\/td>\n<\/tr>\n<tr>\n<td>description_certification_period:<\/td>\n<td><SPAN lang=FR style=\"FONT-SIZE: 10pt; FONT-FAMILY: Verdana; mso-bidi-font-size: 12.0pt; mso-fareast-font-family: 'Times New Roman'; mso-bidi-font-family: 'Times New Roman'; mso-fareast-language: EN-US; mso-ansi-language: FR; mso-bidi-language: AR-SA\">Les candidats qui r\u00e9ussissent l\u2019examen th\u00e9orique et pratique se voient d\u00e9livrer un certificat ayant une dur\u00e9e de validit\u00e9 de 10 ans, avec une \u00e9valuation interm\u00e9diaire apr\u00e8s 5 ans.<\/SPAN><\/td>\n<\/tr>\n<tr>\n<td>description_additional_information:<\/td>\n<td>\n<p>\u00b7 Cette formation peut \u00eatre donn\u00e9e dans un de nos centres de formation ECS ou<\/p>\n<p>chez le client<\/p>\n<p>\u00b7 Pour les formations \u00ab ouvertes \u00bb : voir le calendrier de formation<\/p>\n<p>\u00b7 La formation peut \u00eatre donn\u00e9e en fran\u00e7ais ou en n\u00e9erlandais.<\/p>\n<p>\u00b7 La formation d\u00e9bute \u00e0 08h00 et se termine \u00e0 16h00<\/p>\n<p>\u00b7 Un sandwich et une boisson sont offerts au participant<\/p>\n<p>\u00b7 Nombre maximum de participants par session de formation: 15<\/p>\n<p>\u00b7 ECS est agr\u00e9\u00e9e par plusieurs organismes de subsides, ce qui permet d\u2019\u00eatre rembours\u00e9 d\u2019une partie des frais de formation.<\/p>\n<\/td>\n<\/tr>\n<tr>\n<td>description_summary:<\/td>\n<td><\/td>\n<\/tr>\n<tr>\n<td>description_short_summary:<\/td>\n<td>\n<p style=\"margin-left:17.4pt;\">Cette formation a pour objectif d&rsquo;acqu&eacute;rir les connaissances th&eacute;oriques et les aptitudes pratiques, mais &eacute;galement de comprendre les notions de base de s&eacute;curit&eacute; et d&rsquo;acqu&eacute;rir le sens des responsabilit&eacute;s et de l&rsquo;efficacit&eacute;.<\/p>\n<p style=\"margin-left:17.4pt;\">&nbsp;<\/p>\n<p style=\"margin-left:17.4pt;\">But : Construction s&ucirc;re, montage et d&eacute;montage d&rsquo;&eacute;chafaudages par les travailleurs.<\/p>\n<\/td>\n<\/tr>\n<tr>\n<td>programimage:<\/td>\n<td>https:\/\/ecs.eduaxis.net\/files\/images\/program%20images\/hoogte_shutterstock_1737846935.jpg<\/td>\n<\/tr>\n<tr>\n<td>programimage:<\/td>\n<td>https:\/\/ecs.eduaxis.net\/files\/images\/program%20images\/hoogte_shutterstock_1737846935.jpg<\/td>\n<\/tr>\n<\/tbody>\n<\/table>\n","protected":false},"excerpt":{"rendered":"<p>Description: <\/p>\n<p>Cette formation a pour objectif d&rsquo;acqu\u00e9rir les connaissances th\u00e9oriques et les aptitudes pratiques, mais \u00e9galement de comprendre les notions de base de s\u00e9curit\u00e9 et d&rsquo;acqu\u00e9rir le sens des responsabilit\u00e9s et de l&rsquo;efficacit\u00e9.<\/p>\n<p>\u00a0<\/p>\n<p>But : Construction s\u00fbre, montage et d\u00e9montage d&rsquo;\u00e9chafaudages par les travailleurs.<\/p>\n","protected":false},"featured_media":1352,"menu_order":0,"template":"","format":"standard","meta":[],"categories":[],"date_start":[608,305,460,578,397,471,410],"center":[78,581,275],"class_list":["post-1080","opleiding","type-opleiding","status-publish","format-standard","has-post-thumbnail","hentry","date_start-03-augustus-2026","date_start-05-juni-2026","date_start-16-november-2026","date_start-16-november-2026-fr","date_start-17-april-2026","date_start-18-december-2026","date_start-19-oktober-2026","center-brussels","center-brussels-fr","center-villers-le-bouillet"],"yoast_head":"<!-- This site is optimized with the Yoast SEO plugin v27.4 - https:\/\/yoast.com\/product\/yoast-seo-wordpress\/ -->\n<title>Travail en Hauteur Module 3<\/title>\n<meta name=\"description\" content=\"Cette formation a pour objectif d&rsquo;acqu&eacute;rir les connaissances th&eacute;oriques et les aptitudes pratiques, mais &eacute;galement de comprendre les notions de base de s&eacute;curit&eacute; et d&rsquo;acqu&eacute;rir le sens des responsabilit&eacute;s et de l&rsquo;efficacit&eacute;. &nbsp; But : Construction s&ucirc;re, montage et d&eacute;montage d&rsquo;&eacute;chafaudages par les travailleurs.\" \/>\n<meta name=\"robots\" content=\"index, follow, max-snippet:-1, max-image-preview:large, max-video-preview:-1\" \/>\n<link rel=\"canonical\" href=\"https:\/\/e-c-s.be\/fr\/formation\/travail-en-hauteur-module-3\/\" \/>\n<meta property=\"og:locale\" content=\"fr_FR\" \/>\n<meta property=\"og:type\" content=\"article\" \/>\n<meta property=\"og:title\" content=\"Travail en Hauteur Module 3\" \/>\n<meta property=\"og:description\" content=\"Cette formation a pour objectif d&rsquo;acqu&eacute;rir les connaissances th&eacute;oriques et les aptitudes pratiques, mais &eacute;galement de comprendre les notions de base de s&eacute;curit&eacute; et d&rsquo;acqu&eacute;rir le sens des responsabilit&eacute;s et de l&rsquo;efficacit&eacute;. &nbsp; But : Construction s&ucirc;re, montage et d&eacute;montage d&rsquo;&eacute;chafaudages par les travailleurs.\" \/>\n<meta property=\"og:url\" content=\"https:\/\/e-c-s.be\/fr\/formation\/travail-en-hauteur-module-3\/\" \/>\n<meta property=\"og:site_name\" content=\"ECS\" \/>\n<meta property=\"og:image\" content=\"https:\/\/e-c-s.be\/wp-content\/uploads\/2025\/12\/hoogte_shutterstock_1737846935.jpg\" \/>\n\t<meta property=\"og:image:width\" content=\"1728\" \/>\n\t<meta property=\"og:image:height\" content=\"1152\" \/>\n\t<meta property=\"og:image:type\" content=\"image\/jpeg\" \/>\n<meta name=\"twitter:card\" content=\"summary_large_image\" \/>\n<meta name=\"twitter:title\" content=\"Travail en Hauteur Module 3\" \/>\n<meta name=\"twitter:label1\" content=\"Dur\u00e9e de lecture estim\u00e9e\" \/>\n\t<meta name=\"twitter:data1\" content=\"2 minutes\" \/>\n<script type=\"application\/ld+json\" class=\"yoast-schema-graph\">{\"@context\":\"https:\\\/\\\/schema.org\",\"@graph\":[{\"@type\":\"WebPage\",\"@id\":\"https:\\\/\\\/e-c-s.be\\\/fr\\\/formation\\\/travail-en-hauteur-module-3\\\/\",\"url\":\"https:\\\/\\\/e-c-s.be\\\/fr\\\/formation\\\/travail-en-hauteur-module-3\\\/\",\"name\":\"Travail en Hauteur Module 3\",\"isPartOf\":{\"@id\":\"https:\\\/\\\/e-c-s.be\\\/fr\\\/#website\"},\"primaryImageOfPage\":{\"@id\":\"https:\\\/\\\/e-c-s.be\\\/fr\\\/formation\\\/travail-en-hauteur-module-3\\\/#primaryimage\"},\"image\":{\"@id\":\"https:\\\/\\\/e-c-s.be\\\/fr\\\/formation\\\/travail-en-hauteur-module-3\\\/#primaryimage\"},\"thumbnailUrl\":\"https:\\\/\\\/e-c-s.be\\\/wp-content\\\/uploads\\\/2025\\\/12\\\/hoogte_shutterstock_1737846935.jpg\",\"datePublished\":\"2026-04-28T05:01:29+00:00\",\"description\":\"Cette formation a pour objectif d&rsquo;acqu&eacute;rir les connaissances th&eacute;oriques et les aptitudes pratiques, mais &eacute;galement de comprendre les notions de base de s&eacute;curit&eacute; et d&rsquo;acqu&eacute;rir le sens des responsabilit&eacute;s et de l&rsquo;efficacit&eacute;. &nbsp; But : Construction s&ucirc;re, montage et d&eacute;montage d&rsquo;&eacute;chafaudages par les travailleurs.\",\"breadcrumb\":{\"@id\":\"https:\\\/\\\/e-c-s.be\\\/fr\\\/formation\\\/travail-en-hauteur-module-3\\\/#breadcrumb\"},\"inLanguage\":\"fr-FR\",\"potentialAction\":[{\"@type\":\"ReadAction\",\"target\":[\"https:\\\/\\\/e-c-s.be\\\/fr\\\/formation\\\/travail-en-hauteur-module-3\\\/\"]}]},{\"@type\":\"ImageObject\",\"inLanguage\":\"fr-FR\",\"@id\":\"https:\\\/\\\/e-c-s.be\\\/fr\\\/formation\\\/travail-en-hauteur-module-3\\\/#primaryimage\",\"url\":\"https:\\\/\\\/e-c-s.be\\\/wp-content\\\/uploads\\\/2025\\\/12\\\/hoogte_shutterstock_1737846935.jpg\",\"contentUrl\":\"https:\\\/\\\/e-c-s.be\\\/wp-content\\\/uploads\\\/2025\\\/12\\\/hoogte_shutterstock_1737846935.jpg\",\"width\":1728,\"height\":1152},{\"@type\":\"BreadcrumbList\",\"@id\":\"https:\\\/\\\/e-c-s.be\\\/fr\\\/formation\\\/travail-en-hauteur-module-3\\\/#breadcrumb\",\"itemListElement\":[{\"@type\":\"ListItem\",\"position\":1,\"name\":\"Home\",\"item\":\"https:\\\/\\\/e-c-s.be\\\/fr\\\/\"},{\"@type\":\"ListItem\",\"position\":2,\"name\":\"Opleidingen\",\"item\":\"https:\\\/\\\/e-c-s.be\\\/fr\\\/formation\\\/\"},{\"@type\":\"ListItem\",\"position\":3,\"name\":\"Travail en Hauteur Module 3\"}]},{\"@type\":\"WebSite\",\"@id\":\"https:\\\/\\\/e-c-s.be\\\/fr\\\/#website\",\"url\":\"https:\\\/\\\/e-c-s.be\\\/fr\\\/\",\"name\":\"ECS\",\"description\":\"Uw partner in veiligheid\",\"publisher\":{\"@id\":\"https:\\\/\\\/e-c-s.be\\\/fr\\\/#organization\"},\"potentialAction\":[{\"@type\":\"SearchAction\",\"target\":{\"@type\":\"EntryPoint\",\"urlTemplate\":\"https:\\\/\\\/e-c-s.be\\\/fr\\\/?s={search_term_string}\"},\"query-input\":{\"@type\":\"PropertyValueSpecification\",\"valueRequired\":true,\"valueName\":\"search_term_string\"}}],\"inLanguage\":\"fr-FR\"},{\"@type\":\"Organization\",\"@id\":\"https:\\\/\\\/e-c-s.be\\\/fr\\\/#organization\",\"name\":\"ECS\",\"url\":\"https:\\\/\\\/e-c-s.be\\\/fr\\\/\",\"logo\":{\"@type\":\"ImageObject\",\"inLanguage\":\"fr-FR\",\"@id\":\"https:\\\/\\\/e-c-s.be\\\/fr\\\/#\\\/schema\\\/logo\\\/image\\\/\",\"url\":\"https:\\\/\\\/e-c-s.be\\\/wp-content\\\/uploads\\\/2025\\\/10\\\/ecs-logo.svg\",\"contentUrl\":\"https:\\\/\\\/e-c-s.be\\\/wp-content\\\/uploads\\\/2025\\\/10\\\/ecs-logo.svg\",\"width\":1,\"height\":1,\"caption\":\"ECS\"},\"image\":{\"@id\":\"https:\\\/\\\/e-c-s.be\\\/fr\\\/#\\\/schema\\\/logo\\\/image\\\/\"},\"sameAs\":[\"https:\\\/\\\/www.linkedin.com\\\/company\\\/ecs-equans\"]}]}<\/script>\n<!-- \/ Yoast SEO plugin. -->","yoast_head_json":{"title":"Travail en Hauteur Module 3","description":"Cette formation a pour objectif d&rsquo;acqu&eacute;rir les connaissances th&eacute;oriques et les aptitudes pratiques, mais &eacute;galement de comprendre les notions de base de s&eacute;curit&eacute; et d&rsquo;acqu&eacute;rir le sens des responsabilit&eacute;s et de l&rsquo;efficacit&eacute;. &nbsp; But : Construction s&ucirc;re, montage et d&eacute;montage d&rsquo;&eacute;chafaudages par les travailleurs.","robots":{"index":"index","follow":"follow","max-snippet":"max-snippet:-1","max-image-preview":"max-image-preview:large","max-video-preview":"max-video-preview:-1"},"canonical":"https:\/\/e-c-s.be\/fr\/formation\/travail-en-hauteur-module-3\/","og_locale":"fr_FR","og_type":"article","og_title":"Travail en Hauteur Module 3","og_description":"Cette formation a pour objectif d&rsquo;acqu&eacute;rir les connaissances th&eacute;oriques et les aptitudes pratiques, mais &eacute;galement de comprendre les notions de base de s&eacute;curit&eacute; et d&rsquo;acqu&eacute;rir le sens des responsabilit&eacute;s et de l&rsquo;efficacit&eacute;. &nbsp; But : Construction s&ucirc;re, montage et d&eacute;montage d&rsquo;&eacute;chafaudages par les travailleurs.","og_url":"https:\/\/e-c-s.be\/fr\/formation\/travail-en-hauteur-module-3\/","og_site_name":"ECS","og_image":[{"width":1728,"height":1152,"url":"https:\/\/e-c-s.be\/wp-content\/uploads\/2025\/12\/hoogte_shutterstock_1737846935.jpg","type":"image\/jpeg"}],"twitter_card":"summary_large_image","twitter_title":"Travail en Hauteur Module 3","twitter_misc":{"Dur\u00e9e de lecture estim\u00e9e":"2 minutes"},"schema":{"@context":"https:\/\/schema.org","@graph":[{"@type":"WebPage","@id":"https:\/\/e-c-s.be\/fr\/formation\/travail-en-hauteur-module-3\/","url":"https:\/\/e-c-s.be\/fr\/formation\/travail-en-hauteur-module-3\/","name":"Travail en Hauteur Module 3","isPartOf":{"@id":"https:\/\/e-c-s.be\/fr\/#website"},"primaryImageOfPage":{"@id":"https:\/\/e-c-s.be\/fr\/formation\/travail-en-hauteur-module-3\/#primaryimage"},"image":{"@id":"https:\/\/e-c-s.be\/fr\/formation\/travail-en-hauteur-module-3\/#primaryimage"},"thumbnailUrl":"https:\/\/e-c-s.be\/wp-content\/uploads\/2025\/12\/hoogte_shutterstock_1737846935.jpg","datePublished":"2026-04-28T05:01:29+00:00","description":"Cette formation a pour objectif d&rsquo;acqu&eacute;rir les connaissances th&eacute;oriques et les aptitudes pratiques, mais &eacute;galement de comprendre les notions de base de s&eacute;curit&eacute; et d&rsquo;acqu&eacute;rir le sens des responsabilit&eacute;s et de l&rsquo;efficacit&eacute;. &nbsp; But : Construction s&ucirc;re, montage et d&eacute;montage d&rsquo;&eacute;chafaudages par les travailleurs.","breadcrumb":{"@id":"https:\/\/e-c-s.be\/fr\/formation\/travail-en-hauteur-module-3\/#breadcrumb"},"inLanguage":"fr-FR","potentialAction":[{"@type":"ReadAction","target":["https:\/\/e-c-s.be\/fr\/formation\/travail-en-hauteur-module-3\/"]}]},{"@type":"ImageObject","inLanguage":"fr-FR","@id":"https:\/\/e-c-s.be\/fr\/formation\/travail-en-hauteur-module-3\/#primaryimage","url":"https:\/\/e-c-s.be\/wp-content\/uploads\/2025\/12\/hoogte_shutterstock_1737846935.jpg","contentUrl":"https:\/\/e-c-s.be\/wp-content\/uploads\/2025\/12\/hoogte_shutterstock_1737846935.jpg","width":1728,"height":1152},{"@type":"BreadcrumbList","@id":"https:\/\/e-c-s.be\/fr\/formation\/travail-en-hauteur-module-3\/#breadcrumb","itemListElement":[{"@type":"ListItem","position":1,"name":"Home","item":"https:\/\/e-c-s.be\/fr\/"},{"@type":"ListItem","position":2,"name":"Opleidingen","item":"https:\/\/e-c-s.be\/fr\/formation\/"},{"@type":"ListItem","position":3,"name":"Travail en Hauteur Module 3"}]},{"@type":"WebSite","@id":"https:\/\/e-c-s.be\/fr\/#website","url":"https:\/\/e-c-s.be\/fr\/","name":"ECS","description":"Uw partner in veiligheid","publisher":{"@id":"https:\/\/e-c-s.be\/fr\/#organization"},"potentialAction":[{"@type":"SearchAction","target":{"@type":"EntryPoint","urlTemplate":"https:\/\/e-c-s.be\/fr\/?s={search_term_string}"},"query-input":{"@type":"PropertyValueSpecification","valueRequired":true,"valueName":"search_term_string"}}],"inLanguage":"fr-FR"},{"@type":"Organization","@id":"https:\/\/e-c-s.be\/fr\/#organization","name":"ECS","url":"https:\/\/e-c-s.be\/fr\/","logo":{"@type":"ImageObject","inLanguage":"fr-FR","@id":"https:\/\/e-c-s.be\/fr\/#\/schema\/logo\/image\/","url":"https:\/\/e-c-s.be\/wp-content\/uploads\/2025\/10\/ecs-logo.svg","contentUrl":"https:\/\/e-c-s.be\/wp-content\/uploads\/2025\/10\/ecs-logo.svg","width":1,"height":1,"caption":"ECS"},"image":{"@id":"https:\/\/e-c-s.be\/fr\/#\/schema\/logo\/image\/"},"sameAs":["https:\/\/www.linkedin.com\/company\/ecs-equans"]}]}},"_links":{"self":[{"href":"https:\/\/e-c-s.be\/fr\/wp-json\/wp\/v2\/opleiding\/1080","targetHints":{"allow":["GET"]}}],"collection":[{"href":"https:\/\/e-c-s.be\/fr\/wp-json\/wp\/v2\/opleiding"}],"about":[{"href":"https:\/\/e-c-s.be\/fr\/wp-json\/wp\/v2\/types\/opleiding"}],"wp:featuredmedia":[{"embeddable":true,"href":"https:\/\/e-c-s.be\/fr\/wp-json\/wp\/v2\/media\/1352"}],"wp:attachment":[{"href":"https:\/\/e-c-s.be\/fr\/wp-json\/wp\/v2\/media?parent=1080"}],"wp:term":[{"taxonomy":"category","embeddable":true,"href":"https:\/\/e-c-s.be\/fr\/wp-json\/wp\/v2\/categories?post=1080"},{"taxonomy":"date_start","embeddable":true,"href":"https:\/\/e-c-s.be\/fr\/wp-json\/wp\/v2\/date_start?post=1080"},{"taxonomy":"center","embeddable":true,"href":"https:\/\/e-c-s.be\/fr\/wp-json\/wp\/v2\/center?post=1080"}],"curies":[{"name":"wp","href":"https:\/\/api.w.org\/{rel}","templated":true}]}},{"id":1079,"date":"2026-04-28T05:01:28","date_gmt":"2026-04-28T05:01:28","guid":{"rendered":"https:\/\/ecsprd.wpenginepowered.com\/opleiding\/travail-en-hauteur-module-12\/"},"modified":"2026-04-28T05:01:28","modified_gmt":"2026-04-28T05:01:28","slug":"travail-en-hauteur-module-12","status":"publish","type":"opleiding","link":"https:\/\/e-c-s.be\/fr\/formation\/travail-en-hauteur-module-12\/","title":{"rendered":"Travail en Hauteur Module 1+2"},"content":{"rendered":"<table>\n<thead>\n<tr>\n<th>Xml_node<\/th>\n<th>Content<\/th>\n<\/tr>\n<\/thead>\n<tbody>\n<tr>\n<td>programxid:<\/td>\n<td>55<\/td>\n<\/tr>\n<tr>\n<td>categoryxid:<\/td>\n<td>71<\/td>\n<\/tr>\n<tr>\n<td>categorydesc:<\/td>\n<td>Travail en Hauteur<\/td>\n<\/tr>\n<tr>\n<td>programdesc:<\/td>\n<td>Travail en Hauteur Module 1+2<\/td>\n<\/tr>\n<tr>\n<td>programduration:<\/td>\n<td>1 d<\/td>\n<\/tr>\n<tr>\n<td>programprice1:<\/td>\n<td>300 \u20ac<\/td>\n<\/tr>\n<tr>\n<td>programpricea:<\/td>\n<td>1460 \u20ac<\/td>\n<\/tr>\n<tr>\n<td>programoffer:<\/td>\n<td>Catalogue<\/td>\n<\/tr>\n<tr>\n<td>description_target_group:<\/td>\n<td><P class=MsoNormal style=\"MARGIN: 0pt 0pt 0pt 17.4pt; TEXT-ALIGN: justify\"><SPAN lang=FR style=\"FONT-SIZE: 10pt; FONT-FAMILY: Verdana; mso-bidi-font-size: 12.0pt; mso-ansi-language: FR\">Tout travailleur qui, dans le cadre de son travail, participe au montage et d\u00e9montage d\u2019\u00e9chafaudage \/ personne habilit\u00e9e. <?xml:namespace prefix = o ns = \"urn:schemas-microsoft-com:office:office\" \/><o:p><\/o:p><\/SPAN><\/P><\/td>\n<\/tr>\n<tr>\n<td>description_objectives:<\/td>\n<td>\n<p>Cette formation a pour objectif d\u2019acqu\u00e9rir les connaissances th\u00e9oriques et les aptitudes pratiques, mais \u00e9galement de comprendre les notions de base de s\u00e9curit\u00e9 et d\u2019acqu\u00e9rir le sens des responsabilit\u00e9s et de l\u2019efficacit\u00e9.<\/p>\n<p>\u00a0<\/p>\n<p>But : Construction s\u00fbre, montage et d\u00e9montage d\u2019\u00e9chafaudages par les travailleurs. <\/p>\n<\/td>\n<\/tr>\n<tr>\n<td>description_content:<\/td>\n<td>\n<p><u>THEORIE<\/u><\/p>\n<p><b>\u00a0<\/b><\/p>\n<p>\u00b7 La r\u00e9glementation en mati\u00e8re du montage et d&rsquo;utilisation des \u00e9chafaudages.<\/p>\n<p>\u00b7 Les risques li\u00e9s aux travaux en hauteur et la hi\u00e9rarchie des mesures de pr\u00e9vention.<\/p>\n<p>\u00b7 Les comp\u00e9tences des diff\u00e9rents intervenants.<\/p>\n<p>\u00b7 L&rsquo;utilisation des moyens de protection individuels.<\/p>\n<p>\u00b7 L&rsquo;influence des conditions atmosph\u00e9riques.<\/p>\n<p>\u00b7 La d\u00e9finition de la charge admissible.<\/p>\n<p>\u00b7 Les \u00e9chafaudages et le choix du mat\u00e9riel.<\/p>\n<p>\u00b7 Utilisation et r\u00f4le du monteur d\u2019\u00e9chafaudages.<\/p>\n<p>\u00b7 L&rsquo;utilisation des \u00e9chafaudages fixes.<\/p>\n<p>\u00b7 Le contr\u00f4le de l&rsquo;\u00e9chafaudage avant l\u2019utilisation<\/p>\n<p><b><\/b><\/p>\n<p>\u00b7 Utilisation des protections personnelles anti-chutes.<\/p>\n<p>\u00b7 Etude pr\u00e9alable pour le montage d&rsquo;un \u00e9chafaudage fixe.<\/p>\n<p>\u00b7 Plan de placement et de montage.<\/p>\n<p>\u00b7 Maintien.<\/p>\n<p>\u00b7 Mettre les documents \u00e0 disposition.<\/p>\n<p>\u00b7 Contr\u00f4le des \u00e9chafaudages fixes durant l&rsquo;utilisation.<\/p>\n<p>\u00b7 Montage s\u00fbr des \u00e9chafaudages fixes.<\/p>\n<p>\u00b7 Transformation s\u00fbre des \u00e9chafaudages.<\/p>\n<p>\u00b7 D\u00e9montage s\u00fbr des \u00e9chafaudages.<\/p>\n<p>\u00b7 Utilisation et montage d\u2019un \u00e9chafaudage suspendu.<\/p>\n<p><b>\u00a0<\/b><\/p>\n<p><b>\u00a0<\/b><\/p>\n<p><u>PRATIQUE<\/u><\/p>\n<p><b>\u00a0<\/b><\/p>\n<p>Une partie pratique d\u2019environ 4 heures est pr\u00e9vue pour monter et d\u00e9monter un \u00e9chafaudage.<\/p>\n<p>Durant la pratique, tous les aspects vus en th\u00e9orie sont appliqu\u00e9s<\/p>\n<p>\u00a0<\/p>\n<p>\u00a0<\/p>\n<\/td>\n<\/tr>\n<tr>\n<td>description_requirements:<\/td>\n<td><P class=MsoNormal style=\"MARGIN: 0pt 23.9pt 0pt 53.4pt; TEXT-INDENT: -18pt; TEXT-ALIGN: justify; mso-list: l0 level1 lfo1; tab-stops: list 53.4pt 90.0pt\"><SPAN style=\"FONT-SIZE: 10pt; FONT-FAMILY: Symbol; mso-bidi-font-size: 12.0pt; mso-fareast-font-family: Symbol; mso-bidi-font-family: Symbol\"><SPAN style=\"mso-list: Ignore\">\u00b7<SPAN style=\"FONT: 7pt 'Times New Roman'\">&nbsp;&nbsp;&nbsp;&nbsp;&nbsp;&nbsp;&nbsp;&nbsp; <\/SPAN><\/SPAN><\/SPAN><SPAN style=\"FONT-SIZE: 10pt; FONT-FAMILY: Verdana; mso-bidi-font-size: 12.0pt\">Minimum 18 ans<?xml:namespace prefix = o ns = \"urn:schemas-microsoft-com:office:office\" \/><o:p><\/o:p><\/SPAN><\/P><br \/>\n<P class=MsoNormal style=\"MARGIN: 0pt 23.9pt 0pt 53.4pt; TEXT-INDENT: -18pt; TEXT-ALIGN: justify; mso-list: l0 level1 lfo1; tab-stops: list 53.4pt 90.0pt\"><SPAN style=\"FONT-SIZE: 10pt; FONT-FAMILY: Symbol; mso-bidi-font-size: 12.0pt; mso-fareast-font-family: Symbol; mso-bidi-font-family: Symbol\"><SPAN style=\"mso-list: Ignore\">\u00b7<SPAN style=\"FONT: 7pt 'Times New Roman'\">&nbsp;&nbsp;&nbsp;&nbsp;&nbsp;&nbsp;&nbsp;&nbsp; <\/SPAN><\/SPAN><\/SPAN><SPAN style=\"FONT-SIZE: 10pt; FONT-FAMILY: Verdana; mso-bidi-font-size: 12.0pt\">M\u00e9dicalement apte pour une fonction de s\u00e9curit\u00e9<o:p><\/o:p><\/SPAN><\/P><br \/>\n<P class=MsoNormal style=\"MARGIN: 0pt 23.9pt 0pt 53.4pt; TEXT-INDENT: -18pt; TEXT-ALIGN: justify; mso-list: l0 level1 lfo1; tab-stops: list 53.4pt 90.0pt\"><SPAN style=\"FONT-SIZE: 10pt; FONT-FAMILY: Symbol; mso-bidi-font-size: 12.0pt; mso-fareast-font-family: Symbol; mso-bidi-font-family: Symbol\"><SPAN style=\"mso-list: Ignore\">\u00b7<SPAN style=\"FONT: 7pt 'Times New Roman'\">&nbsp;&nbsp;&nbsp;&nbsp;&nbsp;&nbsp;&nbsp;&nbsp; <\/SPAN><\/SPAN><\/SPAN><SPAN style=\"FONT-SIZE: 10pt; FONT-FAMILY: Verdana; mso-bidi-font-size: 12.0pt\">Etre en possession des MPI n\u00e9cessaires lors de la formation pratique<o:p><\/o:p><\/SPAN><\/P><\/td>\n<\/tr>\n<tr>\n<td>description_prerequisite:<\/td>\n<td><\/td>\n<\/tr>\n<tr>\n<td>description_pedagogical_approach:<\/td>\n<td><\/td>\n<\/tr>\n<tr>\n<td>description_responsable_program:<\/td>\n<td>\n<p>Villers-le-Bouillet, Bruxelles<\/p>\n<\/td>\n<\/tr>\n<tr>\n<td>description_duration:<\/td>\n<td><P class=MsoNormal style=\"MARGIN: 0pt 0pt 0pt 17.4pt; TEXT-ALIGN: justify\"><SPAN lang=FR style=\"FONT-SIZE: 10pt; FONT-FAMILY: Verdana; mso-bidi-font-size: 12.0pt; mso-ansi-language: FR\">La dur\u00e9e de la formation est de 1 jour.<?xml:namespace prefix = o ns = \"urn:schemas-microsoft-com:office:office\" \/><o:p><\/o:p><\/SPAN><\/P><br \/>\n<P class=MsoNormal style=\"MARGIN: 0pt 0pt 0pt 17.4pt; TEXT-ALIGN: justify\"><SPAN lang=FR style=\"FONT-SIZE: 10pt; FONT-FAMILY: Verdana; mso-bidi-font-size: 12.0pt; mso-ansi-language: FR\">D&rsquo;habitude, le module 2 est donn\u00e9 en combinaison avec la formation Travail en hauteur Module 1 <U><o:p><\/o:p><\/U><\/SPAN><\/P><\/td>\n<\/tr>\n<tr>\n<td>description_certification_period:<\/td>\n<td><P class=MsoNormal style=\"MARGIN: 0pt 0pt 0pt 17.4pt; TEXT-ALIGN: justify\"><SPAN lang=FR style=\"FONT-SIZE: 10pt; FONT-FAMILY: Verdana; mso-bidi-font-size: 12.0pt; mso-ansi-language: FR\">Les<SPAN style=\"mso-spacerun: yes\">&nbsp; <\/SPAN>candidats qui r\u00e9ussissent l\u2019examen th\u00e9orique et pratique se voient d\u00e9livrer un certificat ayant une dur\u00e9e de validit\u00e9 de 10 ans, avec une \u00e9valuation interm\u00e9diaire apr\u00e8s 5 ans.<\/SPAN><\/P><\/td>\n<\/tr>\n<tr>\n<td>description_additional_information:<\/td>\n<td>\n<p>\u00b7 Cette formation peut \u00eatre donn\u00e9e dans un de nos centres de formation ECS ou chez le client<\/p>\n<p>\u00b7 Possibilit\u00e9 de faire uniquement l\u2019examen <\/p>\n<p>\u00b7 Pour les formations \u00ab\u00a0ouvertes\u00a0\u00bb\u00a0: voir le calendrier de formation<\/p>\n<p>\u00b7 La formation peut \u00eatre donn\u00e9e en fran\u00e7ais ou en n\u00e9erlandais.<\/p>\n<p>\u00b7 La formation d\u00e9bute \u00e0 08h00 et se termine \u00e0 16h00<\/p>\n<p>Un sandwich et une boisson sont offerts au participant<\/p>\n<p>\u00b7 Nombre maximum de participants par session de formation: 8<\/p>\n<p>\u00b7 ECS est agr\u00e9\u00e9e par plusieurs organismes de subsides, ce qui permet d\u2019\u00eatre rembours\u00e9 d\u2019une partie des frais de formation.<\/p>\n<\/td>\n<\/tr>\n<tr>\n<td>description_summary:<\/td>\n<td><\/td>\n<\/tr>\n<tr>\n<td>description_short_summary:<\/td>\n<td>\n<p style=\"margin-left:17.4pt;\">Cette formation a pour objectif d&rsquo;acqu&eacute;rir les connaissances th&eacute;oriques et les aptitudes pratiques, mais &eacute;galement de comprendre les notions de base de s&eacute;curit&eacute; et d&rsquo;acqu&eacute;rir le sens des responsabilit&eacute;s et de l&rsquo;efficacit&eacute;.<\/p>\n<p style=\"margin-left:17.4pt;\">&nbsp;<\/p>\n<p style=\"margin-left:17.4pt;\">But : Construction s&ucirc;re, montage et d&eacute;montage d&rsquo;&eacute;chafaudages par les travailleurs.<\/p>\n<\/td>\n<\/tr>\n<tr>\n<td>programimage:<\/td>\n<td>https:\/\/ecs.eduaxis.net\/files\/images\/program%20images\/hoogte_shutterstock_1737846935.jpg<\/td>\n<\/tr>\n<tr>\n<td>programimage:<\/td>\n<td>https:\/\/ecs.eduaxis.net\/files\/images\/program%20images\/hoogte_shutterstock_1737846935.jpg<\/td>\n<\/tr>\n<\/tbody>\n<\/table>\n","protected":false},"excerpt":{"rendered":"<p>Description: <\/p>\n<p>Cette formation a pour objectif d&rsquo;acqu\u00e9rir les connaissances th\u00e9oriques et les aptitudes pratiques, mais \u00e9galement de comprendre les notions de base de s\u00e9curit\u00e9 et d&rsquo;acqu\u00e9rir le sens des responsabilit\u00e9s et de l&rsquo;efficacit\u00e9.<\/p>\n<p>\u00a0<\/p>\n<p>But : Construction s\u00fbre, montage et d\u00e9montage d&rsquo;\u00e9chafaudages par les travailleurs.<\/p>\n","protected":false},"featured_media":1352,"menu_order":0,"template":"","format":"standard","meta":[],"categories":[],"date_start":[352,372,343,411,404,562,550,649,629,297,432,570,358,325,630],"center":[78,581,275],"class_list":["post-1079","opleiding","type-opleiding","status-publish","format-standard","has-post-thumbnail","hentry","date_start-02-maart-2026","date_start-04-mei-2026","date_start-06-mei-2026","date_start-06-november-2026","date_start-07-september-2026","date_start-07-september-2026-fr","date_start-08-mei-2026-fr","date_start-10-april-2026","date_start-10-juli-2026","date_start-22-mei-2026","date_start-23-november-2026","date_start-23-november-2026-fr","date_start-26-februari-2026","date_start-28-april-2026","date_start-30-september-2026","center-brussels","center-brussels-fr","center-villers-le-bouillet"],"yoast_head":"<!-- This site is optimized with the Yoast SEO plugin v27.4 - https:\/\/yoast.com\/product\/yoast-seo-wordpress\/ -->\n<title>Travail en Hauteur Module 1+2<\/title>\n<meta name=\"description\" content=\"Cette formation a pour objectif d&rsquo;acqu&eacute;rir les connaissances th&eacute;oriques et les aptitudes pratiques, mais &eacute;galement de comprendre les notions de base de s&eacute;curit&eacute; et d&rsquo;acqu&eacute;rir le sens des responsabilit&eacute;s et de l&rsquo;efficacit&eacute;. &nbsp; But : Construction s&ucirc;re, montage et d&eacute;montage d&rsquo;&eacute;chafaudages par les travailleurs.\" \/>\n<meta name=\"robots\" content=\"index, follow, max-snippet:-1, max-image-preview:large, max-video-preview:-1\" \/>\n<link rel=\"canonical\" href=\"https:\/\/e-c-s.be\/fr\/formation\/travail-en-hauteur-module-12\/\" \/>\n<meta property=\"og:locale\" content=\"fr_FR\" \/>\n<meta property=\"og:type\" content=\"article\" \/>\n<meta property=\"og:title\" content=\"Travail en Hauteur Module 1+2\" \/>\n<meta property=\"og:description\" content=\"Cette formation a pour objectif d&rsquo;acqu&eacute;rir les connaissances th&eacute;oriques et les aptitudes pratiques, mais &eacute;galement de comprendre les notions de base de s&eacute;curit&eacute; et d&rsquo;acqu&eacute;rir le sens des responsabilit&eacute;s et de l&rsquo;efficacit&eacute;. &nbsp; But : Construction s&ucirc;re, montage et d&eacute;montage d&rsquo;&eacute;chafaudages par les travailleurs.\" \/>\n<meta property=\"og:url\" content=\"https:\/\/e-c-s.be\/fr\/formation\/travail-en-hauteur-module-12\/\" \/>\n<meta property=\"og:site_name\" content=\"ECS\" \/>\n<meta property=\"og:image\" content=\"https:\/\/e-c-s.be\/wp-content\/uploads\/2025\/12\/hoogte_shutterstock_1737846935.jpg\" \/>\n\t<meta property=\"og:image:width\" content=\"1728\" \/>\n\t<meta property=\"og:image:height\" content=\"1152\" \/>\n\t<meta property=\"og:image:type\" content=\"image\/jpeg\" \/>\n<meta name=\"twitter:card\" content=\"summary_large_image\" \/>\n<meta name=\"twitter:title\" content=\"Travail en Hauteur Module 1+2\" \/>\n<meta name=\"twitter:label1\" content=\"Dur\u00e9e de lecture estim\u00e9e\" \/>\n\t<meta name=\"twitter:data1\" content=\"3 minutes\" \/>\n<script type=\"application\/ld+json\" class=\"yoast-schema-graph\">{\"@context\":\"https:\\\/\\\/schema.org\",\"@graph\":[{\"@type\":\"WebPage\",\"@id\":\"https:\\\/\\\/e-c-s.be\\\/fr\\\/formation\\\/travail-en-hauteur-module-12\\\/\",\"url\":\"https:\\\/\\\/e-c-s.be\\\/fr\\\/formation\\\/travail-en-hauteur-module-12\\\/\",\"name\":\"Travail en Hauteur Module 1+2\",\"isPartOf\":{\"@id\":\"https:\\\/\\\/e-c-s.be\\\/fr\\\/#website\"},\"primaryImageOfPage\":{\"@id\":\"https:\\\/\\\/e-c-s.be\\\/fr\\\/formation\\\/travail-en-hauteur-module-12\\\/#primaryimage\"},\"image\":{\"@id\":\"https:\\\/\\\/e-c-s.be\\\/fr\\\/formation\\\/travail-en-hauteur-module-12\\\/#primaryimage\"},\"thumbnailUrl\":\"https:\\\/\\\/e-c-s.be\\\/wp-content\\\/uploads\\\/2025\\\/12\\\/hoogte_shutterstock_1737846935.jpg\",\"datePublished\":\"2026-04-28T05:01:28+00:00\",\"description\":\"Cette formation a pour objectif d&rsquo;acqu&eacute;rir les connaissances th&eacute;oriques et les aptitudes pratiques, mais &eacute;galement de comprendre les notions de base de s&eacute;curit&eacute; et d&rsquo;acqu&eacute;rir le sens des responsabilit&eacute;s et de l&rsquo;efficacit&eacute;. &nbsp; But : Construction s&ucirc;re, montage et d&eacute;montage d&rsquo;&eacute;chafaudages par les travailleurs.\",\"breadcrumb\":{\"@id\":\"https:\\\/\\\/e-c-s.be\\\/fr\\\/formation\\\/travail-en-hauteur-module-12\\\/#breadcrumb\"},\"inLanguage\":\"fr-FR\",\"potentialAction\":[{\"@type\":\"ReadAction\",\"target\":[\"https:\\\/\\\/e-c-s.be\\\/fr\\\/formation\\\/travail-en-hauteur-module-12\\\/\"]}]},{\"@type\":\"ImageObject\",\"inLanguage\":\"fr-FR\",\"@id\":\"https:\\\/\\\/e-c-s.be\\\/fr\\\/formation\\\/travail-en-hauteur-module-12\\\/#primaryimage\",\"url\":\"https:\\\/\\\/e-c-s.be\\\/wp-content\\\/uploads\\\/2025\\\/12\\\/hoogte_shutterstock_1737846935.jpg\",\"contentUrl\":\"https:\\\/\\\/e-c-s.be\\\/wp-content\\\/uploads\\\/2025\\\/12\\\/hoogte_shutterstock_1737846935.jpg\",\"width\":1728,\"height\":1152},{\"@type\":\"BreadcrumbList\",\"@id\":\"https:\\\/\\\/e-c-s.be\\\/fr\\\/formation\\\/travail-en-hauteur-module-12\\\/#breadcrumb\",\"itemListElement\":[{\"@type\":\"ListItem\",\"position\":1,\"name\":\"Home\",\"item\":\"https:\\\/\\\/e-c-s.be\\\/fr\\\/\"},{\"@type\":\"ListItem\",\"position\":2,\"name\":\"Opleidingen\",\"item\":\"https:\\\/\\\/e-c-s.be\\\/fr\\\/formation\\\/\"},{\"@type\":\"ListItem\",\"position\":3,\"name\":\"Travail en Hauteur Module 1+2\"}]},{\"@type\":\"WebSite\",\"@id\":\"https:\\\/\\\/e-c-s.be\\\/fr\\\/#website\",\"url\":\"https:\\\/\\\/e-c-s.be\\\/fr\\\/\",\"name\":\"ECS\",\"description\":\"Uw partner in veiligheid\",\"publisher\":{\"@id\":\"https:\\\/\\\/e-c-s.be\\\/fr\\\/#organization\"},\"potentialAction\":[{\"@type\":\"SearchAction\",\"target\":{\"@type\":\"EntryPoint\",\"urlTemplate\":\"https:\\\/\\\/e-c-s.be\\\/fr\\\/?s={search_term_string}\"},\"query-input\":{\"@type\":\"PropertyValueSpecification\",\"valueRequired\":true,\"valueName\":\"search_term_string\"}}],\"inLanguage\":\"fr-FR\"},{\"@type\":\"Organization\",\"@id\":\"https:\\\/\\\/e-c-s.be\\\/fr\\\/#organization\",\"name\":\"ECS\",\"url\":\"https:\\\/\\\/e-c-s.be\\\/fr\\\/\",\"logo\":{\"@type\":\"ImageObject\",\"inLanguage\":\"fr-FR\",\"@id\":\"https:\\\/\\\/e-c-s.be\\\/fr\\\/#\\\/schema\\\/logo\\\/image\\\/\",\"url\":\"https:\\\/\\\/e-c-s.be\\\/wp-content\\\/uploads\\\/2025\\\/10\\\/ecs-logo.svg\",\"contentUrl\":\"https:\\\/\\\/e-c-s.be\\\/wp-content\\\/uploads\\\/2025\\\/10\\\/ecs-logo.svg\",\"width\":1,\"height\":1,\"caption\":\"ECS\"},\"image\":{\"@id\":\"https:\\\/\\\/e-c-s.be\\\/fr\\\/#\\\/schema\\\/logo\\\/image\\\/\"},\"sameAs\":[\"https:\\\/\\\/www.linkedin.com\\\/company\\\/ecs-equans\"]}]}<\/script>\n<!-- \/ Yoast SEO plugin. -->","yoast_head_json":{"title":"Travail en Hauteur Module 1+2","description":"Cette formation a pour objectif d&rsquo;acqu&eacute;rir les connaissances th&eacute;oriques et les aptitudes pratiques, mais &eacute;galement de comprendre les notions de base de s&eacute;curit&eacute; et d&rsquo;acqu&eacute;rir le sens des responsabilit&eacute;s et de l&rsquo;efficacit&eacute;. &nbsp; But : Construction s&ucirc;re, montage et d&eacute;montage d&rsquo;&eacute;chafaudages par les travailleurs.","robots":{"index":"index","follow":"follow","max-snippet":"max-snippet:-1","max-image-preview":"max-image-preview:large","max-video-preview":"max-video-preview:-1"},"canonical":"https:\/\/e-c-s.be\/fr\/formation\/travail-en-hauteur-module-12\/","og_locale":"fr_FR","og_type":"article","og_title":"Travail en Hauteur Module 1+2","og_description":"Cette formation a pour objectif d&rsquo;acqu&eacute;rir les connaissances th&eacute;oriques et les aptitudes pratiques, mais &eacute;galement de comprendre les notions de base de s&eacute;curit&eacute; et d&rsquo;acqu&eacute;rir le sens des responsabilit&eacute;s et de l&rsquo;efficacit&eacute;. &nbsp; But : Construction s&ucirc;re, montage et d&eacute;montage d&rsquo;&eacute;chafaudages par les travailleurs.","og_url":"https:\/\/e-c-s.be\/fr\/formation\/travail-en-hauteur-module-12\/","og_site_name":"ECS","og_image":[{"width":1728,"height":1152,"url":"https:\/\/e-c-s.be\/wp-content\/uploads\/2025\/12\/hoogte_shutterstock_1737846935.jpg","type":"image\/jpeg"}],"twitter_card":"summary_large_image","twitter_title":"Travail en Hauteur Module 1+2","twitter_misc":{"Dur\u00e9e de lecture estim\u00e9e":"3 minutes"},"schema":{"@context":"https:\/\/schema.org","@graph":[{"@type":"WebPage","@id":"https:\/\/e-c-s.be\/fr\/formation\/travail-en-hauteur-module-12\/","url":"https:\/\/e-c-s.be\/fr\/formation\/travail-en-hauteur-module-12\/","name":"Travail en Hauteur Module 1+2","isPartOf":{"@id":"https:\/\/e-c-s.be\/fr\/#website"},"primaryImageOfPage":{"@id":"https:\/\/e-c-s.be\/fr\/formation\/travail-en-hauteur-module-12\/#primaryimage"},"image":{"@id":"https:\/\/e-c-s.be\/fr\/formation\/travail-en-hauteur-module-12\/#primaryimage"},"thumbnailUrl":"https:\/\/e-c-s.be\/wp-content\/uploads\/2025\/12\/hoogte_shutterstock_1737846935.jpg","datePublished":"2026-04-28T05:01:28+00:00","description":"Cette formation a pour objectif d&rsquo;acqu&eacute;rir les connaissances th&eacute;oriques et les aptitudes pratiques, mais &eacute;galement de comprendre les notions de base de s&eacute;curit&eacute; et d&rsquo;acqu&eacute;rir le sens des responsabilit&eacute;s et de l&rsquo;efficacit&eacute;. &nbsp; But : Construction s&ucirc;re, montage et d&eacute;montage d&rsquo;&eacute;chafaudages par les travailleurs.","breadcrumb":{"@id":"https:\/\/e-c-s.be\/fr\/formation\/travail-en-hauteur-module-12\/#breadcrumb"},"inLanguage":"fr-FR","potentialAction":[{"@type":"ReadAction","target":["https:\/\/e-c-s.be\/fr\/formation\/travail-en-hauteur-module-12\/"]}]},{"@type":"ImageObject","inLanguage":"fr-FR","@id":"https:\/\/e-c-s.be\/fr\/formation\/travail-en-hauteur-module-12\/#primaryimage","url":"https:\/\/e-c-s.be\/wp-content\/uploads\/2025\/12\/hoogte_shutterstock_1737846935.jpg","contentUrl":"https:\/\/e-c-s.be\/wp-content\/uploads\/2025\/12\/hoogte_shutterstock_1737846935.jpg","width":1728,"height":1152},{"@type":"BreadcrumbList","@id":"https:\/\/e-c-s.be\/fr\/formation\/travail-en-hauteur-module-12\/#breadcrumb","itemListElement":[{"@type":"ListItem","position":1,"name":"Home","item":"https:\/\/e-c-s.be\/fr\/"},{"@type":"ListItem","position":2,"name":"Opleidingen","item":"https:\/\/e-c-s.be\/fr\/formation\/"},{"@type":"ListItem","position":3,"name":"Travail en Hauteur Module 1+2"}]},{"@type":"WebSite","@id":"https:\/\/e-c-s.be\/fr\/#website","url":"https:\/\/e-c-s.be\/fr\/","name":"ECS","description":"Uw partner in veiligheid","publisher":{"@id":"https:\/\/e-c-s.be\/fr\/#organization"},"potentialAction":[{"@type":"SearchAction","target":{"@type":"EntryPoint","urlTemplate":"https:\/\/e-c-s.be\/fr\/?s={search_term_string}"},"query-input":{"@type":"PropertyValueSpecification","valueRequired":true,"valueName":"search_term_string"}}],"inLanguage":"fr-FR"},{"@type":"Organization","@id":"https:\/\/e-c-s.be\/fr\/#organization","name":"ECS","url":"https:\/\/e-c-s.be\/fr\/","logo":{"@type":"ImageObject","inLanguage":"fr-FR","@id":"https:\/\/e-c-s.be\/fr\/#\/schema\/logo\/image\/","url":"https:\/\/e-c-s.be\/wp-content\/uploads\/2025\/10\/ecs-logo.svg","contentUrl":"https:\/\/e-c-s.be\/wp-content\/uploads\/2025\/10\/ecs-logo.svg","width":1,"height":1,"caption":"ECS"},"image":{"@id":"https:\/\/e-c-s.be\/fr\/#\/schema\/logo\/image\/"},"sameAs":["https:\/\/www.linkedin.com\/company\/ecs-equans"]}]}},"_links":{"self":[{"href":"https:\/\/e-c-s.be\/fr\/wp-json\/wp\/v2\/opleiding\/1079","targetHints":{"allow":["GET"]}}],"collection":[{"href":"https:\/\/e-c-s.be\/fr\/wp-json\/wp\/v2\/opleiding"}],"about":[{"href":"https:\/\/e-c-s.be\/fr\/wp-json\/wp\/v2\/types\/opleiding"}],"wp:featuredmedia":[{"embeddable":true,"href":"https:\/\/e-c-s.be\/fr\/wp-json\/wp\/v2\/media\/1352"}],"wp:attachment":[{"href":"https:\/\/e-c-s.be\/fr\/wp-json\/wp\/v2\/media?parent=1079"}],"wp:term":[{"taxonomy":"category","embeddable":true,"href":"https:\/\/e-c-s.be\/fr\/wp-json\/wp\/v2\/categories?post=1079"},{"taxonomy":"date_start","embeddable":true,"href":"https:\/\/e-c-s.be\/fr\/wp-json\/wp\/v2\/date_start?post=1079"},{"taxonomy":"center","embeddable":true,"href":"https:\/\/e-c-s.be\/fr\/wp-json\/wp\/v2\/center?post=1079"}],"curies":[{"name":"wp","href":"https:\/\/api.w.org\/{rel}","templated":true}]}},{"id":1075,"date":"2026-04-28T05:01:28","date_gmt":"2026-04-28T05:01:28","guid":{"rendered":"https:\/\/ecsprd.wpenginepowered.com\/opleiding\/secouriste-base\/"},"modified":"2026-04-28T05:01:28","modified_gmt":"2026-04-28T05:01:28","slug":"secouriste-base","status":"publish","type":"opleiding","link":"https:\/\/e-c-s.be\/fr\/formation\/secouriste-base\/","title":{"rendered":"Secouriste Base"},"content":{"rendered":"<table>\n<thead>\n<tr>\n<th>Xml_node<\/th>\n<th>Content<\/th>\n<\/tr>\n<\/thead>\n<tbody>\n<tr>\n<td>programxid:<\/td>\n<td>259<\/td>\n<\/tr>\n<tr>\n<td>categoryxid:<\/td>\n<td>73<\/td>\n<\/tr>\n<tr>\n<td>categorydesc:<\/td>\n<td>Premier Secours<\/td>\n<\/tr>\n<tr>\n<td>programdesc:<\/td>\n<td>Secouriste Base<\/td>\n<\/tr>\n<tr>\n<td>programduration:<\/td>\n<td>2 d<\/td>\n<\/tr>\n<tr>\n<td>programprice1:<\/td>\n<td>600 \u20ac<\/td>\n<\/tr>\n<tr>\n<td>programpricea:<\/td>\n<td>2920 \u20ac<\/td>\n<\/tr>\n<tr>\n<td>programoffer:<\/td>\n<td>Catalogue<\/td>\n<\/tr>\n<tr>\n<td>description_target_group:<\/td>\n<td>\n<p>Formation agr&eacute;&eacute;e par le SPF WASO de min. 15h dans le cadre de l&#39;A.R. du 15\/12\/10 relatif aux premiers secours. Cette formation garantit que le secouriste acquiert les connaissances &amp; comp&eacute;tences n&eacute;cessaires pour reconna&icirc;tre un &eacute;tat de sant&eacute; critique et appliquer les principes des premiers secours en attendant l&#39;intervention des services sp&eacute;cialis&eacute;s&nbsp;<\/p>\n<p>&nbsp;<\/p>\n<p>Tout le personnel d&eacute;sign&eacute; par l&#39;employeur pour prodiguer les premiers secours en attendant l&#39;intervention de professionnels&nbsp;<\/p>\n<\/td>\n<\/tr>\n<tr>\n<td>description_objectives:<\/td>\n<td>\n<p>Cette formation et les cours de recyclage garantissent que le secouriste ma\u00eetrise les connaissances et les comp\u00e9tences n\u00e9cessaires pour reconna\u00eetre l&rsquo;\u00e9tat m\u00e9dical critique des personnes et pour appliquer les principes des premiers secours en attendant l&rsquo;intervention des services sp\u00e9cialis\u00e9s\u00a0Formation agr\u00e9\u00e9e par le SPF WASO de min. 15h dans le cadre de l&rsquo;A.R. du 15\/12\/10 relatif aux premiers secours. Cette formation garantit que le secouriste acquiert les connaissances &#038; comp\u00e9tences n\u00e9cessaires pour reconna\u00eetre un \u00e9tat de sant\u00e9 critique et appliquer les principes des premiers secours en attendant l&rsquo;intervention des services sp\u00e9cialis\u00e9s\u00a0<\/p>\n<\/td>\n<\/tr>\n<tr>\n<td>description_content:<\/td>\n<td>\n<p>THEORIE<br \/>\nObjectif 1: Les principes de base (3h): comprendre le r\u00f4le du secouriste, apprendre l&rsquo;utilisation de l&rsquo;\u00e9quipement disponible, n\u00e9cessit\u00e9 d&rsquo;enregistrer les incidents et les soins prodigu\u00e9s (comprendre le cadre juridique), comprendre l&rsquo;importance de l&rsquo;hygi\u00e8ne de base dans les proc\u00e9dures de premiers soins, analyser correctement la situation et les circonstances afin d&rsquo;alerter et d&rsquo;agir dans une situation d&rsquo;urgence de mani\u00e8re s\u00fbre et efficace, faire preuve d&#8217;empathie avant l&rsquo;\u00e9vacuation, d\u00e9placement et \u00e9vacuation des victimes (conna\u00eetre et appliquer)<br \/>\nObjectif 2: soutenir les fonctions vitales (6h): administrer les premiers secours de mani\u00e8re s\u00fbre, rapide et efficace \u00e0 une victime inconsciente (y compris une victime souffrant de convulsions), administrer les premiers secours \u00e0 une victime en d\u00e9tresse respiratoire (y compris l&rsquo;obstruction des voies respiratoires), reconna\u00eetre l&rsquo;\u00e9tat d&rsquo;une victime pr\u00e9sentant une douleur thoracique, effectuer rapidement et efficacement une r\u00e9animation cardio-pulmonaire (selon les directives du Conseil europ\u00e9en de r\u00e9animation), directives de base pour la r\u00e9animation, DEA (d\u00e9fibrillateur externe automatique).<br \/>\nObjectif 3: autres anomalies (6h): reconna\u00eetre les sympt\u00f4mes d&rsquo;un trouble grave, appliquer les principes g\u00e9n\u00e9raux des premiers secours, \u00eatre capable de donner les premiers soins appropri\u00e9s pour: maladies du syst\u00e8me cardiovasculaire, h\u00e9morragies, plaies cutan\u00e9es, l\u00e9sions et traumatismes des os, des muscles et des articulations, traumatismes cr\u00e2niens, l\u00e9sions de la colonne vert\u00e9brale, brulures, blessures oculaires (y compris les cas o\u00f9 un \u0153il doit \u00eatre rinc\u00e9), maladies du syst\u00e8me nerveux, empoisonnement, suffocation PRATIQUE<br \/>\n\u2022 Approche de la victime, alerter le 112 Techniques de r\u00e9animation + DEA La man\u0153uvre Rautek, la position lat\u00e9rale de s\u00e9curit\u00e9 Techniques de bandage Simulations pratiques<\/p>\n<\/td>\n<\/tr>\n<tr>\n<td>description_requirements:<\/td>\n<td><\/td>\n<\/tr>\n<tr>\n<td>description_prerequisite:<\/td>\n<td><\/td>\n<\/tr>\n<tr>\n<td>description_pedagogical_approach:<\/td>\n<td><\/td>\n<\/tr>\n<tr>\n<td>description_responsable_program:<\/td>\n<td>\n<p>Villers-le-Bouillet,&nbsp;Suarl&eacute;e, Bruxelles<\/p>\n<\/td>\n<\/tr>\n<tr>\n<td>description_duration:<\/td>\n<td>\n<p>2 jours.<\/p>\n<\/td>\n<\/tr>\n<tr>\n<td>description_certification_period:<\/td>\n<td>\n<p>Les candidats re&ccedil;oivent un certificat du cours de formation Secourisme Base. Un cours de recyclage annuel d&#39;au moins 4 heures est exig&eacute; par la loi&nbsp;<\/p>\n<\/td>\n<\/tr>\n<tr>\n<td>description_additional_information:<\/td>\n<td>\n<p>DOCUMENTATION: 1 syllabus par participant.<br \/>\nNOMBRE DE PARTICIPANTS: Maximum 15.<br \/>\nD\u00e9jeuner sandwich gratuit + 1 boisson non alcoolis\u00e9e + caf\u00e9 \u00e0 volont\u00e9, soupe, etc.\u00a0(si la formation a lieu dans l&rsquo;un des lieux d&rsquo;ECS)\u00a0<\/p>\n<\/td>\n<\/tr>\n<tr>\n<td>description_summary:<\/td>\n<td><\/td>\n<\/tr>\n<tr>\n<td>description_short_summary:<\/td>\n<td>\n<p>Cette formation et les cours de recyclage garantissent que le secouriste ma&icirc;trise les connaissances et les comp&eacute;tences n&eacute;cessaires pour reconna&icirc;tre l&#39;&eacute;tat m&eacute;dical critique des personnes et pour appliquer les principes des premiers secours en attendant l&#39;intervention des services sp&eacute;cialis&eacute;s&nbsp;Formation agr&eacute;&eacute;e par le SPF WASO de min. 15h dans le cadre de l&#39;A.R. du 15\/12\/10 relatif aux premiers secours. Cette formation garantit que le secouriste acquiert les connaissances &amp; comp&eacute;tences n&eacute;cessaires pour reconna&icirc;tre un &eacute;tat de sant&eacute; critique et appliquer les principes des premiers secours en attendant l&#39;intervention des services sp&eacute;cialis&eacute;s&nbsp;<\/p>\n<\/td>\n<\/tr>\n<tr>\n<td>programimage:<\/td>\n<td>https:\/\/ecs.eduaxis.net\/files\/images\/program%20images\/EHBO_IMG_4968.jpg<\/td>\n<\/tr>\n<tr>\n<td>programimage:<\/td>\n<td>https:\/\/ecs.eduaxis.net\/files\/images\/program%20images\/EHBO_IMG_4968.jpg<\/td>\n<\/tr>\n<\/tbody>\n<\/table>\n","protected":false},"excerpt":{"rendered":"<p>Description: <\/p>\n<p>Cette formation et les cours de recyclage garantissent que le secouriste ma\u00eetrise les connaissances et les comp\u00e9tences n\u00e9cessaires pour reconna\u00eetre l&rsquo;\u00e9tat m\u00e9dical critique des personnes et pour appliquer les principes des premiers secours en attendant l&rsquo;intervention des services sp\u00e9cialis\u00e9s\u00a0Formation agr\u00e9\u00e9e par le SPF WASO de min. 15h dans le cadre de l&rsquo;A.R. du 15\/12\/10 relatif aux premiers secours. Cette formation garantit que le secouriste acquiert les connaissances &#038; comp\u00e9tences n\u00e9cessaires pour reconna\u00eetre un \u00e9tat de sant\u00e9 critique et appliquer les principes des premiers secours en attendant l&rsquo;intervention des services sp\u00e9cialis\u00e9s\u00a0<\/p>\n","protected":false},"featured_media":1247,"menu_order":0,"template":"","format":"standard","meta":[],"categories":[],"date_start":[361,551,621,421,618,415,564,651,447,573,474,433],"center":[78,581,467,275],"class_list":["post-1075","opleiding","type-opleiding","status-publish","format-standard","has-post-thumbnail","hentry","date_start-01-juni-2026","date_start-01-juni-2026-fr","date_start-01-oktober-2026","date_start-02-april-2026","date_start-05-augustus-2026","date_start-07-december-2026","date_start-07-december-2026-fr","date_start-08-september-2026","date_start-14-december-2026","date_start-14-december-2026-fr","date_start-17-september-2026","date_start-30-november-2026","center-brussels","center-brussels-fr","center-suarlee","center-villers-le-bouillet"],"yoast_head":"<!-- This site is optimized with the Yoast SEO plugin v27.4 - https:\/\/yoast.com\/product\/yoast-seo-wordpress\/ -->\n<title>Secouriste Base<\/title>\n<meta name=\"description\" content=\"Cette formation et les cours de recyclage garantissent que le secouriste ma&icirc;trise les connaissances et les comp&eacute;tences n&eacute;cessaires pour reconna&icirc;tre l&#039;&eacute;tat m&eacute;dical critique des personnes et pour appliquer les principes des premiers secours en attendant l&#039;intervention des services sp&eacute;cialis&eacute;s&nbsp;Formation agr&eacute;&eacute;e par le SPF WASO de min. 15h dans le cadre de l&#039;A.R. du 15\/12\/10 relatif aux premiers secours. Cette formation garantit que le secouriste acquiert les connaissances &amp; comp&eacute;tences n&eacute;cessaires pour reconna&icirc;tre un &eacute;tat de sant&eacute; critique et appliquer les principes des premiers secours en attendant l&#039;intervention des services sp&eacute;cialis&eacute;s&nbsp;\" \/>\n<meta name=\"robots\" content=\"index, follow, max-snippet:-1, max-image-preview:large, max-video-preview:-1\" \/>\n<link rel=\"canonical\" href=\"https:\/\/e-c-s.be\/fr\/formation\/secouriste-base\/\" \/>\n<meta property=\"og:locale\" content=\"fr_FR\" \/>\n<meta property=\"og:type\" content=\"article\" \/>\n<meta property=\"og:title\" content=\"Secouriste Base\" \/>\n<meta property=\"og:description\" content=\"Cette formation et les cours de recyclage garantissent que le secouriste ma&icirc;trise les connaissances et les comp&eacute;tences n&eacute;cessaires pour reconna&icirc;tre l&#039;&eacute;tat m&eacute;dical critique des personnes et pour appliquer les principes des premiers secours en attendant l&#039;intervention des services sp&eacute;cialis&eacute;s&nbsp;Formation agr&eacute;&eacute;e par le SPF WASO de min. 15h dans le cadre de l&#039;A.R. du 15\/12\/10 relatif aux premiers secours. Cette formation garantit que le secouriste acquiert les connaissances &amp; comp&eacute;tences n&eacute;cessaires pour reconna&icirc;tre un &eacute;tat de sant&eacute; critique et appliquer les principes des premiers secours en attendant l&#039;intervention des services sp&eacute;cialis&eacute;s&nbsp;\" \/>\n<meta property=\"og:url\" content=\"https:\/\/e-c-s.be\/fr\/formation\/secouriste-base\/\" \/>\n<meta property=\"og:site_name\" content=\"ECS\" \/>\n<meta property=\"og:image\" content=\"https:\/\/e-c-s.be\/wp-content\/uploads\/2025\/11\/EHBO_IMG_4968.jpg\" \/>\n\t<meta property=\"og:image:width\" content=\"1700\" \/>\n\t<meta property=\"og:image:height\" content=\"1133\" \/>\n\t<meta property=\"og:image:type\" content=\"image\/jpeg\" \/>\n<meta name=\"twitter:card\" content=\"summary_large_image\" \/>\n<meta name=\"twitter:title\" content=\"Secouriste Base\" \/>\n<meta name=\"twitter:label1\" content=\"Dur\u00e9e de lecture estim\u00e9e\" \/>\n\t<meta name=\"twitter:data1\" content=\"4 minutes\" \/>\n<script type=\"application\/ld+json\" class=\"yoast-schema-graph\">{\"@context\":\"https:\\\/\\\/schema.org\",\"@graph\":[{\"@type\":\"WebPage\",\"@id\":\"https:\\\/\\\/e-c-s.be\\\/fr\\\/formation\\\/secouriste-base\\\/\",\"url\":\"https:\\\/\\\/e-c-s.be\\\/fr\\\/formation\\\/secouriste-base\\\/\",\"name\":\"Secouriste Base\",\"isPartOf\":{\"@id\":\"https:\\\/\\\/e-c-s.be\\\/fr\\\/#website\"},\"primaryImageOfPage\":{\"@id\":\"https:\\\/\\\/e-c-s.be\\\/fr\\\/formation\\\/secouriste-base\\\/#primaryimage\"},\"image\":{\"@id\":\"https:\\\/\\\/e-c-s.be\\\/fr\\\/formation\\\/secouriste-base\\\/#primaryimage\"},\"thumbnailUrl\":\"https:\\\/\\\/e-c-s.be\\\/wp-content\\\/uploads\\\/2025\\\/11\\\/EHBO_IMG_4968.jpg\",\"datePublished\":\"2026-04-28T05:01:28+00:00\",\"description\":\"Cette formation et les cours de recyclage garantissent que le secouriste ma&icirc;trise les connaissances et les comp&eacute;tences n&eacute;cessaires pour reconna&icirc;tre l&#39;&eacute;tat m&eacute;dical critique des personnes et pour appliquer les principes des premiers secours en attendant l&#39;intervention des services sp&eacute;cialis&eacute;s&nbsp;Formation agr&eacute;&eacute;e par le SPF WASO de min. 15h dans le cadre de l&#39;A.R. du 15\\\/12\\\/10 relatif aux premiers secours. Cette formation garantit que le secouriste acquiert les connaissances &amp; comp&eacute;tences n&eacute;cessaires pour reconna&icirc;tre un &eacute;tat de sant&eacute; critique et appliquer les principes des premiers secours en attendant l&#39;intervention des services sp&eacute;cialis&eacute;s&nbsp;\",\"breadcrumb\":{\"@id\":\"https:\\\/\\\/e-c-s.be\\\/fr\\\/formation\\\/secouriste-base\\\/#breadcrumb\"},\"inLanguage\":\"fr-FR\",\"potentialAction\":[{\"@type\":\"ReadAction\",\"target\":[\"https:\\\/\\\/e-c-s.be\\\/fr\\\/formation\\\/secouriste-base\\\/\"]}]},{\"@type\":\"ImageObject\",\"inLanguage\":\"fr-FR\",\"@id\":\"https:\\\/\\\/e-c-s.be\\\/fr\\\/formation\\\/secouriste-base\\\/#primaryimage\",\"url\":\"https:\\\/\\\/e-c-s.be\\\/wp-content\\\/uploads\\\/2025\\\/11\\\/EHBO_IMG_4968.jpg\",\"contentUrl\":\"https:\\\/\\\/e-c-s.be\\\/wp-content\\\/uploads\\\/2025\\\/11\\\/EHBO_IMG_4968.jpg\",\"width\":1700,\"height\":1133},{\"@type\":\"BreadcrumbList\",\"@id\":\"https:\\\/\\\/e-c-s.be\\\/fr\\\/formation\\\/secouriste-base\\\/#breadcrumb\",\"itemListElement\":[{\"@type\":\"ListItem\",\"position\":1,\"name\":\"Home\",\"item\":\"https:\\\/\\\/e-c-s.be\\\/fr\\\/\"},{\"@type\":\"ListItem\",\"position\":2,\"name\":\"Opleidingen\",\"item\":\"https:\\\/\\\/e-c-s.be\\\/fr\\\/formation\\\/\"},{\"@type\":\"ListItem\",\"position\":3,\"name\":\"Secouriste Base\"}]},{\"@type\":\"WebSite\",\"@id\":\"https:\\\/\\\/e-c-s.be\\\/fr\\\/#website\",\"url\":\"https:\\\/\\\/e-c-s.be\\\/fr\\\/\",\"name\":\"ECS\",\"description\":\"Uw partner in veiligheid\",\"publisher\":{\"@id\":\"https:\\\/\\\/e-c-s.be\\\/fr\\\/#organization\"},\"potentialAction\":[{\"@type\":\"SearchAction\",\"target\":{\"@type\":\"EntryPoint\",\"urlTemplate\":\"https:\\\/\\\/e-c-s.be\\\/fr\\\/?s={search_term_string}\"},\"query-input\":{\"@type\":\"PropertyValueSpecification\",\"valueRequired\":true,\"valueName\":\"search_term_string\"}}],\"inLanguage\":\"fr-FR\"},{\"@type\":\"Organization\",\"@id\":\"https:\\\/\\\/e-c-s.be\\\/fr\\\/#organization\",\"name\":\"ECS\",\"url\":\"https:\\\/\\\/e-c-s.be\\\/fr\\\/\",\"logo\":{\"@type\":\"ImageObject\",\"inLanguage\":\"fr-FR\",\"@id\":\"https:\\\/\\\/e-c-s.be\\\/fr\\\/#\\\/schema\\\/logo\\\/image\\\/\",\"url\":\"https:\\\/\\\/e-c-s.be\\\/wp-content\\\/uploads\\\/2025\\\/10\\\/ecs-logo.svg\",\"contentUrl\":\"https:\\\/\\\/e-c-s.be\\\/wp-content\\\/uploads\\\/2025\\\/10\\\/ecs-logo.svg\",\"width\":1,\"height\":1,\"caption\":\"ECS\"},\"image\":{\"@id\":\"https:\\\/\\\/e-c-s.be\\\/fr\\\/#\\\/schema\\\/logo\\\/image\\\/\"},\"sameAs\":[\"https:\\\/\\\/www.linkedin.com\\\/company\\\/ecs-equans\"]}]}<\/script>\n<!-- \/ Yoast SEO plugin. -->","yoast_head_json":{"title":"Secouriste Base","description":"Cette formation et les cours de recyclage garantissent que le secouriste ma&icirc;trise les connaissances et les comp&eacute;tences n&eacute;cessaires pour reconna&icirc;tre l&#39;&eacute;tat m&eacute;dical critique des personnes et pour appliquer les principes des premiers secours en attendant l&#39;intervention des services sp&eacute;cialis&eacute;s&nbsp;Formation agr&eacute;&eacute;e par le SPF WASO de min. 15h dans le cadre de l&#39;A.R. du 15\/12\/10 relatif aux premiers secours. Cette formation garantit que le secouriste acquiert les connaissances &amp; comp&eacute;tences n&eacute;cessaires pour reconna&icirc;tre un &eacute;tat de sant&eacute; critique et appliquer les principes des premiers secours en attendant l&#39;intervention des services sp&eacute;cialis&eacute;s&nbsp;","robots":{"index":"index","follow":"follow","max-snippet":"max-snippet:-1","max-image-preview":"max-image-preview:large","max-video-preview":"max-video-preview:-1"},"canonical":"https:\/\/e-c-s.be\/fr\/formation\/secouriste-base\/","og_locale":"fr_FR","og_type":"article","og_title":"Secouriste Base","og_description":"Cette formation et les cours de recyclage garantissent que le secouriste ma&icirc;trise les connaissances et les comp&eacute;tences n&eacute;cessaires pour reconna&icirc;tre l&#39;&eacute;tat m&eacute;dical critique des personnes et pour appliquer les principes des premiers secours en attendant l&#39;intervention des services sp&eacute;cialis&eacute;s&nbsp;Formation agr&eacute;&eacute;e par le SPF WASO de min. 15h dans le cadre de l&#39;A.R. du 15\/12\/10 relatif aux premiers secours. Cette formation garantit que le secouriste acquiert les connaissances &amp; comp&eacute;tences n&eacute;cessaires pour reconna&icirc;tre un &eacute;tat de sant&eacute; critique et appliquer les principes des premiers secours en attendant l&#39;intervention des services sp&eacute;cialis&eacute;s&nbsp;","og_url":"https:\/\/e-c-s.be\/fr\/formation\/secouriste-base\/","og_site_name":"ECS","og_image":[{"width":1700,"height":1133,"url":"https:\/\/e-c-s.be\/wp-content\/uploads\/2025\/11\/EHBO_IMG_4968.jpg","type":"image\/jpeg"}],"twitter_card":"summary_large_image","twitter_title":"Secouriste Base","twitter_misc":{"Dur\u00e9e de lecture estim\u00e9e":"4 minutes"},"schema":{"@context":"https:\/\/schema.org","@graph":[{"@type":"WebPage","@id":"https:\/\/e-c-s.be\/fr\/formation\/secouriste-base\/","url":"https:\/\/e-c-s.be\/fr\/formation\/secouriste-base\/","name":"Secouriste Base","isPartOf":{"@id":"https:\/\/e-c-s.be\/fr\/#website"},"primaryImageOfPage":{"@id":"https:\/\/e-c-s.be\/fr\/formation\/secouriste-base\/#primaryimage"},"image":{"@id":"https:\/\/e-c-s.be\/fr\/formation\/secouriste-base\/#primaryimage"},"thumbnailUrl":"https:\/\/e-c-s.be\/wp-content\/uploads\/2025\/11\/EHBO_IMG_4968.jpg","datePublished":"2026-04-28T05:01:28+00:00","description":"Cette formation et les cours de recyclage garantissent que le secouriste ma&icirc;trise les connaissances et les comp&eacute;tences n&eacute;cessaires pour reconna&icirc;tre l&#39;&eacute;tat m&eacute;dical critique des personnes et pour appliquer les principes des premiers secours en attendant l&#39;intervention des services sp&eacute;cialis&eacute;s&nbsp;Formation agr&eacute;&eacute;e par le SPF WASO de min. 15h dans le cadre de l&#39;A.R. du 15\/12\/10 relatif aux premiers secours. Cette formation garantit que le secouriste acquiert les connaissances &amp; comp&eacute;tences n&eacute;cessaires pour reconna&icirc;tre un &eacute;tat de sant&eacute; critique et appliquer les principes des premiers secours en attendant l&#39;intervention des services sp&eacute;cialis&eacute;s&nbsp;","breadcrumb":{"@id":"https:\/\/e-c-s.be\/fr\/formation\/secouriste-base\/#breadcrumb"},"inLanguage":"fr-FR","potentialAction":[{"@type":"ReadAction","target":["https:\/\/e-c-s.be\/fr\/formation\/secouriste-base\/"]}]},{"@type":"ImageObject","inLanguage":"fr-FR","@id":"https:\/\/e-c-s.be\/fr\/formation\/secouriste-base\/#primaryimage","url":"https:\/\/e-c-s.be\/wp-content\/uploads\/2025\/11\/EHBO_IMG_4968.jpg","contentUrl":"https:\/\/e-c-s.be\/wp-content\/uploads\/2025\/11\/EHBO_IMG_4968.jpg","width":1700,"height":1133},{"@type":"BreadcrumbList","@id":"https:\/\/e-c-s.be\/fr\/formation\/secouriste-base\/#breadcrumb","itemListElement":[{"@type":"ListItem","position":1,"name":"Home","item":"https:\/\/e-c-s.be\/fr\/"},{"@type":"ListItem","position":2,"name":"Opleidingen","item":"https:\/\/e-c-s.be\/fr\/formation\/"},{"@type":"ListItem","position":3,"name":"Secouriste Base"}]},{"@type":"WebSite","@id":"https:\/\/e-c-s.be\/fr\/#website","url":"https:\/\/e-c-s.be\/fr\/","name":"ECS","description":"Uw partner in veiligheid","publisher":{"@id":"https:\/\/e-c-s.be\/fr\/#organization"},"potentialAction":[{"@type":"SearchAction","target":{"@type":"EntryPoint","urlTemplate":"https:\/\/e-c-s.be\/fr\/?s={search_term_string}"},"query-input":{"@type":"PropertyValueSpecification","valueRequired":true,"valueName":"search_term_string"}}],"inLanguage":"fr-FR"},{"@type":"Organization","@id":"https:\/\/e-c-s.be\/fr\/#organization","name":"ECS","url":"https:\/\/e-c-s.be\/fr\/","logo":{"@type":"ImageObject","inLanguage":"fr-FR","@id":"https:\/\/e-c-s.be\/fr\/#\/schema\/logo\/image\/","url":"https:\/\/e-c-s.be\/wp-content\/uploads\/2025\/10\/ecs-logo.svg","contentUrl":"https:\/\/e-c-s.be\/wp-content\/uploads\/2025\/10\/ecs-logo.svg","width":1,"height":1,"caption":"ECS"},"image":{"@id":"https:\/\/e-c-s.be\/fr\/#\/schema\/logo\/image\/"},"sameAs":["https:\/\/www.linkedin.com\/company\/ecs-equans"]}]}},"_links":{"self":[{"href":"https:\/\/e-c-s.be\/fr\/wp-json\/wp\/v2\/opleiding\/1075","targetHints":{"allow":["GET"]}}],"collection":[{"href":"https:\/\/e-c-s.be\/fr\/wp-json\/wp\/v2\/opleiding"}],"about":[{"href":"https:\/\/e-c-s.be\/fr\/wp-json\/wp\/v2\/types\/opleiding"}],"wp:featuredmedia":[{"embeddable":true,"href":"https:\/\/e-c-s.be\/fr\/wp-json\/wp\/v2\/media\/1247"}],"wp:attachment":[{"href":"https:\/\/e-c-s.be\/fr\/wp-json\/wp\/v2\/media?parent=1075"}],"wp:term":[{"taxonomy":"category","embeddable":true,"href":"https:\/\/e-c-s.be\/fr\/wp-json\/wp\/v2\/categories?post=1075"},{"taxonomy":"date_start","embeddable":true,"href":"https:\/\/e-c-s.be\/fr\/wp-json\/wp\/v2\/date_start?post=1075"},{"taxonomy":"center","embeddable":true,"href":"https:\/\/e-c-s.be\/fr\/wp-json\/wp\/v2\/center?post=1075"}],"curies":[{"name":"wp","href":"https:\/\/api.w.org\/{rel}","templated":true}]}},{"id":1041,"date":"2026-04-28T05:01:27","date_gmt":"2026-04-28T05:01:27","guid":{"rendered":"https:\/\/ecsprd.wpenginepowered.com\/opleiding\/deplacer-et-elinguer-des-charges-critiques-is-006-recyclage-participants-experimentes\/"},"modified":"2026-04-28T05:01:27","modified_gmt":"2026-04-28T05:01:27","slug":"deplacer-et-elinguer-des-charges-critiques-is-006-recyclage-participants-experimentes","status":"publish","type":"opleiding","link":"https:\/\/e-c-s.be\/fr\/formation\/deplacer-et-elinguer-des-charges-critiques-is-006-recyclage-participants-experimentes\/","title":{"rendered":"D\u00e9placer et Elinguer des Charges Critiques IS-006 &#8211; Recyclage (participants exp\u00e9riment\u00e9s)"},"content":{"rendered":"<table>\n<thead>\n<tr>\n<th>Xml_node<\/th>\n<th>Content<\/th>\n<\/tr>\n<\/thead>\n<tbody>\n<tr>\n<td>programxid:<\/td>\n<td>33<\/td>\n<\/tr>\n<tr>\n<td>categoryxid:<\/td>\n<td>69<\/td>\n<\/tr>\n<tr>\n<td>categorydesc:<\/td>\n<td>\u00c9lingage<\/td>\n<\/tr>\n<tr>\n<td>programdesc:<\/td>\n<td>D\u00e9placer et Elinguer des Charges Critiques IS-006 &#8211; Recyclage (participants exp\u00e9riment\u00e9s)<\/td>\n<\/tr>\n<tr>\n<td>programduration:<\/td>\n<td>2 d<\/td>\n<\/tr>\n<tr>\n<td>programprice1:<\/td>\n<td>600 \u20ac<\/td>\n<\/tr>\n<tr>\n<td>programpricea:<\/td>\n<td>2920 \u20ac<\/td>\n<\/tr>\n<tr>\n<td>programoffer:<\/td>\n<td>Catalogue<\/td>\n<\/tr>\n<tr>\n<td>description_target_group:<\/td>\n<td>\n<p align=\"left\" class=\"MsoNormal\" style=\"MARGIN: 0pt 23.9pt 0pt -18pt; LINE-HEIGHT: 14pt; TEXT-ALIGN: justify; mso-pagination: none; tab-stops: 31.2pt 468.0pt\">Employ&eacute;s op&eacute;rationnels charg&eacute; d&#39;assumer et d&eacute;placer des charges critiques &agrave; l&#39;aide d&#39;un pont roulant.<\/p>\n<\/td>\n<\/tr>\n<tr>\n<td>description_objectives:<\/td>\n<td>\n<p>La formation \u00ab IS-006 \u2013 Elinger des Charges Critiques \u00bb \u00e0 pour objectif d&rsquo;apprendre \u00e0 assumer et \u00e0 d\u00e9placer des charges critiques de mani\u00e8re s\u00fbre et efficace. Au terme de la formation, le candidat pourra travailler de mani\u00e8re correcte, prudente et s\u00fbre avec un pont roulant \u00e0 commande c\u00e2bl\u00e9e et\/ou \u00e0 commande \u00e0 distance.\u00a0<\/p>\n<\/td>\n<\/tr>\n<tr>\n<td>description_content:<\/td>\n<td>\n<p><u>G\u00e9n\u00e9ral<\/u><\/p>\n<p>\u00a0<\/p>\n<p>Apprendre, de mani\u00e8re concr\u00e8te, \u00e0:<\/p>\n<p>\u00b7 Elinger et d\u00e9placer des charges<\/p>\n<p>\u00b7 Lever les charges (communiquer avec le conducteur d\u2019un engin de levage)<\/p>\n<p>\u00a0<\/p>\n<p><u>THEORIE<\/u><\/p>\n<p><u><\/u><\/p>\n<p>\u00a0<\/p>\n<p>\u00b7 conna\u00eetre ses responsabilit\u00e9s<\/p>\n<p>\u00b7 pouvoir d\u00e9terminer le poids, le centre de gravit\u00e9, l\u2019angle et le type d\u2019\u00e9lingage<\/p>\n<p>\u00b7 savoir quelles forces peuvent s\u2019exercer sur le mat\u00e9riel<\/p>\n<p>\u00b7 comprendre les facteurs de charge et de stabilit\u00e9<\/p>\n<p>\u00b7 conna\u00eetre et pouvoir expliquer les termes suivants: charge pratique, charge de rupture, facteur de charge pratique, facteur d\u2019utilisation, facteur d\u2019\u00e9lingage, facteur de charge (+ facteur de s\u00e9curit\u00e9 = coefficient de s\u00e9curit\u00e9), angle int\u00e9rieur, angle ext\u00e9rieur, angle sup\u00e9rieur, angle d\u2019\u00e9cartement, centre de gravit\u00e9. <\/p>\n<p>\u00b7 Conna\u00eetre les diff\u00e9rentes sangles de levage\u00a0: sangle tiss\u00e9e ou sangle plate, \u00e9lingue simple, \u00e9lingue sans fin, \u00e9lingue ronde, \u00e9lingue polyester. <\/p>\n<p>\u00b7 Conna\u00eetre la composition du c\u00e2ble acier: \u00e9lingue en c\u00e2ble d\u2019acier, ouvertures de fils de c\u00e2ble d\u2019acier. <\/p>\n<p>\u00b7 Conna\u00eetre les types de cha\u00eenes suivants, ainsi que leur composition: mailles et anneaux, pitons et \u00e9crous \u00e0 \u0153il; fermeture droite ou en D, manille, \u00e9lingues cha\u00eenes, ouvertures de fils de cha\u00eene. <\/p>\n<p>\u00b7 Conna\u00eetre les \u00e9quipements de levage suivants: serre-t\u00f4le, pince de levage<\/p>\n<p>\u00b7 Conna\u00eetre les palans suivants: poulie; palan \u00e0 bras; palan \u00e9lectrique. <\/p>\n<p>\u00b7 Savoir comment \u00e9linguer charges en toute s\u00e9curit\u00e9 avec les engins de levage sp\u00e9ciaux, les \u00e9lingues, les c\u00e2bles d\u2019acier, les cha\u00eenes, le palan; <\/p>\n<p>\u00b7 Savoir comment travailler en toute s\u00e9curit\u00e9 avec un porte-palan, une \u00e9coperche<\/p>\n<p>\u00b7 Savoir quelles sont les conditions d\u2019utilisation des accessoires<\/p>\n<p>\u00b7 Pouvoir s\u00e9lectionner le bon mat\u00e9riel d\u2019\u00e9lingage<\/p>\n<p>\u00b7 Ma\u00eetriser les r\u00e8gles g\u00e9n\u00e9rales de s\u00e9curit\u00e9: utilisation des moyens de protection individuels requis, l\u00e9gislation, analyse des risques<\/p>\n<p>\u00b7 comprendre les aspects \u00e9conomiques (\u00e9l\u00e9ments d\u2019usure, entretien) <\/p>\n<p>\u00b7 Conna\u00eetre l\u2019influence de la temp\u00e9rature et des facteurs environnementaux<\/p>\n<p>\u00b7 Conna\u00eetre les conditions d\u2019agr\u00e9ation du mat\u00e9riel d\u2019\u00e9lingage (inspection et certification) <\/p>\n<p>\u00b7 Respecter la s\u00e9curit\u00e9 personnelle (v\u00eatements, moyens de protection personnelle)<\/p>\n<p>\u00b7 Signaux gestuels\u00a0<u><\/u><\/p>\n<p><u><\/u><\/p>\n<p><u><\/u>\u00a0<\/p>\n<p><u>PRATIQUE<\/u><\/p>\n<p><u><\/u><\/p>\n<p>\u00b7 Mettre en \u0153uvre correctement les r\u00e8gles de s\u00e9curit\u00e9<\/p>\n<p>\u00b7 R\u00e9aliser les contr\u00f4les n\u00e9cessaires pour l\u2019usage des engins de levage: contr\u00f4ler la date d\u2019agr\u00e9ation des outils de levage, contr\u00f4ler la s\u00e9curit\u00e9 de la voie de transport, effectuer des inspections d\u2019utilisateur (inspection p\u00e9riodique, inspection visuelle, crit\u00e8res de mise au rebut) <\/p>\n<p>\u00b7 Apprendre \u00e0 choisir le bon mat\u00e9riel en fonction de l\u2019application<\/p>\n<p>\u00b7 Savoir \u00e9linguer une charge en toute s\u00e9curit\u00e9 avec des \u00e9lingues; <\/p>\n<p>\u00b7 Savoir \u00e9linguer une charge en toute s\u00e9curit\u00e9 avec des c\u00e2bles en acier; <\/p>\n<p>\u00b7 Savoir \u00e9linguer une charge en toute s\u00e9curit\u00e9 avec des cha\u00eenes; <\/p>\n<p>\u00b7 Savoir \u00e9linguer une charge en toute s\u00e9curit\u00e9 avec des palans et des engins de levage sp\u00e9ciaux; <\/p>\n<p>\u00b7 Savoir \u00e9linguer une charge en toute s\u00e9curit\u00e9 et la hisser au-dessus d\u2019un \u00ab\u00a0lieu dangereux\u00a0\u00bb (par ex. installations et canalisations a\u00e9riennes, etc.);<\/p>\n<p>\u00b7 Savoir \u00e9linguer diverses marchandises\/charges avec divers types de mat\u00e9riaux d\u2019\u00e9lingage; <\/p>\n<p>\u00b7 Savoir d\u00e9placer diverses marchandises\/charges \u00e0 distance de simulation<\/p>\n<p>\u00b7 Savoir signaliser: conna\u00eetre et savoir appliquer les signaux et gestes courants (signalisation gestuelle) de fa\u00e7on \u00e0 permettre le d\u00e9placement d\u2019une charge en toute s\u00e9curit\u00e9<\/p>\n<p>\u00b7 Savoir travailler avec la communication radio<\/p>\n<p>\u00b7 Savoir r\u00e9aliser une analyse de risque<\/p>\n<\/td>\n<\/tr>\n<tr>\n<td>description_requirements:<\/td>\n<td>\n<ul>\n<li>IS-006 &ndash; Elinger des Charges Critiques&nbsp;<\/li>\n<li>IS-011 &ndash; Pont Roulant<\/li>\n<\/ul>\n<\/td>\n<\/tr>\n<tr>\n<td>description_prerequisite:<\/td>\n<td><\/td>\n<\/tr>\n<tr>\n<td>description_pedagogical_approach:<\/td>\n<td><\/td>\n<\/tr>\n<tr>\n<td>description_responsable_program:<\/td>\n<td>\n<p>Villers-le-Bouillet, Bruxelles<\/p>\n<\/td>\n<\/tr>\n<tr>\n<td>description_duration:<\/td>\n<td><P class=MsoNormal style=\"MARGIN: 0pt 23.9pt 0pt 17.4pt; TEXT-ALIGN: justify\"><SPAN lang=FR style=\"FONT-SIZE: 10pt; FONT-FAMILY: Verdana; mso-bidi-font-size: 12.0pt; mso-ansi-language: FR\">La dur\u00e9e de la formation est de 2 jours, r\u00e9partis en \u00bd jour de th\u00e9orie et 1,5 jour de pratique<B style=\"mso-bidi-font-weight: normal\"><?xml:namespace prefix = o ns = \"urn:schemas-microsoft-com:office:office\" \/><o:p><\/o:p><\/B><\/SPAN><\/P><\/td>\n<\/tr>\n<tr>\n<td>description_certification_period:<\/td>\n<td><P class=MsoNormal style=\"MARGIN: 0pt 23.9pt 0pt 17.4pt; TEXT-ALIGN: justify\"><SPAN lang=FR style=\"FONT-SIZE: 10pt; FONT-FAMILY: Verdana; mso-bidi-font-size: 12.0pt; mso-ansi-language: FR\">Les<SPAN style=\"mso-spacerun: yes\">&nbsp; <\/SPAN>candidats qui r\u00e9ussissent l\u2019examen th\u00e9orique et pratique se voient d\u00e9livrer un certificat ayant une dur\u00e9e de validit\u00e9 de 10 ans, avec une \u00e9valuation interm\u00e9diaire apr\u00e8s 5 ans.<?xml:namespace prefix = o ns = \"urn:schemas-microsoft-com:office:office\" \/><o:p><\/o:p><\/SPAN><\/P><\/td>\n<\/tr>\n<tr>\n<td>description_additional_information:<\/td>\n<td>\n<ul>\n<li>N&rsquo;oubliez pas: la carte d&rsquo;identit\u00e9.<\/li>\n<li>EPI obligatoires : veste de travail, pantalon de travail, chaussures de s\u00e9curit\u00e9, gants, casque et lunettes de protection.<\/li>\n<li>A midi nous fournissons un d\u00e9jeuner sandwich.<\/li>\n<li>Il se peut que vous ayez besoin de votre t\u00e9l\u00e9phone professionnel pendant cette formation. Veuillez donc l&rsquo;apporter avec vous.<\/li>\n<\/ul>\n<\/td>\n<\/tr>\n<tr>\n<td>description_summary:<\/td>\n<td><\/td>\n<\/tr>\n<tr>\n<td>description_short_summary:<\/td>\n<td>\n<p>Cette formation a pour objectif d&rsquo;acqu&eacute;rir les connaissances th&eacute;oriques et les aptitudes pratiques, mais &eacute;galement de comprendre les notions de base de s&eacute;curit&eacute; et d&rsquo;acqu&eacute;rir le sens des responsabilit&eacute;s et de l&rsquo;efficacit&eacute;.<\/p>\n<\/td>\n<\/tr>\n<tr>\n<td>programimage:<\/td>\n<td>https:\/\/ecs.eduaxis.net\/files\/images\/program%20images\/Aanslaan_shutterstock_1958016088.jpg<\/td>\n<\/tr>\n<tr>\n<td>programimage:<\/td>\n<td>https:\/\/ecs.eduaxis.net\/files\/images\/program%20images\/Aanslaan_shutterstock_1958016088.jpg<\/td>\n<\/tr>\n<\/tbody>\n<\/table>\n","protected":false},"excerpt":{"rendered":"<p>Description: <\/p>\n<p>Cette formation a pour objectif d&rsquo;acqu\u00e9rir les connaissances th\u00e9oriques et les aptitudes pratiques, mais \u00e9galement de comprendre les notions de base de s\u00e9curit\u00e9 et d&rsquo;acqu\u00e9rir le sens des responsabilit\u00e9s et de l&rsquo;efficacit\u00e9.<\/p>\n","protected":false},"featured_media":1235,"menu_order":0,"template":"","format":"standard","meta":[],"categories":[],"date_start":[287,431,311,408,298,424,567,656],"center":[275],"class_list":["post-1041","opleiding","type-opleiding","status-publish","format-standard","has-post-thumbnail","hentry","date_start-03-september-2026","date_start-05-november-2026","date_start-07-mei-2026","date_start-15-oktober-2026","date_start-26-mei-2026","date_start-27-juli-2026","date_start-27-juli-2026-fr","date_start-29-juni-2026","center-villers-le-bouillet"],"yoast_head":"<!-- This site is optimized with the Yoast SEO plugin v27.4 - https:\/\/yoast.com\/product\/yoast-seo-wordpress\/ -->\n<title>D\u00e9placer et Elinguer des Charges Critiques IS-006 - Recyclage (participants exp\u00e9riment\u00e9s)<\/title>\n<meta name=\"description\" content=\"Cette formation a pour objectif d&rsquo;acqu&eacute;rir les connaissances th&eacute;oriques et les aptitudes pratiques, mais &eacute;galement de comprendre les notions de base de s&eacute;curit&eacute; et d&rsquo;acqu&eacute;rir le sens des responsabilit&eacute;s et de l&rsquo;efficacit&eacute;.\" \/>\n<meta name=\"robots\" content=\"index, follow, max-snippet:-1, max-image-preview:large, max-video-preview:-1\" \/>\n<link rel=\"canonical\" href=\"https:\/\/e-c-s.be\/fr\/formation\/deplacer-et-elinguer-des-charges-critiques-is-006-recyclage-participants-experimentes\/\" \/>\n<meta property=\"og:locale\" content=\"fr_FR\" \/>\n<meta property=\"og:type\" content=\"article\" \/>\n<meta property=\"og:title\" content=\"D\u00e9placer et Elinguer des Charges Critiques IS-006 - Recyclage (participants exp\u00e9riment\u00e9s)\" \/>\n<meta property=\"og:description\" content=\"Cette formation a pour objectif d&rsquo;acqu&eacute;rir les connaissances th&eacute;oriques et les aptitudes pratiques, mais &eacute;galement de comprendre les notions de base de s&eacute;curit&eacute; et d&rsquo;acqu&eacute;rir le sens des responsabilit&eacute;s et de l&rsquo;efficacit&eacute;.\" \/>\n<meta property=\"og:url\" content=\"https:\/\/e-c-s.be\/fr\/formation\/deplacer-et-elinguer-des-charges-critiques-is-006-recyclage-participants-experimentes\/\" \/>\n<meta property=\"og:site_name\" content=\"ECS\" \/>\n<meta property=\"og:image\" content=\"https:\/\/e-c-s.be\/wp-content\/uploads\/2025\/11\/Aanslaan_shutterstock_1958016088.jpg\" \/>\n\t<meta property=\"og:image:width\" content=\"1000\" \/>\n\t<meta property=\"og:image:height\" content=\"667\" \/>\n\t<meta property=\"og:image:type\" content=\"image\/jpeg\" \/>\n<meta name=\"twitter:card\" content=\"summary_large_image\" \/>\n<meta name=\"twitter:title\" content=\"D\u00e9placer et Elinguer des Charges Critiques IS-006 - Recyclage (participants exp\u00e9riment\u00e9s)\" \/>\n<meta name=\"twitter:label1\" content=\"Dur\u00e9e de lecture estim\u00e9e\" \/>\n\t<meta name=\"twitter:data1\" content=\"4 minutes\" \/>\n<script type=\"application\/ld+json\" class=\"yoast-schema-graph\">{\"@context\":\"https:\\\/\\\/schema.org\",\"@graph\":[{\"@type\":\"WebPage\",\"@id\":\"https:\\\/\\\/e-c-s.be\\\/fr\\\/formation\\\/deplacer-et-elinguer-des-charges-critiques-is-006-recyclage-participants-experimentes\\\/\",\"url\":\"https:\\\/\\\/e-c-s.be\\\/fr\\\/formation\\\/deplacer-et-elinguer-des-charges-critiques-is-006-recyclage-participants-experimentes\\\/\",\"name\":\"D\u00e9placer et Elinguer des Charges Critiques IS-006 - Recyclage (participants exp\u00e9riment\u00e9s)\",\"isPartOf\":{\"@id\":\"https:\\\/\\\/e-c-s.be\\\/fr\\\/#website\"},\"primaryImageOfPage\":{\"@id\":\"https:\\\/\\\/e-c-s.be\\\/fr\\\/formation\\\/deplacer-et-elinguer-des-charges-critiques-is-006-recyclage-participants-experimentes\\\/#primaryimage\"},\"image\":{\"@id\":\"https:\\\/\\\/e-c-s.be\\\/fr\\\/formation\\\/deplacer-et-elinguer-des-charges-critiques-is-006-recyclage-participants-experimentes\\\/#primaryimage\"},\"thumbnailUrl\":\"https:\\\/\\\/e-c-s.be\\\/wp-content\\\/uploads\\\/2025\\\/11\\\/Aanslaan_shutterstock_1958016088.jpg\",\"datePublished\":\"2026-04-28T05:01:27+00:00\",\"description\":\"Cette formation a pour objectif d&rsquo;acqu&eacute;rir les connaissances th&eacute;oriques et les aptitudes pratiques, mais &eacute;galement de comprendre les notions de base de s&eacute;curit&eacute; et d&rsquo;acqu&eacute;rir le sens des responsabilit&eacute;s et de l&rsquo;efficacit&eacute;.\",\"breadcrumb\":{\"@id\":\"https:\\\/\\\/e-c-s.be\\\/fr\\\/formation\\\/deplacer-et-elinguer-des-charges-critiques-is-006-recyclage-participants-experimentes\\\/#breadcrumb\"},\"inLanguage\":\"fr-FR\",\"potentialAction\":[{\"@type\":\"ReadAction\",\"target\":[\"https:\\\/\\\/e-c-s.be\\\/fr\\\/formation\\\/deplacer-et-elinguer-des-charges-critiques-is-006-recyclage-participants-experimentes\\\/\"]}]},{\"@type\":\"ImageObject\",\"inLanguage\":\"fr-FR\",\"@id\":\"https:\\\/\\\/e-c-s.be\\\/fr\\\/formation\\\/deplacer-et-elinguer-des-charges-critiques-is-006-recyclage-participants-experimentes\\\/#primaryimage\",\"url\":\"https:\\\/\\\/e-c-s.be\\\/wp-content\\\/uploads\\\/2025\\\/11\\\/Aanslaan_shutterstock_1958016088.jpg\",\"contentUrl\":\"https:\\\/\\\/e-c-s.be\\\/wp-content\\\/uploads\\\/2025\\\/11\\\/Aanslaan_shutterstock_1958016088.jpg\",\"width\":1000,\"height\":667},{\"@type\":\"BreadcrumbList\",\"@id\":\"https:\\\/\\\/e-c-s.be\\\/fr\\\/formation\\\/deplacer-et-elinguer-des-charges-critiques-is-006-recyclage-participants-experimentes\\\/#breadcrumb\",\"itemListElement\":[{\"@type\":\"ListItem\",\"position\":1,\"name\":\"Home\",\"item\":\"https:\\\/\\\/e-c-s.be\\\/fr\\\/\"},{\"@type\":\"ListItem\",\"position\":2,\"name\":\"Opleidingen\",\"item\":\"https:\\\/\\\/e-c-s.be\\\/fr\\\/formation\\\/\"},{\"@type\":\"ListItem\",\"position\":3,\"name\":\"D\u00e9placer et Elinguer des Charges Critiques IS-006 &#8211; Recyclage (participants exp\u00e9riment\u00e9s)\"}]},{\"@type\":\"WebSite\",\"@id\":\"https:\\\/\\\/e-c-s.be\\\/fr\\\/#website\",\"url\":\"https:\\\/\\\/e-c-s.be\\\/fr\\\/\",\"name\":\"ECS\",\"description\":\"Uw partner in veiligheid\",\"publisher\":{\"@id\":\"https:\\\/\\\/e-c-s.be\\\/fr\\\/#organization\"},\"potentialAction\":[{\"@type\":\"SearchAction\",\"target\":{\"@type\":\"EntryPoint\",\"urlTemplate\":\"https:\\\/\\\/e-c-s.be\\\/fr\\\/?s={search_term_string}\"},\"query-input\":{\"@type\":\"PropertyValueSpecification\",\"valueRequired\":true,\"valueName\":\"search_term_string\"}}],\"inLanguage\":\"fr-FR\"},{\"@type\":\"Organization\",\"@id\":\"https:\\\/\\\/e-c-s.be\\\/fr\\\/#organization\",\"name\":\"ECS\",\"url\":\"https:\\\/\\\/e-c-s.be\\\/fr\\\/\",\"logo\":{\"@type\":\"ImageObject\",\"inLanguage\":\"fr-FR\",\"@id\":\"https:\\\/\\\/e-c-s.be\\\/fr\\\/#\\\/schema\\\/logo\\\/image\\\/\",\"url\":\"https:\\\/\\\/e-c-s.be\\\/wp-content\\\/uploads\\\/2025\\\/10\\\/ecs-logo.svg\",\"contentUrl\":\"https:\\\/\\\/e-c-s.be\\\/wp-content\\\/uploads\\\/2025\\\/10\\\/ecs-logo.svg\",\"width\":1,\"height\":1,\"caption\":\"ECS\"},\"image\":{\"@id\":\"https:\\\/\\\/e-c-s.be\\\/fr\\\/#\\\/schema\\\/logo\\\/image\\\/\"},\"sameAs\":[\"https:\\\/\\\/www.linkedin.com\\\/company\\\/ecs-equans\"]}]}<\/script>\n<!-- \/ Yoast SEO plugin. -->","yoast_head_json":{"title":"D\u00e9placer et Elinguer des Charges Critiques IS-006 - Recyclage (participants exp\u00e9riment\u00e9s)","description":"Cette formation a pour objectif d&rsquo;acqu&eacute;rir les connaissances th&eacute;oriques et les aptitudes pratiques, mais &eacute;galement de comprendre les notions de base de s&eacute;curit&eacute; et d&rsquo;acqu&eacute;rir le sens des responsabilit&eacute;s et de l&rsquo;efficacit&eacute;.","robots":{"index":"index","follow":"follow","max-snippet":"max-snippet:-1","max-image-preview":"max-image-preview:large","max-video-preview":"max-video-preview:-1"},"canonical":"https:\/\/e-c-s.be\/fr\/formation\/deplacer-et-elinguer-des-charges-critiques-is-006-recyclage-participants-experimentes\/","og_locale":"fr_FR","og_type":"article","og_title":"D\u00e9placer et Elinguer des Charges Critiques IS-006 - Recyclage (participants exp\u00e9riment\u00e9s)","og_description":"Cette formation a pour objectif d&rsquo;acqu&eacute;rir les connaissances th&eacute;oriques et les aptitudes pratiques, mais &eacute;galement de comprendre les notions de base de s&eacute;curit&eacute; et d&rsquo;acqu&eacute;rir le sens des responsabilit&eacute;s et de l&rsquo;efficacit&eacute;.","og_url":"https:\/\/e-c-s.be\/fr\/formation\/deplacer-et-elinguer-des-charges-critiques-is-006-recyclage-participants-experimentes\/","og_site_name":"ECS","og_image":[{"width":1000,"height":667,"url":"https:\/\/e-c-s.be\/wp-content\/uploads\/2025\/11\/Aanslaan_shutterstock_1958016088.jpg","type":"image\/jpeg"}],"twitter_card":"summary_large_image","twitter_title":"D\u00e9placer et Elinguer des Charges Critiques IS-006 - Recyclage (participants exp\u00e9riment\u00e9s)","twitter_misc":{"Dur\u00e9e de lecture estim\u00e9e":"4 minutes"},"schema":{"@context":"https:\/\/schema.org","@graph":[{"@type":"WebPage","@id":"https:\/\/e-c-s.be\/fr\/formation\/deplacer-et-elinguer-des-charges-critiques-is-006-recyclage-participants-experimentes\/","url":"https:\/\/e-c-s.be\/fr\/formation\/deplacer-et-elinguer-des-charges-critiques-is-006-recyclage-participants-experimentes\/","name":"D\u00e9placer et Elinguer des Charges Critiques IS-006 - Recyclage (participants exp\u00e9riment\u00e9s)","isPartOf":{"@id":"https:\/\/e-c-s.be\/fr\/#website"},"primaryImageOfPage":{"@id":"https:\/\/e-c-s.be\/fr\/formation\/deplacer-et-elinguer-des-charges-critiques-is-006-recyclage-participants-experimentes\/#primaryimage"},"image":{"@id":"https:\/\/e-c-s.be\/fr\/formation\/deplacer-et-elinguer-des-charges-critiques-is-006-recyclage-participants-experimentes\/#primaryimage"},"thumbnailUrl":"https:\/\/e-c-s.be\/wp-content\/uploads\/2025\/11\/Aanslaan_shutterstock_1958016088.jpg","datePublished":"2026-04-28T05:01:27+00:00","description":"Cette formation a pour objectif d&rsquo;acqu&eacute;rir les connaissances th&eacute;oriques et les aptitudes pratiques, mais &eacute;galement de comprendre les notions de base de s&eacute;curit&eacute; et d&rsquo;acqu&eacute;rir le sens des responsabilit&eacute;s et de l&rsquo;efficacit&eacute;.","breadcrumb":{"@id":"https:\/\/e-c-s.be\/fr\/formation\/deplacer-et-elinguer-des-charges-critiques-is-006-recyclage-participants-experimentes\/#breadcrumb"},"inLanguage":"fr-FR","potentialAction":[{"@type":"ReadAction","target":["https:\/\/e-c-s.be\/fr\/formation\/deplacer-et-elinguer-des-charges-critiques-is-006-recyclage-participants-experimentes\/"]}]},{"@type":"ImageObject","inLanguage":"fr-FR","@id":"https:\/\/e-c-s.be\/fr\/formation\/deplacer-et-elinguer-des-charges-critiques-is-006-recyclage-participants-experimentes\/#primaryimage","url":"https:\/\/e-c-s.be\/wp-content\/uploads\/2025\/11\/Aanslaan_shutterstock_1958016088.jpg","contentUrl":"https:\/\/e-c-s.be\/wp-content\/uploads\/2025\/11\/Aanslaan_shutterstock_1958016088.jpg","width":1000,"height":667},{"@type":"BreadcrumbList","@id":"https:\/\/e-c-s.be\/fr\/formation\/deplacer-et-elinguer-des-charges-critiques-is-006-recyclage-participants-experimentes\/#breadcrumb","itemListElement":[{"@type":"ListItem","position":1,"name":"Home","item":"https:\/\/e-c-s.be\/fr\/"},{"@type":"ListItem","position":2,"name":"Opleidingen","item":"https:\/\/e-c-s.be\/fr\/formation\/"},{"@type":"ListItem","position":3,"name":"D\u00e9placer et Elinguer des Charges Critiques IS-006 &#8211; Recyclage (participants exp\u00e9riment\u00e9s)"}]},{"@type":"WebSite","@id":"https:\/\/e-c-s.be\/fr\/#website","url":"https:\/\/e-c-s.be\/fr\/","name":"ECS","description":"Uw partner in veiligheid","publisher":{"@id":"https:\/\/e-c-s.be\/fr\/#organization"},"potentialAction":[{"@type":"SearchAction","target":{"@type":"EntryPoint","urlTemplate":"https:\/\/e-c-s.be\/fr\/?s={search_term_string}"},"query-input":{"@type":"PropertyValueSpecification","valueRequired":true,"valueName":"search_term_string"}}],"inLanguage":"fr-FR"},{"@type":"Organization","@id":"https:\/\/e-c-s.be\/fr\/#organization","name":"ECS","url":"https:\/\/e-c-s.be\/fr\/","logo":{"@type":"ImageObject","inLanguage":"fr-FR","@id":"https:\/\/e-c-s.be\/fr\/#\/schema\/logo\/image\/","url":"https:\/\/e-c-s.be\/wp-content\/uploads\/2025\/10\/ecs-logo.svg","contentUrl":"https:\/\/e-c-s.be\/wp-content\/uploads\/2025\/10\/ecs-logo.svg","width":1,"height":1,"caption":"ECS"},"image":{"@id":"https:\/\/e-c-s.be\/fr\/#\/schema\/logo\/image\/"},"sameAs":["https:\/\/www.linkedin.com\/company\/ecs-equans"]}]}},"_links":{"self":[{"href":"https:\/\/e-c-s.be\/fr\/wp-json\/wp\/v2\/opleiding\/1041","targetHints":{"allow":["GET"]}}],"collection":[{"href":"https:\/\/e-c-s.be\/fr\/wp-json\/wp\/v2\/opleiding"}],"about":[{"href":"https:\/\/e-c-s.be\/fr\/wp-json\/wp\/v2\/types\/opleiding"}],"wp:featuredmedia":[{"embeddable":true,"href":"https:\/\/e-c-s.be\/fr\/wp-json\/wp\/v2\/media\/1235"}],"wp:attachment":[{"href":"https:\/\/e-c-s.be\/fr\/wp-json\/wp\/v2\/media?parent=1041"}],"wp:term":[{"taxonomy":"category","embeddable":true,"href":"https:\/\/e-c-s.be\/fr\/wp-json\/wp\/v2\/categories?post=1041"},{"taxonomy":"date_start","embeddable":true,"href":"https:\/\/e-c-s.be\/fr\/wp-json\/wp\/v2\/date_start?post=1041"},{"taxonomy":"center","embeddable":true,"href":"https:\/\/e-c-s.be\/fr\/wp-json\/wp\/v2\/center?post=1041"}],"curies":[{"name":"wp","href":"https:\/\/api.w.org\/{rel}","templated":true}]}},{"id":1034,"date":"2026-04-28T05:01:26","date_gmt":"2026-04-28T05:01:26","guid":{"rendered":"https:\/\/ecsprd.wpenginepowered.com\/opleiding\/combi-pont-roulantelinguer-des-charges-is-011is-006-formation-de-base-participants-inexperimentes\/"},"modified":"2026-04-28T05:01:26","modified_gmt":"2026-04-28T05:01:26","slug":"combi-pont-roulantelinguer-des-charges-is-011is-006-formation-de-base-participants-inexperimentes","status":"publish","type":"opleiding","link":"https:\/\/e-c-s.be\/fr\/formation\/combi-pont-roulantelinguer-des-charges-is-011is-006-formation-de-base-participants-inexperimentes\/","title":{"rendered":"Combi Pont Roulant+Elinguer des Charges IS-011+IS-006 &#8211; Formation de base (participants inexp\u00e9riment\u00e9s)"},"content":{"rendered":"<table>\n<thead>\n<tr>\n<th>Xml_node<\/th>\n<th>Content<\/th>\n<\/tr>\n<\/thead>\n<tbody>\n<tr>\n<td>programxid:<\/td>\n<td>8499<\/td>\n<\/tr>\n<tr>\n<td>categoryxid:<\/td>\n<td>69<\/td>\n<\/tr>\n<tr>\n<td>categorydesc:<\/td>\n<td>\u00c9lingage<\/td>\n<\/tr>\n<tr>\n<td>programdesc:<\/td>\n<td>Combi Pont Roulant+Elinguer des Charges IS-011+IS-006 &#8211; Formation de base (participants inexp\u00e9riment\u00e9s)<\/td>\n<\/tr>\n<tr>\n<td>programduration:<\/td>\n<td>4 d<\/td>\n<\/tr>\n<tr>\n<td>programprice1:<\/td>\n<td>1200 \u20ac<\/td>\n<\/tr>\n<tr>\n<td>programpricea:<\/td>\n<td>5840 \u20ac<\/td>\n<\/tr>\n<tr>\n<td>programoffer:<\/td>\n<td>Catalogue<\/td>\n<\/tr>\n<tr>\n<td>description_target_group:<\/td>\n<td>\n<div style=\"font-family: &quot;Segoe UI&quot;; font-size: 14px; line-height: 20px;\">La formation Combi Pont roulant + &Eacute;lingage des charges IS\u2011011 + IS\u2011006 &ndash; Formation de base est destin&eacute;e aux personnes qui souhaitent apprendre &agrave; travailler de mani&egrave;re s&ucirc;re et efficace avec un pont roulant et &agrave; &eacute;linguer des charges.<\/div>\n<\/td>\n<\/tr>\n<tr>\n<td>description_objectives:<\/td>\n<td>Acqu\u00e9rir les connaissances et les comp\u00e9tences n\u00e9cessaires pour manipuler correctement, eficacement et en toute s\u00e9curit\u00e9 des charges critiques. Sont consid\u00e9r\u00e9es comme charges critiques les charges dont le centre de gravit\u00e9 n&rsquo;est pas connu et\/ou qui n&rsquo;ont pas de points d&rsquo;attache d\u00e9finis de mani\u00e8re permanente. Les charges qui doivent \u00eatre positionn\u00e9es avec une grande pr\u00e9cision et qui doivent donc \u00eatre fixe\u00e9s avec une grande exactitude.<\/td>\n<\/tr>\n<tr>\n<td>description_content:<\/td>\n<td>TH\u00c9ORIE \u2022 D\u00e9terminer, analyser et ma\u00eetriser les risques sp\u00e9cifiques \u00e0 l&rsquo;\u00e9quipement et \u00e0 l&rsquo;espace. \u2022 L\u00e9gislation de base et responsabilit\u00e9s du monteur et du signaleur. \u2022 L&rsquo;utilisation des \u00e9quipements de protection. \u2022 L&rsquo;ex\u00e9cution d&rsquo;une fonction de s\u00e9curit\u00e9. \u2022 Les exigences en mati\u00e8re d&rsquo;inspection de l&rsquo;\u00e9quipement de levage et de l&rsquo;\u00e9quipement d&rsquo;arr\u00eat. \u2022 Les techniques de levage et les facteurs de levage associ\u00e9s. \u2022 D\u00e9termination du poids, du centre de gravit\u00e9 et des points d&rsquo;arr\u00eat d&rsquo;une charge. \u2022 L&rsquo;utilisation de diff\u00e9rents mat\u00e9riaux d&rsquo;arr\u00eat avec leur champ d&rsquo;application et leurs limites. \u2022 Outils de levage sp\u00e9ciaux : pince \u00e0 plaque, pince de levage, palans, poutre de levage. \u2022 L&rsquo;\u00e9conomie de la maintenance. \u2022 L&rsquo;influence de la temp\u00e9rature et des facteurs environnementaux. \u2022 Les diff\u00e9rents \u00e9l\u00e9ments de l&rsquo;inspection visuelle. \u2022 Le respect des r\u00e8gles de s\u00e9curit\u00e9 et l&rsquo;ex\u00e9cution de LMRA. \u2022 Les points \u00e0 prendre en compte lors de la manutention d&rsquo;une charge en toute s\u00e9curit\u00e9. \u2022 Techniques conventionnelles de signalisation entre personnes. \u2022 Les diff\u00e9rents types de ponts roulants. \u2022 La construction et l&rsquo;entra\u00eenement d&rsquo;un pont roulant. \u2022 Types de commandes et leur fonctionnement. \u2022 Les dispositifs d&rsquo;urgence et les r\u00e8gles de s\u00e9curit\u00e9. \u2022 V\u00e9rification de la mise en service et de LMRA. PRATIQUE \u2022 Effectuer l&rsquo;analyse de risque de derni\u00e8re minute (LMRA). \u2022 R\u00e8gles de s\u00e9curit\u00e9 et utilisation des \u00e9quipements de protection. \u2022 Effectuer des contr\u00f4les avant d&rsquo;utiliser un \u00e9quipement de levage. \u2022 Le choix du mat\u00e9riel en fonction de l&rsquo;application. \u2022 Les techniques de levage et les facteurs de levage associ\u00e9s D\u00e9termination du poids et du centre de gravit\u00e9 d&rsquo;une charge. \u2022 Choix de la m\u00e9thode d&rsquo;arr\u00eat correcte et la plus s\u00fbre en fonction des diff\u00e9rents types de charge. \u2022 Levage \u00e0 l&rsquo;aide d&rsquo;\u00e9quipements courants tels que : c\u00e2bles d&rsquo;acier, cha\u00eenes, palans, poutres de levage, courroies de levage synth\u00e9tiques, etc&#8230; \u2022 Interpr\u00e9ter un plan de levage afin de hisser et de manipuler correctement une charge. \u2022 Utiliser les signaux de communication conventionnels. \u2022 Techniques pour \u00e9viter ou r\u00e9duire le pendule avec une charge. \u2022 Effectuer des manoeuvres pr\u00e9cises avec une charge. \u2022 Retourner des charges avec le pont roulant.\n<\/td>\n<\/tr>\n<tr>\n<td>description_requirements:<\/td>\n<td>\n<div>Les participants doivent &ecirc;tre &acirc;g&eacute;s d&rsquo;au moins 18 ans et &ecirc;tre m&eacute;dicalement aptes.<\/div>\n<\/td>\n<\/tr>\n<tr>\n<td>description_prerequisite:<\/td>\n<td><\/td>\n<\/tr>\n<tr>\n<td>description_pedagogical_approach:<\/td>\n<td><\/td>\n<\/tr>\n<tr>\n<td>description_responsable_program:<\/td>\n<td>\n<p>Villers-le-Bouillet, Bruxelles<\/p>\n<\/td>\n<\/tr>\n<tr>\n<td>description_duration:<\/td>\n<td>\n<p>4 jours<\/p>\n<\/td>\n<\/tr>\n<tr>\n<td>description_certification_period:<\/td>\n<td>\n<div>La formation se termine par un examen th&eacute;orique et<\/div>\n<div>pratique, les participants re&ccedil;oivent un certificat apr&egrave;s une&eacute;valuation positive.<\/div>\n<div>FORMATION BESACC VCA: Validit&eacute; de 5 ans<\/div>\n<\/td>\n<\/tr>\n<tr>\n<td>description_additional_information:<\/td>\n<td>Inclus un sandwich et une boisson (si la formation a lieu dans l&rsquo;une des agences ECS). Nombre de participants par session: maximum 6. Toutes nos formations peuvent \u00eatre organis\u00e9es sur demande sur l&rsquo;un de nos sites ou dans les locaux du client. Il est \u00e9galement possible de les adapter aux besoins sp\u00e9cifiques du client ou de les compl\u00e9ter par un audit, des conseils, un coaching.\n<\/td>\n<\/tr>\n<tr>\n<td>description_summary:<\/td>\n<td><\/td>\n<\/tr>\n<tr>\n<td>description_short_summary:<\/td>\n<td>\n<div>Acqu&eacute;rir<\/div>\n<div>les connaissances et les comp&eacute;tences n&eacute;cessaires pour manipuler correctement, eficacement et en toute<\/div>\n<div>s&eacute;curit&eacute; des charges critiques. Sont consid&eacute;r&eacute;es comme charges critiques les charges dont le centre de gravit&eacute; n&rsquo;est pas<\/div>\n<div>connu et\/ou qui n&rsquo;ont pas de points d&rsquo;attache d&eacute;finis de mani&egrave;re permanente. Les charges qui doivent &ecirc;tre positionn&eacute;es<\/div>\n<div>avec une grande pr&eacute;cision et qui doivent donc &ecirc;tre fixe&eacute;s avec une grande exactitude.<\/div>\n<\/td>\n<\/tr>\n<tr>\n<td>programimage:<\/td>\n<td>https:\/\/ecs.eduaxis.net\/files\/images\/program%20images\/Rolbrug_shutterstock_1658890348.jpg<\/td>\n<\/tr>\n<tr>\n<td>programimage:<\/td>\n<td>https:\/\/ecs.eduaxis.net\/files\/images\/program%20images\/Rolbrug_shutterstock_1658890348.jpg<\/td>\n<\/tr>\n<\/tbody>\n<\/table>\n","protected":false},"excerpt":{"rendered":"<p>Description: Acqu\u00e9rir les connaissances et les comp\u00e9tences n\u00e9cessaires pour manipuler correctement, eficacement et en toute s\u00e9curit\u00e9 des charges critiques. Sont consid\u00e9r\u00e9es comme charges critiques les charges dont le centre de gravit\u00e9 n&rsquo;est pas connu et\/ou qui n&rsquo;ont pas de points d&rsquo;attache d\u00e9finis de mani\u00e8re permanente. Les charges qui doivent \u00eatre positionn\u00e9es avec une grande pr\u00e9cision et qui doivent donc \u00eatre fixe\u00e9s avec une grande exactitude.<\/p>\n","protected":false},"featured_media":1233,"menu_order":0,"template":"","format":"standard","meta":[],"categories":[],"date_start":[415,564,398,364,552,423,566],"center":[78,275],"class_list":["post-1034","opleiding","type-opleiding","status-publish","format-standard","has-post-thumbnail","hentry","date_start-07-december-2026","date_start-07-december-2026-fr","date_start-15-juni-2026","date_start-17-augustus-2026","date_start-17-augustus-2026-fr","date_start-22-juni-2026","date_start-22-juni-2026-fr","center-brussels","center-villers-le-bouillet"],"yoast_head":"<!-- This site is optimized with the Yoast SEO plugin v27.4 - https:\/\/yoast.com\/product\/yoast-seo-wordpress\/ -->\n<title>Combi Pont Roulant+Elinguer des Charges IS-011+IS-006 - Formation de base (participants inexp\u00e9riment\u00e9s)<\/title>\n<meta name=\"description\" content=\"Acqu&eacute;rir les connaissances et les comp&eacute;tences n&eacute;cessaires pour manipuler correctement, eficacement et en toute s&eacute;curit&eacute; des charges critiques. Sont consid&eacute;r&eacute;es comme charges critiques les charges dont le centre de gravit&eacute; n&rsquo;est pas connu et\/ou qui n&rsquo;ont pas de points d&rsquo;attache d&eacute;finis de mani&egrave;re permanente. Les charges qui doivent &ecirc;tre positionn&eacute;es avec une grande pr&eacute;cision et qui doivent donc &ecirc;tre fixe&eacute;s avec une grande exactitude.\" \/>\n<meta name=\"robots\" content=\"index, follow, max-snippet:-1, max-image-preview:large, max-video-preview:-1\" \/>\n<link rel=\"canonical\" href=\"https:\/\/e-c-s.be\/fr\/formation\/combi-pont-roulantelinguer-des-charges-is-011is-006-formation-de-base-participants-inexperimentes\/\" \/>\n<meta property=\"og:locale\" content=\"fr_FR\" \/>\n<meta property=\"og:type\" content=\"article\" \/>\n<meta property=\"og:title\" content=\"Combi Pont Roulant+Elinguer des Charges IS-011+IS-006 - Formation de base (participants inexp\u00e9riment\u00e9s)\" \/>\n<meta property=\"og:description\" content=\"Acqu&eacute;rir les connaissances et les comp&eacute;tences n&eacute;cessaires pour manipuler correctement, eficacement et en toute s&eacute;curit&eacute; des charges critiques. Sont consid&eacute;r&eacute;es comme charges critiques les charges dont le centre de gravit&eacute; n&rsquo;est pas connu et\/ou qui n&rsquo;ont pas de points d&rsquo;attache d&eacute;finis de mani&egrave;re permanente. Les charges qui doivent &ecirc;tre positionn&eacute;es avec une grande pr&eacute;cision et qui doivent donc &ecirc;tre fixe&eacute;s avec une grande exactitude.\" \/>\n<meta property=\"og:url\" content=\"https:\/\/e-c-s.be\/fr\/formation\/combi-pont-roulantelinguer-des-charges-is-011is-006-formation-de-base-participants-inexperimentes\/\" \/>\n<meta property=\"og:site_name\" content=\"ECS\" \/>\n<meta property=\"og:image\" content=\"https:\/\/e-c-s.be\/wp-content\/uploads\/2025\/11\/Rolbrug_shutterstock_1658890348.jpg\" \/>\n\t<meta property=\"og:image:width\" content=\"1350\" \/>\n\t<meta property=\"og:image:height\" content=\"898\" \/>\n\t<meta property=\"og:image:type\" content=\"image\/jpeg\" \/>\n<meta name=\"twitter:card\" content=\"summary_large_image\" \/>\n<meta name=\"twitter:title\" content=\"Combi Pont Roulant+Elinguer des Charges IS-011+IS-006 - Formation de base (participants inexp\u00e9riment\u00e9s)\" \/>\n<meta name=\"twitter:label1\" content=\"Dur\u00e9e de lecture estim\u00e9e\" \/>\n\t<meta name=\"twitter:data1\" content=\"4 minutes\" \/>\n<script type=\"application\/ld+json\" class=\"yoast-schema-graph\">{\"@context\":\"https:\\\/\\\/schema.org\",\"@graph\":[{\"@type\":\"WebPage\",\"@id\":\"https:\\\/\\\/e-c-s.be\\\/fr\\\/formation\\\/combi-pont-roulantelinguer-des-charges-is-011is-006-formation-de-base-participants-inexperimentes\\\/\",\"url\":\"https:\\\/\\\/e-c-s.be\\\/fr\\\/formation\\\/combi-pont-roulantelinguer-des-charges-is-011is-006-formation-de-base-participants-inexperimentes\\\/\",\"name\":\"Combi Pont Roulant+Elinguer des Charges IS-011+IS-006 - Formation de base (participants inexp\u00e9riment\u00e9s)\",\"isPartOf\":{\"@id\":\"https:\\\/\\\/e-c-s.be\\\/fr\\\/#website\"},\"primaryImageOfPage\":{\"@id\":\"https:\\\/\\\/e-c-s.be\\\/fr\\\/formation\\\/combi-pont-roulantelinguer-des-charges-is-011is-006-formation-de-base-participants-inexperimentes\\\/#primaryimage\"},\"image\":{\"@id\":\"https:\\\/\\\/e-c-s.be\\\/fr\\\/formation\\\/combi-pont-roulantelinguer-des-charges-is-011is-006-formation-de-base-participants-inexperimentes\\\/#primaryimage\"},\"thumbnailUrl\":\"https:\\\/\\\/e-c-s.be\\\/wp-content\\\/uploads\\\/2025\\\/11\\\/Rolbrug_shutterstock_1658890348.jpg\",\"datePublished\":\"2026-04-28T05:01:26+00:00\",\"description\":\"Acqu&eacute;rir les connaissances et les comp&eacute;tences n&eacute;cessaires pour manipuler correctement, eficacement et en toute s&eacute;curit&eacute; des charges critiques. Sont consid&eacute;r&eacute;es comme charges critiques les charges dont le centre de gravit&eacute; n&rsquo;est pas connu et\\\/ou qui n&rsquo;ont pas de points d&rsquo;attache d&eacute;finis de mani&egrave;re permanente. Les charges qui doivent &ecirc;tre positionn&eacute;es avec une grande pr&eacute;cision et qui doivent donc &ecirc;tre fixe&eacute;s avec une grande exactitude.\",\"breadcrumb\":{\"@id\":\"https:\\\/\\\/e-c-s.be\\\/fr\\\/formation\\\/combi-pont-roulantelinguer-des-charges-is-011is-006-formation-de-base-participants-inexperimentes\\\/#breadcrumb\"},\"inLanguage\":\"fr-FR\",\"potentialAction\":[{\"@type\":\"ReadAction\",\"target\":[\"https:\\\/\\\/e-c-s.be\\\/fr\\\/formation\\\/combi-pont-roulantelinguer-des-charges-is-011is-006-formation-de-base-participants-inexperimentes\\\/\"]}]},{\"@type\":\"ImageObject\",\"inLanguage\":\"fr-FR\",\"@id\":\"https:\\\/\\\/e-c-s.be\\\/fr\\\/formation\\\/combi-pont-roulantelinguer-des-charges-is-011is-006-formation-de-base-participants-inexperimentes\\\/#primaryimage\",\"url\":\"https:\\\/\\\/e-c-s.be\\\/wp-content\\\/uploads\\\/2025\\\/11\\\/Rolbrug_shutterstock_1658890348.jpg\",\"contentUrl\":\"https:\\\/\\\/e-c-s.be\\\/wp-content\\\/uploads\\\/2025\\\/11\\\/Rolbrug_shutterstock_1658890348.jpg\",\"width\":1350,\"height\":898},{\"@type\":\"BreadcrumbList\",\"@id\":\"https:\\\/\\\/e-c-s.be\\\/fr\\\/formation\\\/combi-pont-roulantelinguer-des-charges-is-011is-006-formation-de-base-participants-inexperimentes\\\/#breadcrumb\",\"itemListElement\":[{\"@type\":\"ListItem\",\"position\":1,\"name\":\"Home\",\"item\":\"https:\\\/\\\/e-c-s.be\\\/fr\\\/\"},{\"@type\":\"ListItem\",\"position\":2,\"name\":\"Opleidingen\",\"item\":\"https:\\\/\\\/e-c-s.be\\\/fr\\\/formation\\\/\"},{\"@type\":\"ListItem\",\"position\":3,\"name\":\"Combi Pont Roulant+Elinguer des Charges IS-011+IS-006 &#8211; Formation de base (participants inexp\u00e9riment\u00e9s)\"}]},{\"@type\":\"WebSite\",\"@id\":\"https:\\\/\\\/e-c-s.be\\\/fr\\\/#website\",\"url\":\"https:\\\/\\\/e-c-s.be\\\/fr\\\/\",\"name\":\"ECS\",\"description\":\"Uw partner in veiligheid\",\"publisher\":{\"@id\":\"https:\\\/\\\/e-c-s.be\\\/fr\\\/#organization\"},\"potentialAction\":[{\"@type\":\"SearchAction\",\"target\":{\"@type\":\"EntryPoint\",\"urlTemplate\":\"https:\\\/\\\/e-c-s.be\\\/fr\\\/?s={search_term_string}\"},\"query-input\":{\"@type\":\"PropertyValueSpecification\",\"valueRequired\":true,\"valueName\":\"search_term_string\"}}],\"inLanguage\":\"fr-FR\"},{\"@type\":\"Organization\",\"@id\":\"https:\\\/\\\/e-c-s.be\\\/fr\\\/#organization\",\"name\":\"ECS\",\"url\":\"https:\\\/\\\/e-c-s.be\\\/fr\\\/\",\"logo\":{\"@type\":\"ImageObject\",\"inLanguage\":\"fr-FR\",\"@id\":\"https:\\\/\\\/e-c-s.be\\\/fr\\\/#\\\/schema\\\/logo\\\/image\\\/\",\"url\":\"https:\\\/\\\/e-c-s.be\\\/wp-content\\\/uploads\\\/2025\\\/10\\\/ecs-logo.svg\",\"contentUrl\":\"https:\\\/\\\/e-c-s.be\\\/wp-content\\\/uploads\\\/2025\\\/10\\\/ecs-logo.svg\",\"width\":1,\"height\":1,\"caption\":\"ECS\"},\"image\":{\"@id\":\"https:\\\/\\\/e-c-s.be\\\/fr\\\/#\\\/schema\\\/logo\\\/image\\\/\"},\"sameAs\":[\"https:\\\/\\\/www.linkedin.com\\\/company\\\/ecs-equans\"]}]}<\/script>\n<!-- \/ Yoast SEO plugin. -->","yoast_head_json":{"title":"Combi Pont Roulant+Elinguer des Charges IS-011+IS-006 - Formation de base (participants inexp\u00e9riment\u00e9s)","description":"Acqu&eacute;rir les connaissances et les comp&eacute;tences n&eacute;cessaires pour manipuler correctement, eficacement et en toute s&eacute;curit&eacute; des charges critiques. Sont consid&eacute;r&eacute;es comme charges critiques les charges dont le centre de gravit&eacute; n&rsquo;est pas connu et\/ou qui n&rsquo;ont pas de points d&rsquo;attache d&eacute;finis de mani&egrave;re permanente. Les charges qui doivent &ecirc;tre positionn&eacute;es avec une grande pr&eacute;cision et qui doivent donc &ecirc;tre fixe&eacute;s avec une grande exactitude.","robots":{"index":"index","follow":"follow","max-snippet":"max-snippet:-1","max-image-preview":"max-image-preview:large","max-video-preview":"max-video-preview:-1"},"canonical":"https:\/\/e-c-s.be\/fr\/formation\/combi-pont-roulantelinguer-des-charges-is-011is-006-formation-de-base-participants-inexperimentes\/","og_locale":"fr_FR","og_type":"article","og_title":"Combi Pont Roulant+Elinguer des Charges IS-011+IS-006 - Formation de base (participants inexp\u00e9riment\u00e9s)","og_description":"Acqu&eacute;rir les connaissances et les comp&eacute;tences n&eacute;cessaires pour manipuler correctement, eficacement et en toute s&eacute;curit&eacute; des charges critiques. Sont consid&eacute;r&eacute;es comme charges critiques les charges dont le centre de gravit&eacute; n&rsquo;est pas connu et\/ou qui n&rsquo;ont pas de points d&rsquo;attache d&eacute;finis de mani&egrave;re permanente. Les charges qui doivent &ecirc;tre positionn&eacute;es avec une grande pr&eacute;cision et qui doivent donc &ecirc;tre fixe&eacute;s avec une grande exactitude.","og_url":"https:\/\/e-c-s.be\/fr\/formation\/combi-pont-roulantelinguer-des-charges-is-011is-006-formation-de-base-participants-inexperimentes\/","og_site_name":"ECS","og_image":[{"width":1350,"height":898,"url":"https:\/\/e-c-s.be\/wp-content\/uploads\/2025\/11\/Rolbrug_shutterstock_1658890348.jpg","type":"image\/jpeg"}],"twitter_card":"summary_large_image","twitter_title":"Combi Pont Roulant+Elinguer des Charges IS-011+IS-006 - Formation de base (participants inexp\u00e9riment\u00e9s)","twitter_misc":{"Dur\u00e9e de lecture estim\u00e9e":"4 minutes"},"schema":{"@context":"https:\/\/schema.org","@graph":[{"@type":"WebPage","@id":"https:\/\/e-c-s.be\/fr\/formation\/combi-pont-roulantelinguer-des-charges-is-011is-006-formation-de-base-participants-inexperimentes\/","url":"https:\/\/e-c-s.be\/fr\/formation\/combi-pont-roulantelinguer-des-charges-is-011is-006-formation-de-base-participants-inexperimentes\/","name":"Combi Pont Roulant+Elinguer des Charges IS-011+IS-006 - Formation de base (participants inexp\u00e9riment\u00e9s)","isPartOf":{"@id":"https:\/\/e-c-s.be\/fr\/#website"},"primaryImageOfPage":{"@id":"https:\/\/e-c-s.be\/fr\/formation\/combi-pont-roulantelinguer-des-charges-is-011is-006-formation-de-base-participants-inexperimentes\/#primaryimage"},"image":{"@id":"https:\/\/e-c-s.be\/fr\/formation\/combi-pont-roulantelinguer-des-charges-is-011is-006-formation-de-base-participants-inexperimentes\/#primaryimage"},"thumbnailUrl":"https:\/\/e-c-s.be\/wp-content\/uploads\/2025\/11\/Rolbrug_shutterstock_1658890348.jpg","datePublished":"2026-04-28T05:01:26+00:00","description":"Acqu&eacute;rir les connaissances et les comp&eacute;tences n&eacute;cessaires pour manipuler correctement, eficacement et en toute s&eacute;curit&eacute; des charges critiques. Sont consid&eacute;r&eacute;es comme charges critiques les charges dont le centre de gravit&eacute; n&rsquo;est pas connu et\/ou qui n&rsquo;ont pas de points d&rsquo;attache d&eacute;finis de mani&egrave;re permanente. Les charges qui doivent &ecirc;tre positionn&eacute;es avec une grande pr&eacute;cision et qui doivent donc &ecirc;tre fixe&eacute;s avec une grande exactitude.","breadcrumb":{"@id":"https:\/\/e-c-s.be\/fr\/formation\/combi-pont-roulantelinguer-des-charges-is-011is-006-formation-de-base-participants-inexperimentes\/#breadcrumb"},"inLanguage":"fr-FR","potentialAction":[{"@type":"ReadAction","target":["https:\/\/e-c-s.be\/fr\/formation\/combi-pont-roulantelinguer-des-charges-is-011is-006-formation-de-base-participants-inexperimentes\/"]}]},{"@type":"ImageObject","inLanguage":"fr-FR","@id":"https:\/\/e-c-s.be\/fr\/formation\/combi-pont-roulantelinguer-des-charges-is-011is-006-formation-de-base-participants-inexperimentes\/#primaryimage","url":"https:\/\/e-c-s.be\/wp-content\/uploads\/2025\/11\/Rolbrug_shutterstock_1658890348.jpg","contentUrl":"https:\/\/e-c-s.be\/wp-content\/uploads\/2025\/11\/Rolbrug_shutterstock_1658890348.jpg","width":1350,"height":898},{"@type":"BreadcrumbList","@id":"https:\/\/e-c-s.be\/fr\/formation\/combi-pont-roulantelinguer-des-charges-is-011is-006-formation-de-base-participants-inexperimentes\/#breadcrumb","itemListElement":[{"@type":"ListItem","position":1,"name":"Home","item":"https:\/\/e-c-s.be\/fr\/"},{"@type":"ListItem","position":2,"name":"Opleidingen","item":"https:\/\/e-c-s.be\/fr\/formation\/"},{"@type":"ListItem","position":3,"name":"Combi Pont Roulant+Elinguer des Charges IS-011+IS-006 &#8211; Formation de base (participants inexp\u00e9riment\u00e9s)"}]},{"@type":"WebSite","@id":"https:\/\/e-c-s.be\/fr\/#website","url":"https:\/\/e-c-s.be\/fr\/","name":"ECS","description":"Uw partner in veiligheid","publisher":{"@id":"https:\/\/e-c-s.be\/fr\/#organization"},"potentialAction":[{"@type":"SearchAction","target":{"@type":"EntryPoint","urlTemplate":"https:\/\/e-c-s.be\/fr\/?s={search_term_string}"},"query-input":{"@type":"PropertyValueSpecification","valueRequired":true,"valueName":"search_term_string"}}],"inLanguage":"fr-FR"},{"@type":"Organization","@id":"https:\/\/e-c-s.be\/fr\/#organization","name":"ECS","url":"https:\/\/e-c-s.be\/fr\/","logo":{"@type":"ImageObject","inLanguage":"fr-FR","@id":"https:\/\/e-c-s.be\/fr\/#\/schema\/logo\/image\/","url":"https:\/\/e-c-s.be\/wp-content\/uploads\/2025\/10\/ecs-logo.svg","contentUrl":"https:\/\/e-c-s.be\/wp-content\/uploads\/2025\/10\/ecs-logo.svg","width":1,"height":1,"caption":"ECS"},"image":{"@id":"https:\/\/e-c-s.be\/fr\/#\/schema\/logo\/image\/"},"sameAs":["https:\/\/www.linkedin.com\/company\/ecs-equans"]}]}},"_links":{"self":[{"href":"https:\/\/e-c-s.be\/fr\/wp-json\/wp\/v2\/opleiding\/1034","targetHints":{"allow":["GET"]}}],"collection":[{"href":"https:\/\/e-c-s.be\/fr\/wp-json\/wp\/v2\/opleiding"}],"about":[{"href":"https:\/\/e-c-s.be\/fr\/wp-json\/wp\/v2\/types\/opleiding"}],"wp:featuredmedia":[{"embeddable":true,"href":"https:\/\/e-c-s.be\/fr\/wp-json\/wp\/v2\/media\/1233"}],"wp:attachment":[{"href":"https:\/\/e-c-s.be\/fr\/wp-json\/wp\/v2\/media?parent=1034"}],"wp:term":[{"taxonomy":"category","embeddable":true,"href":"https:\/\/e-c-s.be\/fr\/wp-json\/wp\/v2\/categories?post=1034"},{"taxonomy":"date_start","embeddable":true,"href":"https:\/\/e-c-s.be\/fr\/wp-json\/wp\/v2\/date_start?post=1034"},{"taxonomy":"center","embeddable":true,"href":"https:\/\/e-c-s.be\/fr\/wp-json\/wp\/v2\/center?post=1034"}],"curies":[{"name":"wp","href":"https:\/\/api.w.org\/{rel}","templated":true}]}},{"id":1031,"date":"2026-04-28T05:01:25","date_gmt":"2026-04-28T05:01:25","guid":{"rendered":"https:\/\/ecsprd.wpenginepowered.com\/opleiding\/ba4-fr\/"},"modified":"2026-04-28T05:01:26","modified_gmt":"2026-04-28T05:01:26","slug":"ba4-fr","status":"publish","type":"opleiding","link":"https:\/\/e-c-s.be\/fr\/formation\/ba4-fr\/","title":{"rendered":"BA4 (fr)"},"content":{"rendered":"<table>\n<thead>\n<tr>\n<th>Xml_node<\/th>\n<th>Content<\/th>\n<\/tr>\n<\/thead>\n<tbody>\n<tr>\n<td>programxid:<\/td>\n<td>46<\/td>\n<\/tr>\n<tr>\n<td>categoryxid:<\/td>\n<td>56<\/td>\n<\/tr>\n<tr>\n<td>categorydesc:<\/td>\n<td>\u00c9lectricit\u00e9<\/td>\n<\/tr>\n<tr>\n<td>programdesc:<\/td>\n<td>BA4 (fr)<\/td>\n<\/tr>\n<tr>\n<td>programduration:<\/td>\n<td>1 d<\/td>\n<\/tr>\n<tr>\n<td>programprice1:<\/td>\n<td>300 \u20ac<\/td>\n<\/tr>\n<tr>\n<td>programpricea:<\/td>\n<td>1460 \u20ac<\/td>\n<\/tr>\n<tr>\n<td>programoffer:<\/td>\n<td>Catalogue<\/td>\n<\/tr>\n<tr>\n<td>description_target_group:<\/td>\n<td><P class=MsoNormal style=\"MARGIN: 0pt 1.1pt 0pt 17.4pt; TEXT-ALIGN: justify\"><SPAN lang=FR style=\"FONT-SIZE: 10pt; FONT-FAMILY: Verdana; mso-bidi-font-size: 12.0pt; mso-ansi-language: FR\">Cette formation a pour but de donner au participant les informations de base sur les risques \u00e9lectriques, de mani\u00e8re \u00e0 ce qu\u2019il soit \u00e0 m\u00eame de reconna\u00eetre les dangers li\u00e9s \u00e0 l\u2019\u00e9lectricit\u00e9, sensibilis\u00e9 \u00e0 l\u2019utilisation correcte <SPAN style=\"mso-spacerun: yes\">&nbsp;<\/SPAN>des moyens de protection et capable de r\u00e9agir en situation d\u2019urgence.<?xml:namespace prefix = o ns = \"urn:schemas-microsoft-com:office:office\" \/><o:p><\/o:p><\/SPAN><\/P><\/td>\n<\/tr>\n<tr>\n<td>description_objectives:<\/td>\n<td>\n<p>Dans son article 47, le RGIE (R\u00e8glement G\u00e9n\u00e9ral sur les Installations \u00e9lectriques) stipule que les personnes habilit\u00e9es BA4 \u2013 personnes averties\u00a0:<\/p>\n<p>&#8211; soit sont suffisamment inform\u00e9es des risques li\u00e9s \u00e0 l\u2019\u00e9lectricit\u00e9 pour les travaux qui leur sont confi\u00e9s,<\/p>\n<p>&#8211; soit sont surveill\u00e9es de fa\u00e7on permanente par une personne qualifi\u00e9e pendant les travaux qui leur sont confi\u00e9s afin de r\u00e9duire les risques \u00e9lectriques au minimum.<\/p>\n<\/td>\n<\/tr>\n<tr>\n<td>description_content:<\/td>\n<td>\n<p>\u00b7 L\u00e9gislation<\/p>\n<p>\u00b7 Notions \u00e9l\u00e9mentaires d\u2019\u00e9lectricit\u00e9\u00a0:<\/p>\n<p>\u00b7 Le contact direct<\/p>\n<p>\u00b7 Le contact indirect<\/p>\n<p>\u00b7 Le court-circuit<\/p>\n<p>\u00b7 Les dangers de l\u2019\u00e9lectricit\u00e9: \u00e9valuation des risques<\/p>\n<p>\u00b7 Travaux sur ou \u00e0 proximit\u00e9 des installations \u00e9lectriques (Basse Tension et Haute Tension)<\/p>\n<p>\u00b7 Outillage et moyens de protection<\/p>\n<\/td>\n<\/tr>\n<tr>\n<td>description_requirements:<\/td>\n<td>\n<p class=\"MsoNormal\" style=\"MARGIN: 0pt 23.9pt 0pt 53.4pt; TEXT-INDENT: -18pt; TEXT-ALIGN: justify; mso-list: l0 level1 lfo1; tab-stops: list 53.4pt\"><span lang=\"FR\" style=\"FONT-SIZE: 10pt; FONT-FAMILY: Symbol; mso-bidi-font-size: 12.0pt; mso-fareast-font-family: Symbol; mso-bidi-font-family: Symbol; mso-ansi-language: FR\"><span style=\"mso-list: Ignore\"><span style=\"FONT: 7pt 'Times New Roman'\">&nbsp;<\/span><\/span><\/span><span style=\"FONT-SIZE: 10pt; FONT-FAMILY: Verdana; mso-bidi-font-size: 12.0pt\">Minimum 18 ans<\/span><span lang=\"FR\" style=\"FONT-SIZE: 10pt; FONT-FAMILY: Verdana; mso-bidi-font-size: 12.0pt; mso-ansi-language: FR\"><!--?xml:namespace prefix = o ns = \"urn:schemas-microsoft-com:office:office\" \/--><o:p><\/o:p><\/span><\/p>\n<\/td>\n<\/tr>\n<tr>\n<td>description_prerequisite:<\/td>\n<td><\/td>\n<\/tr>\n<tr>\n<td>description_pedagogical_approach:<\/td>\n<td><\/td>\n<\/tr>\n<tr>\n<td>description_responsable_program:<\/td>\n<td>\n<p>Villers-le-Bouillet,&nbsp;Suarl&eacute;e, Bruxelles<\/p>\n<\/td>\n<\/tr>\n<tr>\n<td>description_duration:<\/td>\n<td><P class=MsoNormal style=\"MARGIN: 0pt 1.1pt 0pt 17.4pt\"><SPAN lang=FR style=\"FONT-SIZE: 10pt; FONT-FAMILY: Verdana; mso-bidi-font-size: 12.0pt; mso-ansi-language: FR\">Selon le niveau du participant, la dur\u00e9e de la formation varie de \u00bd jour \u00e0 1 jour.<?xml:namespace prefix = o ns = \"urn:schemas-microsoft-com:office:office\" \/><o:p><\/o:p><\/SPAN><\/P><\/td>\n<\/tr>\n<tr>\n<td>description_certification_period:<\/td>\n<td>\n<p class=\"MsoNormal\" style=\"MARGIN: 0pt 1.1pt 0pt 17.4pt\"><span lang=\"FR\" style=\"FONT-SIZE: 10pt; FONT-FAMILY: Verdana; mso-bidi-font-size: 12.0pt; mso-ansi-language: FR\">Les<span style=\"mso-spacerun: yes\">&nbsp;<\/span>candidats font un examen th&eacute;orique et une attestation de participation est d&eacute;livr&eacute;e<o:p><\/o:p><\/span><\/p>\n<\/td>\n<\/tr>\n<tr>\n<td>description_additional_information:<\/td>\n<td>\n<p>\u00b7 Cette formation peut \u00eatre donn\u00e9e dans un de nos centres de formation ECS ou chez le client<\/p>\n<p>\u00b7 Pour les formations \u00ab\u00a0ouvertes\u00a0\u00bb\u00a0: voir le calendrier de formation<b><\/b><\/p>\n<p>\u00b7 La formation peut \u00eatre donn\u00e9e en fran\u00e7ais, n\u00e9erlandais ou anglais.<\/p>\n<p>\u00b7 La formation d\u00e9bute \u00e0 08h00 et se termine \u00e0 16h00<\/p>\n<p>Un sandwich et une boisson sont offerts au participant<\/p>\n<p>\u00b7 Nombre maximum de participants par session de formation: 15.<\/p>\n<p>\u00b7 ECS est agr\u00e9\u00e9e par plusieurs organismes de subsides, ce qui permet d&rsquo;\u00eatre rembours\u00e9 d&rsquo;une partie des frais de formation.<\/p>\n<\/td>\n<\/tr>\n<tr>\n<td>description_summary:<\/td>\n<td><\/td>\n<\/tr>\n<tr>\n<td>description_short_summary:<\/td>\n<td>\n<div>Acqu&eacute;rir les connaissances et les comp&eacute;tences n&eacute;cessaires sur les risques li&eacute;s &agrave; l&rsquo;&eacute;lectricit&eacute;, afin d&rsquo;&ecirc;tre en mesure de&nbsp;<\/div>\n<div>reconna&icirc;tre eux-m&ecirc;mes les dangers de l&rsquo;&eacute;lectricit&eacute;. &Ecirc;tre motiv&eacute; pour utiliser correctement l&rsquo;&eacute;quipement de protection et &ecirc;tre&nbsp;<\/div>\n<div>capable de r&eacute;agir de mani&egrave;re appropri&eacute;e dans une situation d&rsquo;urgence.<\/div>\n<\/td>\n<\/tr>\n<tr>\n<td>programimage:<\/td>\n<td>https:\/\/ecs.eduaxis.net\/files\/images\/program%20images\/BA4 overloaded-electrical-circuit-causing-fuse-to-break-91830338.jpg<\/td>\n<\/tr>\n<tr>\n<td>programimage:<\/td>\n<td>https:\/\/ecs.eduaxis.net\/files\/images\/program%20images\/BA4 overloaded-electrical-circuit-causing-fuse-to-break-91830338.jpg<\/td>\n<\/tr>\n<\/tbody>\n<\/table>\n","protected":false},"excerpt":{"rendered":"<p>Description: Acqu\u00e9rir les connaissances et les comp\u00e9tences n\u00e9cessaires sur les risques li\u00e9s \u00e0 l&rsquo;\u00e9lectricit\u00e9, afin d&rsquo;\u00eatre en mesure de reconna\u00eetre eux-m\u00eames les dangers de l&rsquo;\u00e9lectricit\u00e9. \u00catre motiv\u00e9 pour utiliser correctement l&rsquo;\u00e9quipement de protection et \u00eatre capable de r\u00e9agir de mani\u00e8re appropri\u00e9e dans une situation d&rsquo;urgence.<\/p>\n","protected":false},"featured_media":1231,"menu_order":0,"template":"","format":"standard","meta":[],"categories":[],"date_start":[352,466,400,560,415,564,404,562,360,550,465,455,420,456,447,573,364,318,619,474,399,559,454,576,413,230,442,299,458,577,464,314],"center":[78,581,467,275],"class_list":["post-1031","opleiding","type-opleiding","status-publish","format-standard","has-post-thumbnail","hentry","date_start-02-maart-2026","date_start-04-november-2026","date_start-06-juli-2026","date_start-06-juli-2026-fr","date_start-07-december-2026","date_start-07-december-2026-fr","date_start-07-september-2026","date_start-07-september-2026-fr","date_start-08-mei-2026","date_start-08-mei-2026-fr","date_start-08-oktober-2026","date_start-09-juli-2026","date_start-10-maart-2026","date_start-14-augustus-2026","date_start-14-december-2026","date_start-14-december-2026-fr","date_start-17-augustus-2026","date_start-17-februari-2026","date_start-17-november-2026","date_start-17-september-2026","date_start-18-juni-2026","date_start-18-juni-2026-fr","date_start-19-juni-2026","date_start-19-juni-2026-fr","date_start-19-november-2026","date_start-21-april-2026","date_start-26-oktober-2026","date_start-27-mei-2026","date_start-28-september-2026","date_start-28-september-2026-fr","date_start-29-juli-2026","date_start-31-augustus-2026","center-brussels","center-brussels-fr","center-suarlee","center-villers-le-bouillet"],"yoast_head":"<!-- This site is optimized with the Yoast SEO plugin v27.4 - https:\/\/yoast.com\/product\/yoast-seo-wordpress\/ -->\n<title>BA4 (fr)<\/title>\n<meta name=\"description\" content=\"Acqu&eacute;rir les connaissances et les comp&eacute;tences n&eacute;cessaires sur les risques li&eacute;s &agrave; l&rsquo;&eacute;lectricit&eacute;, afin d&rsquo;&ecirc;tre en mesure de&nbsp; reconna&icirc;tre eux-m&ecirc;mes les dangers de l&rsquo;&eacute;lectricit&eacute;. &Ecirc;tre motiv&eacute; pour utiliser correctement l&rsquo;&eacute;quipement de protection et &ecirc;tre&nbsp; capable de r&eacute;agir de mani&egrave;re appropri&eacute;e dans une situation d&rsquo;urgence.\" \/>\n<meta name=\"robots\" content=\"index, follow, max-snippet:-1, max-image-preview:large, max-video-preview:-1\" \/>\n<link rel=\"canonical\" href=\"https:\/\/e-c-s.be\/fr\/formation\/ba4-fr\/\" \/>\n<meta property=\"og:locale\" content=\"fr_FR\" \/>\n<meta property=\"og:type\" content=\"article\" \/>\n<meta property=\"og:title\" content=\"BA4 (fr)\" \/>\n<meta property=\"og:description\" content=\"Acqu&eacute;rir les connaissances et les comp&eacute;tences n&eacute;cessaires sur les risques li&eacute;s &agrave; l&rsquo;&eacute;lectricit&eacute;, afin d&rsquo;&ecirc;tre en mesure de&nbsp; reconna&icirc;tre eux-m&ecirc;mes les dangers de l&rsquo;&eacute;lectricit&eacute;. &Ecirc;tre motiv&eacute; pour utiliser correctement l&rsquo;&eacute;quipement de protection et &ecirc;tre&nbsp; capable de r&eacute;agir de mani&egrave;re appropri&eacute;e dans une situation d&rsquo;urgence.\" \/>\n<meta property=\"og:url\" content=\"https:\/\/e-c-s.be\/fr\/formation\/ba4-fr\/\" \/>\n<meta property=\"og:site_name\" content=\"ECS\" \/>\n<meta property=\"article:modified_time\" content=\"2026-04-28T05:01:26+00:00\" \/>\n<meta property=\"og:image\" content=\"https:\/\/e-c-s.be\/wp-content\/uploads\/2025\/10\/BA4-overloaded-electrical-circuit-causing-fuse-to-break-91830338-scaled.jpg\" \/>\n\t<meta property=\"og:image:width\" content=\"2560\" \/>\n\t<meta property=\"og:image:height\" content=\"1440\" \/>\n\t<meta property=\"og:image:type\" content=\"image\/jpeg\" \/>\n<meta name=\"twitter:card\" content=\"summary_large_image\" \/>\n<meta name=\"twitter:title\" content=\"BA4 (fr)\" \/>\n<meta name=\"twitter:label1\" content=\"Dur\u00e9e de lecture estim\u00e9e\" \/>\n\t<meta name=\"twitter:data1\" content=\"2 minutes\" \/>\n<script type=\"application\/ld+json\" class=\"yoast-schema-graph\">{\"@context\":\"https:\\\/\\\/schema.org\",\"@graph\":[{\"@type\":\"WebPage\",\"@id\":\"https:\\\/\\\/e-c-s.be\\\/fr\\\/formation\\\/ba4-fr\\\/\",\"url\":\"https:\\\/\\\/e-c-s.be\\\/fr\\\/formation\\\/ba4-fr\\\/\",\"name\":\"BA4 (fr)\",\"isPartOf\":{\"@id\":\"https:\\\/\\\/e-c-s.be\\\/fr\\\/#website\"},\"primaryImageOfPage\":{\"@id\":\"https:\\\/\\\/e-c-s.be\\\/fr\\\/formation\\\/ba4-fr\\\/#primaryimage\"},\"image\":{\"@id\":\"https:\\\/\\\/e-c-s.be\\\/fr\\\/formation\\\/ba4-fr\\\/#primaryimage\"},\"thumbnailUrl\":\"https:\\\/\\\/e-c-s.be\\\/wp-content\\\/uploads\\\/2025\\\/10\\\/BA4-overloaded-electrical-circuit-causing-fuse-to-break-91830338-scaled.jpg\",\"datePublished\":\"2026-04-28T05:01:25+00:00\",\"dateModified\":\"2026-04-28T05:01:26+00:00\",\"description\":\"Acqu&eacute;rir les connaissances et les comp&eacute;tences n&eacute;cessaires sur les risques li&eacute;s &agrave; l&rsquo;&eacute;lectricit&eacute;, afin d&rsquo;&ecirc;tre en mesure de&nbsp; reconna&icirc;tre eux-m&ecirc;mes les dangers de l&rsquo;&eacute;lectricit&eacute;. &Ecirc;tre motiv&eacute; pour utiliser correctement l&rsquo;&eacute;quipement de protection et &ecirc;tre&nbsp; capable de r&eacute;agir de mani&egrave;re appropri&eacute;e dans une situation d&rsquo;urgence.\",\"breadcrumb\":{\"@id\":\"https:\\\/\\\/e-c-s.be\\\/fr\\\/formation\\\/ba4-fr\\\/#breadcrumb\"},\"inLanguage\":\"fr-FR\",\"potentialAction\":[{\"@type\":\"ReadAction\",\"target\":[\"https:\\\/\\\/e-c-s.be\\\/fr\\\/formation\\\/ba4-fr\\\/\"]}]},{\"@type\":\"ImageObject\",\"inLanguage\":\"fr-FR\",\"@id\":\"https:\\\/\\\/e-c-s.be\\\/fr\\\/formation\\\/ba4-fr\\\/#primaryimage\",\"url\":\"https:\\\/\\\/e-c-s.be\\\/wp-content\\\/uploads\\\/2025\\\/10\\\/BA4-overloaded-electrical-circuit-causing-fuse-to-break-91830338-scaled.jpg\",\"contentUrl\":\"https:\\\/\\\/e-c-s.be\\\/wp-content\\\/uploads\\\/2025\\\/10\\\/BA4-overloaded-electrical-circuit-causing-fuse-to-break-91830338-scaled.jpg\",\"width\":2560,\"height\":1440},{\"@type\":\"BreadcrumbList\",\"@id\":\"https:\\\/\\\/e-c-s.be\\\/fr\\\/formation\\\/ba4-fr\\\/#breadcrumb\",\"itemListElement\":[{\"@type\":\"ListItem\",\"position\":1,\"name\":\"Home\",\"item\":\"https:\\\/\\\/e-c-s.be\\\/fr\\\/\"},{\"@type\":\"ListItem\",\"position\":2,\"name\":\"Opleidingen\",\"item\":\"https:\\\/\\\/e-c-s.be\\\/fr\\\/formation\\\/\"},{\"@type\":\"ListItem\",\"position\":3,\"name\":\"BA4 (fr)\"}]},{\"@type\":\"WebSite\",\"@id\":\"https:\\\/\\\/e-c-s.be\\\/fr\\\/#website\",\"url\":\"https:\\\/\\\/e-c-s.be\\\/fr\\\/\",\"name\":\"ECS\",\"description\":\"Uw partner in veiligheid\",\"publisher\":{\"@id\":\"https:\\\/\\\/e-c-s.be\\\/fr\\\/#organization\"},\"potentialAction\":[{\"@type\":\"SearchAction\",\"target\":{\"@type\":\"EntryPoint\",\"urlTemplate\":\"https:\\\/\\\/e-c-s.be\\\/fr\\\/?s={search_term_string}\"},\"query-input\":{\"@type\":\"PropertyValueSpecification\",\"valueRequired\":true,\"valueName\":\"search_term_string\"}}],\"inLanguage\":\"fr-FR\"},{\"@type\":\"Organization\",\"@id\":\"https:\\\/\\\/e-c-s.be\\\/fr\\\/#organization\",\"name\":\"ECS\",\"url\":\"https:\\\/\\\/e-c-s.be\\\/fr\\\/\",\"logo\":{\"@type\":\"ImageObject\",\"inLanguage\":\"fr-FR\",\"@id\":\"https:\\\/\\\/e-c-s.be\\\/fr\\\/#\\\/schema\\\/logo\\\/image\\\/\",\"url\":\"https:\\\/\\\/e-c-s.be\\\/wp-content\\\/uploads\\\/2025\\\/10\\\/ecs-logo.svg\",\"contentUrl\":\"https:\\\/\\\/e-c-s.be\\\/wp-content\\\/uploads\\\/2025\\\/10\\\/ecs-logo.svg\",\"width\":1,\"height\":1,\"caption\":\"ECS\"},\"image\":{\"@id\":\"https:\\\/\\\/e-c-s.be\\\/fr\\\/#\\\/schema\\\/logo\\\/image\\\/\"},\"sameAs\":[\"https:\\\/\\\/www.linkedin.com\\\/company\\\/ecs-equans\"]}]}<\/script>\n<!-- \/ Yoast SEO plugin. -->","yoast_head_json":{"title":"BA4 (fr)","description":"Acqu&eacute;rir les connaissances et les comp&eacute;tences n&eacute;cessaires sur les risques li&eacute;s &agrave; l&rsquo;&eacute;lectricit&eacute;, afin d&rsquo;&ecirc;tre en mesure de&nbsp; reconna&icirc;tre eux-m&ecirc;mes les dangers de l&rsquo;&eacute;lectricit&eacute;. &Ecirc;tre motiv&eacute; pour utiliser correctement l&rsquo;&eacute;quipement de protection et &ecirc;tre&nbsp; capable de r&eacute;agir de mani&egrave;re appropri&eacute;e dans une situation d&rsquo;urgence.","robots":{"index":"index","follow":"follow","max-snippet":"max-snippet:-1","max-image-preview":"max-image-preview:large","max-video-preview":"max-video-preview:-1"},"canonical":"https:\/\/e-c-s.be\/fr\/formation\/ba4-fr\/","og_locale":"fr_FR","og_type":"article","og_title":"BA4 (fr)","og_description":"Acqu&eacute;rir les connaissances et les comp&eacute;tences n&eacute;cessaires sur les risques li&eacute;s &agrave; l&rsquo;&eacute;lectricit&eacute;, afin d&rsquo;&ecirc;tre en mesure de&nbsp; reconna&icirc;tre eux-m&ecirc;mes les dangers de l&rsquo;&eacute;lectricit&eacute;. &Ecirc;tre motiv&eacute; pour utiliser correctement l&rsquo;&eacute;quipement de protection et &ecirc;tre&nbsp; capable de r&eacute;agir de mani&egrave;re appropri&eacute;e dans une situation d&rsquo;urgence.","og_url":"https:\/\/e-c-s.be\/fr\/formation\/ba4-fr\/","og_site_name":"ECS","article_modified_time":"2026-04-28T05:01:26+00:00","og_image":[{"width":2560,"height":1440,"url":"https:\/\/e-c-s.be\/wp-content\/uploads\/2025\/10\/BA4-overloaded-electrical-circuit-causing-fuse-to-break-91830338-scaled.jpg","type":"image\/jpeg"}],"twitter_card":"summary_large_image","twitter_title":"BA4 (fr)","twitter_misc":{"Dur\u00e9e de lecture estim\u00e9e":"2 minutes"},"schema":{"@context":"https:\/\/schema.org","@graph":[{"@type":"WebPage","@id":"https:\/\/e-c-s.be\/fr\/formation\/ba4-fr\/","url":"https:\/\/e-c-s.be\/fr\/formation\/ba4-fr\/","name":"BA4 (fr)","isPartOf":{"@id":"https:\/\/e-c-s.be\/fr\/#website"},"primaryImageOfPage":{"@id":"https:\/\/e-c-s.be\/fr\/formation\/ba4-fr\/#primaryimage"},"image":{"@id":"https:\/\/e-c-s.be\/fr\/formation\/ba4-fr\/#primaryimage"},"thumbnailUrl":"https:\/\/e-c-s.be\/wp-content\/uploads\/2025\/10\/BA4-overloaded-electrical-circuit-causing-fuse-to-break-91830338-scaled.jpg","datePublished":"2026-04-28T05:01:25+00:00","dateModified":"2026-04-28T05:01:26+00:00","description":"Acqu&eacute;rir les connaissances et les comp&eacute;tences n&eacute;cessaires sur les risques li&eacute;s &agrave; l&rsquo;&eacute;lectricit&eacute;, afin d&rsquo;&ecirc;tre en mesure de&nbsp; reconna&icirc;tre eux-m&ecirc;mes les dangers de l&rsquo;&eacute;lectricit&eacute;. &Ecirc;tre motiv&eacute; pour utiliser correctement l&rsquo;&eacute;quipement de protection et &ecirc;tre&nbsp; capable de r&eacute;agir de mani&egrave;re appropri&eacute;e dans une situation d&rsquo;urgence.","breadcrumb":{"@id":"https:\/\/e-c-s.be\/fr\/formation\/ba4-fr\/#breadcrumb"},"inLanguage":"fr-FR","potentialAction":[{"@type":"ReadAction","target":["https:\/\/e-c-s.be\/fr\/formation\/ba4-fr\/"]}]},{"@type":"ImageObject","inLanguage":"fr-FR","@id":"https:\/\/e-c-s.be\/fr\/formation\/ba4-fr\/#primaryimage","url":"https:\/\/e-c-s.be\/wp-content\/uploads\/2025\/10\/BA4-overloaded-electrical-circuit-causing-fuse-to-break-91830338-scaled.jpg","contentUrl":"https:\/\/e-c-s.be\/wp-content\/uploads\/2025\/10\/BA4-overloaded-electrical-circuit-causing-fuse-to-break-91830338-scaled.jpg","width":2560,"height":1440},{"@type":"BreadcrumbList","@id":"https:\/\/e-c-s.be\/fr\/formation\/ba4-fr\/#breadcrumb","itemListElement":[{"@type":"ListItem","position":1,"name":"Home","item":"https:\/\/e-c-s.be\/fr\/"},{"@type":"ListItem","position":2,"name":"Opleidingen","item":"https:\/\/e-c-s.be\/fr\/formation\/"},{"@type":"ListItem","position":3,"name":"BA4 (fr)"}]},{"@type":"WebSite","@id":"https:\/\/e-c-s.be\/fr\/#website","url":"https:\/\/e-c-s.be\/fr\/","name":"ECS","description":"Uw partner in veiligheid","publisher":{"@id":"https:\/\/e-c-s.be\/fr\/#organization"},"potentialAction":[{"@type":"SearchAction","target":{"@type":"EntryPoint","urlTemplate":"https:\/\/e-c-s.be\/fr\/?s={search_term_string}"},"query-input":{"@type":"PropertyValueSpecification","valueRequired":true,"valueName":"search_term_string"}}],"inLanguage":"fr-FR"},{"@type":"Organization","@id":"https:\/\/e-c-s.be\/fr\/#organization","name":"ECS","url":"https:\/\/e-c-s.be\/fr\/","logo":{"@type":"ImageObject","inLanguage":"fr-FR","@id":"https:\/\/e-c-s.be\/fr\/#\/schema\/logo\/image\/","url":"https:\/\/e-c-s.be\/wp-content\/uploads\/2025\/10\/ecs-logo.svg","contentUrl":"https:\/\/e-c-s.be\/wp-content\/uploads\/2025\/10\/ecs-logo.svg","width":1,"height":1,"caption":"ECS"},"image":{"@id":"https:\/\/e-c-s.be\/fr\/#\/schema\/logo\/image\/"},"sameAs":["https:\/\/www.linkedin.com\/company\/ecs-equans"]}]}},"_links":{"self":[{"href":"https:\/\/e-c-s.be\/fr\/wp-json\/wp\/v2\/opleiding\/1031","targetHints":{"allow":["GET"]}}],"collection":[{"href":"https:\/\/e-c-s.be\/fr\/wp-json\/wp\/v2\/opleiding"}],"about":[{"href":"https:\/\/e-c-s.be\/fr\/wp-json\/wp\/v2\/types\/opleiding"}],"wp:featuredmedia":[{"embeddable":true,"href":"https:\/\/e-c-s.be\/fr\/wp-json\/wp\/v2\/media\/1231"}],"wp:attachment":[{"href":"https:\/\/e-c-s.be\/fr\/wp-json\/wp\/v2\/media?parent=1031"}],"wp:term":[{"taxonomy":"category","embeddable":true,"href":"https:\/\/e-c-s.be\/fr\/wp-json\/wp\/v2\/categories?post=1031"},{"taxonomy":"date_start","embeddable":true,"href":"https:\/\/e-c-s.be\/fr\/wp-json\/wp\/v2\/date_start?post=1031"},{"taxonomy":"center","embeddable":true,"href":"https:\/\/e-c-s.be\/fr\/wp-json\/wp\/v2\/center?post=1031"}],"curies":[{"name":"wp","href":"https:\/\/api.w.org\/{rel}","templated":true}]}},{"id":1032,"date":"2026-04-27T05:01:27","date_gmt":"2026-04-27T05:01:27","guid":{"rendered":"https:\/\/ecsprd.wpenginepowered.com\/opleiding\/ba5-fr\/"},"modified":"2026-04-27T05:01:27","modified_gmt":"2026-04-27T05:01:27","slug":"ba5-fr","status":"publish","type":"opleiding","link":"https:\/\/e-c-s.be\/fr\/formation\/ba5-fr\/","title":{"rendered":"BA5 (fr)"},"content":{"rendered":"<table>\n<thead>\n<tr>\n<th>Xml_node<\/th>\n<th>Content<\/th>\n<\/tr>\n<\/thead>\n<tbody>\n<tr>\n<td>programxid:<\/td>\n<td>47<\/td>\n<\/tr>\n<tr>\n<td>categoryxid:<\/td>\n<td>56<\/td>\n<\/tr>\n<tr>\n<td>categorydesc:<\/td>\n<td>\u00c9lectricit\u00e9<\/td>\n<\/tr>\n<tr>\n<td>programdesc:<\/td>\n<td>BA5 (fr)<\/td>\n<\/tr>\n<tr>\n<td>programduration:<\/td>\n<td>1 d<\/td>\n<\/tr>\n<tr>\n<td>programprice1:<\/td>\n<td>300 \u20ac<\/td>\n<\/tr>\n<tr>\n<td>programpricea:<\/td>\n<td>1460 \u20ac<\/td>\n<\/tr>\n<tr>\n<td>programoffer:<\/td>\n<td>Catalogue<\/td>\n<\/tr>\n<tr>\n<td>description_target_group:<\/td>\n<td><P class=MsoNormal style=\"MARGIN: 0pt 1.1pt 0pt 45.8pt; TEXT-ALIGN: justify\"><SPAN lang=FR style=\"FONT-SIZE: 10pt; FONT-FAMILY: Verdana; mso-bidi-font-size: 12.0pt; mso-ansi-language: FR\">Cette formation a pour but de donner au participant les informations n\u00e9cessaires sur les risques \u00e9lectriques et les facteurs humains qui peuvent induire des erreurs.<SPAN style=\"mso-spacerun: yes\">&nbsp; <\/SPAN>Le candidat sera \u00e9galement \u00e0 m\u00eame de reconna\u00eetre les dangers li\u00e9s \u00e0 l\u2019\u00e9lectricit\u00e9, sensibilis\u00e9 \u00e0 l\u2019utilisation correcte<SPAN style=\"mso-spacerun: yes\">&nbsp; <\/SPAN>des moyens de protection et capable de r\u00e9agir en situation d\u2019urgence.<?xml:namespace prefix = o ns = \"urn:schemas-microsoft-com:office:office\" \/><o:p><\/o:p><\/SPAN><\/P><\/td>\n<\/tr>\n<tr>\n<td>description_objectives:<\/td>\n<td>\n<p>Dans ses article 47 et 266, le RGIE (R\u00e8glement G\u00e9n\u00e9ral sur les Installations \u00e9lectriques) stipule que les personnes habilit\u00e9es BA5 \u2013 personnes qualifi\u00e9es sont les personnes qui, par leurs connaissances acquises par formation ou par exp\u00e9rience, peuvent \u00e9valuer elles-m\u00eames les risques<\/p>\n<p>li\u00e9s aux travaux \u00e0 ex\u00e9cuter et peuvent d\u00e9terminer les mesures \u00e0 prendre pour \u00e9liminer ou limiter au minimum les risques sp\u00e9cifiques y aff\u00e9rents:<\/p>\n<\/td>\n<\/tr>\n<tr>\n<td>description_content:<\/td>\n<td>\n<p><u>THEORIE<\/u><\/p>\n<p>\u00b7 L\u00e9gislation<\/p>\n<p>\u00b7 Rappels des notions \u00e9l\u00e9mentaires d&rsquo;\u00e9lectricit\u00e9\u00a0:<\/p>\n<p>\u00b7 Les dangers de l&rsquo;\u00e9lectricit\u00e9<\/p>\n<p>\u00b7 Techniques et moyens de protection contre les dangers du courant \u00e9lectrique<\/p>\n<p>\u00b7 Appareillages<\/p>\n<p>\u00b7 Contr\u00f4les l\u00e9gaux<\/p>\n<p>\u00b7 Pr\u00e9vention<\/p>\n<p>\u00b7 Travaux sur des installations \u00e9lectriques (Basse Tension et Haute Tension)<\/p>\n<p>\u00a0<\/p>\n<p><u>PRATIQUE<\/u><\/p>\n<p>\u00b7 Exercices pratiques<\/p>\n<p>\u00b7 Travaux pratiques sur des installations BT (option)<\/p>\n<\/td>\n<\/tr>\n<tr>\n<td>description_requirements:<\/td>\n<td>\n<p class=\"MsoNormal\" style=\"MARGIN: 0pt 23.9pt 0pt 81.8pt; TEXT-INDENT: -18pt; TEXT-ALIGN: justify; mso-list: l0 level1 lfo1; tab-stops: list 81.8pt\"><span style=\"FONT-SIZE: 10pt; FONT-FAMILY: Verdana; mso-bidi-font-size: 12.0pt\">Minimum 18 ans<\/span><span lang=\"FR\" style=\"FONT-SIZE: 10pt; FONT-FAMILY: Verdana; mso-bidi-font-size: 12.0pt; mso-ansi-language: FR\"><!--?xml:namespace prefix = o ns = \"urn:schemas-microsoft-com:office:office\" \/--><o:p><\/o:p><\/span><\/p>\n<\/td>\n<\/tr>\n<tr>\n<td>description_prerequisite:<\/td>\n<td><\/td>\n<\/tr>\n<tr>\n<td>description_pedagogical_approach:<\/td>\n<td><\/td>\n<\/tr>\n<tr>\n<td>description_responsable_program:<\/td>\n<td>\n<p>Villers-le-Bouillet,&nbsp;Suarl&eacute;e, Bruxelles<\/p>\n<\/td>\n<\/tr>\n<tr>\n<td>description_duration:<\/td>\n<td><P class=MsoNormal style=\"MARGIN: 0pt 1.1pt 0pt 45.8pt\"><B style=\"mso-bidi-font-weight: normal\"><SPAN lang=FR style=\"FONT-SIZE: 10pt; FONT-FAMILY: Verdana; mso-bidi-font-size: 12.0pt; mso-ansi-language: FR\"><?xml:namespace prefix = o ns = \"urn:schemas-microsoft-com:office:office\" \/><o:p><\/o:p><\/SPAN><\/B><\/P><br \/>\n<P class=MsoNormal style=\"MARGIN: 0pt 1.1pt 0pt 45.8pt\"><SPAN lang=FR style=\"FONT-SIZE: 10pt; FONT-FAMILY: Verdana; mso-bidi-font-size: 12.0pt; mso-ansi-language: FR\">La dur\u00e9e de la formation est de 1 jour.<o:p><\/o:p><\/SPAN><\/P><br \/>\n<P class=MsoNormal style=\"MARGIN: 0pt 1.1pt 0pt 45.8pt\"><SPAN lang=FR style=\"FONT-SIZE: 10pt; FONT-FAMILY: Verdana; mso-bidi-font-size: 12.0pt; mso-ansi-language: FR\">Il est souhaitable que le candidat ait pr\u00e9alablement suivi une formation BA4.<o:p><\/o:p><\/SPAN><\/P><\/td>\n<\/tr>\n<tr>\n<td>description_certification_period:<\/td>\n<td>\n<p class=\"MsoNormal\" style=\"MARGIN: 0pt 1.1pt 0pt 45.8pt\"><span style=\"font-family: Verdana; font-size: 13.3333px;\">Les<\/span><span style=\"font-family: Verdana; font-size: 13.3333px;\">&nbsp;<\/span><span style=\"font-family: Verdana; font-size: 13.3333px;\">candidats font un examen th&eacute;orique et une attestation de participation est d&eacute;livr&eacute;e<\/span><span lang=\"FR\" style=\"FONT-SIZE: 10pt; FONT-FAMILY: Verdana; mso-bidi-font-size: 12.0pt; mso-ansi-language: FR\"><!--?xml:namespace prefix = o ns = \"urn:schemas-microsoft-com:office:office\" \/--><o:p><\/o:p><\/span><\/p>\n<\/td>\n<\/tr>\n<tr>\n<td>description_additional_information:<\/td>\n<td>\n<p>\u00b7 Cette formation peut \u00eatre donn\u00e9e dans un de nos centres de formation ECS ou chez le client<\/p>\n<p>\u00b7 Pour les formations \u00ab\u00a0ouvertes\u00a0\u00bb\u00a0: voir le calendrier de formation<b><\/b><\/p>\n<p>\u00b7 La formation peut \u00eatre donn\u00e9e en fran\u00e7ais, n\u00e9erlandais ou anglais.<\/p>\n<p>\u00b7 La formation d\u00e9bute \u00e0 08h00 et se termine \u00e0 16h00<\/p>\n<p>\u00b7 Un sandwich et une boisson sont offerts au participant<\/p>\n<p>\u00b7 Nombre maximum de participants par session de formation: 15.<\/p>\n<p>\u00b7 ECS est agr\u00e9\u00e9e par plusieurs organismes de subsides, ce qui permet d&rsquo;\u00eatre rembours\u00e9 d&rsquo;une partie des frais de formation.<\/p>\n<\/td>\n<\/tr>\n<tr>\n<td>description_summary:<\/td>\n<td><\/td>\n<\/tr>\n<tr>\n<td>description_short_summary:<\/td>\n<td>\n<div>BA5 personnes qualifi&eacute;es qui, gr&acirc;ce &agrave; leurs connaissances, leur formation ou leur exp&eacute;rience acquises, sont en mesure&nbsp;<\/div>\n<div>d&rsquo;&eacute;valuer les risques li&eacute;s au travail &agrave; effectuer et de prendre des mesures pour les &eacute;viter ou les r&eacute;duire au minimum.<\/div>\n<\/td>\n<\/tr>\n<tr>\n<td>programimage:<\/td>\n<td>https:\/\/ecs.eduaxis.net\/files\/images\/program%20images\/BA4 overloaded-electrical-circuit-causing-fuse-to-break-91830338.jpg<\/td>\n<\/tr>\n<tr>\n<td>programimage:<\/td>\n<td>https:\/\/ecs.eduaxis.net\/files\/images\/program%20images\/BA4 overloaded-electrical-circuit-causing-fuse-to-break-91830338.jpg<\/td>\n<\/tr>\n<\/tbody>\n<\/table>\n","protected":false},"excerpt":{"rendered":"<p>Description: BA5 personnes qualifi\u00e9es qui, gr\u00e2ce \u00e0 leurs connaissances, leur formation ou leur exp\u00e9rience acquises, sont en mesure d&rsquo;\u00e9valuer les risques li\u00e9s au travail \u00e0 effectuer et de prendre des mesures pour les \u00e9viter ou les r\u00e9duire au minimum.<\/p>\n","protected":false},"featured_media":1231,"menu_order":0,"template":"","format":"standard","meta":[],"categories":[],"date_start":[628,372,305,400,560,306,532,412,563,407,403,561,633,468,451,447,573,429,569,406,286,471,439,571,329,538,294,337,423,566,470,323,536,469,335],"center":[78,581,467,275],"class_list":["post-1032","opleiding","type-opleiding","status-publish","format-standard","has-post-thumbnail","hentry","date_start-02-december-2026","date_start-04-mei-2026","date_start-05-juni-2026","date_start-06-juli-2026","date_start-06-juli-2026-fr","date_start-08-juni-2026","date_start-08-juni-2026-fr","date_start-09-november-2026","date_start-09-november-2026-fr","date_start-09-oktober-2026","date_start-10-augustus-2026","date_start-10-augustus-2026-fr","date_start-10-november-2026","date_start-11-mei-2026","date_start-13-maart-2026","date_start-14-december-2026","date_start-14-december-2026-fr","date_start-14-oktober-2026","date_start-14-oktober-2026-fr","date_start-14-september-2026","date_start-16-juli-2026","date_start-18-december-2026","date_start-18-september-2026","date_start-18-september-2026-fr","date_start-19-augustus-2026","date_start-19-augustus-2026-fr","date_start-19-mei-2026","date_start-20-april-2026","date_start-22-juni-2026","date_start-22-juni-2026-fr","date_start-23-oktober-2026","date_start-24-april-2026","date_start-24-april-2026-fr","date_start-26-juni-2026","date_start-28-augustus-2026","center-brussels","center-brussels-fr","center-suarlee","center-villers-le-bouillet"],"yoast_head":"<!-- This site is optimized with the Yoast SEO plugin v27.4 - https:\/\/yoast.com\/product\/yoast-seo-wordpress\/ -->\n<title>BA5 (fr)<\/title>\n<meta name=\"description\" content=\"BA5 personnes qualifi&eacute;es qui, gr&acirc;ce &agrave; leurs connaissances, leur formation ou leur exp&eacute;rience acquises, sont en mesure&nbsp; d&rsquo;&eacute;valuer les risques li&eacute;s au travail &agrave; effectuer et de prendre des mesures pour les &eacute;viter ou les r&eacute;duire au minimum.\" \/>\n<meta name=\"robots\" content=\"index, follow, max-snippet:-1, max-image-preview:large, max-video-preview:-1\" \/>\n<link rel=\"canonical\" href=\"https:\/\/e-c-s.be\/fr\/formation\/ba5-fr\/\" \/>\n<meta property=\"og:locale\" content=\"fr_FR\" \/>\n<meta property=\"og:type\" content=\"article\" \/>\n<meta property=\"og:title\" content=\"BA5 (fr)\" \/>\n<meta property=\"og:description\" content=\"BA5 personnes qualifi&eacute;es qui, gr&acirc;ce &agrave; leurs connaissances, leur formation ou leur exp&eacute;rience acquises, sont en mesure&nbsp; d&rsquo;&eacute;valuer les risques li&eacute;s au travail &agrave; effectuer et de prendre des mesures pour les &eacute;viter ou les r&eacute;duire au minimum.\" \/>\n<meta property=\"og:url\" content=\"https:\/\/e-c-s.be\/fr\/formation\/ba5-fr\/\" \/>\n<meta property=\"og:site_name\" content=\"ECS\" \/>\n<meta property=\"og:image\" content=\"https:\/\/e-c-s.be\/wp-content\/uploads\/2025\/10\/BA4-overloaded-electrical-circuit-causing-fuse-to-break-91830338-scaled.jpg\" \/>\n\t<meta property=\"og:image:width\" content=\"2560\" \/>\n\t<meta property=\"og:image:height\" content=\"1440\" \/>\n\t<meta property=\"og:image:type\" content=\"image\/jpeg\" \/>\n<meta name=\"twitter:card\" content=\"summary_large_image\" \/>\n<meta name=\"twitter:title\" content=\"BA5 (fr)\" \/>\n<meta name=\"twitter:label1\" content=\"Dur\u00e9e de lecture estim\u00e9e\" \/>\n\t<meta name=\"twitter:data1\" content=\"2 minutes\" \/>\n<script type=\"application\/ld+json\" class=\"yoast-schema-graph\">{\"@context\":\"https:\\\/\\\/schema.org\",\"@graph\":[{\"@type\":\"WebPage\",\"@id\":\"https:\\\/\\\/e-c-s.be\\\/fr\\\/formation\\\/ba5-fr\\\/\",\"url\":\"https:\\\/\\\/e-c-s.be\\\/fr\\\/formation\\\/ba5-fr\\\/\",\"name\":\"BA5 (fr)\",\"isPartOf\":{\"@id\":\"https:\\\/\\\/e-c-s.be\\\/fr\\\/#website\"},\"primaryImageOfPage\":{\"@id\":\"https:\\\/\\\/e-c-s.be\\\/fr\\\/formation\\\/ba5-fr\\\/#primaryimage\"},\"image\":{\"@id\":\"https:\\\/\\\/e-c-s.be\\\/fr\\\/formation\\\/ba5-fr\\\/#primaryimage\"},\"thumbnailUrl\":\"https:\\\/\\\/e-c-s.be\\\/wp-content\\\/uploads\\\/2025\\\/10\\\/BA4-overloaded-electrical-circuit-causing-fuse-to-break-91830338-scaled.jpg\",\"datePublished\":\"2026-04-27T05:01:27+00:00\",\"description\":\"BA5 personnes qualifi&eacute;es qui, gr&acirc;ce &agrave; leurs connaissances, leur formation ou leur exp&eacute;rience acquises, sont en mesure&nbsp; d&rsquo;&eacute;valuer les risques li&eacute;s au travail &agrave; effectuer et de prendre des mesures pour les &eacute;viter ou les r&eacute;duire au minimum.\",\"breadcrumb\":{\"@id\":\"https:\\\/\\\/e-c-s.be\\\/fr\\\/formation\\\/ba5-fr\\\/#breadcrumb\"},\"inLanguage\":\"fr-FR\",\"potentialAction\":[{\"@type\":\"ReadAction\",\"target\":[\"https:\\\/\\\/e-c-s.be\\\/fr\\\/formation\\\/ba5-fr\\\/\"]}]},{\"@type\":\"ImageObject\",\"inLanguage\":\"fr-FR\",\"@id\":\"https:\\\/\\\/e-c-s.be\\\/fr\\\/formation\\\/ba5-fr\\\/#primaryimage\",\"url\":\"https:\\\/\\\/e-c-s.be\\\/wp-content\\\/uploads\\\/2025\\\/10\\\/BA4-overloaded-electrical-circuit-causing-fuse-to-break-91830338-scaled.jpg\",\"contentUrl\":\"https:\\\/\\\/e-c-s.be\\\/wp-content\\\/uploads\\\/2025\\\/10\\\/BA4-overloaded-electrical-circuit-causing-fuse-to-break-91830338-scaled.jpg\",\"width\":2560,\"height\":1440},{\"@type\":\"BreadcrumbList\",\"@id\":\"https:\\\/\\\/e-c-s.be\\\/fr\\\/formation\\\/ba5-fr\\\/#breadcrumb\",\"itemListElement\":[{\"@type\":\"ListItem\",\"position\":1,\"name\":\"Home\",\"item\":\"https:\\\/\\\/e-c-s.be\\\/fr\\\/\"},{\"@type\":\"ListItem\",\"position\":2,\"name\":\"Opleidingen\",\"item\":\"https:\\\/\\\/e-c-s.be\\\/fr\\\/formation\\\/\"},{\"@type\":\"ListItem\",\"position\":3,\"name\":\"BA5 (fr)\"}]},{\"@type\":\"WebSite\",\"@id\":\"https:\\\/\\\/e-c-s.be\\\/fr\\\/#website\",\"url\":\"https:\\\/\\\/e-c-s.be\\\/fr\\\/\",\"name\":\"ECS\",\"description\":\"Uw partner in veiligheid\",\"publisher\":{\"@id\":\"https:\\\/\\\/e-c-s.be\\\/fr\\\/#organization\"},\"potentialAction\":[{\"@type\":\"SearchAction\",\"target\":{\"@type\":\"EntryPoint\",\"urlTemplate\":\"https:\\\/\\\/e-c-s.be\\\/fr\\\/?s={search_term_string}\"},\"query-input\":{\"@type\":\"PropertyValueSpecification\",\"valueRequired\":true,\"valueName\":\"search_term_string\"}}],\"inLanguage\":\"fr-FR\"},{\"@type\":\"Organization\",\"@id\":\"https:\\\/\\\/e-c-s.be\\\/fr\\\/#organization\",\"name\":\"ECS\",\"url\":\"https:\\\/\\\/e-c-s.be\\\/fr\\\/\",\"logo\":{\"@type\":\"ImageObject\",\"inLanguage\":\"fr-FR\",\"@id\":\"https:\\\/\\\/e-c-s.be\\\/fr\\\/#\\\/schema\\\/logo\\\/image\\\/\",\"url\":\"https:\\\/\\\/e-c-s.be\\\/wp-content\\\/uploads\\\/2025\\\/10\\\/ecs-logo.svg\",\"contentUrl\":\"https:\\\/\\\/e-c-s.be\\\/wp-content\\\/uploads\\\/2025\\\/10\\\/ecs-logo.svg\",\"width\":1,\"height\":1,\"caption\":\"ECS\"},\"image\":{\"@id\":\"https:\\\/\\\/e-c-s.be\\\/fr\\\/#\\\/schema\\\/logo\\\/image\\\/\"},\"sameAs\":[\"https:\\\/\\\/www.linkedin.com\\\/company\\\/ecs-equans\"]}]}<\/script>\n<!-- \/ Yoast SEO plugin. -->","yoast_head_json":{"title":"BA5 (fr)","description":"BA5 personnes qualifi&eacute;es qui, gr&acirc;ce &agrave; leurs connaissances, leur formation ou leur exp&eacute;rience acquises, sont en mesure&nbsp; d&rsquo;&eacute;valuer les risques li&eacute;s au travail &agrave; effectuer et de prendre des mesures pour les &eacute;viter ou les r&eacute;duire au minimum.","robots":{"index":"index","follow":"follow","max-snippet":"max-snippet:-1","max-image-preview":"max-image-preview:large","max-video-preview":"max-video-preview:-1"},"canonical":"https:\/\/e-c-s.be\/fr\/formation\/ba5-fr\/","og_locale":"fr_FR","og_type":"article","og_title":"BA5 (fr)","og_description":"BA5 personnes qualifi&eacute;es qui, gr&acirc;ce &agrave; leurs connaissances, leur formation ou leur exp&eacute;rience acquises, sont en mesure&nbsp; d&rsquo;&eacute;valuer les risques li&eacute;s au travail &agrave; effectuer et de prendre des mesures pour les &eacute;viter ou les r&eacute;duire au minimum.","og_url":"https:\/\/e-c-s.be\/fr\/formation\/ba5-fr\/","og_site_name":"ECS","og_image":[{"width":2560,"height":1440,"url":"https:\/\/e-c-s.be\/wp-content\/uploads\/2025\/10\/BA4-overloaded-electrical-circuit-causing-fuse-to-break-91830338-scaled.jpg","type":"image\/jpeg"}],"twitter_card":"summary_large_image","twitter_title":"BA5 (fr)","twitter_misc":{"Dur\u00e9e de lecture estim\u00e9e":"2 minutes"},"schema":{"@context":"https:\/\/schema.org","@graph":[{"@type":"WebPage","@id":"https:\/\/e-c-s.be\/fr\/formation\/ba5-fr\/","url":"https:\/\/e-c-s.be\/fr\/formation\/ba5-fr\/","name":"BA5 (fr)","isPartOf":{"@id":"https:\/\/e-c-s.be\/fr\/#website"},"primaryImageOfPage":{"@id":"https:\/\/e-c-s.be\/fr\/formation\/ba5-fr\/#primaryimage"},"image":{"@id":"https:\/\/e-c-s.be\/fr\/formation\/ba5-fr\/#primaryimage"},"thumbnailUrl":"https:\/\/e-c-s.be\/wp-content\/uploads\/2025\/10\/BA4-overloaded-electrical-circuit-causing-fuse-to-break-91830338-scaled.jpg","datePublished":"2026-04-27T05:01:27+00:00","description":"BA5 personnes qualifi&eacute;es qui, gr&acirc;ce &agrave; leurs connaissances, leur formation ou leur exp&eacute;rience acquises, sont en mesure&nbsp; d&rsquo;&eacute;valuer les risques li&eacute;s au travail &agrave; effectuer et de prendre des mesures pour les &eacute;viter ou les r&eacute;duire au minimum.","breadcrumb":{"@id":"https:\/\/e-c-s.be\/fr\/formation\/ba5-fr\/#breadcrumb"},"inLanguage":"fr-FR","potentialAction":[{"@type":"ReadAction","target":["https:\/\/e-c-s.be\/fr\/formation\/ba5-fr\/"]}]},{"@type":"ImageObject","inLanguage":"fr-FR","@id":"https:\/\/e-c-s.be\/fr\/formation\/ba5-fr\/#primaryimage","url":"https:\/\/e-c-s.be\/wp-content\/uploads\/2025\/10\/BA4-overloaded-electrical-circuit-causing-fuse-to-break-91830338-scaled.jpg","contentUrl":"https:\/\/e-c-s.be\/wp-content\/uploads\/2025\/10\/BA4-overloaded-electrical-circuit-causing-fuse-to-break-91830338-scaled.jpg","width":2560,"height":1440},{"@type":"BreadcrumbList","@id":"https:\/\/e-c-s.be\/fr\/formation\/ba5-fr\/#breadcrumb","itemListElement":[{"@type":"ListItem","position":1,"name":"Home","item":"https:\/\/e-c-s.be\/fr\/"},{"@type":"ListItem","position":2,"name":"Opleidingen","item":"https:\/\/e-c-s.be\/fr\/formation\/"},{"@type":"ListItem","position":3,"name":"BA5 (fr)"}]},{"@type":"WebSite","@id":"https:\/\/e-c-s.be\/fr\/#website","url":"https:\/\/e-c-s.be\/fr\/","name":"ECS","description":"Uw partner in veiligheid","publisher":{"@id":"https:\/\/e-c-s.be\/fr\/#organization"},"potentialAction":[{"@type":"SearchAction","target":{"@type":"EntryPoint","urlTemplate":"https:\/\/e-c-s.be\/fr\/?s={search_term_string}"},"query-input":{"@type":"PropertyValueSpecification","valueRequired":true,"valueName":"search_term_string"}}],"inLanguage":"fr-FR"},{"@type":"Organization","@id":"https:\/\/e-c-s.be\/fr\/#organization","name":"ECS","url":"https:\/\/e-c-s.be\/fr\/","logo":{"@type":"ImageObject","inLanguage":"fr-FR","@id":"https:\/\/e-c-s.be\/fr\/#\/schema\/logo\/image\/","url":"https:\/\/e-c-s.be\/wp-content\/uploads\/2025\/10\/ecs-logo.svg","contentUrl":"https:\/\/e-c-s.be\/wp-content\/uploads\/2025\/10\/ecs-logo.svg","width":1,"height":1,"caption":"ECS"},"image":{"@id":"https:\/\/e-c-s.be\/fr\/#\/schema\/logo\/image\/"},"sameAs":["https:\/\/www.linkedin.com\/company\/ecs-equans"]}]}},"_links":{"self":[{"href":"https:\/\/e-c-s.be\/fr\/wp-json\/wp\/v2\/opleiding\/1032","targetHints":{"allow":["GET"]}}],"collection":[{"href":"https:\/\/e-c-s.be\/fr\/wp-json\/wp\/v2\/opleiding"}],"about":[{"href":"https:\/\/e-c-s.be\/fr\/wp-json\/wp\/v2\/types\/opleiding"}],"wp:featuredmedia":[{"embeddable":true,"href":"https:\/\/e-c-s.be\/fr\/wp-json\/wp\/v2\/media\/1231"}],"wp:attachment":[{"href":"https:\/\/e-c-s.be\/fr\/wp-json\/wp\/v2\/media?parent=1032"}],"wp:term":[{"taxonomy":"category","embeddable":true,"href":"https:\/\/e-c-s.be\/fr\/wp-json\/wp\/v2\/categories?post=1032"},{"taxonomy":"date_start","embeddable":true,"href":"https:\/\/e-c-s.be\/fr\/wp-json\/wp\/v2\/date_start?post=1032"},{"taxonomy":"center","embeddable":true,"href":"https:\/\/e-c-s.be\/fr\/wp-json\/wp\/v2\/center?post=1032"}],"curies":[{"name":"wp","href":"https:\/\/api.w.org\/{rel}","templated":true}]}},{"id":1040,"date":"2026-04-25T05:00:58","date_gmt":"2026-04-25T05:00:58","guid":{"rendered":"https:\/\/ecsprd.wpenginepowered.com\/opleiding\/deplacer-et-elinguer-des-charges-critiques-is-006-formation-de-base-participants-inexperimentes\/"},"modified":"2026-04-25T05:00:58","modified_gmt":"2026-04-25T05:00:58","slug":"deplacer-et-elinguer-des-charges-critiques-is-006-formation-de-base-participants-inexperimentes","status":"publish","type":"opleiding","link":"https:\/\/e-c-s.be\/fr\/formation\/deplacer-et-elinguer-des-charges-critiques-is-006-formation-de-base-participants-inexperimentes\/","title":{"rendered":"D\u00e9placer et Elinguer des Charges Critiques IS-006 &#8211; Formation de base (participants inexp\u00e9riment\u00e9s)"},"content":{"rendered":"<table>\n<thead>\n<tr>\n<th>Xml_node<\/th>\n<th>Content<\/th>\n<\/tr>\n<\/thead>\n<tbody>\n<tr>\n<td>programxid:<\/td>\n<td>8498<\/td>\n<\/tr>\n<tr>\n<td>categoryxid:<\/td>\n<td>69<\/td>\n<\/tr>\n<tr>\n<td>categorydesc:<\/td>\n<td>\u00c9lingage<\/td>\n<\/tr>\n<tr>\n<td>programdesc:<\/td>\n<td>D\u00e9placer et Elinguer des Charges Critiques IS-006 &#8211; Formation de base (participants inexp\u00e9riment\u00e9s)<\/td>\n<\/tr>\n<tr>\n<td>programduration:<\/td>\n<td>3 d<\/td>\n<\/tr>\n<tr>\n<td>programprice1:<\/td>\n<td>900 \u20ac<\/td>\n<\/tr>\n<tr>\n<td>programpricea:<\/td>\n<td>4380 \u20ac<\/td>\n<\/tr>\n<tr>\n<td>programoffer:<\/td>\n<td>Catalogue<\/td>\n<\/tr>\n<tr>\n<td>description_target_group:<\/td>\n<td>\n<p align=\"left\" class=\"MsoNormal\" style=\"MARGIN: 0pt 23.9pt 0pt -18pt; LINE-HEIGHT: 14pt; TEXT-ALIGN: justify; mso-pagination: none; tab-stops: 31.2pt 468.0pt\">Employ&eacute;s op&eacute;rationnels charg&eacute; d&#39;assumer et d&eacute;placer des charges critiques &agrave; l&#39;aide d&#39;un pont roulant.<\/p>\n<\/td>\n<\/tr>\n<tr>\n<td>description_objectives:<\/td>\n<td>\n<p>La formation \u00ab IS-006 \u2013 Elinger des Charges Critiques \u00bb \u00e0 pour objectif d&rsquo;apprendre \u00e0 assumer et \u00e0 d\u00e9placer des charges critiques de mani\u00e8re s\u00fbre et efficace. Au terme de la formation, le candidat pourra travailler de mani\u00e8re correcte, prudente et s\u00fbre avec un pont roulant \u00e0 commande c\u00e2bl\u00e9e et\/ou \u00e0 commande \u00e0 distance.\u00a0<\/p>\n<\/td>\n<\/tr>\n<tr>\n<td>description_content:<\/td>\n<td>\n<p><u>G\u00e9n\u00e9ral<\/u><\/p>\n<p>\u00a0Apprendre, de mani\u00e8re concr\u00e8te, \u00e0:<\/p>\n<p>\u00b7 Elinger et d\u00e9placer des charges<\/p>\n<p>\u00b7 Lever les charges (communiquer avec le conducteur d&rsquo;un engin de levage)<\/p>\n<p>\u00a0<\/p>\n<p><u>THEORIE<\/u><\/p>\n<p><u><\/u><\/p>\n<p>\u00b7 conna\u00eetre ses responsabilit\u00e9s<\/p>\n<p>\u00b7 pouvoir d\u00e9terminer le poids, le centre de gravit\u00e9, l&rsquo;angle et le type d&rsquo;\u00e9lingage<\/p>\n<p>\u00b7 savoir quelles forces peuvent s&rsquo;exercer sur le mat\u00e9riel<\/p>\n<p>\u00b7 comprendre les facteurs de charge et de stabilit\u00e9<\/p>\n<p>\u00b7 conna\u00eetre et pouvoir expliquer les termes suivants: charge pratique, charge de rupture, facteur de charge pratique, facteur d&rsquo;utilisation, facteur d&rsquo;\u00e9lingage, facteur de charge (+ facteur de s\u00e9curit\u00e9 = coefficient de s\u00e9curit\u00e9), angle int\u00e9rieur, angle ext\u00e9rieur, angle sup\u00e9rieur, angle d&rsquo;\u00e9cartement, centre de gravit\u00e9. <\/p>\n<p>\u00b7 conna\u00eetre les diff\u00e9rentes sangles de levage\u00a0: sangle tiss\u00e9e ou sangle plate, \u00e9lingue simple, \u00e9lingue sans fin, \u00e9lingue ronde, \u00e9lingue polyester. <\/p>\n<p>\u00b7 conna\u00eetre la composition du c\u00e2ble acier: \u00e9lingue en c\u00e2ble d&rsquo;acier, ouvertures de fils de c\u00e2ble d&rsquo;acier. <\/p>\n<p>\u00b7 conna\u00eetre les types de cha\u00eenes suivants, ainsi que leur composition: mailles et anneaux, pitons et \u00e9crous \u00e0 \u0153il; fermeture droite ou en D, manille, \u00e9lingues cha\u00eenes, ouvertures de fils de cha\u00eene. <\/p>\n<p>\u00b7 Conna\u00eetre les \u00e9quipements de levage suivants: serre-t\u00f4le, pince de levage<\/p>\n<p>\u00b7 Conna\u00eetre les palans suivants: poulie; palan \u00e0 bras; palan \u00e9lectrique. <\/p>\n<p>\u00b7 Savoir comment \u00e9linguer charges en toute s\u00e9curit\u00e9 avec les engins de levage sp\u00e9ciaux, les \u00e9lingues, les c\u00e2bles d&rsquo;acier, les cha\u00eenes, le palan; <\/p>\n<p>\u00b7 Savoir comment travailler en toute s\u00e9curit\u00e9 avec un porte-palan, une \u00e9coperche<\/p>\n<p>\u00b7 Savoir quelles sont les conditions d&rsquo;utilisation des accessoires<\/p>\n<p>\u00b7 Pouvoir s\u00e9lectionner le bon mat\u00e9riel d&rsquo;\u00e9lingage<\/p>\n<p>\u00b7 Ma\u00eetriser les r\u00e8gles g\u00e9n\u00e9rales de s\u00e9curit\u00e9: utilisation des moyens de protection individuels requis, l\u00e9gislation, analyse des risques<\/p>\n<p>\u00b7 comprendre les aspects \u00e9conomiques (\u00e9l\u00e9ments d&rsquo;usure, entretien) <\/p>\n<p>\u00b7 Conna\u00eetre l&rsquo;influence de la temp\u00e9rature et des facteurs environnementaux<\/p>\n<p>\u00b7 Conna\u00eetre les conditions d&rsquo;agr\u00e9ation du mat\u00e9riel d&rsquo;\u00e9lingage (inspection et certification) <\/p>\n<p>\u00b7 Respecter la s\u00e9curit\u00e9 personnelle (v\u00eatements, moyens de protection personnelle)<\/p>\n<p>\u00b7 Signaux gestuels\u00a0<u><\/u><\/p>\n<p><u><\/u><\/p>\n<p>\u00a0<\/p>\n<p><u>PRATIQUE<\/u><\/p>\n<p><u><\/u><\/p>\n<p>\u00b7 Mettre en \u0153uvre correctement les r\u00e8gles de s\u00e9curit\u00e9<\/p>\n<p>\u00b7 R\u00e9aliser les contr\u00f4les n\u00e9cessaires pour l&rsquo;usage des engins de levage: contr\u00f4ler la date d&rsquo;agr\u00e9ation des outils de levage, contr\u00f4ler la s\u00e9curit\u00e9 de la voie de transport, effectuer des inspections d&rsquo;utilisateur (inspection p\u00e9riodique, inspection visuelle, crit\u00e8res de mise au rebut) <\/p>\n<p>\u00b7 Apprendre \u00e0 choisir le bon mat\u00e9riel en fonction de l&rsquo;application<\/p>\n<p>\u00b7 Savoir \u00e9linguer une charge en toute s\u00e9curit\u00e9 avec des \u00e9lingues; <\/p>\n<p>\u00b7 Savoir \u00e9linguer une charge en toute s\u00e9curit\u00e9 avec des c\u00e2bles en acier; <\/p>\n<p>\u00b7 Savoir \u00e9linguer une charge en toute s\u00e9curit\u00e9 avec des cha\u00eenes; <\/p>\n<p>\u00b7 Savoir \u00e9linguer une charge en toute s\u00e9curit\u00e9 avec des palans et des engins de levage sp\u00e9ciaux; <\/p>\n<p>\u00b7 Savoir \u00e9linguer une charge en toute s\u00e9curit\u00e9 et la hisser au-dessus d&rsquo;un \u00ab\u00a0lieu dangereux\u00a0\u00bb (par ex. installations et canalisations a\u00e9riennes, etc.);<\/p>\n<p>\u00b7 Savoir \u00e9linguer diverses marchandises\/charges avec divers types de mat\u00e9riaux d&rsquo;\u00e9lingage; <\/p>\n<p>\u00b7 Savoir d\u00e9placer diverses marchandises\/charges \u00e0 distance de simulation<\/p>\n<p>\u00b7 Savoir signaliser: conna\u00eetre et savoir appliquer les signaux et gestes courants (signalisation gestuelle) de fa\u00e7on \u00e0 permettre le d\u00e9placement d&rsquo;une charge en toute s\u00e9curit\u00e9<\/p>\n<p>\u00b7 Savoir travailler avec la communication radio<\/p>\n<p>\u00b7 Savoir r\u00e9aliser une analyse de risque<\/p>\n<\/td>\n<\/tr>\n<tr>\n<td>description_requirements:<\/td>\n<td><P class=MsoNormal style=\"MARGIN: 0pt 23.9pt 0pt 53.4pt; TEXT-INDENT: -18pt; TEXT-ALIGN: justify; mso-list: l0 level1 lfo1; tab-stops: list 53.4pt\"><SPAN lang=FR style=\"FONT-SIZE: 10pt; FONT-FAMILY: Symbol; mso-bidi-font-size: 12.0pt; mso-fareast-font-family: Symbol; mso-bidi-font-family: Symbol; mso-ansi-language: FR\"><SPAN style=\"mso-list: Ignore\">\u00b7<SPAN style=\"FONT: 7pt 'Times New Roman'\">&nbsp;&nbsp;&nbsp;&nbsp;&nbsp;&nbsp;&nbsp;&nbsp; <\/SPAN><\/SPAN><\/SPAN><SPAN style=\"FONT-SIZE: 10pt; FONT-FAMILY: Verdana; mso-bidi-font-size: 12.0pt\">Minimum 18 ans<\/SPAN><SPAN lang=FR style=\"FONT-SIZE: 10pt; FONT-FAMILY: Verdana; mso-bidi-font-size: 12.0pt; mso-ansi-language: FR\"><?xml:namespace prefix = o ns = \"urn:schemas-microsoft-com:office:office\" \/><o:p><\/o:p><\/SPAN><\/P><br \/>\n<P class=MsoNormal style=\"MARGIN: 0pt 23.9pt 0pt 53.4pt; TEXT-INDENT: -18pt; TEXT-ALIGN: justify; mso-list: l0 level1 lfo1; tab-stops: list 53.4pt\"><SPAN lang=FR style=\"FONT-SIZE: 10pt; FONT-FAMILY: Symbol; mso-bidi-font-size: 12.0pt; mso-fareast-font-family: Symbol; mso-bidi-font-family: Symbol; mso-ansi-language: FR\"><SPAN style=\"mso-list: Ignore\">\u00b7<SPAN style=\"FONT: 7pt 'Times New Roman'\">&nbsp;&nbsp;&nbsp;&nbsp;&nbsp;&nbsp;&nbsp;&nbsp; <\/SPAN><\/SPAN><\/SPAN><SPAN lang=FR style=\"FONT-SIZE: 10pt; FONT-FAMILY: Verdana; mso-bidi-font-size: 12.0pt; mso-ansi-language: FR\">M\u00e9dicalement apte pour une fonction de s\u00e9curit\u00e9<o:p><\/o:p><\/SPAN><\/P><br \/>\n<P class=MsoNormal style=\"MARGIN: 0pt 23.9pt 0pt 53.4pt; TEXT-INDENT: -18pt; TEXT-ALIGN: justify; mso-list: l0 level1 lfo1; tab-stops: list 53.4pt\"><SPAN lang=FR style=\"FONT-SIZE: 10pt; FONT-FAMILY: Symbol; mso-bidi-font-size: 12.0pt; mso-fareast-font-family: Symbol; mso-bidi-font-family: Symbol; mso-ansi-language: FR\"><SPAN style=\"mso-list: Ignore\">\u00b7<SPAN style=\"FONT: 7pt 'Times New Roman'\">&nbsp;&nbsp;&nbsp;&nbsp;&nbsp;&nbsp;&nbsp;&nbsp; <\/SPAN><\/SPAN><\/SPAN><SPAN lang=FR style=\"FONT-SIZE: 10pt; FONT-FAMILY: Verdana; mso-bidi-font-size: 12.0pt; mso-ansi-language: FR\">Etre en possession des MPI n\u00e9cessaires lors de la formation pratique<B style=\"mso-bidi-font-weight: normal\"><o:p><\/o:p><\/B><\/SPAN><\/P><\/td>\n<\/tr>\n<tr>\n<td>description_prerequisite:<\/td>\n<td><\/td>\n<\/tr>\n<tr>\n<td>description_pedagogical_approach:<\/td>\n<td><\/td>\n<\/tr>\n<tr>\n<td>description_responsable_program:<\/td>\n<td>\n<p>Villers-le-Bouillet, Bruxelles<\/p>\n<\/td>\n<\/tr>\n<tr>\n<td>description_duration:<\/td>\n<td><P class=MsoNormal style=\"MARGIN: 0pt 23.9pt 0pt 17.4pt; TEXT-ALIGN: justify\"><SPAN lang=FR style=\"FONT-SIZE: 10pt; FONT-FAMILY: Verdana; mso-bidi-font-size: 12.0pt; mso-ansi-language: FR\">La dur\u00e9e de la formation est de 2 jours, r\u00e9partis en \u00bd jour de th\u00e9orie et 1,5 jour de pratique<B style=\"mso-bidi-font-weight: normal\"><?xml:namespace prefix = o ns = \"urn:schemas-microsoft-com:office:office\" \/><o:p><\/o:p><\/B><\/SPAN><\/P><\/td>\n<\/tr>\n<tr>\n<td>description_certification_period:<\/td>\n<td><P class=MsoNormal style=\"MARGIN: 0pt 23.9pt 0pt 17.4pt; TEXT-ALIGN: justify\"><SPAN lang=FR style=\"FONT-SIZE: 10pt; FONT-FAMILY: Verdana; mso-bidi-font-size: 12.0pt; mso-ansi-language: FR\">Les<SPAN style=\"mso-spacerun: yes\">&nbsp; <\/SPAN>candidats qui r\u00e9ussissent l\u2019examen th\u00e9orique et pratique se voient d\u00e9livrer un certificat ayant une dur\u00e9e de validit\u00e9 de 10 ans, avec une \u00e9valuation interm\u00e9diaire apr\u00e8s 5 ans.<?xml:namespace prefix = o ns = \"urn:schemas-microsoft-com:office:office\" \/><o:p><\/o:p><\/SPAN><\/P><\/td>\n<\/tr>\n<tr>\n<td>description_additional_information:<\/td>\n<td>\n<ul>\n<li>N&rsquo;oubliez pas: la carte d&rsquo;identit\u00e9.<\/li>\n<li>EPI obligatoires : veste de travail, pantalon de travail, chaussures de s\u00e9curit\u00e9, gants, casque et lunettes de protection.<\/li>\n<li>A midi nous fournissons un d\u00e9jeuner sandwich.<\/li>\n<li>Il se peut que vous ayez besoin de votre t\u00e9l\u00e9phone professionnel pendant cette formation. Veuillez donc l&rsquo;apporter avec vous.<\/li>\n<\/ul>\n<\/td>\n<\/tr>\n<tr>\n<td>description_summary:<\/td>\n<td><\/td>\n<\/tr>\n<tr>\n<td>description_short_summary:<\/td>\n<td>\n<p>Cette formation a pour objectif d&rsquo;acqu&eacute;rir les connaissances th&eacute;oriques et les aptitudes pratiques, mais &eacute;galement de comprendre les notions de base de s&eacute;curit&eacute; et d&rsquo;acqu&eacute;rir le sens des responsabilit&eacute;s et de l&rsquo;efficacit&eacute;.<\/p>\n<\/td>\n<\/tr>\n<tr>\n<td>programimage:<\/td>\n<td>https:\/\/ecs.eduaxis.net\/files\/images\/program%20images\/Aanslaan_shutterstock_1958016088.jpg<\/td>\n<\/tr>\n<tr>\n<td>programimage:<\/td>\n<td>https:\/\/ecs.eduaxis.net\/files\/images\/program%20images\/Aanslaan_shutterstock_1958016088.jpg<\/td>\n<\/tr>\n<\/tbody>\n<\/table>\n","protected":false},"excerpt":{"rendered":"<p>Description: <\/p>\n<p>Cette formation a pour objectif d&rsquo;acqu\u00e9rir les connaissances th\u00e9oriques et les aptitudes pratiques, mais \u00e9galement de comprendre les notions de base de s\u00e9curit\u00e9 et d&rsquo;acqu\u00e9rir le sens des responsabilit\u00e9s et de l&rsquo;efficacit\u00e9.<\/p>\n","protected":false},"featured_media":1235,"menu_order":0,"template":"","format":"standard","meta":[],"categories":[],"date_start":[338,608,448,442,324],"center":[275],"class_list":["post-1040","opleiding","type-opleiding","status-publish","format-standard","has-post-thumbnail","hentry","date_start-01-juli-2026","date_start-03-augustus-2026","date_start-15-december-2026","date_start-26-oktober-2026","date_start-27-april-2026","center-villers-le-bouillet"],"yoast_head":"<!-- This site is optimized with the Yoast SEO plugin v27.4 - https:\/\/yoast.com\/product\/yoast-seo-wordpress\/ -->\n<title>D\u00e9placer et Elinguer des Charges Critiques IS-006 - Formation de base (participants inexp\u00e9riment\u00e9s)<\/title>\n<meta name=\"description\" content=\"Cette formation a pour objectif d&rsquo;acqu&eacute;rir les connaissances th&eacute;oriques et les aptitudes pratiques, mais &eacute;galement de comprendre les notions de base de s&eacute;curit&eacute; et d&rsquo;acqu&eacute;rir le sens des responsabilit&eacute;s et de l&rsquo;efficacit&eacute;.\" \/>\n<meta name=\"robots\" content=\"index, follow, max-snippet:-1, max-image-preview:large, max-video-preview:-1\" \/>\n<link rel=\"canonical\" href=\"https:\/\/e-c-s.be\/fr\/formation\/deplacer-et-elinguer-des-charges-critiques-is-006-formation-de-base-participants-inexperimentes\/\" \/>\n<meta property=\"og:locale\" content=\"fr_FR\" \/>\n<meta property=\"og:type\" content=\"article\" \/>\n<meta property=\"og:title\" content=\"D\u00e9placer et Elinguer des Charges Critiques IS-006 - Formation de base (participants inexp\u00e9riment\u00e9s)\" \/>\n<meta property=\"og:description\" content=\"Cette formation a pour objectif d&rsquo;acqu&eacute;rir les connaissances th&eacute;oriques et les aptitudes pratiques, mais &eacute;galement de comprendre les notions de base de s&eacute;curit&eacute; et d&rsquo;acqu&eacute;rir le sens des responsabilit&eacute;s et de l&rsquo;efficacit&eacute;.\" \/>\n<meta property=\"og:url\" content=\"https:\/\/e-c-s.be\/fr\/formation\/deplacer-et-elinguer-des-charges-critiques-is-006-formation-de-base-participants-inexperimentes\/\" \/>\n<meta property=\"og:site_name\" content=\"ECS\" \/>\n<meta property=\"og:image\" content=\"https:\/\/e-c-s.be\/wp-content\/uploads\/2025\/11\/Aanslaan_shutterstock_1958016088.jpg\" \/>\n\t<meta property=\"og:image:width\" content=\"1000\" \/>\n\t<meta property=\"og:image:height\" content=\"667\" \/>\n\t<meta property=\"og:image:type\" content=\"image\/jpeg\" \/>\n<meta name=\"twitter:card\" content=\"summary_large_image\" \/>\n<meta name=\"twitter:title\" content=\"D\u00e9placer et Elinguer des Charges Critiques IS-006 - Formation de base (participants inexp\u00e9riment\u00e9s)\" \/>\n<meta name=\"twitter:label1\" content=\"Dur\u00e9e de lecture estim\u00e9e\" \/>\n\t<meta name=\"twitter:data1\" content=\"5 minutes\" \/>\n<script type=\"application\/ld+json\" class=\"yoast-schema-graph\">{\"@context\":\"https:\\\/\\\/schema.org\",\"@graph\":[{\"@type\":\"WebPage\",\"@id\":\"https:\\\/\\\/e-c-s.be\\\/fr\\\/formation\\\/deplacer-et-elinguer-des-charges-critiques-is-006-formation-de-base-participants-inexperimentes\\\/\",\"url\":\"https:\\\/\\\/e-c-s.be\\\/fr\\\/formation\\\/deplacer-et-elinguer-des-charges-critiques-is-006-formation-de-base-participants-inexperimentes\\\/\",\"name\":\"D\u00e9placer et Elinguer des Charges Critiques IS-006 - Formation de base (participants inexp\u00e9riment\u00e9s)\",\"isPartOf\":{\"@id\":\"https:\\\/\\\/e-c-s.be\\\/fr\\\/#website\"},\"primaryImageOfPage\":{\"@id\":\"https:\\\/\\\/e-c-s.be\\\/fr\\\/formation\\\/deplacer-et-elinguer-des-charges-critiques-is-006-formation-de-base-participants-inexperimentes\\\/#primaryimage\"},\"image\":{\"@id\":\"https:\\\/\\\/e-c-s.be\\\/fr\\\/formation\\\/deplacer-et-elinguer-des-charges-critiques-is-006-formation-de-base-participants-inexperimentes\\\/#primaryimage\"},\"thumbnailUrl\":\"https:\\\/\\\/e-c-s.be\\\/wp-content\\\/uploads\\\/2025\\\/11\\\/Aanslaan_shutterstock_1958016088.jpg\",\"datePublished\":\"2026-04-25T05:00:58+00:00\",\"description\":\"Cette formation a pour objectif d&rsquo;acqu&eacute;rir les connaissances th&eacute;oriques et les aptitudes pratiques, mais &eacute;galement de comprendre les notions de base de s&eacute;curit&eacute; et d&rsquo;acqu&eacute;rir le sens des responsabilit&eacute;s et de l&rsquo;efficacit&eacute;.\",\"breadcrumb\":{\"@id\":\"https:\\\/\\\/e-c-s.be\\\/fr\\\/formation\\\/deplacer-et-elinguer-des-charges-critiques-is-006-formation-de-base-participants-inexperimentes\\\/#breadcrumb\"},\"inLanguage\":\"fr-FR\",\"potentialAction\":[{\"@type\":\"ReadAction\",\"target\":[\"https:\\\/\\\/e-c-s.be\\\/fr\\\/formation\\\/deplacer-et-elinguer-des-charges-critiques-is-006-formation-de-base-participants-inexperimentes\\\/\"]}]},{\"@type\":\"ImageObject\",\"inLanguage\":\"fr-FR\",\"@id\":\"https:\\\/\\\/e-c-s.be\\\/fr\\\/formation\\\/deplacer-et-elinguer-des-charges-critiques-is-006-formation-de-base-participants-inexperimentes\\\/#primaryimage\",\"url\":\"https:\\\/\\\/e-c-s.be\\\/wp-content\\\/uploads\\\/2025\\\/11\\\/Aanslaan_shutterstock_1958016088.jpg\",\"contentUrl\":\"https:\\\/\\\/e-c-s.be\\\/wp-content\\\/uploads\\\/2025\\\/11\\\/Aanslaan_shutterstock_1958016088.jpg\",\"width\":1000,\"height\":667},{\"@type\":\"BreadcrumbList\",\"@id\":\"https:\\\/\\\/e-c-s.be\\\/fr\\\/formation\\\/deplacer-et-elinguer-des-charges-critiques-is-006-formation-de-base-participants-inexperimentes\\\/#breadcrumb\",\"itemListElement\":[{\"@type\":\"ListItem\",\"position\":1,\"name\":\"Home\",\"item\":\"https:\\\/\\\/e-c-s.be\\\/fr\\\/\"},{\"@type\":\"ListItem\",\"position\":2,\"name\":\"Opleidingen\",\"item\":\"https:\\\/\\\/e-c-s.be\\\/fr\\\/formation\\\/\"},{\"@type\":\"ListItem\",\"position\":3,\"name\":\"D\u00e9placer et Elinguer des Charges Critiques IS-006 &#8211; Formation de base (participants inexp\u00e9riment\u00e9s)\"}]},{\"@type\":\"WebSite\",\"@id\":\"https:\\\/\\\/e-c-s.be\\\/fr\\\/#website\",\"url\":\"https:\\\/\\\/e-c-s.be\\\/fr\\\/\",\"name\":\"ECS\",\"description\":\"Uw partner in veiligheid\",\"publisher\":{\"@id\":\"https:\\\/\\\/e-c-s.be\\\/fr\\\/#organization\"},\"potentialAction\":[{\"@type\":\"SearchAction\",\"target\":{\"@type\":\"EntryPoint\",\"urlTemplate\":\"https:\\\/\\\/e-c-s.be\\\/fr\\\/?s={search_term_string}\"},\"query-input\":{\"@type\":\"PropertyValueSpecification\",\"valueRequired\":true,\"valueName\":\"search_term_string\"}}],\"inLanguage\":\"fr-FR\"},{\"@type\":\"Organization\",\"@id\":\"https:\\\/\\\/e-c-s.be\\\/fr\\\/#organization\",\"name\":\"ECS\",\"url\":\"https:\\\/\\\/e-c-s.be\\\/fr\\\/\",\"logo\":{\"@type\":\"ImageObject\",\"inLanguage\":\"fr-FR\",\"@id\":\"https:\\\/\\\/e-c-s.be\\\/fr\\\/#\\\/schema\\\/logo\\\/image\\\/\",\"url\":\"https:\\\/\\\/e-c-s.be\\\/wp-content\\\/uploads\\\/2025\\\/10\\\/ecs-logo.svg\",\"contentUrl\":\"https:\\\/\\\/e-c-s.be\\\/wp-content\\\/uploads\\\/2025\\\/10\\\/ecs-logo.svg\",\"width\":1,\"height\":1,\"caption\":\"ECS\"},\"image\":{\"@id\":\"https:\\\/\\\/e-c-s.be\\\/fr\\\/#\\\/schema\\\/logo\\\/image\\\/\"},\"sameAs\":[\"https:\\\/\\\/www.linkedin.com\\\/company\\\/ecs-equans\"]}]}<\/script>\n<!-- \/ Yoast SEO plugin. -->","yoast_head_json":{"title":"D\u00e9placer et Elinguer des Charges Critiques IS-006 - Formation de base (participants inexp\u00e9riment\u00e9s)","description":"Cette formation a pour objectif d&rsquo;acqu&eacute;rir les connaissances th&eacute;oriques et les aptitudes pratiques, mais &eacute;galement de comprendre les notions de base de s&eacute;curit&eacute; et d&rsquo;acqu&eacute;rir le sens des responsabilit&eacute;s et de l&rsquo;efficacit&eacute;.","robots":{"index":"index","follow":"follow","max-snippet":"max-snippet:-1","max-image-preview":"max-image-preview:large","max-video-preview":"max-video-preview:-1"},"canonical":"https:\/\/e-c-s.be\/fr\/formation\/deplacer-et-elinguer-des-charges-critiques-is-006-formation-de-base-participants-inexperimentes\/","og_locale":"fr_FR","og_type":"article","og_title":"D\u00e9placer et Elinguer des Charges Critiques IS-006 - Formation de base (participants inexp\u00e9riment\u00e9s)","og_description":"Cette formation a pour objectif d&rsquo;acqu&eacute;rir les connaissances th&eacute;oriques et les aptitudes pratiques, mais &eacute;galement de comprendre les notions de base de s&eacute;curit&eacute; et d&rsquo;acqu&eacute;rir le sens des responsabilit&eacute;s et de l&rsquo;efficacit&eacute;.","og_url":"https:\/\/e-c-s.be\/fr\/formation\/deplacer-et-elinguer-des-charges-critiques-is-006-formation-de-base-participants-inexperimentes\/","og_site_name":"ECS","og_image":[{"width":1000,"height":667,"url":"https:\/\/e-c-s.be\/wp-content\/uploads\/2025\/11\/Aanslaan_shutterstock_1958016088.jpg","type":"image\/jpeg"}],"twitter_card":"summary_large_image","twitter_title":"D\u00e9placer et Elinguer des Charges Critiques IS-006 - Formation de base (participants inexp\u00e9riment\u00e9s)","twitter_misc":{"Dur\u00e9e de lecture estim\u00e9e":"5 minutes"},"schema":{"@context":"https:\/\/schema.org","@graph":[{"@type":"WebPage","@id":"https:\/\/e-c-s.be\/fr\/formation\/deplacer-et-elinguer-des-charges-critiques-is-006-formation-de-base-participants-inexperimentes\/","url":"https:\/\/e-c-s.be\/fr\/formation\/deplacer-et-elinguer-des-charges-critiques-is-006-formation-de-base-participants-inexperimentes\/","name":"D\u00e9placer et Elinguer des Charges Critiques IS-006 - Formation de base (participants inexp\u00e9riment\u00e9s)","isPartOf":{"@id":"https:\/\/e-c-s.be\/fr\/#website"},"primaryImageOfPage":{"@id":"https:\/\/e-c-s.be\/fr\/formation\/deplacer-et-elinguer-des-charges-critiques-is-006-formation-de-base-participants-inexperimentes\/#primaryimage"},"image":{"@id":"https:\/\/e-c-s.be\/fr\/formation\/deplacer-et-elinguer-des-charges-critiques-is-006-formation-de-base-participants-inexperimentes\/#primaryimage"},"thumbnailUrl":"https:\/\/e-c-s.be\/wp-content\/uploads\/2025\/11\/Aanslaan_shutterstock_1958016088.jpg","datePublished":"2026-04-25T05:00:58+00:00","description":"Cette formation a pour objectif d&rsquo;acqu&eacute;rir les connaissances th&eacute;oriques et les aptitudes pratiques, mais &eacute;galement de comprendre les notions de base de s&eacute;curit&eacute; et d&rsquo;acqu&eacute;rir le sens des responsabilit&eacute;s et de l&rsquo;efficacit&eacute;.","breadcrumb":{"@id":"https:\/\/e-c-s.be\/fr\/formation\/deplacer-et-elinguer-des-charges-critiques-is-006-formation-de-base-participants-inexperimentes\/#breadcrumb"},"inLanguage":"fr-FR","potentialAction":[{"@type":"ReadAction","target":["https:\/\/e-c-s.be\/fr\/formation\/deplacer-et-elinguer-des-charges-critiques-is-006-formation-de-base-participants-inexperimentes\/"]}]},{"@type":"ImageObject","inLanguage":"fr-FR","@id":"https:\/\/e-c-s.be\/fr\/formation\/deplacer-et-elinguer-des-charges-critiques-is-006-formation-de-base-participants-inexperimentes\/#primaryimage","url":"https:\/\/e-c-s.be\/wp-content\/uploads\/2025\/11\/Aanslaan_shutterstock_1958016088.jpg","contentUrl":"https:\/\/e-c-s.be\/wp-content\/uploads\/2025\/11\/Aanslaan_shutterstock_1958016088.jpg","width":1000,"height":667},{"@type":"BreadcrumbList","@id":"https:\/\/e-c-s.be\/fr\/formation\/deplacer-et-elinguer-des-charges-critiques-is-006-formation-de-base-participants-inexperimentes\/#breadcrumb","itemListElement":[{"@type":"ListItem","position":1,"name":"Home","item":"https:\/\/e-c-s.be\/fr\/"},{"@type":"ListItem","position":2,"name":"Opleidingen","item":"https:\/\/e-c-s.be\/fr\/formation\/"},{"@type":"ListItem","position":3,"name":"D\u00e9placer et Elinguer des Charges Critiques IS-006 &#8211; Formation de base (participants inexp\u00e9riment\u00e9s)"}]},{"@type":"WebSite","@id":"https:\/\/e-c-s.be\/fr\/#website","url":"https:\/\/e-c-s.be\/fr\/","name":"ECS","description":"Uw partner in veiligheid","publisher":{"@id":"https:\/\/e-c-s.be\/fr\/#organization"},"potentialAction":[{"@type":"SearchAction","target":{"@type":"EntryPoint","urlTemplate":"https:\/\/e-c-s.be\/fr\/?s={search_term_string}"},"query-input":{"@type":"PropertyValueSpecification","valueRequired":true,"valueName":"search_term_string"}}],"inLanguage":"fr-FR"},{"@type":"Organization","@id":"https:\/\/e-c-s.be\/fr\/#organization","name":"ECS","url":"https:\/\/e-c-s.be\/fr\/","logo":{"@type":"ImageObject","inLanguage":"fr-FR","@id":"https:\/\/e-c-s.be\/fr\/#\/schema\/logo\/image\/","url":"https:\/\/e-c-s.be\/wp-content\/uploads\/2025\/10\/ecs-logo.svg","contentUrl":"https:\/\/e-c-s.be\/wp-content\/uploads\/2025\/10\/ecs-logo.svg","width":1,"height":1,"caption":"ECS"},"image":{"@id":"https:\/\/e-c-s.be\/fr\/#\/schema\/logo\/image\/"},"sameAs":["https:\/\/www.linkedin.com\/company\/ecs-equans"]}]}},"_links":{"self":[{"href":"https:\/\/e-c-s.be\/fr\/wp-json\/wp\/v2\/opleiding\/1040","targetHints":{"allow":["GET"]}}],"collection":[{"href":"https:\/\/e-c-s.be\/fr\/wp-json\/wp\/v2\/opleiding"}],"about":[{"href":"https:\/\/e-c-s.be\/fr\/wp-json\/wp\/v2\/types\/opleiding"}],"wp:featuredmedia":[{"embeddable":true,"href":"https:\/\/e-c-s.be\/fr\/wp-json\/wp\/v2\/media\/1235"}],"wp:attachment":[{"href":"https:\/\/e-c-s.be\/fr\/wp-json\/wp\/v2\/media?parent=1040"}],"wp:term":[{"taxonomy":"category","embeddable":true,"href":"https:\/\/e-c-s.be\/fr\/wp-json\/wp\/v2\/categories?post=1040"},{"taxonomy":"date_start","embeddable":true,"href":"https:\/\/e-c-s.be\/fr\/wp-json\/wp\/v2\/date_start?post=1040"},{"taxonomy":"center","embeddable":true,"href":"https:\/\/e-c-s.be\/fr\/wp-json\/wp\/v2\/center?post=1040"}],"curies":[{"name":"wp","href":"https:\/\/api.w.org\/{rel}","templated":true}]}}]