{"id":1042,"date":"2026-09-01T05:00:33","date_gmt":"2026-09-01T05:00:33","guid":{"rendered":"https:\/\/ecsprd.wpenginepowered.com\/opleiding\/deplacer-et-elinguer-des-charges-non-critiques-av-004\/"},"modified":"2026-09-01T05:00:33","modified_gmt":"2026-09-01T05:00:33","slug":"deplacer-et-elinguer-des-charges-non-critiques-av-004","status":"publish","type":"opleiding","link":"https:\/\/e-c-s.be\/fr\/formation\/deplacer-et-elinguer-des-charges-non-critiques-av-004\/","title":{"rendered":"D\u00e9placer et Elinguer des Charges Non Critiques AV-004"},"content":{"rendered":"<table>\n<thead>\n<tr>\n<th>Xml_node<\/th>\n<th>Content<\/th>\n<\/tr>\n<\/thead>\n<tbody>\n<tr>\n<td>programxid:<\/td>\n<td>34<\/td>\n<\/tr>\n<tr>\n<td>categoryxid:<\/td>\n<td>69<\/td>\n<\/tr>\n<tr>\n<td>categorydesc:<\/td>\n<td>\u00c9lingage<\/td>\n<\/tr>\n<tr>\n<td>programdesc:<\/td>\n<td>D\u00e9placer et Elinguer des Charges Non Critiques AV-004<\/td>\n<\/tr>\n<tr>\n<td>programduration:<\/td>\n<td>1 d<\/td>\n<\/tr>\n<tr>\n<td>programprice1:<\/td>\n<td>300 \u20ac<\/td>\n<\/tr>\n<tr>\n<td>programpricea:<\/td>\n<td>1460 \u20ac<\/td>\n<\/tr>\n<tr>\n<td>programoffer:<\/td>\n<td>Catalogue<\/td>\n<\/tr>\n<tr>\n<td>description_target_group:<\/td>\n<td>\n<p>Les collaborateurs qui, dans le cadre de leur travail quotidien, doivent &eacute;linguer et d&eacute;placer des charges. Cette formation n&#39;est pas adapt&eacute;e pour des travaux avec du mat&eacute;riel sp&eacute;cialis&eacute;.<\/p>\n<\/td>\n<\/tr>\n<tr>\n<td>description_objectives:<\/td>\n<td>\n<p>Cette formation a pour objectif d&rsquo;acqu\u00e9rir les connaissances th\u00e9oriques et les aptitudes pratiques, mais \u00e9galement de comprendre les notions de base de s\u00e9curit\u00e9 et d&rsquo;acqu\u00e9rir le sens des responsabilit\u00e9s et de l&rsquo;efficacit\u00e9.<\/p>\n<\/td>\n<\/tr>\n<tr>\n<td>description_content:<\/td>\n<td>THEORIE <\/p>\n<ul>\n<li>conna\u00eetre le contenu d&rsquo;une fonction de s\u00e9curit\u00e9<\/li>\n<li>conna\u00eetre les diff\u00e9rents permis de travail, les interpr\u00e9ter et les respecter<\/li>\n<li>conna\u00eetre les notions de base suivantes : charge de travail s\u00fbre, charge de travail autoris\u00e9e, facteur d&rsquo;\u00e9lingage, angles, r\u00e9partition des forces<\/li>\n<li>inspection et certificats, dangers et risques<\/li>\n<li>conna\u00eetre les \u00e9quipements de levage suivants: \u00e9lingues, cha\u00eenes, c\u00e2bles d&rsquo;acier, serre-t\u00f4le, pince de levage, poulie, palan \u00e0 bras; palan \u00e9lectrique.<\/li>\n<li>pouvoir s\u00e9lectionner le bon mat\u00e9riel d&rsquo;\u00e9lingage<\/li>\n<li>savoir comment \u00e9linguer charges en toute s\u00e9curit\u00e9<\/li>\n<li>ma\u00eetriser les signaux gestuels\u00a0<\/li>\n<\/ul>\n<p> PRATIQUE <\/p>\n<ul>\n<li>mettre en \u0153uvre correctement les r\u00e8gles de s\u00e9curit\u00e9<\/li>\n<li>r\u00e9aliser les contr\u00f4les n\u00e9cessaires pour l&rsquo;usage des engins de levage<\/li>\n<li>apprendre \u00e0 choisir le bon mat\u00e9riel en fonction de l&rsquo;application<\/li>\n<li>savoir \u00e9linguer diverses marchandises\/charges avec divers types de mat\u00e9riaux d&rsquo;\u00e9lingage;<\/li>\n<li>savoir d\u00e9placer diverses marchandises\/charges \u00e0 distance de simulation<\/li>\n<li>pouvoir \u00e9valuer les risques en pratique<\/li>\n<\/ul>\n<\/td>\n<\/tr>\n<tr>\n<td>description_requirements:<\/td>\n<td>\n<ul>\n<li>Minimum 18 ans<\/li>\n<li>M&eacute;dicalement apte pour une fonction de s&eacute;curit&eacute;<\/li>\n<\/ul>\n<\/td>\n<\/tr>\n<tr>\n<td>description_prerequisite:<\/td>\n<td><\/td>\n<\/tr>\n<tr>\n<td>description_pedagogical_approach:<\/td>\n<td><\/td>\n<\/tr>\n<tr>\n<td>description_responsable_program:<\/td>\n<td>\n<p>Villers-le-Bouillet, Bruxelles<\/p>\n<\/td>\n<\/tr>\n<tr>\n<td>description_duration:<\/td>\n<td>\n<p>1 jour<\/p>\n<\/td>\n<\/tr>\n<tr>\n<td>description_certification_period:<\/td>\n<td>\n<p>Les&nbsp; candidats qui r&eacute;ussissent l&rsquo;examen th&eacute;orique et pratique se voient d&eacute;livrer un certificat BeSaCC-VCA AV-004 ayant une dur&eacute;e de validit&eacute; de 10 ans, avec une &eacute;valuation interm&eacute;diaire apr&egrave;s 5 ans.<\/p>\n<\/td>\n<\/tr>\n<tr>\n<td>description_additional_information:<\/td>\n<td>\n<ul>\n<li>Nombre maximum de participants par session : 6<\/li>\n<li>Un d\u00e9jeuner compos\u00e9 de sandwichs et de boissons non alcoolis\u00e9es est pr\u00e9vu pour les participants dans l&rsquo;apr\u00e8s-midi (si la formation se d\u00e9roule dans l&rsquo;un des sites d&rsquo;ECS)<\/li>\n<li>Un document num\u00e9rique est mis \u00e0 la disposition de chaque participant<\/li>\n<\/ul>\n<\/td>\n<\/tr>\n<tr>\n<td>description_summary:<\/td>\n<td><\/td>\n<\/tr>\n<tr>\n<td>description_short_summary:<\/td>\n<td>\n<p>Cette formation a pour objectif d&rsquo;acqu&eacute;rir les connaissances th&eacute;oriques et les aptitudes pratiques, mais &eacute;galement de comprendre les notions de base de s&eacute;curit&eacute; et d&rsquo;acqu&eacute;rir le sens des responsabilit&eacute;s et de l&rsquo;efficacit&eacute;.<\/p>\n<\/td>\n<\/tr>\n<tr>\n<td>programimage:<\/td>\n<td>https:\/\/ecs.eduaxis.net\/files\/images\/program%20images\/Aanslaan_shutterstock_1958016088.jpg<\/td>\n<\/tr>\n<tr>\n<td>programimage:<\/td>\n<td>https:\/\/ecs.eduaxis.net\/files\/images\/program%20images\/Aanslaan_shutterstock_1958016088.jpg<\/td>\n<\/tr>\n<\/tbody>\n<\/table>\n","protected":false},"excerpt":{"rendered":"<p>Description: <\/p>\n<p>Cette formation a pour objectif d&rsquo;acqu\u00e9rir les connaissances th\u00e9oriques et les aptitudes pratiques, mais \u00e9galement de comprendre les notions de base de s\u00e9curit\u00e9 et d&rsquo;acqu\u00e9rir le sens des responsabilit\u00e9s et de l&rsquo;efficacit\u00e9.<\/p>\n","protected":false},"featured_media":1235,"menu_order":0,"template":"","format":"standard","meta":[],"categories":[],"date_start":[628,610,438,444,665],"center":[581,275],"class_list":["post-1042","opleiding","type-opleiding","status-publish","format-standard","has-post-thumbnail","hentry","date_start-02-december-2026","date_start-03-december-2026","date_start-16-september-2026","date_start-20-november-2026","date_start-24-september-2026","center-brussels-fr","center-villers-le-bouillet"],"yoast_head":"<!-- This site is optimized with the Yoast SEO plugin v28.4 - https:\/\/yoast.com\/product\/yoast-seo-wordpress\/ -->\n<title>D\u00e9placer et Elinguer des Charges Non Critiques AV-004<\/title>\n<meta name=\"description\" content=\"Cette formation a pour objectif d&rsquo;acqu&eacute;rir les connaissances th&eacute;oriques et les aptitudes pratiques, mais &eacute;galement de comprendre les notions de base de s&eacute;curit&eacute; et d&rsquo;acqu&eacute;rir le sens des responsabilit&eacute;s et de l&rsquo;efficacit&eacute;.\" \/>\n<meta name=\"robots\" content=\"index, follow, max-snippet:-1, max-image-preview:large, max-video-preview:-1\" \/>\n<link rel=\"canonical\" href=\"https:\/\/e-c-s.be\/fr\/formation\/deplacer-et-elinguer-des-charges-non-critiques-av-004\/\" \/>\n<meta property=\"og:locale\" content=\"fr_FR\" \/>\n<meta property=\"og:type\" content=\"article\" \/>\n<meta property=\"og:title\" content=\"D\u00e9placer et Elinguer des Charges Non Critiques AV-004\" \/>\n<meta property=\"og:description\" content=\"Cette formation a pour objectif d&rsquo;acqu&eacute;rir les connaissances th&eacute;oriques et les aptitudes pratiques, mais &eacute;galement de comprendre les notions de base de s&eacute;curit&eacute; et d&rsquo;acqu&eacute;rir le sens des responsabilit&eacute;s et de l&rsquo;efficacit&eacute;.\" \/>\n<meta property=\"og:url\" content=\"https:\/\/e-c-s.be\/fr\/formation\/deplacer-et-elinguer-des-charges-non-critiques-av-004\/\" \/>\n<meta property=\"og:site_name\" content=\"ECS\" \/>\n<meta property=\"og:image\" content=\"https:\/\/e-c-s.be\/wp-content\/uploads\/2025\/11\/Aanslaan_shutterstock_1958016088.jpg\" \/>\n\t<meta property=\"og:image:width\" content=\"1000\" \/>\n\t<meta property=\"og:image:height\" content=\"667\" \/>\n\t<meta property=\"og:image:type\" content=\"image\/jpeg\" \/>\n<meta name=\"twitter:card\" content=\"summary_large_image\" \/>\n<meta name=\"twitter:title\" content=\"D\u00e9placer et Elinguer des Charges Non Critiques AV-004\" \/>\n<meta name=\"twitter:label1\" content=\"Dur\u00e9e de lecture estim\u00e9e\" \/>\n\t<meta name=\"twitter:data1\" content=\"2 minutes\" \/>\n<script type=\"application\/ld+json\" class=\"yoast-schema-graph\">{\"@context\":\"https:\\\/\\\/schema.org\",\"@graph\":[{\"@type\":\"WebPage\",\"@id\":\"https:\\\/\\\/e-c-s.be\\\/fr\\\/formation\\\/deplacer-et-elinguer-des-charges-non-critiques-av-004\\\/\",\"url\":\"https:\\\/\\\/e-c-s.be\\\/fr\\\/formation\\\/deplacer-et-elinguer-des-charges-non-critiques-av-004\\\/\",\"name\":\"D\u00e9placer et Elinguer des Charges Non Critiques AV-004\",\"isPartOf\":{\"@id\":\"https:\\\/\\\/e-c-s.be\\\/fr\\\/#website\"},\"primaryImageOfPage\":{\"@id\":\"https:\\\/\\\/e-c-s.be\\\/fr\\\/formation\\\/deplacer-et-elinguer-des-charges-non-critiques-av-004\\\/#primaryimage\"},\"image\":{\"@id\":\"https:\\\/\\\/e-c-s.be\\\/fr\\\/formation\\\/deplacer-et-elinguer-des-charges-non-critiques-av-004\\\/#primaryimage\"},\"thumbnailUrl\":\"https:\\\/\\\/e-c-s.be\\\/wp-content\\\/uploads\\\/2025\\\/11\\\/Aanslaan_shutterstock_1958016088.jpg\",\"datePublished\":\"2026-09-01T05:00:33+00:00\",\"description\":\"Cette formation a pour objectif d&rsquo;acqu&eacute;rir les connaissances th&eacute;oriques et les aptitudes pratiques, mais &eacute;galement de comprendre les notions de base de s&eacute;curit&eacute; et d&rsquo;acqu&eacute;rir le sens des responsabilit&eacute;s et de l&rsquo;efficacit&eacute;.\",\"breadcrumb\":{\"@id\":\"https:\\\/\\\/e-c-s.be\\\/fr\\\/formation\\\/deplacer-et-elinguer-des-charges-non-critiques-av-004\\\/#breadcrumb\"},\"inLanguage\":\"fr-FR\",\"potentialAction\":[{\"@type\":\"ReadAction\",\"target\":[\"https:\\\/\\\/e-c-s.be\\\/fr\\\/formation\\\/deplacer-et-elinguer-des-charges-non-critiques-av-004\\\/\"]}]},{\"@type\":\"ImageObject\",\"inLanguage\":\"fr-FR\",\"@id\":\"https:\\\/\\\/e-c-s.be\\\/fr\\\/formation\\\/deplacer-et-elinguer-des-charges-non-critiques-av-004\\\/#primaryimage\",\"url\":\"https:\\\/\\\/e-c-s.be\\\/wp-content\\\/uploads\\\/2025\\\/11\\\/Aanslaan_shutterstock_1958016088.jpg\",\"contentUrl\":\"https:\\\/\\\/e-c-s.be\\\/wp-content\\\/uploads\\\/2025\\\/11\\\/Aanslaan_shutterstock_1958016088.jpg\",\"width\":1000,\"height\":667},{\"@type\":\"BreadcrumbList\",\"@id\":\"https:\\\/\\\/e-c-s.be\\\/fr\\\/formation\\\/deplacer-et-elinguer-des-charges-non-critiques-av-004\\\/#breadcrumb\",\"itemListElement\":[{\"@type\":\"ListItem\",\"position\":1,\"name\":\"Home\",\"item\":\"https:\\\/\\\/e-c-s.be\\\/fr\\\/\"},{\"@type\":\"ListItem\",\"position\":2,\"name\":\"Opleidingen\",\"item\":\"https:\\\/\\\/e-c-s.be\\\/fr\\\/formation\\\/\"},{\"@type\":\"ListItem\",\"position\":3,\"name\":\"D\u00e9placer et Elinguer des Charges Non Critiques AV-004\"}]},{\"@type\":\"WebSite\",\"@id\":\"https:\\\/\\\/e-c-s.be\\\/fr\\\/#website\",\"url\":\"https:\\\/\\\/e-c-s.be\\\/fr\\\/\",\"name\":\"ECS\",\"description\":\"Uw partner in veiligheid\",\"publisher\":{\"@id\":\"https:\\\/\\\/e-c-s.be\\\/fr\\\/#organization\"},\"potentialAction\":[{\"@type\":\"SearchAction\",\"target\":{\"@type\":\"EntryPoint\",\"urlTemplate\":\"https:\\\/\\\/e-c-s.be\\\/fr\\\/?s={search_term_string}\"},\"query-input\":{\"@type\":\"PropertyValueSpecification\",\"valueRequired\":true,\"valueName\":\"search_term_string\"}}],\"inLanguage\":\"fr-FR\"},{\"@type\":\"Organization\",\"@id\":\"https:\\\/\\\/e-c-s.be\\\/fr\\\/#organization\",\"name\":\"ECS\",\"url\":\"https:\\\/\\\/e-c-s.be\\\/fr\\\/\",\"logo\":{\"@type\":\"ImageObject\",\"inLanguage\":\"fr-FR\",\"@id\":\"https:\\\/\\\/e-c-s.be\\\/fr\\\/#\\\/schema\\\/logo\\\/image\\\/\",\"url\":\"https:\\\/\\\/e-c-s.be\\\/wp-content\\\/uploads\\\/2025\\\/10\\\/ecs-logo.svg\",\"contentUrl\":\"https:\\\/\\\/e-c-s.be\\\/wp-content\\\/uploads\\\/2025\\\/10\\\/ecs-logo.svg\",\"width\":1,\"height\":1,\"caption\":\"ECS\"},\"image\":{\"@id\":\"https:\\\/\\\/e-c-s.be\\\/fr\\\/#\\\/schema\\\/logo\\\/image\\\/\"},\"sameAs\":[\"https:\\\/\\\/www.linkedin.com\\\/company\\\/ecs-equans\"]}]}<\/script>\n<!-- \/ Yoast SEO plugin. -->","yoast_head_json":{"title":"D\u00e9placer et Elinguer des Charges Non Critiques AV-004","description":"Cette formation a pour objectif d&rsquo;acqu&eacute;rir les connaissances th&eacute;oriques et les aptitudes pratiques, mais &eacute;galement de comprendre les notions de base de s&eacute;curit&eacute; et d&rsquo;acqu&eacute;rir le sens des responsabilit&eacute;s et de l&rsquo;efficacit&eacute;.","robots":{"index":"index","follow":"follow","max-snippet":"max-snippet:-1","max-image-preview":"max-image-preview:large","max-video-preview":"max-video-preview:-1"},"canonical":"https:\/\/e-c-s.be\/fr\/formation\/deplacer-et-elinguer-des-charges-non-critiques-av-004\/","og_locale":"fr_FR","og_type":"article","og_title":"D\u00e9placer et Elinguer des Charges Non Critiques AV-004","og_description":"Cette formation a pour objectif d&rsquo;acqu&eacute;rir les connaissances th&eacute;oriques et les aptitudes pratiques, mais &eacute;galement de comprendre les notions de base de s&eacute;curit&eacute; et d&rsquo;acqu&eacute;rir le sens des responsabilit&eacute;s et de l&rsquo;efficacit&eacute;.","og_url":"https:\/\/e-c-s.be\/fr\/formation\/deplacer-et-elinguer-des-charges-non-critiques-av-004\/","og_site_name":"ECS","og_image":[{"width":1000,"height":667,"url":"https:\/\/e-c-s.be\/wp-content\/uploads\/2025\/11\/Aanslaan_shutterstock_1958016088.jpg","type":"image\/jpeg"}],"twitter_card":"summary_large_image","twitter_title":"D\u00e9placer et Elinguer des Charges Non Critiques AV-004","twitter_misc":{"Dur\u00e9e de lecture estim\u00e9e":"2 minutes"},"schema":{"@context":"https:\/\/schema.org","@graph":[{"@type":"WebPage","@id":"https:\/\/e-c-s.be\/fr\/formation\/deplacer-et-elinguer-des-charges-non-critiques-av-004\/","url":"https:\/\/e-c-s.be\/fr\/formation\/deplacer-et-elinguer-des-charges-non-critiques-av-004\/","name":"D\u00e9placer et Elinguer des Charges Non Critiques AV-004","isPartOf":{"@id":"https:\/\/e-c-s.be\/fr\/#website"},"primaryImageOfPage":{"@id":"https:\/\/e-c-s.be\/fr\/formation\/deplacer-et-elinguer-des-charges-non-critiques-av-004\/#primaryimage"},"image":{"@id":"https:\/\/e-c-s.be\/fr\/formation\/deplacer-et-elinguer-des-charges-non-critiques-av-004\/#primaryimage"},"thumbnailUrl":"https:\/\/e-c-s.be\/wp-content\/uploads\/2025\/11\/Aanslaan_shutterstock_1958016088.jpg","datePublished":"2026-09-01T05:00:33+00:00","description":"Cette formation a pour objectif d&rsquo;acqu&eacute;rir les connaissances th&eacute;oriques et les aptitudes pratiques, mais &eacute;galement de comprendre les notions de base de s&eacute;curit&eacute; et d&rsquo;acqu&eacute;rir le sens des responsabilit&eacute;s et de l&rsquo;efficacit&eacute;.","breadcrumb":{"@id":"https:\/\/e-c-s.be\/fr\/formation\/deplacer-et-elinguer-des-charges-non-critiques-av-004\/#breadcrumb"},"inLanguage":"fr-FR","potentialAction":[{"@type":"ReadAction","target":["https:\/\/e-c-s.be\/fr\/formation\/deplacer-et-elinguer-des-charges-non-critiques-av-004\/"]}]},{"@type":"ImageObject","inLanguage":"fr-FR","@id":"https:\/\/e-c-s.be\/fr\/formation\/deplacer-et-elinguer-des-charges-non-critiques-av-004\/#primaryimage","url":"https:\/\/e-c-s.be\/wp-content\/uploads\/2025\/11\/Aanslaan_shutterstock_1958016088.jpg","contentUrl":"https:\/\/e-c-s.be\/wp-content\/uploads\/2025\/11\/Aanslaan_shutterstock_1958016088.jpg","width":1000,"height":667},{"@type":"BreadcrumbList","@id":"https:\/\/e-c-s.be\/fr\/formation\/deplacer-et-elinguer-des-charges-non-critiques-av-004\/#breadcrumb","itemListElement":[{"@type":"ListItem","position":1,"name":"Home","item":"https:\/\/e-c-s.be\/fr\/"},{"@type":"ListItem","position":2,"name":"Opleidingen","item":"https:\/\/e-c-s.be\/fr\/formation\/"},{"@type":"ListItem","position":3,"name":"D\u00e9placer et Elinguer des Charges Non Critiques AV-004"}]},{"@type":"WebSite","@id":"https:\/\/e-c-s.be\/fr\/#website","url":"https:\/\/e-c-s.be\/fr\/","name":"ECS","description":"Uw partner in veiligheid","publisher":{"@id":"https:\/\/e-c-s.be\/fr\/#organization"},"potentialAction":[{"@type":"SearchAction","target":{"@type":"EntryPoint","urlTemplate":"https:\/\/e-c-s.be\/fr\/?s={search_term_string}"},"query-input":{"@type":"PropertyValueSpecification","valueRequired":true,"valueName":"search_term_string"}}],"inLanguage":"fr-FR"},{"@type":"Organization","@id":"https:\/\/e-c-s.be\/fr\/#organization","name":"ECS","url":"https:\/\/e-c-s.be\/fr\/","logo":{"@type":"ImageObject","inLanguage":"fr-FR","@id":"https:\/\/e-c-s.be\/fr\/#\/schema\/logo\/image\/","url":"https:\/\/e-c-s.be\/wp-content\/uploads\/2025\/10\/ecs-logo.svg","contentUrl":"https:\/\/e-c-s.be\/wp-content\/uploads\/2025\/10\/ecs-logo.svg","width":1,"height":1,"caption":"ECS"},"image":{"@id":"https:\/\/e-c-s.be\/fr\/#\/schema\/logo\/image\/"},"sameAs":["https:\/\/www.linkedin.com\/company\/ecs-equans"]}]}},"_links":{"self":[{"href":"https:\/\/e-c-s.be\/fr\/wp-json\/wp\/v2\/opleiding\/1042","targetHints":{"allow":["GET"]}}],"collection":[{"href":"https:\/\/e-c-s.be\/fr\/wp-json\/wp\/v2\/opleiding"}],"about":[{"href":"https:\/\/e-c-s.be\/fr\/wp-json\/wp\/v2\/types\/opleiding"}],"wp:featuredmedia":[{"embeddable":true,"href":"https:\/\/e-c-s.be\/fr\/wp-json\/wp\/v2\/media\/1235"}],"wp:attachment":[{"href":"https:\/\/e-c-s.be\/fr\/wp-json\/wp\/v2\/media?parent=1042"}],"wp:term":[{"taxonomy":"category","embeddable":true,"href":"https:\/\/e-c-s.be\/fr\/wp-json\/wp\/v2\/categories?post=1042"},{"taxonomy":"date_start","embeddable":true,"href":"https:\/\/e-c-s.be\/fr\/wp-json\/wp\/v2\/date_start?post=1042"},{"taxonomy":"center","embeddable":true,"href":"https:\/\/e-c-s.be\/fr\/wp-json\/wp\/v2\/center?post=1042"}],"curies":[{"name":"wp","href":"https:\/\/api.w.org\/{rel}","templated":true}]}}